{"id":1457,"date":"2022-09-22T16:11:50","date_gmt":"2022-09-22T14:11:50","guid":{"rendered":"https:\/\/www.ccvalguiers.fr\/infos\/?page_id=1457"},"modified":"2026-03-30T15:39:33","modified_gmt":"2026-03-30T13:39:33","slug":"demarches-administratives-et-outils-numeriques","status":"publish","type":"page","link":"https:\/\/www.ccvalguiers.fr\/infos\/vos-services\/demarches-administratives-et-outils-numeriques\/","title":{"rendered":"D\u00e9marches administratives et outils num\u00e9riques"},"content":{"rendered":"<p>[et_pb_section fb_built=\u00a0\u00bb1&Prime; make_equal=\u00a0\u00bbon\u00a0\u00bb use_custom_gutter=\u00a0\u00bbon\u00a0\u00bb specialty=\u00a0\u00bbon\u00a0\u00bb custom_padding_last_edited=\u00a0\u00bbon|phone\u00a0\u00bb padding_top_1=\u00a0\u00bb0px\u00a0\u00bb padding_top_2=\u00a0\u00bb0px\u00a0\u00bb padding_right_1=\u00a0\u00bb65px\u00a0\u00bb padding_right_2=\u00a0\u00bb20px\u00a0\u00bb padding_bottom_1=\u00a0\u00bb20px\u00a0\u00bb padding_bottom_2=\u00a0\u00bb20px\u00a0\u00bb padding_left_1=\u00a0\u00bb65px\u00a0\u00bb padding_left_2=\u00a0\u00bb20px\u00a0\u00bb padding_top_bottom_link_1=\u00a0\u00bbfalse\u00a0\u00bb padding_top_bottom_link_2=\u00a0\u00bbfalse\u00a0\u00bb padding_left_right_link_1=\u00a0\u00bbfalse\u00a0\u00bb padding_left_right_link_2=\u00a0\u00bbfalse\u00a0\u00bb padding_1_tablet=\u00a0\u00bb|20px||20px|false|false\u00a0\u00bb padding_2_tablet=\u00a0\u00bb|20px||20px|false|false\u00a0\u00bb padding_1_phone=\u00a0\u00bb|10px||10px|false|false\u00a0\u00bb padding_2_phone=\u00a0\u00bb|10px||10px|false|false\u00a0\u00bb padding_1_last_edited=\u00a0\u00bbon|phone\u00a0\u00bb padding_2_last_edited=\u00a0\u00bbon|phone\u00a0\u00bb _builder_version=\u00a0\u00bb4.17.6&Prime; _module_preset=\u00a0\u00bbdefault\u00a0\u00bb background_color=\u00a0\u00bbRGBA(255,255,255,0)\u00a0\u00bb width=\u00a0\u00bb100%\u00a0\u00bb max_width=\u00a0\u00bb100%\u00a0\u00bb inner_width=\u00a0\u00bb100%\u00a0\u00bb inner_width_tablet=\u00a0\u00bb100%\u00a0\u00bb inner_width_phone=\u00a0\u00bb100%\u00a0\u00bb inner_width_last_edited=\u00a0\u00bbon|desktop\u00a0\u00bb inner_max_width=\u00a0\u00bb100%\u00a0\u00bb inner_module_alignment=\u00a0\u00bbcenter\u00a0\u00bb custom_padding=\u00a0\u00bb0px|10px|20px|10px|false|false\u00a0\u00bb custom_padding_tablet=\u00a0\u00bb0px|10px|20px|10px|false|false\u00a0\u00bb custom_padding_phone=\u00a0\u00bb0px|10px|20px|10px|false|false\u00a0\u00bb border_color_right=\u00a0\u00bb#E51A2F\u00a0\u00bb border_color_left=\u00a0\u00bb#E51A2F\u00a0\u00bb box_shadow_style=\u00a0\u00bbpreset3&Prime; box_shadow_color=\u00a0\u00bbrgba(0,0,0,0.21)\u00a0\u00bb global_colors_info=\u00a0\u00bb{}\u00a0\u00bb background_color__hover=\u00a0\u00bbRGBA(255,255,255,0)\u00a0\u00bb background__hover_enabled=\u00a0\u00bbon|hover\u00a0\u00bb background_enable_color__hover=\u00a0\u00bbon\u00a0\u00bb][et_pb_column type=\u00a0\u00bb3_4&Prime; specialty_columns=\u00a0\u00bb3&Prime; _builder_version=\u00a0\u00bb4.16&Prime; custom_padding=\u00a0\u00bb|||\u00a0\u00bb global_colors_info=\u00a0\u00bb{}\u00a0\u00bb custom_padding__hover=\u00a0\u00bb|||\u00a0\u00bb][et_pb_row_inner use_custom_gutter=\u00a0\u00bbon\u00a0\u00bb make_equal=\u00a0\u00bbon\u00a0\u00bb _builder_version=\u00a0\u00bb4.17.6&Prime; _module_preset=\u00a0\u00bbdefault\u00a0\u00bb width=\u00a0\u00bb100%\u00a0\u00bb width_tablet=\u00a0\u00bb100%\u00a0\u00bb width_phone=\u00a0\u00bb100%\u00a0\u00bb width_last_edited=\u00a0\u00bbon|desktop\u00a0\u00bb max_width=\u00a0\u00bb100%\u00a0\u00bb module_alignment=\u00a0\u00bbcenter\u00a0\u00bb custom_margin=\u00a0\u00bb0px||0px||false|false\u00a0\u00bb custom_padding=\u00a0\u00bb0px||0px||false|false\u00a0\u00bb global_colors_info=\u00a0\u00bb{}\u00a0\u00bb][et_pb_column_inner saved_specialty_column_type=\u00a0\u00bb3_4&Prime; _builder_version=\u00a0\u00bb4.17.6&Prime; _module_preset=\u00a0\u00bbdefault\u00a0\u00bb global_colors_info=\u00a0\u00bb{}\u00a0\u00bb][et_pb_text _builder_version=\u00a0\u00bb4.27.4&Prime; _module_preset=\u00a0\u00bbdefault\u00a0\u00bb module_alignment=\u00a0\u00bbcenter\u00a0\u00bb custom_padding=\u00a0\u00bb||||false|false\u00a0\u00bb hover_enabled=\u00a0\u00bb0&Prime; global_colors_info=\u00a0\u00bb{}\u00a0\u00bb sticky_enabled=\u00a0\u00bb0&Prime;]<\/p>\n<h3 align=\"justify\"><img loading=\"lazy\" decoding=\"async\" src=\"https:\/\/www.ccvalguiers.fr\/infos\/wp-content\/uploads\/2022\/07\/puce.png\" width=\"25\" height=\"22\" alt=\"\" class=\"wp-image-209 alignnone size-full\" \/><span>\u00a0<\/span>Le Clic &amp; Ressources<\/h3>\n<p><img loading=\"lazy\" decoding=\"async\" class=\"puce\" src=\"https:\/\/www.ccvalguiers.fr\/infos\/wp-content\/uploads\/2022\/09\/puce-localisation.png\" alt=\"puce-localisation\" width=\"22\" height=\"28\" \/><strong>126 place des Tilleuls &#8211; Saint-Genix-sur-Guiers 73240 SAINT-GENIX-LES-VILLAGES<br \/><span style=\"text-decoration: underline;\"><a href=\"https:\/\/goo.gl\/maps\/Wgc1mXrSa4Cn3JrP8\" target=\"_blank\" rel=\"noopener\">Plan d&rsquo;acc\u00e8s<\/a><\/span><\/strong><\/p>\n<p>Lieu partag\u00e9 \u00ab\u00a0Clic &amp; ressources\u00a0\u00bb est un espace multi-services intercommunal, gratuit et ouvert \u00e0 tous.<\/p>\n<p><span>Il regroupe :<\/span><\/p>\n<ul>\n<li><span>Une <strong>agence postale intercommunale<\/strong> (services postaux) ;<\/span><\/li>\n<li><span><strong>France Services Val Guiers<\/strong> (accompagnement dans la r\u00e9alisation des d\u00e9marches administratives)\u00a0<span style=\"text-decoration: underline;\"><\/span><\/span><\/li>\n<li><span>Un <strong>Espace de Pratiques Num\u00e9riques<\/strong> (ateliers num\u00e9riques, permanences individuelles)<\/span><span><\/span><\/li>\n<\/ul>\n<p><span style=\"color: #ff0000;\"><strong><a href=\"https:\/\/www.ccvalguiers.fr\/infos\/wp-content\/uploads\/2023\/03\/Livret-CR-2022-VF-1.pdf\" rel=\"attachment noopener wp-att-3118\" target=\"_blank\" style=\"color: #ff0000;\">\u21d2 T\u00e9l\u00e9charger la plaquette de pr\u00e9sentation<\/a><\/strong><\/span><\/p>\n<p>[\/et_pb_text][\/et_pb_column_inner][\/et_pb_row_inner][et_pb_row_inner _builder_version=\u00a0\u00bb4.17.6&Prime; _module_preset=\u00a0\u00bbdefault\u00a0\u00bb custom_padding=\u00a0\u00bb1px||0px|||\u00a0\u00bb global_colors_info=\u00a0\u00bb{}\u00a0\u00bb][et_pb_column_inner saved_specialty_column_type=\u00a0\u00bb3_4&Prime; _builder_version=\u00a0\u00bb4.17.4&Prime; _module_preset=\u00a0\u00bbdefault\u00a0\u00bb global_colors_info=\u00a0\u00bb{}\u00a0\u00bb][et_pb_text _builder_version=\u00a0\u00bb4.27.4&Prime; _module_preset=\u00a0\u00bbdefault\u00a0\u00bb custom_padding=\u00a0\u00bb15px||2px||false|false\u00a0\u00bb hover_enabled=\u00a0\u00bb0&Prime; global_colors_info=\u00a0\u00bb{}\u00a0\u00bb sticky_enabled=\u00a0\u00bb0&Prime;]<\/p>\n<h3 align=\"justify\"><img loading=\"lazy\" decoding=\"async\" src=\"https:\/\/www.ccvalguiers.fr\/infos\/wp-content\/uploads\/2022\/07\/puce.png\" width=\"25\" height=\"22\" alt=\"\" class=\"wp-image-209 alignnone size-full\" \/><span> Val Guiers l&rsquo;Essentiel : la plateforme pour vous mettre en lien<\/span><\/h3>\n<p>L\u2019\u00e9quipe du Clic\u2019 &amp; Ressources vous renseigne pour toutes demandes d\u2019information concernant l\u2019offre de services du territoire. Val Guiers l&rsquo;Essentiel, c&rsquo;est la plateforme collaborative d\u00e9velopp\u00e9e par la Communaut\u00e9 de communes Val Guiers pour vous permettre de conna\u00eetre les services publics et associations du territoire.\u00a0<\/p>\n<p>[\/et_pb_text][et_pb_button url_new_window=\u00a0\u00bbon\u00a0\u00bb button_text=\u00a0\u00bbD\u00e9couvrir le service Val Guiers l&rsquo;Essentiel\u00a0\u00bb button_alignment=\u00a0\u00bbcenter\u00a0\u00bb _builder_version=\u00a0\u00bb4.27.4&Prime; _module_preset=\u00a0\u00bbdefault\u00a0\u00bb custom_button=\u00a0\u00bbon\u00a0\u00bb button_text_size=\u00a0\u00bb16px\u00a0\u00bb button_bg_color=\u00a0\u00bb#0C424A\u00a0\u00bb button_border_radius=\u00a0\u00bb0px\u00a0\u00bb button_icon=\u00a0\u00bb&#x39;||divi||400&Prime; button_icon_color=\u00a0\u00bb#FFFFFF\u00a0\u00bb button_on_hover=\u00a0\u00bboff\u00a0\u00bb custom_margin=\u00a0\u00bb18px||20px||false|false\u00a0\u00bb custom_padding=\u00a0\u00bb10px|30px|10px|20px|false|false\u00a0\u00bb hover_enabled=\u00a0\u00bb0&Prime; global_colors_info=\u00a0\u00bb{}\u00a0\u00bb button_bg_color__hover_enabled=\u00a0\u00bbon|desktop\u00a0\u00bb button_bg_color__hover=\u00a0\u00bb#E51A2F\u00a0\u00bb button_bg_enable_color__hover=\u00a0\u00bbon\u00a0\u00bb button_letter_spacing__hover_enabled=\u00a0\u00bbon|desktop\u00a0\u00bb button_url=\u00a0\u00bbhttps:\/\/valguiers-essentiel.fr\/?Accueil\u00a0\u00bb sticky_enabled=\u00a0\u00bb0&Prime;][\/et_pb_button][\/et_pb_column_inner][\/et_pb_row_inner][et_pb_row_inner _builder_version=\u00a0\u00bb4.17.6&Prime; _module_preset=\u00a0\u00bbdefault\u00a0\u00bb custom_padding=\u00a0\u00bb1px||0px|||\u00a0\u00bb global_colors_info=\u00a0\u00bb{}\u00a0\u00bb][et_pb_column_inner saved_specialty_column_type=\u00a0\u00bb3_4&Prime; _builder_version=\u00a0\u00bb4.17.4&Prime; _module_preset=\u00a0\u00bbdefault\u00a0\u00bb global_colors_info=\u00a0\u00bb{}\u00a0\u00bb][et_pb_text _builder_version=\u00a0\u00bb4.17.6&Prime; _module_preset=\u00a0\u00bbdefault\u00a0\u00bb custom_padding=\u00a0\u00bb15px||2px||false|false\u00a0\u00bb global_colors_info=\u00a0\u00bb{}\u00a0\u00bb]<\/p>\n<h3 align=\"justify\"><img loading=\"lazy\" decoding=\"async\" src=\"https:\/\/www.ccvalguiers.fr\/infos\/wp-content\/uploads\/2022\/07\/puce.png\" width=\"25\" height=\"22\" alt=\"\" class=\"wp-image-209 alignnone size-full\" \/><span> Vous accompagner au quotidien<\/span><\/h3>\n<p>[\/et_pb_text][et_pb_accordion open_toggle_text_color=\u00a0\u00bb#0C424A\u00a0\u00bb open_toggle_background_color=\u00a0\u00bbRGBA(255,255,255,0)\u00a0\u00bb closed_toggle_text_color=\u00a0\u00bb#0C424A\u00a0\u00bb closed_toggle_background_color=\u00a0\u00bbRGBA(255,255,255,0)\u00a0\u00bb icon_color=\u00a0\u00bb#0C424A\u00a0\u00bb use_icon_font_size=\u00a0\u00bbon\u00a0\u00bb icon_font_size=\u00a0\u00bb21px\u00a0\u00bb module_id=\u00a0\u00bbfranceservices\u00a0\u00bb _builder_version=\u00a0\u00bb4.27.4&Prime; _module_preset=\u00a0\u00bbdefault\u00a0\u00bb toggle_text_color=\u00a0\u00bb#0C424A\u00a0\u00bb toggle_font=\u00a0\u00bb|600|||||||\u00a0\u00bb toggle_font_size=\u00a0\u00bb17px\u00a0\u00bb body_link_font=\u00a0\u00bb||||||||\u00a0\u00bb body_link_text_color=\u00a0\u00bb#0C424A\u00a0\u00bb background_color=\u00a0\u00bbRGBA(255,255,255,0)\u00a0\u00bb hover_enabled=\u00a0\u00bb0&Prime; global_colors_info=\u00a0\u00bb{}\u00a0\u00bb sticky_enabled=\u00a0\u00bb0&Prime;][et_pb_accordion_item title=\u00a0\u00bbL&rsquo;Agence postale\u00a0\u00bb open=\u00a0\u00bbon\u00a0\u00bb _builder_version=\u00a0\u00bb4.21.0&Prime; _module_preset=\u00a0\u00bbdefault\u00a0\u00bb body_ul_line_height=\u00a0\u00bb1.6em\u00a0\u00bb global_colors_info=\u00a0\u00bb{}\u00a0\u00bb]<\/p>\n<h4 align=\"justify\"><img loading=\"lazy\" decoding=\"async\" src=\"https:\/\/www.ccvalguiers.fr\/infos\/wp-content\/uploads\/2022\/07\/puce.png\" width=\"25\" height=\"22\" alt=\"\" class=\"wp-image-209 alignnone size-full\" \/><span>\u00a0<\/span>La Poste agence intercommunale<\/h4>\n<p>Retrouvez dans votre agence postale intercommunale tous les services classiques d\u2019un bureau de poste :<\/p>\n<ul>\n<li>Affranchissement du courrier ;<\/li>\n<li>Achat d\u2019enveloppes, timbres, etc. ;<\/li>\n<li>Retrait des colis ;<\/li>\n<li>Retrait d\u2019esp\u00e8ces (en guichet et dans la limite de 500 euros sur 7 jours calendaires).<\/li>\n<\/ul>\n<p>Attention, l\u2019agence postale intercommunale ne propose pas les services suivants\u00a0:<\/p>\n<ul>\n<li>Bo\u00eete postale (domiciliation postale) ;<\/li>\n<li>Conseils financiers et gestion de comptes bancaires ;<\/li>\n<li>Vente des recharges t\u00e9l\u00e9phoniques.<\/li>\n<\/ul>\n<p>Pour retrouver les services ci-dessus, vous devrez vous rendre dans l\u2019un des bureaux de poste suivant :<\/p>\n<ul>\n<li><a href=\"https:\/\/www.laposte.fr\/particulier\/outils\/trouver-un-bureau-de-poste\/bureau-detail\/pont-de-beauvoisin-isere-savoie\/13910A\" target=\"_blank\" rel=\"noopener\">Bureau de poste de Pont-de-Beauvoisin<\/a><\/li>\n<li><a href=\"https:\/\/www.laposte.fr\/particulier\/outils\/trouver-un-bureau-de-poste\/bureau-detail\/yenne\/13952A\" target=\"_blank\" rel=\"noopener\">Bureau de poste de Yenne<\/a><\/li>\n<\/ul>\n<h4><img loading=\"lazy\" decoding=\"async\" class=\"puce\" src=\"https:\/\/www.ccvalguiers.fr\/infos\/wp-content\/uploads\/2022\/09\/puce-horaires.png\" alt=\"Pictogramme horaires\" width=\"36\" height=\"35\" \/> Horaires\u00a0:<\/h4>\n<ul>\n<li>Lundi : 13 h 30 \u2013 17 h<\/li>\n<li>Mardi, mercredi, jeudi, vendredi : 9 h 30 \u2013 12 h 30<\/li>\n<li>Samedi : 9 h 30 \u00e0 12 h 00<\/li>\n<\/ul>\n<p>[\/et_pb_accordion_item][et_pb_accordion_item title=\u00a0\u00bbFrance Services Val Guiers\u00a0\u00bb _builder_version=\u00a0\u00bb4.26.0&Prime; _module_preset=\u00a0\u00bbdefault\u00a0\u00bb global_colors_info=\u00a0\u00bb{}\u00a0\u00bb open=\u00a0\u00bboff\u00a0\u00bb]<\/p>\n<p><img loading=\"lazy\" decoding=\"async\" src=\"https:\/\/www.ccvalguiers.fr\/infos\/wp-content\/uploads\/2022\/09\/logo_FranceServices-01-247x300-1.png\" width=\"167\" height=\"203\" alt=\"Logo France Services\" class=\"wp-image-1473 alignnone size-full\" \/><\/p>\n<p><img loading=\"lazy\" decoding=\"async\" class=\"wp-image-209 alignnone size-full\" src=\"https:\/\/www.ccvalguiers.fr\/infos\/wp-content\/uploads\/2022\/07\/puce.png\" alt=\"\" width=\"25\" height=\"22\" \/> France Services Val Guiers propose une\u00a0<strong>aide pour la r\u00e9alisation de toutes les d\u00e9marches administratives du quotidien<\/strong>.\u00a0Un 1er niveau de r\u00e9ponse est apport\u00e9 par des agents form\u00e9s pour vous accompagner dans vos d\u00e9marches. En cas de situation complexe, une\u00a0orientation<strong> vers les partenaires comp\u00e9tents\u00a0est \u00e9galement envisageable<\/strong>. Des\u00a0<strong>ordinateurs avec imprimantes et scanners<\/strong>\u00a0sont \u00e0 votre disposition en libre-service ou avec l\u2019aide d\u2019un agent.<\/p>\n<h4><img loading=\"lazy\" decoding=\"async\" class=\"wp-image-209 alignnone size-full\" src=\"https:\/\/www.ccvalguiers.fr\/infos\/wp-content\/uploads\/2022\/07\/puce.png\" alt=\"\" width=\"25\" height=\"22\" \/> Une\u00a0multitude de services\u00a0est propos\u00e9e :<\/h4>\n<ul>\n<li>Accueil et information sur les services du territoire ;<\/li>\n<li>Mise en relation et orientation vers les partenaires et services comp\u00e9tents selon les demandes et besoins ;<\/li>\n<li>Accompagnement aux d\u00e9marches administratives (CARSAT, France travail, Imp\u00f4ts, Pr\u00e9fecture, CPAM, Justice, la Poste, CAF, MSA, Agirc-Arrco, ch\u00e8que \u00e9nergie, France R\u00e9nov) ;<\/li>\n<li>Aide \u00e0 l\u2019utilisation des services en ligne et de l\u2019outil num\u00e9rique (cr\u00e9ation d\u2019adresse mail, cr\u00e9ation de comptes administratifs, aide \u00e0 la navigation, ordinateurs en acc\u00e8s libre, etc.).<\/li>\n<\/ul>\n<p><strong><img loading=\"lazy\" decoding=\"async\" class=\"puce\" src=\"https:\/\/www.ccvalguiers.fr\/infos\/wp-content\/uploads\/2022\/09\/puce-horaires.png\" alt=\"Pictogramme horaires\" width=\"36\" height=\"35\" \/> Horaires :<\/strong><\/p>\n<ul>\n<li>Lundi : 13h30 \u2013 17h<\/li>\n<li>Mardi, mercredi, jeudi :\u00a0 9h30 \u2013 12h30 puis 14h \u2013 17h<\/li>\n<li>Vendredi : 9h30 \u2013 12h30<\/li>\n<\/ul>\n<p><a class=\"boutonbleu\" href=\"mailto:clicetressources@ccvalguiers.fr\"><img loading=\"lazy\" decoding=\"async\" class=\"puce\" src=\"https:\/\/www.ccvalguiers.fr\/infos\/wp-content\/uploads\/2022\/09\/puce-mail.png\" alt=\"Pictogramme mail\" width=\"31\" height=\"30\" \/> clicetressources@ccvalguiers.fr<\/a><br \/><a class=\"boutonbleu\" href=\"tel:04 76 31 51 88\"><img loading=\"lazy\" decoding=\"async\" class=\"puce\" src=\"https:\/\/www.ccvalguiers.fr\/infos\/wp-content\/uploads\/2022\/09\/puce-telephone.png\" alt=\"Pictogramme t\u00e9l\u00e9phone\" width=\"31\" height=\"30\" \/> 04 76 31 51 88<\/a><\/p>\n<h4><img loading=\"lazy\" decoding=\"async\" class=\"wp-image-209 alignnone size-full\" src=\"https:\/\/www.ccvalguiers.fr\/infos\/wp-content\/uploads\/2022\/07\/puce.png\" alt=\"\" width=\"25\" height=\"22\" \/><strong>Nos partenaires et permanences<\/strong><\/h4>\n<p><strong>\u00a0<\/strong><strong>Permanences assur\u00e9es au Clic &amp; ressources Val Guiers 126 place des Tilleuls <\/strong><strong>73240<\/strong><strong> Saint-Genix-les-Villages<\/strong><\/p>\n<ul>\n<li>Conciliateur de Justice \u2013 Mme Jacqueline BENEVISE sur RDV uniquement, via France services au 04 76 31 51 88<\/li>\n<li>UDAF \u2013 point conseil budget \u2013 Mme Nadia BOSSELER 04 79 70 85 33<\/li>\n<li>CAP\u2019EMPLOI \u2013 Mme Sandie CAMUS et Dorine GENTIL sur RDV uniquement <br \/>au 04 79 84 35 65<\/li>\n<li>Mission Locale Jeunes \u2013 Mme Catherine NIVEAU &#8211; les lundis sur RDV au 04 79 33 50 84<\/li>\n<li>France Travail \u2013 Mme Samia HASSAINE sur RDV via France Travail uniquement<\/li>\n<li>SOLIHA \u2013 Mme Ga\u00eblle FRANCILLON &#8211; sur RDV au 0\u00a0800\u00a0400\u00a0522<\/li>\n<li>D\u00e9fenseur des Droits \u2013 Mme Sophie DAVID-CLERMONT \u2013 sur RDV au 06 95 87 61 03<\/li>\n<\/ul>\n<p><strong><\/strong><\/p>\n<p><strong>Permanences assur\u00e9es \u00e0 Pont-de-Beauvoisin, P\u00e9pini\u00e8re Pravaz, 1 rue du Baron de Crousaz <\/strong><strong>73\u00a0330<\/strong><strong> Pont De Beauvoisin<\/strong><\/p>\n<p>\u00a0Mission Locale Jeunes \u2013 Mission Locale Jeune \u2013 Caroline SAUTEJEAU &#8211; Permanence le 1<sup>er<\/sup> et et 3<sup>\u00e8me<\/sup> jeudi du mois 04 84 79 01 52 et Assia DRISS \u2013 Permanence le jeudi apr\u00e8s-midi 04 84 79 01 39<\/p>\n<ul>\n<li>Addictions France \u2013 Mme ABITTAN Justine sur RDV uniquement au 04 76 91 52 36<\/li>\n<li>ASDER Maison des \u00e9nergies \u2013 Anne-Florence ROBIN sur RDV au 04 56 11 99 01<\/li>\n<li>France Travail \u2013 Samia HASSAINE \u2013 sur RDV via France Travail uniquement<\/li>\n<li>Agir H \u2013 Madalen BERIER \u2013sur RDV via Agir\u2019H uniquement<\/li>\n<li>P.I.P. (Service p\u00e9nitentiaire d\u2019insertion et de probation) \u2013 Alexandre GANDOLFINI sur RDV uniquement<\/li>\n<li>Conciliateur de Justice \u2013 Mme Jacqueline BENEVISE sur RDV uniquement Mairie de Pont de Beauvoisin 04 76 37 04 62<\/li>\n<\/ul>\n<p>[\/et_pb_accordion_item][et_pb_accordion_item title=\u00a0\u00bbL\u2019Espace de Pratiques Num\u00e9riques (EPN)\u00a0\u00bb _builder_version=\u00a0\u00bb4.27.4&Prime; _module_preset=\u00a0\u00bbdefault\u00a0\u00bb hover_enabled=\u00a0\u00bb0&Prime; global_colors_info=\u00a0\u00bb{}\u00a0\u00bb open=\u00a0\u00bboff\u00a0\u00bb sticky_enabled=\u00a0\u00bb0&Prime;]<\/p>\n<p><img loading=\"lazy\" decoding=\"async\" src=\"https:\/\/www.ccvalguiers.fr\/infos\/wp-content\/uploads\/2022\/09\/wifi-LP-300x300-1.png\" width=\"185\" height=\"185\" alt=\"Picto wifi\" class=\"wp-image-1479 aligncenter size-full\" srcset=\"https:\/\/www.ccvalguiers.fr\/infos\/wp-content\/uploads\/2022\/09\/wifi-LP-300x300-1.png 300w, https:\/\/www.ccvalguiers.fr\/infos\/wp-content\/uploads\/2022\/09\/wifi-LP-300x300-1-150x150.png 150w, https:\/\/www.ccvalguiers.fr\/infos\/wp-content\/uploads\/2022\/09\/wifi-LP-300x300-1-100x100.png 100w\" sizes=\"(max-width: 185px) 100vw, 185px\" \/><\/p>\n<p><img loading=\"lazy\" decoding=\"async\" class=\"wp-image-209 alignnone size-full\" src=\"https:\/\/www.ccvalguiers.fr\/infos\/wp-content\/uploads\/2022\/07\/puce.png\" alt=\"\" width=\"25\" height=\"22\" \/> Un Espace de Pratiques Num\u00e9riques (EPN) est un lieu ouvert \u00e0 tous les publics et qui propose un acc\u00e8s individuel ou collectif \u00e0 un \u00e9quipement num\u00e9rique de qualit\u00e9 (acc\u00e8s \u00e0 internet, outils informatiques et multim\u00e9dias). L\u2019EPN permet de mieux comprendre et ma\u00eetriser les technologies num\u00e9riques, leurs enjeux et leurs usages dans une multitude de domaines (art, culture, sport, sant\u00e9, loisirs etc\u2026), c\u2019est-\u00e0-dire de d\u00e9velopper la culture num\u00e9rique au sens large.<\/p>\n<p>L\u2019Espace de Pratique Num\u00e9rique accueille des activit\u00e9s d\u2019initiation et de perfectionnement \u00e0 l\u2019usage des outils num\u00e9riques et la navigation en ligne.<\/p>\n<p><strong style=\"color: #ff0000;\"><a href=\"https:\/\/www.ccvalguiers.fr\/infos\/wp-content\/uploads\/2023\/03\/Livret-EPN.pdf\" rel=\"attachment noopener wp-att-3123\" target=\"_blank\" style=\"color: #ff0000;\">\u21d2 T\u00e9l\u00e9charger la plaquette de pr\u00e9sentation<\/a><\/strong><\/p>\n<p>Des accompagnements \u00e0 la carte sont aussi propos\u00e9s dans le cadre des permanences Clic\u2019 &amp; Solutions.<\/p>\n<p><strong>Pour plus de renseignements sur les ateliers en cours, contactez le Conseiller Num\u00e9rique Val Guiers<\/strong> :<em><\/em><\/p>\n<p><a class=\"boutonbleu\" href=\"mailto:conseiller.numerique@ccvalguiers.fr\"><img loading=\"lazy\" decoding=\"async\" class=\"puce\" src=\"https:\/\/www.ccvalguiers.fr\/infos\/wp-content\/uploads\/2022\/09\/puce-mail.png\" alt=\"Pictogramme mail\" width=\"31\" height=\"30\" \/> conseiller.numerique@ccvalguiers.fr<\/a><br \/><a class=\"boutonbleu\" href=\"tel:06 69 07 23 67\"><img loading=\"lazy\" decoding=\"async\" class=\"puce\" src=\"https:\/\/www.ccvalguiers.fr\/infos\/wp-content\/uploads\/2022\/09\/puce-telephone.png\" alt=\"Pictogramme t\u00e9l\u00e9phone\" width=\"31\" height=\"30\" \/> 06 69 07 23 67<\/a><\/p>\n<p>[\/et_pb_accordion_item][\/et_pb_accordion][\/et_pb_column_inner][\/et_pb_row_inner][\/et_pb_column][et_pb_column type=\u00a0\u00bb1_4&Prime; _builder_version=\u00a0\u00bb4.16&Prime; custom_padding=\u00a0\u00bb|||\u00a0\u00bb global_colors_info=\u00a0\u00bb{}\u00a0\u00bb custom_padding__hover=\u00a0\u00bb|||\u00a0\u00bb][et_pb_blurb title=\u00a0\u00bbSommaire\u00a0\u00bb use_icon=\u00a0\u00bbon\u00a0\u00bb font_icon=\u00a0\u00bb&#xe04a;||divi||400&Prime; icon_color=\u00a0\u00bb#67BFBF\u00a0\u00bb image_icon_background_color=\u00a0\u00bbRGBA(255,255,255,0)\u00a0\u00bb icon_placement=\u00a0\u00bbleft\u00a0\u00bb image_icon_width=\u00a0\u00bb35px\u00a0\u00bb disabled_on=\u00a0\u00bbon|on|on\u00a0\u00bb _builder_version=\u00a0\u00bb4.17.6&Prime; _module_preset=\u00a0\u00bbdefault\u00a0\u00bb header_font=\u00a0\u00bb|600|||||||\u00a0\u00bb header_text_color=\u00a0\u00bb#0C424A\u00a0\u00bb header_font_size=\u00a0\u00bb15px\u00a0\u00bb body_text_color=\u00a0\u00bb#0C424A\u00a0\u00bb body_font_size=\u00a0\u00bb14px\u00a0\u00bb body_line_height=\u00a0\u00bb1.3em\u00a0\u00bb body_link_text_color=\u00a0\u00bb#0C424A\u00a0\u00bb body_link_font_size=\u00a0\u00bb14px\u00a0\u00bb image_icon_custom_margin=\u00a0\u00bb0px||0px||false|false\u00a0\u00bb image_icon_custom_padding=\u00a0\u00bb10px||10px|16px|false|false\u00a0\u00bb custom_margin=\u00a0\u00bb24px||0px||false|false\u00a0\u00bb custom_padding=\u00a0\u00bb10px||10px||false|false\u00a0\u00bb animation_style=\u00a0\u00bbfade\u00a0\u00bb border_width_left=\u00a0\u00bb5px\u00a0\u00bb border_color_left=\u00a0\u00bb#E51A2F\u00a0\u00bb border_color_left_image=\u00a0\u00bb#E51A2F\u00a0\u00bb disabled=\u00a0\u00bbon\u00a0\u00bb global_module=\u00a0\u00bb1167&Prime; saved_tabs=\u00a0\u00bball\u00a0\u00bb global_colors_info=\u00a0\u00bb{}\u00a0\u00bb body_link_text_color__hover_enabled=\u00a0\u00bbon|desktop\u00a0\u00bb body_link_text_color__hover=\u00a0\u00bb#E51A2F\u00a0\u00bb]<\/p>\n<ul>\n<li><a href=\"https:\/\/www.ccvalguiers.fr\/infos\/vos-services\/annuaire-des-services\/\">Annuaire des services<\/a><\/li>\n<li><a href=\"https:\/\/www.ccvalguiers.fr\/infos\/vos-services\/enfance-jeunesse\/\">Enfance et jeunesse<\/a><\/li>\n<li><a href=\"https:\/\/www.ccvalguiers.fr\/infos\/vos-services\/personnes-agees\/\">Personnes \u00e2g\u00e9es<\/a><\/li>\n<li><a href=\"https:\/\/www.ccvalguiers.fr\/infos\/vos-services\/demarches-administratives-et-outils-numeriques\/\">D\u00e9marches administratives et outils num\u00e9riques<\/a><\/li>\n<li><a href=\"https:\/\/www.ccvalguiers.fr\/infos\/vos-services\/culture\/\">Culture<\/a><\/li>\n<li><a href=\"https:\/\/www.ccvalguiers.fr\/infos\/vos-services\/logement\/\">Logement<\/a><\/li>\n<li><a href=\"https:\/\/www.ccvalguiers.fr\/infos\/vos-services\/mobilite\/\">Mobilit\u00e9<\/a><\/li>\n<li><a href=\"https:\/\/www.ccvalguiers.fr\/infos\/vos-services\/dechets-eau-et-assainissement\/\">Eau, assainissement et d\u00e9chets<\/a><\/li>\n<li><a href=\"https:\/\/www.pays-lac-aiguebelette.com\/\" target=\"_blank\" rel=\"noopener\">Tourisme<\/a><\/li>\n<\/ul>\n<p>[\/et_pb_blurb][et_pb_blurb title=\u00a0\u00bbLiens utiles\u00a0\u00bb use_icon=\u00a0\u00bbon\u00a0\u00bb font_icon=\u00a0\u00bb&#xf2f6;||fa||900&Prime; icon_color=\u00a0\u00bb#0C424A\u00a0\u00bb image_icon_background_color=\u00a0\u00bbRGBA(255,255,255,0)\u00a0\u00bb icon_placement=\u00a0\u00bbleft\u00a0\u00bb image_icon_width=\u00a0\u00bb35px\u00a0\u00bb _builder_version=\u00a0\u00bb4.17.6&Prime; _module_preset=\u00a0\u00bbdefault\u00a0\u00bb header_font=\u00a0\u00bb|600|||||||\u00a0\u00bb header_text_color=\u00a0\u00bb#0C424A\u00a0\u00bb header_font_size=\u00a0\u00bb15px\u00a0\u00bb body_text_color=\u00a0\u00bb#0C424A\u00a0\u00bb body_font_size=\u00a0\u00bb14px\u00a0\u00bb body_line_height=\u00a0\u00bb1.3em\u00a0\u00bb body_link_text_color=\u00a0\u00bb#0C424A\u00a0\u00bb body_link_font_size=\u00a0\u00bb14px\u00a0\u00bb image_icon_custom_margin=\u00a0\u00bb0px||0px||false|false\u00a0\u00bb image_icon_custom_padding=\u00a0\u00bb10px||10px|16px|false|false\u00a0\u00bb custom_margin=\u00a0\u00bb-40px||0px||false|false\u00a0\u00bb custom_margin_tablet=\u00a0\u00bb0px||||false|false\u00a0\u00bb custom_margin_phone=\u00a0\u00bb0px||||false|false\u00a0\u00bb custom_margin_last_edited=\u00a0\u00bbon|tablet\u00a0\u00bb custom_padding=\u00a0\u00bb10px||10px||false|false\u00a0\u00bb animation_style=\u00a0\u00bbfade\u00a0\u00bb border_color_all=\u00a0\u00bb#0C424A\u00a0\u00bb border_width_left=\u00a0\u00bb5px\u00a0\u00bb border_color_left_image=\u00a0\u00bb#E51A2F\u00a0\u00bb saved_tabs=\u00a0\u00bball\u00a0\u00bb global_colors_info=\u00a0\u00bb{}\u00a0\u00bb body_link_text_color__hover_enabled=\u00a0\u00bbon|desktop\u00a0\u00bb body_link_text_color__hover=\u00a0\u00bb#E51A2F\u00a0\u00bb]<\/p>\n<p>Vos d\u00e9marches<\/p>\n<p>[\/et_pb_blurb][et_pb_image src=\u00a0\u00bbhttps:\/\/www.ccvalguiers.fr\/infos\/wp-content\/uploads\/2022\/09\/Logo_Service-public.fr_.jpg\u00a0\u00bb alt=\u00a0\u00bbLogo du site du service public\u00a0\u00bb title_text=\u00a0\u00bbLogo du site du service public\u00a0\u00bb url=\u00a0\u00bbhttps:\/\/www.service-public.fr\/\u00a0\u00bb url_new_window=\u00a0\u00bbon\u00a0\u00bb _builder_version=\u00a0\u00bb4.17.6&Prime; _module_preset=\u00a0\u00bbdefault\u00a0\u00bb border_color_all=\u00a0\u00bb#0C424A\u00a0\u00bb border_width_left=\u00a0\u00bb5px\u00a0\u00bb border_color_left=\u00a0\u00bb#0C424A\u00a0\u00bb box_shadow_style=\u00a0\u00bbpreset1&Prime; box_shadow_color=\u00a0\u00bbrgba(0,0,0,0.12)\u00a0\u00bb global_colors_info=\u00a0\u00bb{}\u00a0\u00bb box_shadow_color__hover_enabled=\u00a0\u00bbon|hover\u00a0\u00bb box_shadow_color__hover=\u00a0\u00bbrgba(71,71,71,0.5)\u00a0\u00bb border_width_all__hover_enabled=\u00a0\u00bbon|hover\u00a0\u00bb border_width_all__hover=\u00a0\u00bb0px\u00a0\u00bb][\/et_pb_image][\/et_pb_column][\/et_pb_section]<\/p>\n","protected":false},"excerpt":{"rendered":"<p>\u00a0Le Clic &amp; Ressources 126 place des Tilleuls &#8211; Saint-Genix-sur-Guiers 73240 SAINT-GENIX-LES-VILLAGESPlan d&rsquo;acc\u00e8s Lieu partag\u00e9 \u00ab\u00a0Clic &amp; ressources\u00a0\u00bb est un espace multi-services intercommunal, gratuit et ouvert \u00e0 tous. Il regroupe : Une agence postale intercommunale (services postaux) ; France Services Val Guiers (accompagnement dans la r\u00e9alisation des d\u00e9marches administratives)\u00a0 Un Espace de Pratiques Num\u00e9riques (ateliers [&hellip;]<\/p>\n","protected":false},"author":1,"featured_media":0,"parent":1135,"menu_order":0,"comment_status":"closed","ping_status":"closed","template":"","meta":{"_et_pb_use_builder":"on","_et_pb_old_content":"<!-- wp:paragraph -->\n<p>Ceci est une page d\u2019exemple. C\u2019est diff\u00e9rent d\u2019un article de blog parce qu\u2019elle restera au m\u00eame endroit et appara\u00eetra dans la navigation de votre site (dans la plupart des th\u00e8mes). La plupart des gens commencent par une page \u00ab&nbsp;\u00c0 propos&nbsp;\u00bb qui les pr\u00e9sente aux personnes visitant le site. Cela pourrait ressembler \u00e0 quelque chose comme cela&nbsp;:<\/p>\n<!-- \/wp:paragraph -->\n\n<!-- wp:quote -->\n<blockquote class=\"wp-block-quote\"><p>Bonjour&nbsp;! Je suis un m\u00e9canicien qui aspire \u00e0 devenir acteur, et voici mon site. J\u2019habite \u00e0 Bordeaux, j\u2019ai un super chien baptis\u00e9 Russell, et j\u2019aime la vodka (ainsi qu\u2019\u00eatre surpris par la pluie soudaine lors de longues balades sur la plage au coucher du soleil).<\/p><\/blockquote>\n<!-- \/wp:quote -->\n\n<!-- wp:paragraph -->\n<p>\u2026ou quelque chose comme cela&nbsp;:<\/p>\n<!-- \/wp:paragraph -->\n\n<!-- wp:quote -->\n<blockquote class=\"wp-block-quote\"><p>La soci\u00e9t\u00e9 123 Machin Truc a \u00e9t\u00e9 cr\u00e9\u00e9e en 1971, et n\u2019a cess\u00e9 de proposer au public des machins-trucs de qualit\u00e9 depuis lors. Situ\u00e9e \u00e0 Saint-Remy-en-Bouzemont-Saint-Genest-et-Isson, 123 Machin Truc emploie 2 000 personnes, et fabrique toutes sortes de bidules supers pour la communaut\u00e9 bouzemontoise.<\/p><\/blockquote>\n<!-- \/wp:quote -->\n\n<!-- wp:paragraph -->\n<p>En tant que nouvel utilisateur ou utilisatrice de WordPress, vous devriez vous rendre sur <a href=\"https:\/\/www.ccvalguiers.fr\/infos\/wp-admin\/\">votre tableau de bord<\/a> pour supprimer cette page et cr\u00e9er de nouvelles pages pour votre contenu. Amusez-vous bien&nbsp;!<\/p>\n<!-- \/wp:paragraph -->","_et_gb_content_width":"1080","footnotes":""},"class_list":["post-1457","page","type-page","status-publish","hentry"],"yoast_head":"<!-- This site is optimized with the Yoast SEO plugin v27.4 - https:\/\/yoast.com\/product\/yoast-seo-wordpress\/ -->\n<title>D\u00e9marches administratives et outils num\u00e9riques | Communaut\u00e9 de Communes Val Guiers | CCVG<\/title>\n<meta name=\"description\" content=\"D\u00e9marches administratives et outils num\u00e9riques | CC Val Guiers | Savoie | Informations, d\u00e9marches, actualit\u00e9s, intercommunalit\u00e9, enfance, jeunesse CCVG\" \/>\n<meta name=\"robots\" content=\"index, follow, max-snippet:-1, max-image-preview:large, max-video-preview:-1\" \/>\n<link rel=\"canonical\" href=\"https:\/\/www.ccvalguiers.fr\/infos\/vos-services\/demarches-administratives-et-outils-numeriques\/\" \/>\n<meta property=\"og:locale\" content=\"fr_FR\" \/>\n<meta property=\"og:type\" content=\"article\" \/>\n<meta property=\"og:title\" content=\"D\u00e9marches administratives et outils num\u00e9riques | Communaut\u00e9 de Communes Val Guiers | CCVG\" \/>\n<meta property=\"og:description\" content=\"D\u00e9marches administratives et outils num\u00e9riques | CC Val Guiers | Savoie | Informations, d\u00e9marches, actualit\u00e9s, intercommunalit\u00e9, enfance, jeunesse CCVG\" \/>\n<meta property=\"og:url\" content=\"https:\/\/www.ccvalguiers.fr\/infos\/vos-services\/demarches-administratives-et-outils-numeriques\/\" \/>\n<meta property=\"og:site_name\" content=\"Communaut\u00e9 de Communes Val Guiers\" \/>\n<meta property=\"article:modified_time\" content=\"2026-03-30T13:39:33+00:00\" \/>\n<meta property=\"og:image\" content=\"https:\/\/www.ccvalguiers.fr\/infos\/wp-content\/uploads\/2022\/07\/puce.png\" \/>\n\t<meta property=\"og:image:width\" content=\"45\" \/>\n\t<meta property=\"og:image:height\" content=\"40\" \/>\n\t<meta property=\"og:image:type\" content=\"image\/png\" \/>\n<meta name=\"twitter:card\" content=\"summary_large_image\" \/>\n<meta name=\"twitter:label1\" content=\"Dur\u00e9e de lecture estim\u00e9e\" \/>\n\t<meta name=\"twitter:data1\" content=\"11 minutes\" \/>\n<script type=\"application\/ld+json\" class=\"yoast-schema-graph\">{\"@context\":\"https:\\\/\\\/schema.org\",\"@graph\":[{\"@type\":\"WebPage\",\"@id\":\"https:\\\/\\\/www.ccvalguiers.fr\\\/infos\\\/vos-services\\\/demarches-administratives-et-outils-numeriques\\\/\",\"url\":\"https:\\\/\\\/www.ccvalguiers.fr\\\/infos\\\/vos-services\\\/demarches-administratives-et-outils-numeriques\\\/\",\"name\":\"D\u00e9marches administratives et outils num\u00e9riques | Communaut\u00e9 de Communes Val Guiers | CCVG\",\"isPartOf\":{\"@id\":\"https:\\\/\\\/www.ccvalguiers.fr\\\/infos\\\/#website\"},\"primaryImageOfPage\":{\"@id\":\"https:\\\/\\\/www.ccvalguiers.fr\\\/infos\\\/vos-services\\\/demarches-administratives-et-outils-numeriques\\\/#primaryimage\"},\"image\":{\"@id\":\"https:\\\/\\\/www.ccvalguiers.fr\\\/infos\\\/vos-services\\\/demarches-administratives-et-outils-numeriques\\\/#primaryimage\"},\"thumbnailUrl\":\"https:\\\/\\\/www.ccvalguiers.fr\\\/infos\\\/wp-content\\\/uploads\\\/2022\\\/07\\\/puce.png\",\"datePublished\":\"2022-09-22T14:11:50+00:00\",\"dateModified\":\"2026-03-30T13:39:33+00:00\",\"description\":\"D\u00e9marches administratives et outils num\u00e9riques | CC Val Guiers | Savoie | Informations, d\u00e9marches, actualit\u00e9s, intercommunalit\u00e9, enfance, jeunesse CCVG\",\"breadcrumb\":{\"@id\":\"https:\\\/\\\/www.ccvalguiers.fr\\\/infos\\\/vos-services\\\/demarches-administratives-et-outils-numeriques\\\/#breadcrumb\"},\"inLanguage\":\"fr-FR\",\"potentialAction\":[{\"@type\":\"ReadAction\",\"target\":[\"https:\\\/\\\/www.ccvalguiers.fr\\\/infos\\\/vos-services\\\/demarches-administratives-et-outils-numeriques\\\/\"]}]},{\"@type\":\"ImageObject\",\"inLanguage\":\"fr-FR\",\"@id\":\"https:\\\/\\\/www.ccvalguiers.fr\\\/infos\\\/vos-services\\\/demarches-administratives-et-outils-numeriques\\\/#primaryimage\",\"url\":\"https:\\\/\\\/www.ccvalguiers.fr\\\/infos\\\/wp-content\\\/uploads\\\/2022\\\/07\\\/puce.png\",\"contentUrl\":\"https:\\\/\\\/www.ccvalguiers.fr\\\/infos\\\/wp-content\\\/uploads\\\/2022\\\/07\\\/puce.png\",\"width\":45,\"height\":40},{\"@type\":\"BreadcrumbList\",\"@id\":\"https:\\\/\\\/www.ccvalguiers.fr\\\/infos\\\/vos-services\\\/demarches-administratives-et-outils-numeriques\\\/#breadcrumb\",\"itemListElement\":[{\"@type\":\"ListItem\",\"position\":1,\"name\":\"Accueil\",\"item\":\"https:\\\/\\\/www.ccvalguiers.fr\\\/infos\\\/\"},{\"@type\":\"ListItem\",\"position\":2,\"name\":\"Vos services\",\"item\":\"https:\\\/\\\/www.ccvalguiers.fr\\\/infos\\\/vos-services\\\/\"},{\"@type\":\"ListItem\",\"position\":3,\"name\":\"D\u00e9marches administratives et outils num\u00e9riques\"}]},{\"@type\":\"WebSite\",\"@id\":\"https:\\\/\\\/www.ccvalguiers.fr\\\/infos\\\/#website\",\"url\":\"https:\\\/\\\/www.ccvalguiers.fr\\\/infos\\\/\",\"name\":\"Communaut\u00e9 de Communes Val Guiers\",\"description\":\"CCVG - Territoire de Val Guiers, de Pont-de-Beauvoisin \u00e0 Saint-Genix-les-Villages - 11 communes situ\u00e9es dans l&#039;Avant-Pays Savoyard\",\"publisher\":{\"@id\":\"https:\\\/\\\/www.ccvalguiers.fr\\\/infos\\\/#organization\"},\"alternateName\":\"CCVG\",\"potentialAction\":[{\"@type\":\"SearchAction\",\"target\":{\"@type\":\"EntryPoint\",\"urlTemplate\":\"https:\\\/\\\/www.ccvalguiers.fr\\\/infos\\\/?s={search_term_string}\"},\"query-input\":{\"@type\":\"PropertyValueSpecification\",\"valueRequired\":true,\"valueName\":\"search_term_string\"}}],\"inLanguage\":\"fr-FR\"},{\"@type\":\"Organization\",\"@id\":\"https:\\\/\\\/www.ccvalguiers.fr\\\/infos\\\/#organization\",\"name\":\"Communaut\u00e9 de Communes Val Guiers\",\"alternateName\":\"CCVG\",\"url\":\"https:\\\/\\\/www.ccvalguiers.fr\\\/infos\\\/\",\"logo\":{\"@type\":\"ImageObject\",\"inLanguage\":\"fr-FR\",\"@id\":\"https:\\\/\\\/www.ccvalguiers.fr\\\/infos\\\/#\\\/schema\\\/logo\\\/image\\\/\",\"url\":\"https:\\\/\\\/www.ccvalguiers.fr\\\/infos\\\/wp-content\\\/uploads\\\/2022\\\/07\\\/CC-Val-Guiers-logo-transp.png\",\"contentUrl\":\"https:\\\/\\\/www.ccvalguiers.fr\\\/infos\\\/wp-content\\\/uploads\\\/2022\\\/07\\\/CC-Val-Guiers-logo-transp.png\",\"width\":600,\"height\":602,\"caption\":\"Communaut\u00e9 de Communes Val Guiers\"},\"image\":{\"@id\":\"https:\\\/\\\/www.ccvalguiers.fr\\\/infos\\\/#\\\/schema\\\/logo\\\/image\\\/\"}}]}<\/script>\n<!-- \/ Yoast SEO plugin. -->","yoast_head_json":{"title":"D\u00e9marches administratives et outils num\u00e9riques | Communaut\u00e9 de Communes Val Guiers | CCVG","description":"D\u00e9marches administratives et outils num\u00e9riques | CC Val Guiers | Savoie | Informations, d\u00e9marches, actualit\u00e9s, intercommunalit\u00e9, enfance, jeunesse CCVG","robots":{"index":"index","follow":"follow","max-snippet":"max-snippet:-1","max-image-preview":"max-image-preview:large","max-video-preview":"max-video-preview:-1"},"canonical":"https:\/\/www.ccvalguiers.fr\/infos\/vos-services\/demarches-administratives-et-outils-numeriques\/","og_locale":"fr_FR","og_type":"article","og_title":"D\u00e9marches administratives et outils num\u00e9riques | Communaut\u00e9 de Communes Val Guiers | CCVG","og_description":"D\u00e9marches administratives et outils num\u00e9riques | CC Val Guiers | Savoie | Informations, d\u00e9marches, actualit\u00e9s, intercommunalit\u00e9, enfance, jeunesse CCVG","og_url":"https:\/\/www.ccvalguiers.fr\/infos\/vos-services\/demarches-administratives-et-outils-numeriques\/","og_site_name":"Communaut\u00e9 de Communes Val Guiers","article_modified_time":"2026-03-30T13:39:33+00:00","og_image":[{"width":45,"height":40,"url":"https:\/\/www.ccvalguiers.fr\/infos\/wp-content\/uploads\/2022\/07\/puce.png","type":"image\/png"}],"twitter_card":"summary_large_image","twitter_misc":{"Dur\u00e9e de lecture estim\u00e9e":"11 minutes"},"schema":{"@context":"https:\/\/schema.org","@graph":[{"@type":"WebPage","@id":"https:\/\/www.ccvalguiers.fr\/infos\/vos-services\/demarches-administratives-et-outils-numeriques\/","url":"https:\/\/www.ccvalguiers.fr\/infos\/vos-services\/demarches-administratives-et-outils-numeriques\/","name":"D\u00e9marches administratives et outils num\u00e9riques | Communaut\u00e9 de Communes Val Guiers | CCVG","isPartOf":{"@id":"https:\/\/www.ccvalguiers.fr\/infos\/#website"},"primaryImageOfPage":{"@id":"https:\/\/www.ccvalguiers.fr\/infos\/vos-services\/demarches-administratives-et-outils-numeriques\/#primaryimage"},"image":{"@id":"https:\/\/www.ccvalguiers.fr\/infos\/vos-services\/demarches-administratives-et-outils-numeriques\/#primaryimage"},"thumbnailUrl":"https:\/\/www.ccvalguiers.fr\/infos\/wp-content\/uploads\/2022\/07\/puce.png","datePublished":"2022-09-22T14:11:50+00:00","dateModified":"2026-03-30T13:39:33+00:00","description":"D\u00e9marches administratives et outils num\u00e9riques | CC Val Guiers | Savoie | Informations, d\u00e9marches, actualit\u00e9s, intercommunalit\u00e9, enfance, jeunesse CCVG","breadcrumb":{"@id":"https:\/\/www.ccvalguiers.fr\/infos\/vos-services\/demarches-administratives-et-outils-numeriques\/#breadcrumb"},"inLanguage":"fr-FR","potentialAction":[{"@type":"ReadAction","target":["https:\/\/www.ccvalguiers.fr\/infos\/vos-services\/demarches-administratives-et-outils-numeriques\/"]}]},{"@type":"ImageObject","inLanguage":"fr-FR","@id":"https:\/\/www.ccvalguiers.fr\/infos\/vos-services\/demarches-administratives-et-outils-numeriques\/#primaryimage","url":"https:\/\/www.ccvalguiers.fr\/infos\/wp-content\/uploads\/2022\/07\/puce.png","contentUrl":"https:\/\/www.ccvalguiers.fr\/infos\/wp-content\/uploads\/2022\/07\/puce.png","width":45,"height":40},{"@type":"BreadcrumbList","@id":"https:\/\/www.ccvalguiers.fr\/infos\/vos-services\/demarches-administratives-et-outils-numeriques\/#breadcrumb","itemListElement":[{"@type":"ListItem","position":1,"name":"Accueil","item":"https:\/\/www.ccvalguiers.fr\/infos\/"},{"@type":"ListItem","position":2,"name":"Vos services","item":"https:\/\/www.ccvalguiers.fr\/infos\/vos-services\/"},{"@type":"ListItem","position":3,"name":"D\u00e9marches administratives et outils num\u00e9riques"}]},{"@type":"WebSite","@id":"https:\/\/www.ccvalguiers.fr\/infos\/#website","url":"https:\/\/www.ccvalguiers.fr\/infos\/","name":"Communaut\u00e9 de Communes Val Guiers","description":"CCVG - Territoire de Val Guiers, de Pont-de-Beauvoisin \u00e0 Saint-Genix-les-Villages - 11 communes situ\u00e9es dans l&#039;Avant-Pays Savoyard","publisher":{"@id":"https:\/\/www.ccvalguiers.fr\/infos\/#organization"},"alternateName":"CCVG","potentialAction":[{"@type":"SearchAction","target":{"@type":"EntryPoint","urlTemplate":"https:\/\/www.ccvalguiers.fr\/infos\/?s={search_term_string}"},"query-input":{"@type":"PropertyValueSpecification","valueRequired":true,"valueName":"search_term_string"}}],"inLanguage":"fr-FR"},{"@type":"Organization","@id":"https:\/\/www.ccvalguiers.fr\/infos\/#organization","name":"Communaut\u00e9 de Communes Val Guiers","alternateName":"CCVG","url":"https:\/\/www.ccvalguiers.fr\/infos\/","logo":{"@type":"ImageObject","inLanguage":"fr-FR","@id":"https:\/\/www.ccvalguiers.fr\/infos\/#\/schema\/logo\/image\/","url":"https:\/\/www.ccvalguiers.fr\/infos\/wp-content\/uploads\/2022\/07\/CC-Val-Guiers-logo-transp.png","contentUrl":"https:\/\/www.ccvalguiers.fr\/infos\/wp-content\/uploads\/2022\/07\/CC-Val-Guiers-logo-transp.png","width":600,"height":602,"caption":"Communaut\u00e9 de Communes Val Guiers"},"image":{"@id":"https:\/\/www.ccvalguiers.fr\/infos\/#\/schema\/logo\/image\/"}}]}},"publishpress_future_action":{"enabled":false,"date":"2026-05-03 16:39:40","action":"change-status","newStatus":"draft","terms":[],"taxonomy":"","extraData":[]},"publishpress_future_workflow_manual_trigger":{"enabledWorkflows":[]},"_links":{"self":[{"href":"https:\/\/www.ccvalguiers.fr\/infos\/wp-json\/wp\/v2\/pages\/1457","targetHints":{"allow":["GET"]}}],"collection":[{"href":"https:\/\/www.ccvalguiers.fr\/infos\/wp-json\/wp\/v2\/pages"}],"about":[{"href":"https:\/\/www.ccvalguiers.fr\/infos\/wp-json\/wp\/v2\/types\/page"}],"author":[{"embeddable":true,"href":"https:\/\/www.ccvalguiers.fr\/infos\/wp-json\/wp\/v2\/users\/1"}],"replies":[{"embeddable":true,"href":"https:\/\/www.ccvalguiers.fr\/infos\/wp-json\/wp\/v2\/comments?post=1457"}],"version-history":[{"count":29,"href":"https:\/\/www.ccvalguiers.fr\/infos\/wp-json\/wp\/v2\/pages\/1457\/revisions"}],"predecessor-version":[{"id":7760,"href":"https:\/\/www.ccvalguiers.fr\/infos\/wp-json\/wp\/v2\/pages\/1457\/revisions\/7760"}],"up":[{"embeddable":true,"href":"https:\/\/www.ccvalguiers.fr\/infos\/wp-json\/wp\/v2\/pages\/1135"}],"wp:attachment":[{"href":"https:\/\/www.ccvalguiers.fr\/infos\/wp-json\/wp\/v2\/media?parent=1457"}],"curies":[{"name":"wp","href":"https:\/\/api.w.org\/{rel}","templated":true}]}}