{"id":1629,"date":"2022-09-22T23:02:00","date_gmt":"2022-09-22T21:02:00","guid":{"rendered":"https:\/\/www.ccvalguiers.fr\/infos\/?page_id=1629"},"modified":"2025-06-26T11:44:08","modified_gmt":"2025-06-26T09:44:08","slug":"agriculture","status":"publish","type":"page","link":"https:\/\/www.ccvalguiers.fr\/infos\/entreprendre\/agriculture\/","title":{"rendered":"Agriculture"},"content":{"rendered":"<p>[et_pb_section fb_built=\u00a0\u00bb1&Prime; make_equal=\u00a0\u00bbon\u00a0\u00bb use_custom_gutter=\u00a0\u00bbon\u00a0\u00bb specialty=\u00a0\u00bbon\u00a0\u00bb padding_top_1=\u00a0\u00bb0px\u00a0\u00bb padding_top_2=\u00a0\u00bb0px\u00a0\u00bb padding_right_1=\u00a0\u00bb65px\u00a0\u00bb padding_right_2=\u00a0\u00bb10px\u00a0\u00bb padding_bottom_1=\u00a0\u00bb20px\u00a0\u00bb padding_bottom_2=\u00a0\u00bb20px\u00a0\u00bb padding_left_1=\u00a0\u00bb65px\u00a0\u00bb padding_left_2=\u00a0\u00bb10px\u00a0\u00bb padding_top_bottom_link_1=\u00a0\u00bbfalse\u00a0\u00bb padding_top_bottom_link_2=\u00a0\u00bbfalse\u00a0\u00bb padding_left_right_link_1=\u00a0\u00bbfalse\u00a0\u00bb padding_left_right_link_2=\u00a0\u00bbfalse\u00a0\u00bb padding_1_tablet=\u00a0\u00bb|20px||20px|false|false\u00a0\u00bb padding_2_tablet=\u00a0\u00bb\u00a0\u00bb padding_1_phone=\u00a0\u00bb|10px||10px|false|false\u00a0\u00bb padding_2_phone=\u00a0\u00bb\u00a0\u00bb padding_1_last_edited=\u00a0\u00bbon|phone\u00a0\u00bb padding_2_last_edited=\u00a0\u00bbon|tablet\u00a0\u00bb _builder_version=\u00a0\u00bb4.17.6&Prime; _module_preset=\u00a0\u00bbdefault\u00a0\u00bb background_color=\u00a0\u00bbRGBA(255,255,255,0)\u00a0\u00bb width=\u00a0\u00bb100%\u00a0\u00bb max_width=\u00a0\u00bb100%\u00a0\u00bb inner_width=\u00a0\u00bb100%\u00a0\u00bb inner_max_width=\u00a0\u00bb100%\u00a0\u00bb inner_module_alignment=\u00a0\u00bbcenter\u00a0\u00bb custom_padding=\u00a0\u00bb0px|10px|20px|10px|false|false\u00a0\u00bb border_color_right=\u00a0\u00bb#E51A2F\u00a0\u00bb border_color_left=\u00a0\u00bb#E51A2F\u00a0\u00bb box_shadow_style=\u00a0\u00bbpreset3&Prime; box_shadow_color=\u00a0\u00bbrgba(0,0,0,0.21)\u00a0\u00bb global_colors_info=\u00a0\u00bb{}\u00a0\u00bb background_color__hover=\u00a0\u00bb\u00a0\u00bb background__hover_enabled=\u00a0\u00bbon|hover\u00a0\u00bb background_enable_color__hover=\u00a0\u00bboff\u00a0\u00bb][et_pb_column type=\u00a0\u00bb3_4&Prime; specialty_columns=\u00a0\u00bb3&Prime; _builder_version=\u00a0\u00bb4.16&Prime; custom_padding=\u00a0\u00bb|||\u00a0\u00bb global_colors_info=\u00a0\u00bb{}\u00a0\u00bb custom_padding__hover=\u00a0\u00bb|||\u00a0\u00bb][et_pb_row_inner use_custom_gutter=\u00a0\u00bbon\u00a0\u00bb make_equal=\u00a0\u00bbon\u00a0\u00bb _builder_version=\u00a0\u00bb4.17.6&Prime; _module_preset=\u00a0\u00bbdefault\u00a0\u00bb width=\u00a0\u00bb100%\u00a0\u00bb max_width=\u00a0\u00bb100%\u00a0\u00bb module_alignment=\u00a0\u00bbcenter\u00a0\u00bb custom_margin=\u00a0\u00bb0px||0px||false|false\u00a0\u00bb custom_padding=\u00a0\u00bb0px||0px||false|false\u00a0\u00bb global_colors_info=\u00a0\u00bb{}\u00a0\u00bb][et_pb_column_inner saved_specialty_column_type=\u00a0\u00bb3_4&Prime; _builder_version=\u00a0\u00bb4.17.6&Prime; _module_preset=\u00a0\u00bbdefault\u00a0\u00bb global_colors_info=\u00a0\u00bb{}\u00a0\u00bb][et_pb_text _builder_version=\u00a0\u00bb4.21.0&Prime; _module_preset=\u00a0\u00bbdefault\u00a0\u00bb link_font=\u00a0\u00bb|700|||on||||\u00a0\u00bb custom_margin=\u00a0\u00bb||0px|||\u00a0\u00bb custom_padding=\u00a0\u00bb||20px||false|false\u00a0\u00bb global_colors_info=\u00a0\u00bb{}\u00a0\u00bb]<\/p>\n<h4 align=\"justify\"><img loading=\"lazy\" decoding=\"async\" src=\"https:\/\/www.ccvalguiers.fr\/infos\/wp-content\/uploads\/2022\/07\/puce.png\" width=\"25\" height=\"22\" alt=\"\" class=\"wp-image-209 alignnone size-full\" \/><span> Comp\u00e9tence de la CCVG<\/span><\/h4>\n<p>La Communaut\u00e9 de communes Val Guiers est comp\u00e9tente pour participer \u00e0 toute action visant \u00e0 la pr\u00e9servation du foncier agricole, \u00e0 la facilitation d\u2019\u00e9changes parcellaires et \u00e0 la restructuration des exploitations agricoles, ainsi que pour mettre en place tout programme local de d\u00e9veloppement agricole et\/ou de gestion de l\u2019espace concourant au d\u00e9veloppement durable et \u00e9quilibr\u00e9 du territoire communautaire.<\/p>\n<h4 align=\"justify\"><img loading=\"lazy\" decoding=\"async\" src=\"https:\/\/www.ccvalguiers.fr\/infos\/wp-content\/uploads\/2022\/07\/puce.png\" width=\"25\" height=\"22\" alt=\"\" class=\"wp-image-209 alignnone size-full\" \/><span> Fonci\u00e8re agricole de Savoie<\/span><\/h4>\n<p>La Communaut\u00e9 de communes Val Guiers a adh\u00e9r\u00e9 en juin 2023 \u00e0 la Fonci\u00e8re agricole de Savoie, port\u00e9e par le Conseil D\u00e9partemental et la Chambre d\u2019agriculture Savoie-Mont-Blanc. Cette fonci\u00e8re aura la capacit\u00e9 d\u2019acqu\u00e9rir des terrains pour faciliter l\u2019installation d\u2019exploitations agricoles sous-repr\u00e9sent\u00e9es sur le territoire, notamment en mara\u00eechage notamment.<\/p>\n<p>La Communaut\u00e9 de communes Val Guiers participe \u00e0 ce titre au CLIF (Comit\u00e9 Local d\u2019Information Fonci\u00e8re Agricole) rassemblant partenaires professionnels et collectivit\u00e9s qui assurera la veille fonci\u00e8re et \u00e9conomique sur le territoire de l\u2019Avant-Pays-savoyard.<\/p>\n<p>[\/et_pb_text][et_pb_text _builder_version=\u00a0\u00bb4.17.6&Prime; _module_preset=\u00a0\u00bbdefault\u00a0\u00bb link_font=\u00a0\u00bb|700|||on||||\u00a0\u00bb custom_margin=\u00a0\u00bb||0px|||\u00a0\u00bb custom_padding=\u00a0\u00bb15px||8px||false|false\u00a0\u00bb global_colors_info=\u00a0\u00bb{}\u00a0\u00bb]<\/p>\n<h4 align=\"justify\"><img loading=\"lazy\" decoding=\"async\" src=\"https:\/\/www.ccvalguiers.fr\/infos\/wp-content\/uploads\/2022\/07\/puce.png\" width=\"25\" height=\"22\" alt=\"\" class=\"wp-image-209 alignnone size-full\" \/><span> Partenaires :<\/span><\/h4>\n<p>[\/et_pb_text][et_pb_text _builder_version=\u00a0\u00bb4.21.0&Prime; _module_preset=\u00a0\u00bbdefault\u00a0\u00bb link_font=\u00a0\u00bb|700|||on||||\u00a0\u00bb custom_margin=\u00a0\u00bb||0px|||\u00a0\u00bb custom_padding=\u00a0\u00bb0px||0px|30px|false|false\u00a0\u00bb global_colors_info=\u00a0\u00bb{}\u00a0\u00bb]<\/p>\n<blockquote>\n<h4 align=\"justify\"><span>Chambre d&rsquo;agriculture Savoie Mont-Blanc<\/span><\/h4>\n<p>La Chambre d&rsquo;agriculture Savoie Mont-Blanc accompagne les agriculteurs (conseil, formation, aides, etc.).<br \/>En savoir + : <a href=\"https:\/\/extranet-savoie-mont-blanc.chambres-agriculture.fr\/agriculteurs\/developpement\/\" target=\"_blank\" rel=\"noopener\">D\u00e9veloppement &#8211; Chambre d&rsquo;agriculture Savoie Mont-Blanc (chambres-agriculture.fr)<\/a><\/p>\n<\/blockquote>\n<p>[\/et_pb_text][et_pb_text _builder_version=\u00a0\u00bb4.21.0&Prime; _module_preset=\u00a0\u00bbdefault\u00a0\u00bb link_font=\u00a0\u00bb|700|||on||||\u00a0\u00bb custom_margin=\u00a0\u00bb||0px|||\u00a0\u00bb custom_padding=\u00a0\u00bb0px||0px|30px|false|false\u00a0\u00bb global_colors_info=\u00a0\u00bb{}\u00a0\u00bb]<\/p>\n<blockquote>\n<h4 align=\"justify\"><span>Maison des agriculteurs de l&rsquo;Avant Pays-Savoyard<\/span><\/h4>\n<p>La Maison des agriculteurs est une association d&rsquo;agriculteurs qui offre diff\u00e9rents services aux exploitants (service de remplacement, coop\u00e9rative d&rsquo;utilisation de mat\u00e9riel agricole&#8230;) et travaille \u00e0 mettre en valeur l&rsquo;agriculture sur le territoire<br \/>En savoir + : <a href=\"https:\/\/www.agriculture-avant-pays-savoyard.com\/la-maison-des-agriculteurs\/\" target=\"_blank\" rel=\"noopener\"> LA MAISON DES AGRICULTEURS &#8211; Agriculture en Avant-Pays Savoyard (agriculture-avant-pays-savoyard.com)<\/a><\/p>\n<\/blockquote>\n<p>[\/et_pb_text][et_pb_text _builder_version=\u00a0\u00bb4.17.6&Prime; _module_preset=\u00a0\u00bbdefault\u00a0\u00bb link_font=\u00a0\u00bb|700|||on||||\u00a0\u00bb custom_margin=\u00a0\u00bb||0px|||\u00a0\u00bb custom_padding=\u00a0\u00bb24px||20px||false|false\u00a0\u00bb global_colors_info=\u00a0\u00bb{}\u00a0\u00bb]<\/p>\n<h4 align=\"justify\"><img loading=\"lazy\" decoding=\"async\" src=\"https:\/\/www.ccvalguiers.fr\/infos\/wp-content\/uploads\/2022\/07\/puce.png\" width=\"25\" height=\"22\" alt=\"\" class=\"wp-image-209 alignnone size-full\" \/><span> Coop\u00e9ratives et circuits courts<\/span><\/h4>\n<p>[\/et_pb_text][et_pb_accordion open_toggle_text_color=\u00a0\u00bb#0C424A\u00a0\u00bb open_toggle_background_color=\u00a0\u00bbRGBA(255,255,255,0)\u00a0\u00bb closed_toggle_text_color=\u00a0\u00bb#0C424A\u00a0\u00bb closed_toggle_background_color=\u00a0\u00bbRGBA(255,255,255,0)\u00a0\u00bb icon_color=\u00a0\u00bb#0C424A\u00a0\u00bb use_icon_font_size=\u00a0\u00bbon\u00a0\u00bb icon_font_size=\u00a0\u00bb21px\u00a0\u00bb _builder_version=\u00a0\u00bb4.17.6&Prime; _module_preset=\u00a0\u00bbdefault\u00a0\u00bb toggle_text_color=\u00a0\u00bb#0C424A\u00a0\u00bb toggle_font=\u00a0\u00bb|600|||||||\u00a0\u00bb toggle_font_size=\u00a0\u00bb17px\u00a0\u00bb body_link_text_color=\u00a0\u00bb#0C424A\u00a0\u00bb background_color=\u00a0\u00bbRGBA(255,255,255,0)\u00a0\u00bb hover_enabled=\u00a0\u00bb0&Prime; global_colors_info=\u00a0\u00bb{}\u00a0\u00bb sticky_enabled=\u00a0\u00bb0&Prime;][et_pb_accordion_item title=\u00a0\u00bbFruiti\u00e8res et coop\u00e9ratives laiti\u00e8res\u00a0\u00bb open=\u00a0\u00bboff\u00a0\u00bb _builder_version=\u00a0\u00bb4.17.6&Prime; _module_preset=\u00a0\u00bbdefault\u00a0\u00bb body_ul_line_height=\u00a0\u00bb1.8em\u00a0\u00bb global_colors_info=\u00a0\u00bb{}\u00a0\u00bb]<\/p>\n<h4><span style=\"color: #e51a2f;\">Fruiti\u00e8re de la vall\u00e9e du Guiers<\/span><\/h4>\n<h4><img decoding=\"async\" loading=\"lazy\" class=\"puce\" src=\"https:\/\/www.ccvalguiers.fr\/infos\/wp-content\/uploads\/2022\/09\/puce-localisation.png\" alt=\"puce-localisation\" width=\"22\" height=\"28\" \/> Avressieux<\/h4>\n<ul>\n<li><span>La Peretia 73240 Avressieux<\/span><\/li>\n<li><span>Groupe Chabert<\/span><\/li>\n<li><span style=\"text-decoration: underline;\"><strong><a href=\"https:\/\/www.fruitieres-chabert.com\/toutes-nos-fruitieres\/la-fruitiere-de-la-vallee-du-guiers\" target=\"_blank\" rel=\"noopener\">En savoir +<\/a><\/strong><\/span><\/li>\n<\/ul>\n<h5 class=\"et_pb_toggle_title\"><span style=\"color: #e51a2f;\">Les Fromagers de Sainte-Colombe<\/span><\/h5>\n<div class=\"et_pb_toggle_content clearfix\">\n<h4><img decoding=\"async\" loading=\"lazy\" class=\"puce\" src=\"https:\/\/www.ccvalguiers.fr\/infos\/wp-content\/uploads\/2022\/09\/puce-localisation.png\" alt=\"puce-localisation\" width=\"22\" height=\"28\" \/><span>\u00a0<\/span>Saint-Genix-les-Villages<\/h4>\n<ul>\n<li>Sainte Colombe, 73240 Saint-Genix-les-Villages<\/li>\n<li><span><strong><a href=\"https:\/\/www.google.fr\/maps\/place\/Les+Fromagers+de+Sainte-Colombe\/@45.582325,5.6470804,14z\/data=!4m5!3m4!1s0x0:0xe58d541a8230e046!8m2!3d45.5834788!4d5.6544742\" target=\"_blank\" rel=\"noopener\">En savoir +<\/a><\/strong><\/span><span><strong><\/strong><\/span><\/li>\n<\/ul>\n<p><span><\/span><\/p>\n<h5 class=\"et_pb_toggle_title\"><span style=\"color: #e51a2f;\">Fruiti\u00e8re de Domessin<\/span><\/h5>\n<div class=\"et_pb_toggle_content clearfix\">\n<h4><img decoding=\"async\" loading=\"lazy\" class=\"puce\" src=\"https:\/\/www.ccvalguiers.fr\/infos\/wp-content\/uploads\/2022\/09\/puce-localisation.png\" alt=\"puce-localisation\" width=\"22\" height=\"28\" \/><span>\u00a0<\/span>Domesin<\/h4>\n<ul>\n<li>710 route de Pont de Beauvoisin<\/li>\n<li>Groupe Intermarch\u00e9<\/li>\n<li><span><strong><a href=\"https:\/\/www.mousquetaires.com\/nos-filiales\/agromousquetaires\/nos-poles-de-performance\/filiere-lait-agromousquetaires\/\" target=\"_blank\" rel=\"noopener\">En savoir +<\/a><\/strong><\/span><\/li>\n<\/ul>\n<\/div>\n<\/div>\n<p>[\/et_pb_accordion_item][et_pb_accordion_item title=\u00a0\u00bbVente en circuits courts\u00a0\u00bb _builder_version=\u00a0\u00bb4.17.6&Prime; _module_preset=\u00a0\u00bbdefault\u00a0\u00bb body_ul_line_height=\u00a0\u00bb1.8em\u00a0\u00bb global_colors_info=\u00a0\u00bb{}\u00a0\u00bb open=\u00a0\u00bboff\u00a0\u00bb]<\/p>\n<h5 class=\"et_pb_toggle_title\">Mara\u00eechage, horticulture, pain<\/h5>\n<div class=\"et_pb_toggle_content clearfix\">\n<h4><img decoding=\"async\" loading=\"lazy\" class=\"puce\" src=\"https:\/\/www.ccvalguiers.fr\/infos\/wp-content\/uploads\/2022\/09\/puce-localisation.png\" alt=\"puce-localisation\" width=\"22\" height=\"28\" \/><span>\u00a0<\/span>Avressieux<\/h4>\n<ul>\n<li><strong>Guicherd Jean-Michel<br \/><\/strong>\u2013 Vente \u00e0 l\u2019exploitation le samedi matin ;<br \/>\u2013 Mara\u00eechage, viande, pain\u2026 ;<br \/>\u2013 Vente cuisine centrale Saint-Genix, magasins, producteurs, restaurants<\/li>\n<li><strong><span class=\"textColor3\">Guicherd Emmanuel<br \/><\/span><\/strong><span class=\"textColor3\">\u2013 Asperges<\/span><\/li>\n<\/ul>\n<h4><span class=\"textColor3\"><img decoding=\"async\" loading=\"lazy\" class=\"puce\" src=\"https:\/\/www.ccvalguiers.fr\/infos\/wp-content\/uploads\/2022\/09\/puce-localisation.png\" alt=\"puce-localisation\" width=\"22\" height=\"28\" \/><span>\u00a0<\/span>Champagneux<\/span><\/h4>\n<ul>\n<li><span class=\"textColor3\"><strong>Turetta<\/strong><br \/>\u2013 Pommes de terre<br \/>\u2013 Vente \u00e0 la ferme<\/span><\/li>\n<\/ul>\n<h4><span class=\"textColor3\"><img decoding=\"async\" loading=\"lazy\" class=\"puce\" src=\"https:\/\/www.ccvalguiers.fr\/infos\/wp-content\/uploads\/2022\/09\/puce-localisation.png\" alt=\"puce-localisation\" width=\"22\" height=\"28\" \/><span>\u00a0<\/span>Domessin<\/span><\/h4>\n<ul>\n<li><span class=\"textColor3\"><strong>Gay-Croisier Alexandre \u00ab\u00a0<\/strong><strong>A travers champs\u00a0\u00bb<\/strong><br \/>\u2013 Agriculture biologique, bi\u00e8re ;<br \/><\/span>\u2013 Vente AMAP Lac d\u2019Aiguebelette, march\u00e9 jeudi soir \u00e0 la ferme, paniers de Fourmilienne<\/li>\n<\/ul>\n<h4><span class=\"textColor3\"><img decoding=\"async\" loading=\"lazy\" class=\"puce\" src=\"https:\/\/www.ccvalguiers.fr\/infos\/wp-content\/uploads\/2022\/09\/puce-localisation.png\" alt=\"puce-localisation\" width=\"22\" height=\"28\" \/><span>\u00a0<\/span>Saint-Genix-les-Villages<\/span><\/h4>\n<ul>\n<li><span class=\"textColor3\"><strong>GAEC du Jasmin<\/strong><br \/>\u2013<span>\u00a0<\/span><\/span>Vente de l\u00e9gumes \u00e0 l\u2019exploitation le samedi<br \/>\u2013 March\u00e9 de Saint-Genix<\/li>\n<li><strong>Debauge Gilles<br \/><\/strong>\u2013 Vente \u00e0 l\u2019exploitation<br \/>\u2013 Horticulture et mara\u00eechage<br \/>\u2013 March\u00e9 de Saint-Genix<\/li>\n<li><strong><span class=\"textColor3\">Mon Petit Producteur<br \/><\/span><\/strong>\u2013 Magasin 22 rue des Juifs<\/li>\n<\/ul>\n<\/div>\n<h5 class=\"et_pb_toggle_title\">Viande, fromage, oeufs<\/h5>\n<div class=\"et_pb_toggle_content clearfix\">\n<h4><img decoding=\"async\" loading=\"lazy\" class=\"puce\" src=\"https:\/\/www.ccvalguiers.fr\/infos\/wp-content\/uploads\/2022\/09\/puce-localisation.png\" alt=\"puce-localisation\" width=\"22\" height=\"28\" \/><span>\u00a0<\/span>Domessin<\/h4>\n<ul>\n<li><strong>Guicherd Christian \u2013 La Ferme du Vincent<br \/><\/strong>\u2013<span>\u00a0<\/span><span>Charcuteries et viande bovine ;<br \/>\u2013 Vente au magasin ZA La Sage<\/span><\/li>\n<\/ul>\n<h4><span class=\"textColor3\"><img decoding=\"async\" loading=\"lazy\" class=\"puce\" src=\"https:\/\/www.ccvalguiers.fr\/infos\/wp-content\/uploads\/2022\/09\/puce-localisation.png\" alt=\"puce-localisation\" width=\"22\" height=\"28\" \/><span>\u00a0<\/span>Saint-Genix-les-Villages<\/span><\/h4>\n<ul>\n<li><span class=\"textColor3\"><strong>Rostaing Ga\u00ebl \u2013 Ch\u00e8vrerie du Mont-Tournier<\/strong><br \/>\u2013 Fromage de ch\u00e8vre<br \/><\/span>\u2013 Saint-Maurice-de-Rotherens<br \/>\u2013 Vente \u00e0 la cuisine centrale, Hyper\u00a0U<\/li>\n<\/ul>\n<h5 class=\"et_pb_toggle_title\">Fruits, miel<\/h5>\n<div class=\"et_pb_toggle_content clearfix\">\n<h4><span class=\"textColor3\"><img decoding=\"async\" loading=\"lazy\" class=\"puce\" src=\"https:\/\/www.ccvalguiers.fr\/infos\/wp-content\/uploads\/2022\/09\/puce-localisation.png\" alt=\"puce-localisation\" width=\"22\" height=\"28\" \/><span>\u00a0<\/span>Avressieux<\/span><\/h4>\n<ul>\n<li><span class=\"textColor3\"><strong>Balet Charles<\/strong><br \/>\u2013 Miel<\/span><\/li>\n<\/ul>\n<p><img decoding=\"async\" loading=\"lazy\" class=\"puce\" src=\"https:\/\/www.ccvalguiers.fr\/infos\/wp-content\/uploads\/2022\/09\/puce-localisation.png\" alt=\"puce-localisation\" width=\"22\" height=\"28\" \/>\u00a0Belmont-Tramonet<\/p>\n<ul>\n<li><strong>Perrot-Minot Laurence<br \/><\/strong>\u2013<span>\u00a0<\/span><span>Petits fruits, fruits rouges, confitures ;<br \/><\/span>\u2013 Vente\u00a0Fourmilienne,\u00a0AMAP Domessin, Producteurs de Saveurs, Clic\u2019n\u2019croc<\/li>\n<\/ul>\n<h5 class=\"et_pb_toggle_title\">Vins, bi\u00e8res, jus de fruits<\/h5>\n<div class=\"et_pb_toggle_content clearfix\">\n<h4><img decoding=\"async\" loading=\"lazy\" class=\"puce\" src=\"https:\/\/www.ccvalguiers.fr\/infos\/wp-content\/uploads\/2022\/09\/puce-localisation.png\" alt=\"puce-localisation\" width=\"22\" height=\"28\" \/><span>\u00a0<\/span>Domessin<\/h4>\n<ul>\n<li><strong>L\u2019\u00e9cume du Guiers<br \/><\/strong>\u2013<span>\u00a0<\/span><span>Bi\u00e8re blonde, brune, ambr\u00e9e, fum\u00e9e\u2026 ;<br \/>\u2013 Agriculture biologique, fabrication sur place ;<br \/>\u2013 Vente sur place, magasins, march\u00e9s<\/span><\/li>\n<\/ul>\n<h4><img decoding=\"async\" loading=\"lazy\" class=\"puce\" src=\"https:\/\/www.ccvalguiers.fr\/infos\/wp-content\/uploads\/2022\/09\/puce-localisation.png\" alt=\"puce-localisation\" width=\"22\" height=\"28\" \/><span>\u00a0<\/span>Saint-Genix-les-Villages<\/h4>\n<ul>\n<li><strong>Demeure-Pinet Philippe et Chryst\u00e8le<br \/><\/strong>\u2013<span>\u00a0<\/span><span>IGP vin d\u2019Allobrogie ;<br \/><\/span><span>\u2013 Lutte raisonn\u00e9e ;<br \/>\u2013 Vin et jus de raisin blanc ;<br \/>\u2013 Vente au caveau et magasins<\/span><\/li>\n<li><span><strong>Mousse du Guiers<\/strong><br \/>\u2013 Bi\u00e8re type belge<br \/>\u2013 Stages, fabrication, vente sur place, magasins, march\u00e9s<\/span><\/li>\n<\/ul>\n<\/div>\n<\/div>\n<\/div>\n<p>[\/et_pb_accordion_item][et_pb_accordion_item title=\u00a0\u00bbMarch\u00e9s\u00a0\u00bb _builder_version=\u00a0\u00bb4.17.6&Prime; _module_preset=\u00a0\u00bbdefault\u00a0\u00bb body_ul_line_height=\u00a0\u00bb1.8em\u00a0\u00bb hover_enabled=\u00a0\u00bb0&Prime; global_colors_info=\u00a0\u00bb{}\u00a0\u00bb open=\u00a0\u00bbon\u00a0\u00bb sticky_enabled=\u00a0\u00bb0&Prime;]<\/p>\n<h4><img decoding=\"async\" loading=\"lazy\" class=\"puce\" src=\"https:\/\/www.ccvalguiers.fr\/infos\/wp-content\/uploads\/2022\/09\/puce-localisation.png\" alt=\"puce-localisation\" width=\"22\" height=\"28\" \/> Aoste, Avressieux, Domessin, La Bridoire, Le Pont-de-Beauvoisin, Novalaise, Rochefort, Saint-Genix-les-Villages<span><\/span><\/h4>\n<p><iframe loading=\"lazy\" src=\"https:\/\/tourisme.ccvalguiers.fr\/animations\/\" height=\"1000px\" width=\"100%\"><\/iframe>[\/et_pb_accordion_item][et_pb_accordion_item title=\u00a0\u00bbJardins partag\u00e9s\u00a0\u00bb _builder_version=\u00a0\u00bb4.17.6&Prime; _module_preset=\u00a0\u00bbdefault\u00a0\u00bb body_ul_line_height=\u00a0\u00bb1.8em\u00a0\u00bb global_colors_info=\u00a0\u00bb{}\u00a0\u00bb open=\u00a0\u00bboff\u00a0\u00bb]<\/p>\n<h5 class=\"et_pb_toggle_title\"><img decoding=\"async\" loading=\"lazy\" class=\"puce\" src=\"https:\/\/www.ccvalguiers.fr\/infos\/wp-content\/uploads\/2022\/09\/puce-localisation.png\" alt=\"puce-localisation\" width=\"22\" height=\"28\" style=\"font-size: 16px;\" \/><span style=\"font-size: 16px;\">\u00a0<\/span><span style=\"font-size: 16px;\">Domessin, La Bridoire, Le Pont-de-Beauvoisin, Yenne<\/span><\/h5>\n<div class=\"et_pb_toggle_content clearfix\">\n<ul>\n<li>Animations autour du potager et de la cuisine de ses produits<\/li>\n<\/ul>\n<\/div>\n<p>[\/et_pb_accordion_item][\/et_pb_accordion][et_pb_text _builder_version=\u00a0\u00bb4.17.6&Prime; _module_preset=\u00a0\u00bbdefault\u00a0\u00bb link_font=\u00a0\u00bb|700|||on||||\u00a0\u00bb custom_margin=\u00a0\u00bb||0px|||\u00a0\u00bb custom_padding=\u00a0\u00bb36px||20px||false|false\u00a0\u00bb global_colors_info=\u00a0\u00bb{}\u00a0\u00bb]<\/p>\n<h4 align=\"justify\"><img loading=\"lazy\" decoding=\"async\" src=\"https:\/\/www.ccvalguiers.fr\/infos\/wp-content\/uploads\/2022\/07\/puce.png\" width=\"25\" height=\"22\" alt=\"\" class=\"wp-image-209 alignnone size-full\" \/><span> Pr\u00e9vention<\/span><\/h4>\n<p>[\/et_pb_text][et_pb_accordion open_toggle_text_color=\u00a0\u00bb#0C424A\u00a0\u00bb open_toggle_background_color=\u00a0\u00bbRGBA(255,255,255,0)\u00a0\u00bb closed_toggle_text_color=\u00a0\u00bb#0C424A\u00a0\u00bb closed_toggle_background_color=\u00a0\u00bbRGBA(255,255,255,0)\u00a0\u00bb icon_color=\u00a0\u00bb#0C424A\u00a0\u00bb use_icon_font_size=\u00a0\u00bbon\u00a0\u00bb icon_font_size=\u00a0\u00bb21px\u00a0\u00bb _builder_version=\u00a0\u00bb4.17.6&Prime; _module_preset=\u00a0\u00bbdefault\u00a0\u00bb toggle_text_color=\u00a0\u00bb#0C424A\u00a0\u00bb toggle_font=\u00a0\u00bb|600|||||||\u00a0\u00bb toggle_font_size=\u00a0\u00bb17px\u00a0\u00bb background_color=\u00a0\u00bbRGBA(255,255,255,0)\u00a0\u00bb global_colors_info=\u00a0\u00bb{}\u00a0\u00bb][et_pb_accordion_item title=\u00a0\u00bbD\u00e9claration de ruches\u00a0\u00bb open=\u00a0\u00bbon\u00a0\u00bb _builder_version=\u00a0\u00bb4.17.6&Prime; _module_preset=\u00a0\u00bbdefault\u00a0\u00bb global_colors_info=\u00a0\u00bb{}\u00a0\u00bb]<\/p>\n<h4>Apiculture<\/h4>\n<div>\n<p><strong>D\u00e9claration annuelle de ruches : Du 1er\u00a0septembre au 31 d\u00e9cembre<\/strong><\/p>\n<p>La d\u00e9claration de ruches est une <strong>obligation annuelle<\/strong> pour tout d\u00e9tenteur de colonies d\u2019abeilles,\u00a0d\u00e8s la premi\u00e8re ruche d\u00e9tenue.<\/p>\n<p>Elle participe \u00e0 :<\/p>\n<ul>\n<li>La gestion sanitaire des colonies d\u2019abeilles ;<\/li>\n<li>La connaissance de l\u2019\u00e9volution du cheptel apicole ;<\/li>\n<li>La mobilisation d\u2019aides europ\u00e9ennes pour la fili\u00e8re apicole fran\u00e7aise.<\/li>\n<\/ul>\n<p>Elle doit \u00eatre r\u00e9alis\u00e9e chaque ann\u00e9e, entre le\u00a01er\u00a0septembre et le 31 d\u00e9cembre. Toutes les colonies sont \u00e0 d\u00e9clarer, qu\u2019elles soient en ruches, en ruchettes ou ruchettes de f\u00e9condation.<\/p>\n<p>Une proc\u00e9dure simplifi\u00e9e de d\u00e9claration en ligne a \u00e9t\u00e9 mise en place sur le site :\u00a0<span style=\"text-decoration: underline;\"><strong><a href=\"http:\/\/mesdemarches.agriculture.gouv.fr\/\" target=\"_blank\" rel=\"noopener\">http:\/\/mesdemarches.agriculture.gouv.fr\/<\/a><\/strong><\/span><\/p>\n<p>En cas de besoin, contactez le service d\u2019assistance aux d\u00e9clarants\u00a0:<\/p>\n<p><img decoding=\"async\" loading=\"lazy\" class=\"puce\" src=\"https:\/\/www.ccvalguiers.fr\/infos\/wp-content\/uploads\/2022\/09\/puce-mail.png\" alt=\"Pictogramme mail\" width=\"31\" height=\"30\" \/><span>\u00a0<\/span>declaration.ruches@agriculture.gouv.fr<\/p>\n<p><img loading=\"lazy\" decoding=\"async\" class=\"puce\" src=\"https:\/\/www.ccvalguiers.fr\/infos\/wp-content\/uploads\/2022\/09\/puce-telephone.png\" alt=\"Pictogramme t\u00e9l\u00e9phone\" width=\"31\" height=\"30\" \/><span>\u00a0<\/span>01 49 55 82 22<\/p>\n<p><strong>A NOTER\u00a0:<\/strong> pour les nouveaux apiculteurs ou les apiculteurs souhaitant obtenir un r\u00e9c\u00e9piss\u00e9 de d\u00e9claration actualis\u00e9, il est possible de r\u00e9aliser une d\u00e9claration hors p\u00e9riode obligatoire (entre le 1er janvier et le 31 Ao\u00fbt. Cette d\u00e9marche ne dispense cependant pas de la d\u00e9claration annuelle de ruches (\u00e0 r\u00e9aliser obligatoirement entre le 1er septembre et le 31 d\u00e9cembre).<\/p>\n<\/div>\n<p>[\/et_pb_accordion_item][et_pb_accordion_item title=\u00a0\u00bbFrelon asiatique\u00a0\u00bb _builder_version=\u00a0\u00bb4.17.6&Prime; _module_preset=\u00a0\u00bbdefault\u00a0\u00bb global_colors_info=\u00a0\u00bb{}\u00a0\u00bb open=\u00a0\u00bboff\u00a0\u00bb]<\/p>\n<h4>Progression du frelon asiatique sur le territoire Rh\u00f4ne-Alpin<\/h4>\n<div>\n<p>Le frelon asiatique poursuit sa progression sur le territoire Rh\u00f4ne-alpin. Outre la probl\u00e9matique li\u00e9e \u00e0 sa pr\u00e9sence sur les zones urbanis\u00e9es, il repr\u00e9sente une v\u00e9ritable menace pour la biodiversit\u00e9 et la sant\u00e9 des abeilles.<\/p>\n<p><strong>Plan de surveillance et de lutte r\u00e9gional :<\/strong><\/p>\n<p>Un dispositif de surveillance et de lutte, pilot\u00e9 par la FRGDS (F\u00e9d\u00e9ration R\u00e9gionale des Groupements de D\u00e9fense Sanitaire), en partenariat avec la FREDON (F\u00e9d\u00e9ration R\u00e9gionale de D\u00e9fense contre les Organismes Nuisibles), vise \u00e0 rep\u00e9rer et faire d\u00e9truire les nids par des entreprises sp\u00e9cialis\u00e9es avant la sortie des fondatrices (\u00e0 la fin de l\u2019automne), afin de maintenir la population de frelons asiatiques \u00e0 un niveau acceptable.<\/p>\n<p>Deux types de nids peuvent \u00eatre observ\u00e9s\u00a0:<\/p>\n<ul>\n<li>Les nids primaires: visibles d\u00e8s les premiers beaux jours, au printemps ;<\/li>\n<li>Les nids secondaires: visibles d\u00e8s le d\u00e9but de l\u2019\u00e9t\u00e9, correspondant \u00e0 une d\u00e9localisation de la colonie qui abandonne le nid primaire, trop petit.<\/li>\n<\/ul>\n<p><strong>Comment signaler un individu ou un nid\u00a0?<\/strong><\/p>\n<p>Toute personne suspectant la pr\u00e9sence d\u2019un frelon asiatique est invit\u00e9e \u00e0 en faire le signalement en utilisant les coordonn\u00e9es ci-dessous\u00a0:<\/p>\n<p><img loading=\"lazy\" decoding=\"async\" class=\"puce\" src=\"https:\/\/www.ccvalguiers.fr\/infos\/wp-content\/uploads\/2022\/09\/puce-telephone.png\" alt=\"Pictogramme t\u00e9l\u00e9phone\" width=\"31\" height=\"30\" \/><span>\u00a0<\/span>FREDON 73 : 04 79 33 46 89<\/p>\n<p><img decoding=\"async\" loading=\"lazy\" class=\"puce\" src=\"https:\/\/www.ccvalguiers.fr\/infos\/wp-content\/uploads\/2022\/09\/puce-mail.png\" alt=\"Pictogramme mail\" width=\"31\" height=\"30\" \/> signalerfrelon73@gmail.com<\/p>\n<\/div>\n<p>[\/et_pb_accordion_item][\/et_pb_accordion][\/et_pb_column_inner][\/et_pb_row_inner][\/et_pb_column][et_pb_column type=\u00a0\u00bb1_4&Prime; _builder_version=\u00a0\u00bb4.16&Prime; custom_padding=\u00a0\u00bb|||\u00a0\u00bb global_colors_info=\u00a0\u00bb{}\u00a0\u00bb custom_padding__hover=\u00a0\u00bb|||\u00a0\u00bb][et_pb_blurb title=\u00a0\u00bbSommaire\u00a0\u00bb use_icon=\u00a0\u00bbon\u00a0\u00bb font_icon=\u00a0\u00bb&#xe04a;||divi||400&Prime; icon_color=\u00a0\u00bb#67BFBF\u00a0\u00bb image_icon_background_color=\u00a0\u00bbRGBA(255,255,255,0)\u00a0\u00bb icon_placement=\u00a0\u00bbleft\u00a0\u00bb image_icon_width=\u00a0\u00bb35px\u00a0\u00bb disabled_on=\u00a0\u00bbon|on|on\u00a0\u00bb _builder_version=\u00a0\u00bb4.17.6&Prime; _module_preset=\u00a0\u00bbdefault\u00a0\u00bb header_font=\u00a0\u00bb|600|||||||\u00a0\u00bb header_text_color=\u00a0\u00bb#0C424A\u00a0\u00bb header_font_size=\u00a0\u00bb15px\u00a0\u00bb body_text_color=\u00a0\u00bb#0C424A\u00a0\u00bb body_font_size=\u00a0\u00bb14px\u00a0\u00bb body_line_height=\u00a0\u00bb1.3em\u00a0\u00bb body_link_text_color=\u00a0\u00bb#0C424A\u00a0\u00bb body_link_font_size=\u00a0\u00bb14px\u00a0\u00bb image_icon_custom_margin=\u00a0\u00bb0px||0px||false|false\u00a0\u00bb image_icon_custom_padding=\u00a0\u00bb10px||10px|16px|false|false\u00a0\u00bb custom_margin=\u00a0\u00bb24px||0px||false|false\u00a0\u00bb custom_padding=\u00a0\u00bb10px||10px||false|false\u00a0\u00bb animation_style=\u00a0\u00bbfade\u00a0\u00bb border_width_left=\u00a0\u00bb5px\u00a0\u00bb border_color_left=\u00a0\u00bb#E51A2F\u00a0\u00bb border_color_left_image=\u00a0\u00bb#E51A2F\u00a0\u00bb disabled=\u00a0\u00bbon\u00a0\u00bb global_module=\u00a0\u00bb1602&Prime; saved_tabs=\u00a0\u00bball\u00a0\u00bb global_colors_info=\u00a0\u00bb{}\u00a0\u00bb body_link_text_color__hover_enabled=\u00a0\u00bbon|desktop\u00a0\u00bb body_link_text_color__hover=\u00a0\u00bb#E51A2F\u00a0\u00bb]<\/p>\n<ul>\n<li><a href=\"https:\/\/www.ccvalguiers.fr\/infos\/entreprendre\/entreprendre-a-val-guiers\/\">Entreprendre \u00e0 Val Guiers<\/a><\/li>\n<li><a href=\"https:\/\/www.ccvalguiers.fr\/infos\/entreprendre\/annuaire-des-entreprises\/\">Annuaire des entreprises<\/a><\/li>\n<li><a href=\"https:\/\/www.ccvalguiers.fr\/infos\/entreprendre\/ou-simplanter-a-val-guiers\/\">O\u00f9 s&rsquo;implanter \u00e0 Val Guiers<\/a><\/li>\n<li><a href=\"https:\/\/www.ccvalguiers.fr\/infos\/entreprendre\/commerces-de-proximite\/\">Commerces de proximit\u00e9<\/a><\/li>\n<li><a href=\"https:\/\/www.ccvalguiers.fr\/infos\/entreprendre\/agriculture\/\">Agriculture<\/a><\/li>\n<li><a href=\"https:\/\/www.ccvalguiers.fr\/infos\/entreprendre\/entrepreneurs-vous-accompagner\/\">Vous accompagner<\/a><br \/>&#8211; <a href=\"https:\/\/www.ccvalguiers.fr\/infos\/entreprendre\/creer-ou-reprendre-une-activite\/\">Cr\u00e9er ou reprendre une activit\u00e9<\/a><br \/>&#8211; <a href=\"https:\/\/www.ccvalguiers.fr\/infos\/entreprendre\/entrepreneurs-vous-accompagner\/beneficier-dune-aide\/\">B\u00e9n\u00e9ficier d&rsquo;une aide<\/a><br \/>&#8211; <a href=\"https:\/\/www.ccvalguiers.fr\/infos\/entreprendre\/entrepreneurs-vous-accompagner\/digitaliser-son-activite\/\">Digitaliser son activit\u00e9<\/a><br \/>&#8211; <a href=\"https:\/\/www.ccvalguiers.fr\/infos\/entreprendre\/entrepreneurs-vous-accompagner\/recruter\/\">Recruter<\/a><\/li>\n<\/ul>\n<p>[\/et_pb_blurb][\/et_pb_column][\/et_pb_section]<\/p>\n","protected":false},"excerpt":{"rendered":"<p>Comp\u00e9tence de la CCVG La Communaut\u00e9 de communes Val Guiers est comp\u00e9tente pour participer \u00e0 toute action visant \u00e0 la pr\u00e9servation du foncier agricole, \u00e0 la facilitation d\u2019\u00e9changes parcellaires et \u00e0 la restructuration des exploitations agricoles, ainsi que pour mettre en place tout programme local de d\u00e9veloppement agricole et\/ou de gestion de l\u2019espace concourant au [&hellip;]<\/p>\n","protected":false},"author":1,"featured_media":0,"parent":1152,"menu_order":0,"comment_status":"closed","ping_status":"closed","template":"","meta":{"_et_pb_use_builder":"on","_et_pb_old_content":"<!-- wp:paragraph -->\n<p>Ceci est une page d\u2019exemple. C\u2019est diff\u00e9rent d\u2019un article de blog parce qu\u2019elle restera au m\u00eame endroit et appara\u00eetra dans la navigation de votre site (dans la plupart des th\u00e8mes). La plupart des gens commencent par une page \u00ab&nbsp;\u00c0 propos&nbsp;\u00bb qui les pr\u00e9sente aux personnes visitant le site. Cela pourrait ressembler \u00e0 quelque chose comme cela&nbsp;:<\/p>\n<!-- \/wp:paragraph -->\n\n<!-- wp:quote -->\n<blockquote class=\"wp-block-quote\"><p>Bonjour&nbsp;! Je suis un m\u00e9canicien qui aspire \u00e0 devenir acteur, et voici mon site. J\u2019habite \u00e0 Bordeaux, j\u2019ai un super chien baptis\u00e9 Russell, et j\u2019aime la vodka (ainsi qu\u2019\u00eatre surpris par la pluie soudaine lors de longues balades sur la plage au coucher du soleil).<\/p><\/blockquote>\n<!-- \/wp:quote -->\n\n<!-- wp:paragraph -->\n<p>\u2026ou quelque chose comme cela&nbsp;:<\/p>\n<!-- \/wp:paragraph -->\n\n<!-- wp:quote -->\n<blockquote class=\"wp-block-quote\"><p>La soci\u00e9t\u00e9 123 Machin Truc a \u00e9t\u00e9 cr\u00e9\u00e9e en 1971, et n\u2019a cess\u00e9 de proposer au public des machins-trucs de qualit\u00e9 depuis lors. Situ\u00e9e \u00e0 Saint-Remy-en-Bouzemont-Saint-Genest-et-Isson, 123 Machin Truc emploie 2 000 personnes, et fabrique toutes sortes de bidules supers pour la communaut\u00e9 bouzemontoise.<\/p><\/blockquote>\n<!-- \/wp:quote -->\n\n<!-- wp:paragraph -->\n<p>En tant que nouvel utilisateur ou utilisatrice de WordPress, vous devriez vous rendre sur <a href=\"https:\/\/www.ccvalguiers.fr\/infos\/wp-admin\/\">votre tableau de bord<\/a> pour supprimer cette page et cr\u00e9er de nouvelles pages pour votre contenu. Amusez-vous bien&nbsp;!<\/p>\n<!-- \/wp:paragraph -->","_et_gb_content_width":"1080","footnotes":""},"class_list":["post-1629","page","type-page","status-publish","hentry"],"yoast_head":"<!-- This site is optimized with the Yoast SEO plugin v27.5 - https:\/\/yoast.com\/product\/yoast-seo-wordpress\/ -->\n<title>Agriculture | Communaut\u00e9 de Communes Val Guiers | CCVG<\/title>\n<meta name=\"description\" content=\"Agriculture | CC Val Guiers | Savoie | Economie, zones d&#039;activit\u00e9s, d\u00e9veloppement \u00e9conomique, accompagnement\" \/>\n<meta name=\"robots\" content=\"index, follow, max-snippet:-1, max-image-preview:large, max-video-preview:-1\" \/>\n<link rel=\"canonical\" href=\"https:\/\/www.ccvalguiers.fr\/infos\/entreprendre\/agriculture\/\" \/>\n<meta property=\"og:locale\" content=\"fr_FR\" \/>\n<meta property=\"og:type\" content=\"article\" \/>\n<meta property=\"og:title\" content=\"Agriculture | Communaut\u00e9 de Communes Val Guiers | CCVG\" \/>\n<meta property=\"og:description\" content=\"Agriculture | CC Val Guiers | Savoie | Economie, zones d&#039;activit\u00e9s, d\u00e9veloppement \u00e9conomique, accompagnement\" \/>\n<meta property=\"og:url\" content=\"https:\/\/www.ccvalguiers.fr\/infos\/entreprendre\/agriculture\/\" \/>\n<meta property=\"og:site_name\" content=\"Communaut\u00e9 de Communes Val Guiers\" \/>\n<meta property=\"article:modified_time\" content=\"2025-06-26T09:44:08+00:00\" \/>\n<meta property=\"og:image\" content=\"https:\/\/www.ccvalguiers.fr\/infos\/wp-content\/uploads\/2022\/07\/puce.png\" \/>\n\t<meta property=\"og:image:width\" content=\"45\" \/>\n\t<meta property=\"og:image:height\" content=\"40\" \/>\n\t<meta property=\"og:image:type\" content=\"image\/png\" \/>\n<meta name=\"twitter:card\" content=\"summary_large_image\" \/>\n<meta name=\"twitter:label1\" content=\"Dur\u00e9e de lecture estim\u00e9e\" \/>\n\t<meta name=\"twitter:data1\" content=\"11 minutes\" \/>\n<script type=\"application\/ld+json\" class=\"yoast-schema-graph\">{\"@context\":\"https:\\\/\\\/schema.org\",\"@graph\":[{\"@type\":\"WebPage\",\"@id\":\"https:\\\/\\\/www.ccvalguiers.fr\\\/infos\\\/entreprendre\\\/agriculture\\\/\",\"url\":\"https:\\\/\\\/www.ccvalguiers.fr\\\/infos\\\/entreprendre\\\/agriculture\\\/\",\"name\":\"Agriculture | Communaut\u00e9 de Communes Val Guiers | CCVG\",\"isPartOf\":{\"@id\":\"https:\\\/\\\/www.ccvalguiers.fr\\\/infos\\\/#website\"},\"primaryImageOfPage\":{\"@id\":\"https:\\\/\\\/www.ccvalguiers.fr\\\/infos\\\/entreprendre\\\/agriculture\\\/#primaryimage\"},\"image\":{\"@id\":\"https:\\\/\\\/www.ccvalguiers.fr\\\/infos\\\/entreprendre\\\/agriculture\\\/#primaryimage\"},\"thumbnailUrl\":\"https:\\\/\\\/www.ccvalguiers.fr\\\/infos\\\/wp-content\\\/uploads\\\/2022\\\/07\\\/puce.png\",\"datePublished\":\"2022-09-22T21:02:00+00:00\",\"dateModified\":\"2025-06-26T09:44:08+00:00\",\"description\":\"Agriculture | CC Val Guiers | Savoie | Economie, zones d'activit\u00e9s, d\u00e9veloppement \u00e9conomique, accompagnement\",\"breadcrumb\":{\"@id\":\"https:\\\/\\\/www.ccvalguiers.fr\\\/infos\\\/entreprendre\\\/agriculture\\\/#breadcrumb\"},\"inLanguage\":\"fr-FR\",\"potentialAction\":[{\"@type\":\"ReadAction\",\"target\":[\"https:\\\/\\\/www.ccvalguiers.fr\\\/infos\\\/entreprendre\\\/agriculture\\\/\"]}]},{\"@type\":\"ImageObject\",\"inLanguage\":\"fr-FR\",\"@id\":\"https:\\\/\\\/www.ccvalguiers.fr\\\/infos\\\/entreprendre\\\/agriculture\\\/#primaryimage\",\"url\":\"https:\\\/\\\/www.ccvalguiers.fr\\\/infos\\\/wp-content\\\/uploads\\\/2022\\\/07\\\/puce.png\",\"contentUrl\":\"https:\\\/\\\/www.ccvalguiers.fr\\\/infos\\\/wp-content\\\/uploads\\\/2022\\\/07\\\/puce.png\",\"width\":45,\"height\":40},{\"@type\":\"BreadcrumbList\",\"@id\":\"https:\\\/\\\/www.ccvalguiers.fr\\\/infos\\\/entreprendre\\\/agriculture\\\/#breadcrumb\",\"itemListElement\":[{\"@type\":\"ListItem\",\"position\":1,\"name\":\"Accueil\",\"item\":\"https:\\\/\\\/www.ccvalguiers.fr\\\/infos\\\/\"},{\"@type\":\"ListItem\",\"position\":2,\"name\":\"Entreprendre\",\"item\":\"https:\\\/\\\/www.ccvalguiers.fr\\\/infos\\\/entreprendre\\\/\"},{\"@type\":\"ListItem\",\"position\":3,\"name\":\"Agriculture\"}]},{\"@type\":\"WebSite\",\"@id\":\"https:\\\/\\\/www.ccvalguiers.fr\\\/infos\\\/#website\",\"url\":\"https:\\\/\\\/www.ccvalguiers.fr\\\/infos\\\/\",\"name\":\"Communaut\u00e9 de Communes Val Guiers\",\"description\":\"CCVG - Territoire de Val Guiers, de Pont-de-Beauvoisin \u00e0 Saint-Genix-les-Villages - 11 communes situ\u00e9es dans l&#039;Avant-Pays Savoyard\",\"publisher\":{\"@id\":\"https:\\\/\\\/www.ccvalguiers.fr\\\/infos\\\/#organization\"},\"alternateName\":\"CCVG\",\"potentialAction\":[{\"@type\":\"SearchAction\",\"target\":{\"@type\":\"EntryPoint\",\"urlTemplate\":\"https:\\\/\\\/www.ccvalguiers.fr\\\/infos\\\/?s={search_term_string}\"},\"query-input\":{\"@type\":\"PropertyValueSpecification\",\"valueRequired\":true,\"valueName\":\"search_term_string\"}}],\"inLanguage\":\"fr-FR\"},{\"@type\":\"Organization\",\"@id\":\"https:\\\/\\\/www.ccvalguiers.fr\\\/infos\\\/#organization\",\"name\":\"Communaut\u00e9 de Communes Val Guiers\",\"alternateName\":\"CCVG\",\"url\":\"https:\\\/\\\/www.ccvalguiers.fr\\\/infos\\\/\",\"logo\":{\"@type\":\"ImageObject\",\"inLanguage\":\"fr-FR\",\"@id\":\"https:\\\/\\\/www.ccvalguiers.fr\\\/infos\\\/#\\\/schema\\\/logo\\\/image\\\/\",\"url\":\"https:\\\/\\\/www.ccvalguiers.fr\\\/infos\\\/wp-content\\\/uploads\\\/2022\\\/07\\\/CC-Val-Guiers-logo-transp.png\",\"contentUrl\":\"https:\\\/\\\/www.ccvalguiers.fr\\\/infos\\\/wp-content\\\/uploads\\\/2022\\\/07\\\/CC-Val-Guiers-logo-transp.png\",\"width\":600,\"height\":602,\"caption\":\"Communaut\u00e9 de Communes Val Guiers\"},\"image\":{\"@id\":\"https:\\\/\\\/www.ccvalguiers.fr\\\/infos\\\/#\\\/schema\\\/logo\\\/image\\\/\"}}]}<\/script>\n<!-- \/ Yoast SEO plugin. -->","yoast_head_json":{"title":"Agriculture | Communaut\u00e9 de Communes Val Guiers | CCVG","description":"Agriculture | CC Val Guiers | Savoie | Economie, zones d'activit\u00e9s, d\u00e9veloppement \u00e9conomique, accompagnement","robots":{"index":"index","follow":"follow","max-snippet":"max-snippet:-1","max-image-preview":"max-image-preview:large","max-video-preview":"max-video-preview:-1"},"canonical":"https:\/\/www.ccvalguiers.fr\/infos\/entreprendre\/agriculture\/","og_locale":"fr_FR","og_type":"article","og_title":"Agriculture | Communaut\u00e9 de Communes Val Guiers | CCVG","og_description":"Agriculture | CC Val Guiers | Savoie | Economie, zones d'activit\u00e9s, d\u00e9veloppement \u00e9conomique, accompagnement","og_url":"https:\/\/www.ccvalguiers.fr\/infos\/entreprendre\/agriculture\/","og_site_name":"Communaut\u00e9 de Communes Val Guiers","article_modified_time":"2025-06-26T09:44:08+00:00","og_image":[{"width":45,"height":40,"url":"https:\/\/www.ccvalguiers.fr\/infos\/wp-content\/uploads\/2022\/07\/puce.png","type":"image\/png"}],"twitter_card":"summary_large_image","twitter_misc":{"Dur\u00e9e de lecture estim\u00e9e":"11 minutes"},"schema":{"@context":"https:\/\/schema.org","@graph":[{"@type":"WebPage","@id":"https:\/\/www.ccvalguiers.fr\/infos\/entreprendre\/agriculture\/","url":"https:\/\/www.ccvalguiers.fr\/infos\/entreprendre\/agriculture\/","name":"Agriculture | Communaut\u00e9 de Communes Val Guiers | CCVG","isPartOf":{"@id":"https:\/\/www.ccvalguiers.fr\/infos\/#website"},"primaryImageOfPage":{"@id":"https:\/\/www.ccvalguiers.fr\/infos\/entreprendre\/agriculture\/#primaryimage"},"image":{"@id":"https:\/\/www.ccvalguiers.fr\/infos\/entreprendre\/agriculture\/#primaryimage"},"thumbnailUrl":"https:\/\/www.ccvalguiers.fr\/infos\/wp-content\/uploads\/2022\/07\/puce.png","datePublished":"2022-09-22T21:02:00+00:00","dateModified":"2025-06-26T09:44:08+00:00","description":"Agriculture | CC Val Guiers | Savoie | Economie, zones d'activit\u00e9s, d\u00e9veloppement \u00e9conomique, accompagnement","breadcrumb":{"@id":"https:\/\/www.ccvalguiers.fr\/infos\/entreprendre\/agriculture\/#breadcrumb"},"inLanguage":"fr-FR","potentialAction":[{"@type":"ReadAction","target":["https:\/\/www.ccvalguiers.fr\/infos\/entreprendre\/agriculture\/"]}]},{"@type":"ImageObject","inLanguage":"fr-FR","@id":"https:\/\/www.ccvalguiers.fr\/infos\/entreprendre\/agriculture\/#primaryimage","url":"https:\/\/www.ccvalguiers.fr\/infos\/wp-content\/uploads\/2022\/07\/puce.png","contentUrl":"https:\/\/www.ccvalguiers.fr\/infos\/wp-content\/uploads\/2022\/07\/puce.png","width":45,"height":40},{"@type":"BreadcrumbList","@id":"https:\/\/www.ccvalguiers.fr\/infos\/entreprendre\/agriculture\/#breadcrumb","itemListElement":[{"@type":"ListItem","position":1,"name":"Accueil","item":"https:\/\/www.ccvalguiers.fr\/infos\/"},{"@type":"ListItem","position":2,"name":"Entreprendre","item":"https:\/\/www.ccvalguiers.fr\/infos\/entreprendre\/"},{"@type":"ListItem","position":3,"name":"Agriculture"}]},{"@type":"WebSite","@id":"https:\/\/www.ccvalguiers.fr\/infos\/#website","url":"https:\/\/www.ccvalguiers.fr\/infos\/","name":"Communaut\u00e9 de Communes Val Guiers","description":"CCVG - Territoire de Val Guiers, de Pont-de-Beauvoisin \u00e0 Saint-Genix-les-Villages - 11 communes situ\u00e9es dans l&#039;Avant-Pays Savoyard","publisher":{"@id":"https:\/\/www.ccvalguiers.fr\/infos\/#organization"},"alternateName":"CCVG","potentialAction":[{"@type":"SearchAction","target":{"@type":"EntryPoint","urlTemplate":"https:\/\/www.ccvalguiers.fr\/infos\/?s={search_term_string}"},"query-input":{"@type":"PropertyValueSpecification","valueRequired":true,"valueName":"search_term_string"}}],"inLanguage":"fr-FR"},{"@type":"Organization","@id":"https:\/\/www.ccvalguiers.fr\/infos\/#organization","name":"Communaut\u00e9 de Communes Val Guiers","alternateName":"CCVG","url":"https:\/\/www.ccvalguiers.fr\/infos\/","logo":{"@type":"ImageObject","inLanguage":"fr-FR","@id":"https:\/\/www.ccvalguiers.fr\/infos\/#\/schema\/logo\/image\/","url":"https:\/\/www.ccvalguiers.fr\/infos\/wp-content\/uploads\/2022\/07\/CC-Val-Guiers-logo-transp.png","contentUrl":"https:\/\/www.ccvalguiers.fr\/infos\/wp-content\/uploads\/2022\/07\/CC-Val-Guiers-logo-transp.png","width":600,"height":602,"caption":"Communaut\u00e9 de Communes Val Guiers"},"image":{"@id":"https:\/\/www.ccvalguiers.fr\/infos\/#\/schema\/logo\/image\/"}}]}},"publishpress_future_action":{"enabled":false,"date":"2026-05-07 17:25:26","action":"change-status","newStatus":"draft","terms":[],"taxonomy":"","extraData":[]},"publishpress_future_workflow_manual_trigger":{"enabledWorkflows":[]},"_links":{"self":[{"href":"https:\/\/www.ccvalguiers.fr\/infos\/wp-json\/wp\/v2\/pages\/1629","targetHints":{"allow":["GET"]}}],"collection":[{"href":"https:\/\/www.ccvalguiers.fr\/infos\/wp-json\/wp\/v2\/pages"}],"about":[{"href":"https:\/\/www.ccvalguiers.fr\/infos\/wp-json\/wp\/v2\/types\/page"}],"author":[{"embeddable":true,"href":"https:\/\/www.ccvalguiers.fr\/infos\/wp-json\/wp\/v2\/users\/1"}],"replies":[{"embeddable":true,"href":"https:\/\/www.ccvalguiers.fr\/infos\/wp-json\/wp\/v2\/comments?post=1629"}],"version-history":[{"count":36,"href":"https:\/\/www.ccvalguiers.fr\/infos\/wp-json\/wp\/v2\/pages\/1629\/revisions"}],"predecessor-version":[{"id":6661,"href":"https:\/\/www.ccvalguiers.fr\/infos\/wp-json\/wp\/v2\/pages\/1629\/revisions\/6661"}],"up":[{"embeddable":true,"href":"https:\/\/www.ccvalguiers.fr\/infos\/wp-json\/wp\/v2\/pages\/1152"}],"wp:attachment":[{"href":"https:\/\/www.ccvalguiers.fr\/infos\/wp-json\/wp\/v2\/media?parent=1629"}],"curies":[{"name":"wp","href":"https:\/\/api.w.org\/{rel}","templated":true}]}}