{"id":1735,"date":"2022-09-23T10:37:58","date_gmt":"2022-09-23T08:37:58","guid":{"rendered":"https:\/\/www.ccvalguiers.fr\/infos\/?page_id=1735"},"modified":"2025-12-12T17:33:51","modified_gmt":"2025-12-12T16:33:51","slug":"recruter","status":"publish","type":"page","link":"https:\/\/www.ccvalguiers.fr\/infos\/entreprendre\/entrepreneurs-vous-accompagner\/recruter\/","title":{"rendered":"Recruter"},"content":{"rendered":"<p>[et_pb_section fb_built=\u00a0\u00bb1&Prime; make_equal=\u00a0\u00bbon\u00a0\u00bb use_custom_gutter=\u00a0\u00bbon\u00a0\u00bb specialty=\u00a0\u00bbon\u00a0\u00bb padding_top_1=\u00a0\u00bb0px\u00a0\u00bb padding_top_2=\u00a0\u00bb0px\u00a0\u00bb padding_right_1=\u00a0\u00bb65px\u00a0\u00bb padding_right_2=\u00a0\u00bb20px\u00a0\u00bb padding_bottom_1=\u00a0\u00bb20px\u00a0\u00bb padding_bottom_2=\u00a0\u00bb20px\u00a0\u00bb padding_left_1=\u00a0\u00bb65px\u00a0\u00bb padding_left_2=\u00a0\u00bb20px\u00a0\u00bb padding_top_bottom_link_1=\u00a0\u00bbfalse\u00a0\u00bb padding_top_bottom_link_2=\u00a0\u00bbfalse\u00a0\u00bb padding_left_right_link_1=\u00a0\u00bbfalse\u00a0\u00bb padding_left_right_link_2=\u00a0\u00bbfalse\u00a0\u00bb padding_1_tablet=\u00a0\u00bb|20px||20px|false|false\u00a0\u00bb padding_2_tablet=\u00a0\u00bb|20px||20px|false|false\u00a0\u00bb padding_1_phone=\u00a0\u00bb|10px||10px|false|false\u00a0\u00bb padding_2_phone=\u00a0\u00bb|10px||10px|false|false\u00a0\u00bb padding_1_last_edited=\u00a0\u00bbon|phone\u00a0\u00bb padding_2_last_edited=\u00a0\u00bbon|tablet\u00a0\u00bb _builder_version=\u00a0\u00bb4.17.6&Prime; _module_preset=\u00a0\u00bbdefault\u00a0\u00bb background_color=\u00a0\u00bbRGBA(255,255,255,0)\u00a0\u00bb width=\u00a0\u00bb100%\u00a0\u00bb max_width=\u00a0\u00bb100%\u00a0\u00bb inner_width=\u00a0\u00bb100%\u00a0\u00bb inner_max_width=\u00a0\u00bb100%\u00a0\u00bb inner_module_alignment=\u00a0\u00bbcenter\u00a0\u00bb custom_padding=\u00a0\u00bb0px|10px|20px|10px|false|false\u00a0\u00bb border_color_right=\u00a0\u00bb#E51A2F\u00a0\u00bb border_color_left=\u00a0\u00bb#E51A2F\u00a0\u00bb box_shadow_style=\u00a0\u00bbpreset3&Prime; box_shadow_color=\u00a0\u00bbrgba(0,0,0,0.21)\u00a0\u00bb global_colors_info=\u00a0\u00bb{}\u00a0\u00bb background_color__hover=\u00a0\u00bb\u00a0\u00bb background__hover_enabled=\u00a0\u00bbon|desktop\u00a0\u00bb background_enable_color__hover=\u00a0\u00bboff\u00a0\u00bb][et_pb_column type=\u00a0\u00bb3_4&Prime; specialty_columns=\u00a0\u00bb3&Prime; _builder_version=\u00a0\u00bb4.16&Prime; custom_padding=\u00a0\u00bb|||\u00a0\u00bb global_colors_info=\u00a0\u00bb{}\u00a0\u00bb custom_padding__hover=\u00a0\u00bb|||\u00a0\u00bb][et_pb_row_inner use_custom_gutter=\u00a0\u00bbon\u00a0\u00bb make_equal=\u00a0\u00bbon\u00a0\u00bb _builder_version=\u00a0\u00bb4.17.6&Prime; _module_preset=\u00a0\u00bbdefault\u00a0\u00bb width=\u00a0\u00bb100%\u00a0\u00bb max_width=\u00a0\u00bb100%\u00a0\u00bb module_alignment=\u00a0\u00bbcenter\u00a0\u00bb custom_margin=\u00a0\u00bb0px||0px||false|false\u00a0\u00bb custom_padding=\u00a0\u00bb0px||0px||false|false\u00a0\u00bb global_colors_info=\u00a0\u00bb{}\u00a0\u00bb][et_pb_column_inner saved_specialty_column_type=\u00a0\u00bb3_4&Prime; _builder_version=\u00a0\u00bb4.17.6&Prime; _module_preset=\u00a0\u00bbdefault\u00a0\u00bb global_colors_info=\u00a0\u00bb{}\u00a0\u00bb][et_pb_accordion open_toggle_text_color=\u00a0\u00bb#0C424A\u00a0\u00bb open_toggle_background_color=\u00a0\u00bbRGBA(255,255,255,0)\u00a0\u00bb closed_toggle_text_color=\u00a0\u00bb#0C424A\u00a0\u00bb closed_toggle_background_color=\u00a0\u00bbRGBA(255,255,255,0)\u00a0\u00bb icon_color=\u00a0\u00bb#0C424A\u00a0\u00bb use_icon_font_size=\u00a0\u00bbon\u00a0\u00bb icon_font_size=\u00a0\u00bb21px\u00a0\u00bb _builder_version=\u00a0\u00bb4.27.4&Prime; _module_preset=\u00a0\u00bbdefault\u00a0\u00bb toggle_text_color=\u00a0\u00bb#0C424A\u00a0\u00bb toggle_font=\u00a0\u00bb|600|||||||\u00a0\u00bb toggle_font_size=\u00a0\u00bb17px\u00a0\u00bb background_color=\u00a0\u00bbRGBA(255,255,255,0)\u00a0\u00bb hover_enabled=\u00a0\u00bb0&Prime; global_colors_info=\u00a0\u00bb{}\u00a0\u00bb sticky_enabled=\u00a0\u00bb0&Prime;][et_pb_accordion_item title=\u00a0\u00bbFrance Travail\u00a0\u00bb open=\u00a0\u00bbon\u00a0\u00bb _builder_version=\u00a0\u00bb4.27.4&Prime; _module_preset=\u00a0\u00bbdefault\u00a0\u00bb body_line_height=\u00a0\u00bb2.1em\u00a0\u00bb body_link_font=\u00a0\u00bb|600|||||||\u00a0\u00bb hover_enabled=\u00a0\u00bb0&Prime; global_colors_info=\u00a0\u00bb{}\u00a0\u00bb sticky_enabled=\u00a0\u00bb0&Prime;]<\/p>\n<p><span><img decoding=\"async\" loading=\"lazy\" class=\"puce\" src=\"https:\/\/www.ccvalguiers.fr\/infos\/wp-content\/uploads\/2022\/09\/puce-localisation.png\" alt=\"puce-localisation\" width=\"22\" height=\"28\" \/> 272 RUE FRANCOIS GUISE 73000 Chamb\u00e9ry<br \/><\/span><span><span style=\"text-decoration: underline;\"><a href=\"https:\/\/goo.gl\/maps\/8D3w3QojG6eFbRys5\" target=\"_blank\" rel=\"noopener\">Plan d&rsquo;acc\u00e8s<\/a><\/span><br \/><img decoding=\"async\" loading=\"lazy\" class=\"puce\" src=\"https:\/\/www.ccvalguiers.fr\/infos\/wp-content\/uploads\/2022\/09\/puce-telephone.png\" alt=\"Pictogramme t\u00e9l\u00e9phone\" width=\"31\" height=\"30\" \/>\u00a0Candidat\u00a0:\u00a0<a href=\"tel:3949\">3949<\/a><\/span><span><br \/><img decoding=\"async\" loading=\"lazy\" class=\"puce\" src=\"https:\/\/www.ccvalguiers.fr\/infos\/wp-content\/uploads\/2022\/09\/puce-telephone.png\" alt=\"Pictogramme t\u00e9l\u00e9phone\" width=\"31\" height=\"30\" \/>\u00a0Employeur\u00a0:\u00a0<a href=\"tel:3995\">3995<\/a><br \/><em>(Service gratuit + prix appel)<br \/><\/em><a href=\"https:\/\/www.francetravail.fr\/annuaire\/votre-agence-francetravail\/chambery-gd-verger-73000\" target=\"_blank\" rel=\"noopener\"><img decoding=\"async\" loading=\"lazy\" class=\"puce\" src=\"https:\/\/www.ccvalguiers.fr\/infos\/wp-content\/uploads\/2022\/09\/puce-horaires.png\" alt=\"Pictogramme horaires\" width=\"36\" height=\"35\" \/> <span style=\"text-decoration: underline;\">Consulter les horaires<\/span> \u00bb<\/a><br \/><\/span><span><a href=\"https:\/\/www.francetravail.fr\/employeur\/\" target=\"_blank\" rel=\"noopener\">\u21d2 <span style=\"text-decoration: underline;\">Espace employeur<\/span><\/a><\/span><\/p>\n<p>[\/et_pb_accordion_item][et_pb_accordion_item title=\u00a0\u00bbMission locale jeunes\u00a0\u00bb _builder_version=\u00a0\u00bb4.21.0&Prime; _module_preset=\u00a0\u00bbdefault\u00a0\u00bb body_line_height=\u00a0\u00bb2.1em\u00a0\u00bb body_link_font=\u00a0\u00bb|600|||||||\u00a0\u00bb global_colors_info=\u00a0\u00bb{}\u00a0\u00bb open=\u00a0\u00bboff\u00a0\u00bb]<\/p>\n<p><img decoding=\"async\" loading=\"lazy\" class=\"puce\" src=\"https:\/\/www.ccvalguiers.fr\/infos\/wp-content\/uploads\/2022\/09\/puce-localisation.png\" alt=\"puce-localisation\" width=\"22\" height=\"28\" \/><span>\u00a0<\/span>78, rue Paulette Besson 73000 Chamb\u00e9ry<br \/><span style=\"text-decoration: underline;\"><a href=\"https:\/\/goo.gl\/maps\/P779uzeUpEBTbWfFA\" target=\"_blank\" rel=\"noopener\">Plan d&rsquo;acc\u00e8s<\/a><\/span><\/p>\n<p><span>Des permanences sont propos\u00e9es par la Communaut\u00e9 de Communes Val Guiers au Pont-Beauvoisin et Saint-Genix-les-Villages<\/span><\/p>\n<p><span><img decoding=\"async\" loading=\"lazy\" class=\"puce\" src=\"https:\/\/www.ccvalguiers.fr\/infos\/wp-content\/uploads\/2022\/09\/puce-telephone.png\" alt=\"Pictogramme t\u00e9l\u00e9phone\" width=\"31\" height=\"30\" \/>\u00a004 79 33 50 84<br \/><img decoding=\"async\" loading=\"lazy\" class=\"puce\" src=\"https:\/\/www.ccvalguiers.fr\/infos\/wp-content\/uploads\/2022\/09\/puce-horaires.png\" alt=\"Pictogramme horaires\" width=\"36\" height=\"35\" \/>\u00a0<span style=\"text-decoration: underline;\"><a href=\"https:\/\/www.mlchambery.org\/nos-permanences\/\" target=\"_blank\" rel=\"noopener\">Horaires et jours de permanences<\/a><\/span><br \/><a href=\"https:\/\/www.mlchambery.org\/devenez-une-entreprise-partenaire\/\" target=\"_blank\" rel=\"noopener\">\u21d2 <span style=\"text-decoration: underline;\">Espace employeur<\/span><\/a><\/span><\/p>\n<p>[\/et_pb_accordion_item][et_pb_accordion_item title=\u00a0\u00bbISACTYS &#8211; Devenez employeur solidaire\u00a0\u00bb _builder_version=\u00a0\u00bb4.21.0&Prime; _module_preset=\u00a0\u00bbdefault\u00a0\u00bb body_line_height=\u00a0\u00bb2.1em\u00a0\u00bb body_link_font=\u00a0\u00bb|600|||||||\u00a0\u00bb global_colors_info=\u00a0\u00bb{}\u00a0\u00bb open=\u00a0\u00bboff\u00a0\u00bb]<\/p>\n<p>Accompagnement et propositions de missions de travail aux demandeurs d\u2019emploi du territoire.<br \/><img decoding=\"async\" loading=\"lazy\" class=\"puce\" src=\"https:\/\/www.ccvalguiers.fr\/infos\/wp-content\/uploads\/2022\/09\/puce-localisation.png\" alt=\"puce-localisation\" width=\"22\" height=\"28\" \/><span>\u00a0<\/span>Maison Emploi et Services<br \/>Zone de Clermont<br \/>82, Chemin des P\u00e2querettes<br \/>38480 PONT-DE-BEAUVOISIN<br \/><a href=\"https:\/\/goo.gl\/maps\/P7pv3qVNe6X2MCrU6\" target=\"_blank\" rel=\"noopener\">Plan d&rsquo;acc\u00e8s<\/a><br \/><img decoding=\"async\" loading=\"lazy\" class=\"puce\" src=\"https:\/\/www.ccvalguiers.fr\/infos\/wp-content\/uploads\/2022\/09\/puce-telephone.png\" alt=\"Pictogramme t\u00e9l\u00e9phone\" width=\"31\" height=\"30\" \/><span> \u00a0<\/span>04 76 37 33 13<\/p>\n<p><strong>\u21d2<\/strong> <span style=\"text-decoration: underline;\"><a href=\"http:\/\/www.isactys.com\/\" target=\"_blank\" rel=\"noopener\">www.isactys.com<\/a><\/span><\/p>\n<p>[\/et_pb_accordion_item][et_pb_accordion_item title=\u00a0\u00bbCap Emploi\u00a0\u00bb _builder_version=\u00a0\u00bb4.21.0&Prime; _module_preset=\u00a0\u00bbdefault\u00a0\u00bb body_line_height=\u00a0\u00bb2.1em\u00a0\u00bb body_link_font=\u00a0\u00bb|600|||||||\u00a0\u00bb global_colors_info=\u00a0\u00bb{}\u00a0\u00bb open=\u00a0\u00bboff\u00a0\u00bb]<\/p>\n<p><b>CAP Emploi<br \/><\/b>CAP Emploi aide les personnes reconnues handicap\u00e9es \u00e0 la recherche d\u2019un emploi ou d\u2019une formation.<br \/><span>Des permanences sont \u00e9galement propos\u00e9es par la Communaut\u00e9 de Communes Val Guiers au Pont-Beauvoisin et Saint-Genix-les-Villages<\/span><\/p>\n<p><span>\u21d2<span style=\"text-decoration: underline;\"> <a href=\"https:\/\/www.capemploi-73-74.com\/\" target=\"_blank\" rel=\"noopener\">www.capemploi-73-74.com<\/a><\/span><\/span><\/p>\n<p>[\/et_pb_accordion_item][\/et_pb_accordion][\/et_pb_column_inner][\/et_pb_row_inner][\/et_pb_column][et_pb_column type=\u00a0\u00bb1_4&Prime; _builder_version=\u00a0\u00bb4.16&Prime; custom_padding=\u00a0\u00bb|||\u00a0\u00bb global_colors_info=\u00a0\u00bb{}\u00a0\u00bb custom_padding__hover=\u00a0\u00bb|||\u00a0\u00bb][et_pb_blurb title=\u00a0\u00bbSommaire\u00a0\u00bb use_icon=\u00a0\u00bbon\u00a0\u00bb font_icon=\u00a0\u00bb&#xe04a;||divi||400&Prime; icon_color=\u00a0\u00bb#67BFBF\u00a0\u00bb image_icon_background_color=\u00a0\u00bbRGBA(255,255,255,0)\u00a0\u00bb icon_placement=\u00a0\u00bbleft\u00a0\u00bb image_icon_width=\u00a0\u00bb35px\u00a0\u00bb disabled_on=\u00a0\u00bbon|on|on\u00a0\u00bb _builder_version=\u00a0\u00bb4.17.6&Prime; _module_preset=\u00a0\u00bbdefault\u00a0\u00bb header_font=\u00a0\u00bb|600|||||||\u00a0\u00bb header_text_color=\u00a0\u00bb#0C424A\u00a0\u00bb header_font_size=\u00a0\u00bb15px\u00a0\u00bb body_text_color=\u00a0\u00bb#0C424A\u00a0\u00bb body_font_size=\u00a0\u00bb14px\u00a0\u00bb body_line_height=\u00a0\u00bb1.3em\u00a0\u00bb body_link_text_color=\u00a0\u00bb#0C424A\u00a0\u00bb body_link_font_size=\u00a0\u00bb14px\u00a0\u00bb image_icon_custom_margin=\u00a0\u00bb0px||0px||false|false\u00a0\u00bb image_icon_custom_padding=\u00a0\u00bb10px||10px|16px|false|false\u00a0\u00bb custom_margin=\u00a0\u00bb24px||0px||false|false\u00a0\u00bb custom_padding=\u00a0\u00bb10px||10px||false|false\u00a0\u00bb animation_style=\u00a0\u00bbfade\u00a0\u00bb border_width_left=\u00a0\u00bb5px\u00a0\u00bb border_color_left=\u00a0\u00bb#E51A2F\u00a0\u00bb border_color_left_image=\u00a0\u00bb#E51A2F\u00a0\u00bb disabled=\u00a0\u00bbon\u00a0\u00bb global_module=\u00a0\u00bb1602&Prime; saved_tabs=\u00a0\u00bball\u00a0\u00bb global_colors_info=\u00a0\u00bb{}\u00a0\u00bb body_link_text_color__hover_enabled=\u00a0\u00bbon|desktop\u00a0\u00bb body_link_text_color__hover=\u00a0\u00bb#E51A2F\u00a0\u00bb]<\/p>\n<ul>\n<li><a href=\"https:\/\/www.ccvalguiers.fr\/infos\/entreprendre\/entreprendre-a-val-guiers\/\">Entreprendre \u00e0 Val Guiers<\/a><\/li>\n<li><a href=\"https:\/\/www.ccvalguiers.fr\/infos\/entreprendre\/annuaire-des-entreprises\/\">Annuaire des entreprises<\/a><\/li>\n<li><a href=\"https:\/\/www.ccvalguiers.fr\/infos\/entreprendre\/ou-simplanter-a-val-guiers\/\">O\u00f9 s&rsquo;implanter \u00e0 Val Guiers<\/a><\/li>\n<li><a href=\"https:\/\/www.ccvalguiers.fr\/infos\/entreprendre\/commerces-de-proximite\/\">Commerces de proximit\u00e9<\/a><\/li>\n<li><a href=\"https:\/\/www.ccvalguiers.fr\/infos\/entreprendre\/agriculture\/\">Agriculture<\/a><\/li>\n<li><a href=\"https:\/\/www.ccvalguiers.fr\/infos\/entreprendre\/entrepreneurs-vous-accompagner\/\">Vous accompagner<\/a><br \/>&#8211; <a href=\"https:\/\/www.ccvalguiers.fr\/infos\/entreprendre\/creer-ou-reprendre-une-activite\/\">Cr\u00e9er ou reprendre une activit\u00e9<\/a><br \/>&#8211; <a href=\"https:\/\/www.ccvalguiers.fr\/infos\/entreprendre\/entrepreneurs-vous-accompagner\/beneficier-dune-aide\/\">B\u00e9n\u00e9ficier d&rsquo;une aide<\/a><br \/>&#8211; <a href=\"https:\/\/www.ccvalguiers.fr\/infos\/entreprendre\/entrepreneurs-vous-accompagner\/digitaliser-son-activite\/\">Digitaliser son activit\u00e9<\/a><br \/>&#8211; <a href=\"https:\/\/www.ccvalguiers.fr\/infos\/entreprendre\/entrepreneurs-vous-accompagner\/recruter\/\">Recruter<\/a><\/li>\n<\/ul>\n<p>[\/et_pb_blurb][et_pb_image src=\u00a0\u00bbhttps:\/\/www.ccvalguiers.fr\/infos\/wp-content\/uploads\/2025\/12\/Bloc_Marque_RF_France_Travail_RVB_Horizontal_Coul_Positif-scaled.jpg\u00a0\u00bb alt=\u00a0\u00bbP\u00f4le Emploi &#8211; Recruter\u00a0\u00bb title_text=\u00a0\u00bbBloc_Marque_RF_France_Travail_RVB_Horizontal_Coul_Positif\u00a0\u00bb url=\u00a0\u00bbhttps:\/\/entreprise.pole-emploi.fr\/accueil\/thematique\/recruter-candidat\u00a0\u00bb url_new_window=\u00a0\u00bbon\u00a0\u00bb use_overlay=\u00a0\u00bbon\u00a0\u00bb overlay_icon_color=\u00a0\u00bb#67BFBF\u00a0\u00bb hover_icon=\u00a0\u00bb&#x41;||divi||400&Prime; _builder_version=\u00a0\u00bb4.27.4&Prime; _module_preset=\u00a0\u00bbdefault\u00a0\u00bb width=\u00a0\u00bb48%\u00a0\u00bb width_tablet=\u00a0\u00bb41%\u00a0\u00bb width_phone=\u00a0\u00bb68%\u00a0\u00bb width_last_edited=\u00a0\u00bbon|phone\u00a0\u00bb hover_enabled=\u00a0\u00bb0&Prime; border_width_left=\u00a0\u00bb5px\u00a0\u00bb border_color_left=\u00a0\u00bb#E51A2F\u00a0\u00bb global_colors_info=\u00a0\u00bb{}\u00a0\u00bb sticky_enabled=\u00a0\u00bb0&Prime;][\/et_pb_image][et_pb_image src=\u00a0\u00bbhttps:\/\/www.ccvalguiers.fr\/infos\/wp-content\/uploads\/2023\/05\/logo-Mission-Locale-du-Bassin-Chamberien.jpg\u00a0\u00bb alt=\u00a0\u00bbMission Locale du Bassin Chamb\u00e9rien &#8211; Devenir partenaire\u00a0\u00bb title_text=\u00a0\u00bbMission Locale du Bassin Chamb\u00e9rien &#8211; Devenir partenaire\u00a0\u00bb url=\u00a0\u00bbhttps:\/\/www.mlchambery.org\/devenez-une-entreprise-partenaire\/\u00a0\u00bb url_new_window=\u00a0\u00bbon\u00a0\u00bb use_overlay=\u00a0\u00bbon\u00a0\u00bb overlay_icon_color=\u00a0\u00bb#67BFBF\u00a0\u00bb hover_icon=\u00a0\u00bb&#x41;||divi||400&Prime; _builder_version=\u00a0\u00bb4.21.0&Prime; _module_preset=\u00a0\u00bbdefault\u00a0\u00bb width=\u00a0\u00bb48%\u00a0\u00bb width_tablet=\u00a0\u00bb41%\u00a0\u00bb width_phone=\u00a0\u00bb68%\u00a0\u00bb width_last_edited=\u00a0\u00bbon|phone\u00a0\u00bb border_width_left=\u00a0\u00bb5px\u00a0\u00bb border_color_left=\u00a0\u00bb#E51A2F\u00a0\u00bb global_colors_info=\u00a0\u00bb{}\u00a0\u00bb][\/et_pb_image][et_pb_image src=\u00a0\u00bbhttps:\/\/www.ccvalguiers.fr\/infos\/wp-content\/uploads\/2022\/09\/logo-Isactys.jpg\u00a0\u00bb alt=\u00a0\u00bbIsactys &#8211; Recruter\u00a0\u00bb title_text=\u00a0\u00bbIsactys &#8211; Recruter\u00a0\u00bb url=\u00a0\u00bbhttps:\/\/www.isactys.com\/\u00a0\u00bb url_new_window=\u00a0\u00bbon\u00a0\u00bb use_overlay=\u00a0\u00bbon\u00a0\u00bb overlay_icon_color=\u00a0\u00bb#67BFBF\u00a0\u00bb hover_icon=\u00a0\u00bb&#x41;||divi||400&Prime; _builder_version=\u00a0\u00bb4.21.0&Prime; _module_preset=\u00a0\u00bbdefault\u00a0\u00bb width=\u00a0\u00bb48%\u00a0\u00bb width_tablet=\u00a0\u00bb41%\u00a0\u00bb width_phone=\u00a0\u00bb68%\u00a0\u00bb width_last_edited=\u00a0\u00bbon|phone\u00a0\u00bb border_width_left=\u00a0\u00bb5px\u00a0\u00bb border_color_left=\u00a0\u00bb#E51A2F\u00a0\u00bb global_colors_info=\u00a0\u00bb{}\u00a0\u00bb][\/et_pb_image][et_pb_image src=\u00a0\u00bbhttps:\/\/www.ccvalguiers.fr\/infos\/wp-content\/uploads\/2023\/07\/Logo-CAP-Emploi.jpg\u00a0\u00bb alt=\u00a0\u00bbCAP Emploi &#8211; Espace employeur\u00a0\u00bb title_text=\u00a0\u00bbCAP Emploi &#8211; Espace employeur\u00a0\u00bb url=\u00a0\u00bbhttps:\/\/www.capemploi-73-74.com\/espace-employeur\/\u00a0\u00bb url_new_window=\u00a0\u00bbon\u00a0\u00bb use_overlay=\u00a0\u00bbon\u00a0\u00bb overlay_icon_color=\u00a0\u00bb#67BFBF\u00a0\u00bb hover_icon=\u00a0\u00bb&#x41;||divi||400&Prime; _builder_version=\u00a0\u00bb4.21.0&Prime; _module_preset=\u00a0\u00bbdefault\u00a0\u00bb width=\u00a0\u00bb48%\u00a0\u00bb width_tablet=\u00a0\u00bb41%\u00a0\u00bb width_phone=\u00a0\u00bb68%\u00a0\u00bb width_last_edited=\u00a0\u00bbon|phone\u00a0\u00bb border_width_left=\u00a0\u00bb5px\u00a0\u00bb border_color_left=\u00a0\u00bb#E51A2F\u00a0\u00bb global_colors_info=\u00a0\u00bb{}\u00a0\u00bb][\/et_pb_image][\/et_pb_column][\/et_pb_section]<\/p>\n","protected":false},"excerpt":{"rendered":"<p>272 RUE FRANCOIS GUISE 73000 Chamb\u00e9ryPlan d&rsquo;acc\u00e8s\u00a0Candidat\u00a0:\u00a03949\u00a0Employeur\u00a0:\u00a03995(Service gratuit + prix appel) Consulter les horaires \u00bb\u21d2 Espace employeur\u00a078, rue Paulette Besson 73000 Chamb\u00e9ryPlan d&rsquo;acc\u00e8s Des permanences sont propos\u00e9es par la Communaut\u00e9 de Communes Val Guiers au Pont-Beauvoisin et Saint-Genix-les-Villages \u00a004 79 33 50 84\u00a0Horaires et jours de permanences\u21d2 Espace employeurAccompagnement et propositions de missions de travail [&hellip;]<\/p>\n","protected":false},"author":1,"featured_media":0,"parent":1667,"menu_order":0,"comment_status":"closed","ping_status":"closed","template":"","meta":{"_et_pb_use_builder":"on","_et_pb_old_content":"<!-- wp:paragraph -->\n<p>Ceci est une page d\u2019exemple. C\u2019est diff\u00e9rent d\u2019un article de blog parce qu\u2019elle restera au m\u00eame endroit et appara\u00eetra dans la navigation de votre site (dans la plupart des th\u00e8mes). La plupart des gens commencent par une page \u00ab&nbsp;\u00c0 propos&nbsp;\u00bb qui les pr\u00e9sente aux personnes visitant le site. Cela pourrait ressembler \u00e0 quelque chose comme cela&nbsp;:<\/p>\n<!-- \/wp:paragraph -->\n\n<!-- wp:quote -->\n<blockquote class=\"wp-block-quote\"><p>Bonjour&nbsp;! Je suis un m\u00e9canicien qui aspire \u00e0 devenir acteur, et voici mon site. J\u2019habite \u00e0 Bordeaux, j\u2019ai un super chien baptis\u00e9 Russell, et j\u2019aime la vodka (ainsi qu\u2019\u00eatre surpris par la pluie soudaine lors de longues balades sur la plage au coucher du soleil).<\/p><\/blockquote>\n<!-- \/wp:quote -->\n\n<!-- wp:paragraph -->\n<p>\u2026ou quelque chose comme cela&nbsp;:<\/p>\n<!-- \/wp:paragraph -->\n\n<!-- wp:quote -->\n<blockquote class=\"wp-block-quote\"><p>La soci\u00e9t\u00e9 123 Machin Truc a \u00e9t\u00e9 cr\u00e9\u00e9e en 1971, et n\u2019a cess\u00e9 de proposer au public des machins-trucs de qualit\u00e9 depuis lors. Situ\u00e9e \u00e0 Saint-Remy-en-Bouzemont-Saint-Genest-et-Isson, 123 Machin Truc emploie 2 000 personnes, et fabrique toutes sortes de bidules supers pour la communaut\u00e9 bouzemontoise.<\/p><\/blockquote>\n<!-- \/wp:quote -->\n\n<!-- wp:paragraph -->\n<p>En tant que nouvel utilisateur ou utilisatrice de WordPress, vous devriez vous rendre sur <a href=\"https:\/\/www.ccvalguiers.fr\/infos\/wp-admin\/\">votre tableau de bord<\/a> pour supprimer cette page et cr\u00e9er de nouvelles pages pour votre contenu. Amusez-vous bien&nbsp;!<\/p>\n<!-- \/wp:paragraph -->","_et_gb_content_width":"1080","footnotes":""},"class_list":["post-1735","page","type-page","status-publish","hentry"],"yoast_head":"<!-- This site is optimized with the Yoast SEO plugin v27.5 - https:\/\/yoast.com\/product\/yoast-seo-wordpress\/ -->\n<title>Recruter | Communaut\u00e9 de Communes Val Guiers | CCVG<\/title>\n<meta name=\"description\" content=\"Recruter | Communaut\u00e9 Val Guiers | Savoie | Economie, zones d&#039;activit\u00e9s, d\u00e9veloppement \u00e9conomique, accompagnement\" \/>\n<meta name=\"robots\" content=\"index, follow, max-snippet:-1, max-image-preview:large, max-video-preview:-1\" \/>\n<link rel=\"canonical\" href=\"https:\/\/www.ccvalguiers.fr\/infos\/entreprendre\/entrepreneurs-vous-accompagner\/recruter\/\" \/>\n<meta property=\"og:locale\" content=\"fr_FR\" \/>\n<meta property=\"og:type\" content=\"article\" \/>\n<meta property=\"og:title\" content=\"Recruter | Communaut\u00e9 de Communes Val Guiers | CCVG\" \/>\n<meta property=\"og:description\" content=\"Recruter | Communaut\u00e9 Val Guiers | Savoie | Economie, zones d&#039;activit\u00e9s, d\u00e9veloppement \u00e9conomique, accompagnement\" \/>\n<meta property=\"og:url\" content=\"https:\/\/www.ccvalguiers.fr\/infos\/entreprendre\/entrepreneurs-vous-accompagner\/recruter\/\" \/>\n<meta property=\"og:site_name\" content=\"Communaut\u00e9 de Communes Val Guiers\" \/>\n<meta property=\"article:modified_time\" content=\"2025-12-12T16:33:51+00:00\" \/>\n<meta property=\"og:image\" content=\"https:\/\/www.ccvalguiers.fr\/infos\/wp-content\/uploads\/2022\/09\/puce-localisation.png\" \/>\n<meta name=\"twitter:card\" content=\"summary_large_image\" \/>\n<meta name=\"twitter:label1\" content=\"Dur\u00e9e de lecture estim\u00e9e\" \/>\n\t<meta name=\"twitter:data1\" content=\"5 minutes\" \/>\n<script type=\"application\/ld+json\" class=\"yoast-schema-graph\">{\"@context\":\"https:\\\/\\\/schema.org\",\"@graph\":[{\"@type\":\"WebPage\",\"@id\":\"https:\\\/\\\/www.ccvalguiers.fr\\\/infos\\\/entreprendre\\\/entrepreneurs-vous-accompagner\\\/recruter\\\/\",\"url\":\"https:\\\/\\\/www.ccvalguiers.fr\\\/infos\\\/entreprendre\\\/entrepreneurs-vous-accompagner\\\/recruter\\\/\",\"name\":\"Recruter | Communaut\u00e9 de Communes Val Guiers | CCVG\",\"isPartOf\":{\"@id\":\"https:\\\/\\\/www.ccvalguiers.fr\\\/infos\\\/#website\"},\"primaryImageOfPage\":{\"@id\":\"https:\\\/\\\/www.ccvalguiers.fr\\\/infos\\\/entreprendre\\\/entrepreneurs-vous-accompagner\\\/recruter\\\/#primaryimage\"},\"image\":{\"@id\":\"https:\\\/\\\/www.ccvalguiers.fr\\\/infos\\\/entreprendre\\\/entrepreneurs-vous-accompagner\\\/recruter\\\/#primaryimage\"},\"thumbnailUrl\":\"https:\\\/\\\/www.ccvalguiers.fr\\\/infos\\\/wp-content\\\/uploads\\\/2022\\\/09\\\/puce-localisation.png\",\"datePublished\":\"2022-09-23T08:37:58+00:00\",\"dateModified\":\"2025-12-12T16:33:51+00:00\",\"description\":\"Recruter | Communaut\u00e9 Val Guiers | Savoie | Economie, zones d'activit\u00e9s, d\u00e9veloppement \u00e9conomique, accompagnement\",\"breadcrumb\":{\"@id\":\"https:\\\/\\\/www.ccvalguiers.fr\\\/infos\\\/entreprendre\\\/entrepreneurs-vous-accompagner\\\/recruter\\\/#breadcrumb\"},\"inLanguage\":\"fr-FR\",\"potentialAction\":[{\"@type\":\"ReadAction\",\"target\":[\"https:\\\/\\\/www.ccvalguiers.fr\\\/infos\\\/entreprendre\\\/entrepreneurs-vous-accompagner\\\/recruter\\\/\"]}]},{\"@type\":\"ImageObject\",\"inLanguage\":\"fr-FR\",\"@id\":\"https:\\\/\\\/www.ccvalguiers.fr\\\/infos\\\/entreprendre\\\/entrepreneurs-vous-accompagner\\\/recruter\\\/#primaryimage\",\"url\":\"https:\\\/\\\/www.ccvalguiers.fr\\\/infos\\\/wp-content\\\/uploads\\\/2022\\\/09\\\/puce-localisation.png\",\"contentUrl\":\"https:\\\/\\\/www.ccvalguiers.fr\\\/infos\\\/wp-content\\\/uploads\\\/2022\\\/09\\\/puce-localisation.png\",\"width\":32,\"height\":40,\"caption\":\"puce-localisation\"},{\"@type\":\"BreadcrumbList\",\"@id\":\"https:\\\/\\\/www.ccvalguiers.fr\\\/infos\\\/entreprendre\\\/entrepreneurs-vous-accompagner\\\/recruter\\\/#breadcrumb\",\"itemListElement\":[{\"@type\":\"ListItem\",\"position\":1,\"name\":\"Accueil\",\"item\":\"https:\\\/\\\/www.ccvalguiers.fr\\\/infos\\\/\"},{\"@type\":\"ListItem\",\"position\":2,\"name\":\"Entreprendre\",\"item\":\"https:\\\/\\\/www.ccvalguiers.fr\\\/infos\\\/entreprendre\\\/\"},{\"@type\":\"ListItem\",\"position\":3,\"name\":\"Entrepreneurs et commer\u00e7ants : vous accompagner\",\"item\":\"https:\\\/\\\/www.ccvalguiers.fr\\\/infos\\\/entreprendre\\\/entrepreneurs-vous-accompagner\\\/\"},{\"@type\":\"ListItem\",\"position\":4,\"name\":\"Recruter\"}]},{\"@type\":\"WebSite\",\"@id\":\"https:\\\/\\\/www.ccvalguiers.fr\\\/infos\\\/#website\",\"url\":\"https:\\\/\\\/www.ccvalguiers.fr\\\/infos\\\/\",\"name\":\"Communaut\u00e9 de Communes Val Guiers\",\"description\":\"CCVG - Territoire de Val Guiers, de Pont-de-Beauvoisin \u00e0 Saint-Genix-les-Villages - 11 communes situ\u00e9es dans l&#039;Avant-Pays Savoyard\",\"publisher\":{\"@id\":\"https:\\\/\\\/www.ccvalguiers.fr\\\/infos\\\/#organization\"},\"alternateName\":\"CCVG\",\"potentialAction\":[{\"@type\":\"SearchAction\",\"target\":{\"@type\":\"EntryPoint\",\"urlTemplate\":\"https:\\\/\\\/www.ccvalguiers.fr\\\/infos\\\/?s={search_term_string}\"},\"query-input\":{\"@type\":\"PropertyValueSpecification\",\"valueRequired\":true,\"valueName\":\"search_term_string\"}}],\"inLanguage\":\"fr-FR\"},{\"@type\":\"Organization\",\"@id\":\"https:\\\/\\\/www.ccvalguiers.fr\\\/infos\\\/#organization\",\"name\":\"Communaut\u00e9 de Communes Val Guiers\",\"alternateName\":\"CCVG\",\"url\":\"https:\\\/\\\/www.ccvalguiers.fr\\\/infos\\\/\",\"logo\":{\"@type\":\"ImageObject\",\"inLanguage\":\"fr-FR\",\"@id\":\"https:\\\/\\\/www.ccvalguiers.fr\\\/infos\\\/#\\\/schema\\\/logo\\\/image\\\/\",\"url\":\"https:\\\/\\\/www.ccvalguiers.fr\\\/infos\\\/wp-content\\\/uploads\\\/2022\\\/07\\\/CC-Val-Guiers-logo-transp.png\",\"contentUrl\":\"https:\\\/\\\/www.ccvalguiers.fr\\\/infos\\\/wp-content\\\/uploads\\\/2022\\\/07\\\/CC-Val-Guiers-logo-transp.png\",\"width\":600,\"height\":602,\"caption\":\"Communaut\u00e9 de Communes Val Guiers\"},\"image\":{\"@id\":\"https:\\\/\\\/www.ccvalguiers.fr\\\/infos\\\/#\\\/schema\\\/logo\\\/image\\\/\"}}]}<\/script>\n<!-- \/ Yoast SEO plugin. -->","yoast_head_json":{"title":"Recruter | Communaut\u00e9 de Communes Val Guiers | CCVG","description":"Recruter | Communaut\u00e9 Val Guiers | Savoie | Economie, zones d'activit\u00e9s, d\u00e9veloppement \u00e9conomique, accompagnement","robots":{"index":"index","follow":"follow","max-snippet":"max-snippet:-1","max-image-preview":"max-image-preview:large","max-video-preview":"max-video-preview:-1"},"canonical":"https:\/\/www.ccvalguiers.fr\/infos\/entreprendre\/entrepreneurs-vous-accompagner\/recruter\/","og_locale":"fr_FR","og_type":"article","og_title":"Recruter | Communaut\u00e9 de Communes Val Guiers | CCVG","og_description":"Recruter | Communaut\u00e9 Val Guiers | Savoie | Economie, zones d'activit\u00e9s, d\u00e9veloppement \u00e9conomique, accompagnement","og_url":"https:\/\/www.ccvalguiers.fr\/infos\/entreprendre\/entrepreneurs-vous-accompagner\/recruter\/","og_site_name":"Communaut\u00e9 de Communes Val Guiers","article_modified_time":"2025-12-12T16:33:51+00:00","og_image":[{"url":"https:\/\/www.ccvalguiers.fr\/infos\/wp-content\/uploads\/2022\/09\/puce-localisation.png","type":"","width":"","height":""}],"twitter_card":"summary_large_image","twitter_misc":{"Dur\u00e9e de lecture estim\u00e9e":"5 minutes"},"schema":{"@context":"https:\/\/schema.org","@graph":[{"@type":"WebPage","@id":"https:\/\/www.ccvalguiers.fr\/infos\/entreprendre\/entrepreneurs-vous-accompagner\/recruter\/","url":"https:\/\/www.ccvalguiers.fr\/infos\/entreprendre\/entrepreneurs-vous-accompagner\/recruter\/","name":"Recruter | Communaut\u00e9 de Communes Val Guiers | CCVG","isPartOf":{"@id":"https:\/\/www.ccvalguiers.fr\/infos\/#website"},"primaryImageOfPage":{"@id":"https:\/\/www.ccvalguiers.fr\/infos\/entreprendre\/entrepreneurs-vous-accompagner\/recruter\/#primaryimage"},"image":{"@id":"https:\/\/www.ccvalguiers.fr\/infos\/entreprendre\/entrepreneurs-vous-accompagner\/recruter\/#primaryimage"},"thumbnailUrl":"https:\/\/www.ccvalguiers.fr\/infos\/wp-content\/uploads\/2022\/09\/puce-localisation.png","datePublished":"2022-09-23T08:37:58+00:00","dateModified":"2025-12-12T16:33:51+00:00","description":"Recruter | Communaut\u00e9 Val Guiers | Savoie | Economie, zones d'activit\u00e9s, d\u00e9veloppement \u00e9conomique, accompagnement","breadcrumb":{"@id":"https:\/\/www.ccvalguiers.fr\/infos\/entreprendre\/entrepreneurs-vous-accompagner\/recruter\/#breadcrumb"},"inLanguage":"fr-FR","potentialAction":[{"@type":"ReadAction","target":["https:\/\/www.ccvalguiers.fr\/infos\/entreprendre\/entrepreneurs-vous-accompagner\/recruter\/"]}]},{"@type":"ImageObject","inLanguage":"fr-FR","@id":"https:\/\/www.ccvalguiers.fr\/infos\/entreprendre\/entrepreneurs-vous-accompagner\/recruter\/#primaryimage","url":"https:\/\/www.ccvalguiers.fr\/infos\/wp-content\/uploads\/2022\/09\/puce-localisation.png","contentUrl":"https:\/\/www.ccvalguiers.fr\/infos\/wp-content\/uploads\/2022\/09\/puce-localisation.png","width":32,"height":40,"caption":"puce-localisation"},{"@type":"BreadcrumbList","@id":"https:\/\/www.ccvalguiers.fr\/infos\/entreprendre\/entrepreneurs-vous-accompagner\/recruter\/#breadcrumb","itemListElement":[{"@type":"ListItem","position":1,"name":"Accueil","item":"https:\/\/www.ccvalguiers.fr\/infos\/"},{"@type":"ListItem","position":2,"name":"Entreprendre","item":"https:\/\/www.ccvalguiers.fr\/infos\/entreprendre\/"},{"@type":"ListItem","position":3,"name":"Entrepreneurs et commer\u00e7ants : vous accompagner","item":"https:\/\/www.ccvalguiers.fr\/infos\/entreprendre\/entrepreneurs-vous-accompagner\/"},{"@type":"ListItem","position":4,"name":"Recruter"}]},{"@type":"WebSite","@id":"https:\/\/www.ccvalguiers.fr\/infos\/#website","url":"https:\/\/www.ccvalguiers.fr\/infos\/","name":"Communaut\u00e9 de Communes Val Guiers","description":"CCVG - Territoire de Val Guiers, de Pont-de-Beauvoisin \u00e0 Saint-Genix-les-Villages - 11 communes situ\u00e9es dans l&#039;Avant-Pays Savoyard","publisher":{"@id":"https:\/\/www.ccvalguiers.fr\/infos\/#organization"},"alternateName":"CCVG","potentialAction":[{"@type":"SearchAction","target":{"@type":"EntryPoint","urlTemplate":"https:\/\/www.ccvalguiers.fr\/infos\/?s={search_term_string}"},"query-input":{"@type":"PropertyValueSpecification","valueRequired":true,"valueName":"search_term_string"}}],"inLanguage":"fr-FR"},{"@type":"Organization","@id":"https:\/\/www.ccvalguiers.fr\/infos\/#organization","name":"Communaut\u00e9 de Communes Val Guiers","alternateName":"CCVG","url":"https:\/\/www.ccvalguiers.fr\/infos\/","logo":{"@type":"ImageObject","inLanguage":"fr-FR","@id":"https:\/\/www.ccvalguiers.fr\/infos\/#\/schema\/logo\/image\/","url":"https:\/\/www.ccvalguiers.fr\/infos\/wp-content\/uploads\/2022\/07\/CC-Val-Guiers-logo-transp.png","contentUrl":"https:\/\/www.ccvalguiers.fr\/infos\/wp-content\/uploads\/2022\/07\/CC-Val-Guiers-logo-transp.png","width":600,"height":602,"caption":"Communaut\u00e9 de Communes Val Guiers"},"image":{"@id":"https:\/\/www.ccvalguiers.fr\/infos\/#\/schema\/logo\/image\/"}}]}},"publishpress_future_action":{"enabled":false,"date":"2026-05-09 01:59:06","action":"change-status","newStatus":"draft","terms":[],"taxonomy":"","extraData":[]},"publishpress_future_workflow_manual_trigger":{"enabledWorkflows":[]},"_links":{"self":[{"href":"https:\/\/www.ccvalguiers.fr\/infos\/wp-json\/wp\/v2\/pages\/1735","targetHints":{"allow":["GET"]}}],"collection":[{"href":"https:\/\/www.ccvalguiers.fr\/infos\/wp-json\/wp\/v2\/pages"}],"about":[{"href":"https:\/\/www.ccvalguiers.fr\/infos\/wp-json\/wp\/v2\/types\/page"}],"author":[{"embeddable":true,"href":"https:\/\/www.ccvalguiers.fr\/infos\/wp-json\/wp\/v2\/users\/1"}],"replies":[{"embeddable":true,"href":"https:\/\/www.ccvalguiers.fr\/infos\/wp-json\/wp\/v2\/comments?post=1735"}],"version-history":[{"count":14,"href":"https:\/\/www.ccvalguiers.fr\/infos\/wp-json\/wp\/v2\/pages\/1735\/revisions"}],"predecessor-version":[{"id":7355,"href":"https:\/\/www.ccvalguiers.fr\/infos\/wp-json\/wp\/v2\/pages\/1735\/revisions\/7355"}],"up":[{"embeddable":true,"href":"https:\/\/www.ccvalguiers.fr\/infos\/wp-json\/wp\/v2\/pages\/1667"}],"wp:attachment":[{"href":"https:\/\/www.ccvalguiers.fr\/infos\/wp-json\/wp\/v2\/media?parent=1735"}],"curies":[{"name":"wp","href":"https:\/\/api.w.org\/{rel}","templated":true}]}}