{"id":2364,"date":"2022-10-24T12:00:07","date_gmt":"2022-10-24T10:00:07","guid":{"rendered":"https:\/\/www.ccvalguiers.fr\/infos\/?page_id=2364"},"modified":"2026-04-16T13:32:33","modified_gmt":"2026-04-16T11:32:33","slug":"accueil-de-loisirs-intercommunal-les-marmousets-a-saint-genix-les-villages","status":"publish","type":"page","link":"https:\/\/www.ccvalguiers.fr\/infos\/vos-services\/enfance-jeunesse\/de-3-a-11-ans\/accueil-de-loisirs-intercommunal-les-marmousets-a-saint-genix-les-villages\/","title":{"rendered":"Accueil de loisirs intercommunal \u00ab\u00a0Les Marmousets\u00a0\u00bb \u00e0 Saint-Genix-les-Villages"},"content":{"rendered":"<p>[et_pb_section fb_built=\u00a0\u00bb1&Prime; make_equal=\u00a0\u00bbon\u00a0\u00bb use_custom_gutter=\u00a0\u00bbon\u00a0\u00bb specialty=\u00a0\u00bbon\u00a0\u00bb padding_top_1=\u00a0\u00bb0px\u00a0\u00bb padding_top_2=\u00a0\u00bb0px\u00a0\u00bb padding_right_1=\u00a0\u00bb65px\u00a0\u00bb padding_right_2=\u00a0\u00bb20px\u00a0\u00bb padding_bottom_1=\u00a0\u00bb20px\u00a0\u00bb padding_bottom_2=\u00a0\u00bb20px\u00a0\u00bb padding_left_1=\u00a0\u00bb65px\u00a0\u00bb padding_left_2=\u00a0\u00bb20px\u00a0\u00bb padding_top_bottom_link_1=\u00a0\u00bbfalse\u00a0\u00bb padding_top_bottom_link_2=\u00a0\u00bbfalse\u00a0\u00bb padding_left_right_link_1=\u00a0\u00bbfalse\u00a0\u00bb padding_left_right_link_2=\u00a0\u00bbfalse\u00a0\u00bb padding_1_tablet=\u00a0\u00bb|30px||30px|false|false\u00a0\u00bb padding_2_tablet=\u00a0\u00bb|20px||20px|false|false\u00a0\u00bb padding_1_phone=\u00a0\u00bb|10px||10px|false|false\u00a0\u00bb padding_2_phone=\u00a0\u00bb|10px||10px|false|false\u00a0\u00bb padding_1_last_edited=\u00a0\u00bbon|phone\u00a0\u00bb padding_2_last_edited=\u00a0\u00bbon|tablet\u00a0\u00bb _builder_version=\u00a0\u00bb4.17.6&Prime; _module_preset=\u00a0\u00bbdefault\u00a0\u00bb background_color=\u00a0\u00bbRGBA(255,255,255,0)\u00a0\u00bb width=\u00a0\u00bb100%\u00a0\u00bb max_width=\u00a0\u00bb100%\u00a0\u00bb inner_width=\u00a0\u00bb100%\u00a0\u00bb inner_max_width=\u00a0\u00bb100%\u00a0\u00bb inner_module_alignment=\u00a0\u00bbcenter\u00a0\u00bb custom_padding=\u00a0\u00bb0px|10px|43px|10px|false|false\u00a0\u00bb border_color_right=\u00a0\u00bb#E51A2F\u00a0\u00bb border_color_left=\u00a0\u00bb#E51A2F\u00a0\u00bb box_shadow_style=\u00a0\u00bbpreset3&Prime; box_shadow_color=\u00a0\u00bbrgba(0,0,0,0.21)\u00a0\u00bb global_colors_info=\u00a0\u00bb{}\u00a0\u00bb background_color__hover=\u00a0\u00bbRGBA(255,255,255,0)\u00a0\u00bb background__hover_enabled=\u00a0\u00bbon|hover\u00a0\u00bb background_enable_color__hover=\u00a0\u00bbon\u00a0\u00bb][et_pb_column type=\u00a0\u00bb3_4&Prime; specialty_columns=\u00a0\u00bb3&Prime; _builder_version=\u00a0\u00bb4.16&Prime; custom_padding=\u00a0\u00bb|||\u00a0\u00bb global_colors_info=\u00a0\u00bb{}\u00a0\u00bb custom_padding__hover=\u00a0\u00bb|||\u00a0\u00bb][et_pb_row_inner column_structure=\u00a0\u00bb1_2,1_2&Prime; _builder_version=\u00a0\u00bb4.17.6&Prime; _module_preset=\u00a0\u00bbdefault\u00a0\u00bb custom_padding=\u00a0\u00bb0px|||||\u00a0\u00bb global_colors_info=\u00a0\u00bb{}\u00a0\u00bb][et_pb_column_inner type=\u00a0\u00bb1_2&Prime; saved_specialty_column_type=\u00a0\u00bb3_4&Prime; _builder_version=\u00a0\u00bb4.17.6&Prime; _module_preset=\u00a0\u00bbdefault\u00a0\u00bb global_colors_info=\u00a0\u00bb{}\u00a0\u00bb][et_pb_image src=\u00a0\u00bbhttps:\/\/www.ccvalguiers.fr\/infos\/wp-content\/uploads\/2022\/10\/Image-Les-Marmousets.jpg\u00a0\u00bb alt=\u00a0\u00bbaccueil de loisirs marmousets\u00a0\u00bb title_text=\u00a0\u00bbImage Les Marmousets\u00a0\u00bb _builder_version=\u00a0\u00bb4.17.6&Prime; _module_preset=\u00a0\u00bbdefault\u00a0\u00bb global_colors_info=\u00a0\u00bb{}\u00a0\u00bb][\/et_pb_image][\/et_pb_column_inner][et_pb_column_inner type=\u00a0\u00bb1_2&Prime; saved_specialty_column_type=\u00a0\u00bb3_4&Prime; _builder_version=\u00a0\u00bb4.17.6&Prime; _module_preset=\u00a0\u00bbdefault\u00a0\u00bb global_colors_info=\u00a0\u00bb{}\u00a0\u00bb][et_pb_text _builder_version=\u00a0\u00bb4.17.6&Prime; _module_preset=\u00a0\u00bbdefault\u00a0\u00bb global_colors_info=\u00a0\u00bb{}\u00a0\u00bb]<\/p>\n<p><img decoding=\"async\" loading=\"lazy\" class=\"puce\" src=\"https:\/\/www.ccvalguiers.fr\/infos\/wp-content\/uploads\/2022\/09\/puce-localisation.png\" alt=\"puce-localisation\" width=\"22\" height=\"28\" \/><span>\u00a0<\/span><strong>37 mont\u00e9e des \u00e9coles \u00e0 Saint-Genix-sur-Guiers<br \/>73240 SAINT-GENIX-LES-VILLAGES<\/strong><span>\u00a0<\/span><strong>CONTACTS :<\/strong><\/p>\n<p>[\/et_pb_text][et_pb_button button_url=\u00a0\u00bbtel:09.64.12.15.39%20&Prime; url_new_window=\u00a0\u00bbon\u00a0\u00bb button_text=\u00a0\u00bb09.64.12.15.39 \u00a0\u00bb button_alignment=\u00a0\u00bbleft\u00a0\u00bb _builder_version=\u00a0\u00bb4.21.0&Prime; _module_preset=\u00a0\u00bbdefault\u00a0\u00bb custom_button=\u00a0\u00bbon\u00a0\u00bb button_text_size=\u00a0\u00bb17px\u00a0\u00bb button_text_color=\u00a0\u00bb#0C424A\u00a0\u00bb button_bg_color=\u00a0\u00bb#67BFBF\u00a0\u00bb button_border_radius=\u00a0\u00bb0px\u00a0\u00bb button_icon=\u00a0\u00bb&#xf2a0;||fa||900&Prime; button_icon_color=\u00a0\u00bb#0C424A\u00a0\u00bb button_icon_placement=\u00a0\u00bbleft\u00a0\u00bb button_on_hover=\u00a0\u00bboff\u00a0\u00bb custom_margin=\u00a0\u00bb18px||9px||false|false\u00a0\u00bb custom_padding=\u00a0\u00bb10px|20px|10px|35px|false|false\u00a0\u00bb button_text_color_last_edited=\u00a0\u00bboff|desktop\u00a0\u00bb global_colors_info=\u00a0\u00bb{}\u00a0\u00bb button_bg_color__hover_enabled=\u00a0\u00bbon|desktop\u00a0\u00bb button_bg_color__hover=\u00a0\u00bb#E51A2F\u00a0\u00bb button_bg_enable_color__hover=\u00a0\u00bbon\u00a0\u00bb button_letter_spacing__hover_enabled=\u00a0\u00bbon|desktop\u00a0\u00bb button_text_size__hover_enabled=\u00a0\u00bbon|desktop\u00a0\u00bb button_text_color__hover_enabled=\u00a0\u00bbon|hover\u00a0\u00bb button_text_color__hover=\u00a0\u00bb#FFFFFF\u00a0\u00bb button_icon_color__hover_enabled=\u00a0\u00bbon|hover\u00a0\u00bb button_icon_color__hover=\u00a0\u00bb#FFFFFF\u00a0\u00bb button_text_size__hover=\u00a0\u00bb17px\u00a0\u00bb][\/et_pb_button][et_pb_button button_url=\u00a0\u00bbtel:06.41.56.99.08&Prime; url_new_window=\u00a0\u00bbon\u00a0\u00bb button_text=\u00a0\u00bb 06.41.56.99.08&Prime; button_alignment=\u00a0\u00bbleft\u00a0\u00bb _builder_version=\u00a0\u00bb4.21.0&Prime; _module_preset=\u00a0\u00bbdefault\u00a0\u00bb custom_button=\u00a0\u00bbon\u00a0\u00bb button_text_size=\u00a0\u00bb17px\u00a0\u00bb button_text_color=\u00a0\u00bb#0C424A\u00a0\u00bb button_bg_color=\u00a0\u00bb#67BFBF\u00a0\u00bb button_border_radius=\u00a0\u00bb0px\u00a0\u00bb button_icon=\u00a0\u00bb&#xf2a0;||fa||900&Prime; button_icon_color=\u00a0\u00bb#0C424A\u00a0\u00bb button_icon_placement=\u00a0\u00bbleft\u00a0\u00bb button_on_hover=\u00a0\u00bboff\u00a0\u00bb custom_margin=\u00a0\u00bb18px||9px||false|false\u00a0\u00bb custom_padding=\u00a0\u00bb10px|20px|10px|35px|false|false\u00a0\u00bb button_text_color_last_edited=\u00a0\u00bboff|desktop\u00a0\u00bb global_colors_info=\u00a0\u00bb{}\u00a0\u00bb button_bg_color__hover_enabled=\u00a0\u00bbon|desktop\u00a0\u00bb button_bg_color__hover=\u00a0\u00bb#E51A2F\u00a0\u00bb button_bg_enable_color__hover=\u00a0\u00bbon\u00a0\u00bb button_letter_spacing__hover_enabled=\u00a0\u00bbon|desktop\u00a0\u00bb button_text_size__hover_enabled=\u00a0\u00bbon|desktop\u00a0\u00bb button_text_color__hover_enabled=\u00a0\u00bbon|hover\u00a0\u00bb button_text_color__hover=\u00a0\u00bb#FFFFFF\u00a0\u00bb button_icon_color__hover_enabled=\u00a0\u00bbon|hover\u00a0\u00bb button_icon_color__hover=\u00a0\u00bb#FFFFFF\u00a0\u00bb button_text_size__hover=\u00a0\u00bb17px\u00a0\u00bb][\/et_pb_button][et_pb_button button_url=\u00a0\u00bbmailto:alexia.poirrotte@ccvalguiers.fr\u00a0\u00bb url_new_window=\u00a0\u00bbon\u00a0\u00bb button_text=\u00a0\u00bbalexia.poirrotte@ccvalguiers.fr\u00a0\u00bb button_alignment=\u00a0\u00bbleft\u00a0\u00bb _builder_version=\u00a0\u00bb4.21.0&Prime; _module_preset=\u00a0\u00bbdefault\u00a0\u00bb custom_button=\u00a0\u00bbon\u00a0\u00bb button_text_size=\u00a0\u00bb17px\u00a0\u00bb button_text_color=\u00a0\u00bb#0C424A\u00a0\u00bb button_bg_color=\u00a0\u00bb#67BFBF\u00a0\u00bb button_border_radius=\u00a0\u00bb0px\u00a0\u00bb button_icon=\u00a0\u00bb&#xf658;||fa||900&Prime; button_icon_color=\u00a0\u00bb#0C424A\u00a0\u00bb button_icon_placement=\u00a0\u00bbleft\u00a0\u00bb button_on_hover=\u00a0\u00bboff\u00a0\u00bb custom_margin=\u00a0\u00bb18px||9px||false|false\u00a0\u00bb custom_padding=\u00a0\u00bb10px|20px|10px|35px|false|false\u00a0\u00bb button_text_color_last_edited=\u00a0\u00bboff|desktop\u00a0\u00bb global_colors_info=\u00a0\u00bb{}\u00a0\u00bb button_bg_color__hover_enabled=\u00a0\u00bbon|desktop\u00a0\u00bb button_bg_color__hover=\u00a0\u00bb#E51A2F\u00a0\u00bb button_bg_enable_color__hover=\u00a0\u00bbon\u00a0\u00bb button_letter_spacing__hover_enabled=\u00a0\u00bbon|desktop\u00a0\u00bb button_text_size__hover_enabled=\u00a0\u00bbon|desktop\u00a0\u00bb button_text_color__hover_enabled=\u00a0\u00bbon|hover\u00a0\u00bb button_text_color__hover=\u00a0\u00bb#FFFFFF\u00a0\u00bb button_icon_color__hover_enabled=\u00a0\u00bbon|hover\u00a0\u00bb button_icon_color__hover=\u00a0\u00bb#FFFFFF\u00a0\u00bb button_text_size__hover=\u00a0\u00bb17px\u00a0\u00bb][\/et_pb_button][\/et_pb_column_inner][\/et_pb_row_inner][et_pb_row_inner _builder_version=\u00a0\u00bb4.17.6&Prime; _module_preset=\u00a0\u00bbdefault\u00a0\u00bb custom_padding=\u00a0\u00bb10px||||false|false\u00a0\u00bb border_width_top=\u00a0\u00bb2px\u00a0\u00bb border_color_top=\u00a0\u00bb#0C424A\u00a0\u00bb global_colors_info=\u00a0\u00bb{}\u00a0\u00bb][et_pb_column_inner saved_specialty_column_type=\u00a0\u00bb3_4&Prime; _builder_version=\u00a0\u00bb4.17.6&Prime; _module_preset=\u00a0\u00bbdefault\u00a0\u00bb global_colors_info=\u00a0\u00bb{}\u00a0\u00bb][et_pb_text _builder_version=\u00a0\u00bb4.27.4&Prime; _module_preset=\u00a0\u00bbdefault\u00a0\u00bb link_font=\u00a0\u00bb|600|||on||||\u00a0\u00bb link_text_color=\u00a0\u00bb#0C424A\u00a0\u00bb custom_padding=\u00a0\u00bb||0px|||\u00a0\u00bb hover_enabled=\u00a0\u00bb0&Prime; global_colors_info=\u00a0\u00bb{}\u00a0\u00bb link_text_color__hover_enabled=\u00a0\u00bbon|hover\u00a0\u00bb link_text_color__hover=\u00a0\u00bb#E51A2F\u00a0\u00bb sticky_enabled=\u00a0\u00bb0&Prime;]<\/p>\n<p><strong>LES MERCREDIS :<\/strong><\/p>\n<p><img decoding=\"async\" loading=\"lazy\" class=\"puce\" src=\"https:\/\/www.ccvalguiers.fr\/infos\/wp-content\/uploads\/2022\/09\/puce-horaires.png\" alt=\"Pictogramme horaires\" width=\"36\" height=\"35\" \/><span>\u00a0<\/span>Les mercredis, de 7h30 \u00e0 18h30<\/p>\n<p>Inscriptions possibles \u00e0 la journ\u00e9e ou \u00e0 la demi-journ\u00e9e, avec ou sans repas.<br \/>Accueil compl\u00e9mentaire sur place de 7h30 \u00e0 9h et de 17h00 \u00e0 18h30.<\/p>\n<p><strong><a href=\"https:\/\/www.ccvalguiers.fr\/infos\/wp-content\/uploads\/2026\/04\/programme-mercredi-avril-juillet.pdf\" rel=\"attachment noopener wp-att-7887\" target=\"_blank\">\u21d2 T\u00e9l\u00e9charger le programme des mercredis d&rsquo;avril \u00e0 juillet<\/a><\/strong><\/p>\n<p>[\/et_pb_text][\/et_pb_column_inner][\/et_pb_row_inner][et_pb_row_inner _builder_version=\u00a0\u00bb4.17.6&Prime; _module_preset=\u00a0\u00bbdefault\u00a0\u00bb custom_padding=\u00a0\u00bb10px||||false|false\u00a0\u00bb border_width_top=\u00a0\u00bb2px\u00a0\u00bb border_color_top=\u00a0\u00bb#0C424A\u00a0\u00bb global_colors_info=\u00a0\u00bb{}\u00a0\u00bb][et_pb_column_inner saved_specialty_column_type=\u00a0\u00bb3_4&Prime; _builder_version=\u00a0\u00bb4.17.6&Prime; _module_preset=\u00a0\u00bbdefault\u00a0\u00bb global_colors_info=\u00a0\u00bb{}\u00a0\u00bb][et_pb_text _builder_version=\u00a0\u00bb4.27.4&Prime; _module_preset=\u00a0\u00bbdefault\u00a0\u00bb link_font=\u00a0\u00bb|600|||on||||\u00a0\u00bb link_text_color=\u00a0\u00bb#0C424A\u00a0\u00bb ul_line_height=\u00a0\u00bb1.8em\u00a0\u00bb global_colors_info=\u00a0\u00bb{}\u00a0\u00bb link_text_color__hover_enabled=\u00a0\u00bbon|hover\u00a0\u00bb link_text_color__hover=\u00a0\u00bb#E51A2F\u00a0\u00bb]<\/p>\n<p><strong>LES VACANCES SCOLAIRES :<\/strong><\/p>\n<p><img decoding=\"async\" loading=\"lazy\" class=\"puce\" src=\"https:\/\/www.ccvalguiers.fr\/infos\/wp-content\/uploads\/2022\/09\/puce-horaires.png\" alt=\"Pictogramme horaires\" width=\"36\" height=\"35\" \/><span>\u00a0<\/span>Ouvert du lundi au vendredi de 7h30 \u00e0 18h30.<\/p>\n<p>Le centre est ferm\u00e9 aux vacances de No\u00ebl et durant le mois d\u2019ao\u00fbt<\/p>\n<p><a href=\"https:\/\/www.ccvalguiers.fr\/infos\/wp-content\/uploads\/2024\/07\/livret-petite-enfance-enfance-jeunesse-version-septembre-2023.pdf\" rel=\"attachment noopener wp-att-5273\" target=\"_blank\">\u21d2T\u00e9l\u00e9charger le livret petite enfance enfance jeunesse<\/a><\/p>\n<p>VACANCES D&rsquo;AVRIL 2026 :<\/p>\n<p><strong><a href=\"https:\/\/www.ccvalguiers.fr\/infos\/wp-content\/uploads\/2026\/03\/programme-VP.pdf\" rel=\"attachment noopener wp-att-7761\" target=\"_blank\">\u21d2T\u00e9l\u00e9charger le programme des vacances de printemps<\/a><\/strong><\/p>\n<p>INSCRIPTIONS ET RENSEIGNEMENTS :<\/p>\n<ul>\n<ul>\n<li><strong><a href=\"https:\/\/www.ccvalguiers.fr\/infos\/wp-content\/uploads\/2025\/09\/Reglements-interieurs-tous-alsh-2025-2026-24-juin-2025.pdf\" rel=\"attachment noopener wp-att-6860\" target=\"_blank\">R\u00e8glements int\u00e9rieurs tous alsh 2025 2026 24 juin 2025<\/a><\/strong><\/li>\n<\/ul>\n<\/ul>\n<p>&nbsp;<\/p>\n<p>[\/et_pb_text][\/et_pb_column_inner][\/et_pb_row_inner][\/et_pb_column][et_pb_column type=\u00a0\u00bb1_4&Prime; _builder_version=\u00a0\u00bb4.16&Prime; custom_padding=\u00a0\u00bb|||\u00a0\u00bb global_colors_info=\u00a0\u00bb{}\u00a0\u00bb custom_padding__hover=\u00a0\u00bb|||\u00a0\u00bb][et_pb_blurb title=\u00a0\u00bbSommaire\u00a0\u00bb use_icon=\u00a0\u00bbon\u00a0\u00bb font_icon=\u00a0\u00bb&#xe04a;||divi||400&Prime; icon_color=\u00a0\u00bb#67BFBF\u00a0\u00bb image_icon_background_color=\u00a0\u00bbRGBA(255,255,255,0)\u00a0\u00bb icon_placement=\u00a0\u00bbleft\u00a0\u00bb image_icon_width=\u00a0\u00bb35px\u00a0\u00bb disabled_on=\u00a0\u00bbon|on|on\u00a0\u00bb _builder_version=\u00a0\u00bb4.17.6&Prime; _module_preset=\u00a0\u00bbdefault\u00a0\u00bb header_font=\u00a0\u00bb|600|||||||\u00a0\u00bb header_text_color=\u00a0\u00bb#0C424A\u00a0\u00bb header_font_size=\u00a0\u00bb15px\u00a0\u00bb body_text_color=\u00a0\u00bb#0C424A\u00a0\u00bb body_font_size=\u00a0\u00bb14px\u00a0\u00bb body_line_height=\u00a0\u00bb1.3em\u00a0\u00bb body_link_text_color=\u00a0\u00bb#0C424A\u00a0\u00bb body_link_font_size=\u00a0\u00bb14px\u00a0\u00bb image_icon_custom_margin=\u00a0\u00bb0px||0px||false|false\u00a0\u00bb image_icon_custom_padding=\u00a0\u00bb10px||10px|16px|false|false\u00a0\u00bb custom_margin=\u00a0\u00bb24px||0px||false|false\u00a0\u00bb custom_padding=\u00a0\u00bb10px||10px||false|false\u00a0\u00bb animation_style=\u00a0\u00bbfade\u00a0\u00bb border_width_left=\u00a0\u00bb5px\u00a0\u00bb border_color_left=\u00a0\u00bb#E51A2F\u00a0\u00bb border_color_left_image=\u00a0\u00bb#E51A2F\u00a0\u00bb disabled=\u00a0\u00bbon\u00a0\u00bb global_module=\u00a0\u00bb1167&Prime; saved_tabs=\u00a0\u00bball\u00a0\u00bb global_colors_info=\u00a0\u00bb{}\u00a0\u00bb body_link_text_color__hover_enabled=\u00a0\u00bbon|desktop\u00a0\u00bb body_link_text_color__hover=\u00a0\u00bb#E51A2F\u00a0\u00bb]<\/p>\n<ul>\n<li><a href=\"https:\/\/www.ccvalguiers.fr\/infos\/vos-services\/annuaire-des-services\/\">Annuaire des services<\/a><\/li>\n<li><a href=\"https:\/\/www.ccvalguiers.fr\/infos\/vos-services\/enfance-jeunesse\/\">Enfance et jeunesse<\/a><\/li>\n<li><a href=\"https:\/\/www.ccvalguiers.fr\/infos\/vos-services\/personnes-agees\/\">Personnes \u00e2g\u00e9es<\/a><\/li>\n<li><a href=\"https:\/\/www.ccvalguiers.fr\/infos\/vos-services\/demarches-administratives-et-outils-numeriques\/\">D\u00e9marches administratives et outils num\u00e9riques<\/a><\/li>\n<li><a href=\"https:\/\/www.ccvalguiers.fr\/infos\/vos-services\/culture\/\">Culture<\/a><\/li>\n<li><a href=\"https:\/\/www.ccvalguiers.fr\/infos\/vos-services\/logement\/\">Logement<\/a><\/li>\n<li><a href=\"https:\/\/www.ccvalguiers.fr\/infos\/vos-services\/mobilite\/\">Mobilit\u00e9<\/a><\/li>\n<li><a href=\"https:\/\/www.ccvalguiers.fr\/infos\/vos-services\/dechets-eau-et-assainissement\/\">Eau, assainissement et d\u00e9chets<\/a><\/li>\n<li><a href=\"https:\/\/www.pays-lac-aiguebelette.com\/\" target=\"_blank\" rel=\"noopener\">Tourisme<\/a><\/li>\n<\/ul>\n<p>[\/et_pb_blurb][et_pb_blurb title=\u00a0\u00bbLiens utiles\u00a0\u00bb use_icon=\u00a0\u00bbon\u00a0\u00bb font_icon=\u00a0\u00bb&#xf2f6;||fa||900&Prime; icon_color=\u00a0\u00bb#67BFBF\u00a0\u00bb image_icon_background_color=\u00a0\u00bbRGBA(255,255,255,0)\u00a0\u00bb icon_placement=\u00a0\u00bbleft\u00a0\u00bb image_icon_width=\u00a0\u00bb35px\u00a0\u00bb _builder_version=\u00a0\u00bb4.17.6&Prime; _module_preset=\u00a0\u00bbdefault\u00a0\u00bb header_font=\u00a0\u00bb|600|||||||\u00a0\u00bb header_text_color=\u00a0\u00bb#0C424A\u00a0\u00bb header_font_size=\u00a0\u00bb15px\u00a0\u00bb body_text_color=\u00a0\u00bb#0C424A\u00a0\u00bb body_font_size=\u00a0\u00bb14px\u00a0\u00bb body_line_height=\u00a0\u00bb1.3em\u00a0\u00bb body_link_text_color=\u00a0\u00bb#0C424A\u00a0\u00bb body_link_font_size=\u00a0\u00bb14px\u00a0\u00bb image_icon_custom_margin=\u00a0\u00bb0px||0px||false|false\u00a0\u00bb image_icon_custom_padding=\u00a0\u00bb10px||10px|16px|false|false\u00a0\u00bb custom_margin=\u00a0\u00bb-40px||0px||false|false\u00a0\u00bb custom_margin_tablet=\u00a0\u00bb0px||||false|false\u00a0\u00bb custom_margin_phone=\u00a0\u00bb0px||||false|false\u00a0\u00bb custom_margin_last_edited=\u00a0\u00bbon|tablet\u00a0\u00bb custom_padding=\u00a0\u00bb10px||10px||false|false\u00a0\u00bb animation_style=\u00a0\u00bbfade\u00a0\u00bb border_color_all=\u00a0\u00bb#0C424A\u00a0\u00bb border_width_left=\u00a0\u00bb5px\u00a0\u00bb border_color_left_image=\u00a0\u00bb#E51A2F\u00a0\u00bb saved_tabs=\u00a0\u00bball\u00a0\u00bb global_colors_info=\u00a0\u00bb{}\u00a0\u00bb body_link_text_color__hover_enabled=\u00a0\u00bbon|desktop\u00a0\u00bb body_link_text_color__hover=\u00a0\u00bb#E51A2F\u00a0\u00bb]<\/p>\n<p>Enfance jeunesse<\/p>\n<p>[\/et_pb_blurb][et_pb_button button_url=\u00a0\u00bbhttps:\/\/www.espace-citoyens.net\/ccvalguiers\/espace-citoyens\/\u00a0\u00bb url_new_window=\u00a0\u00bbon\u00a0\u00bb button_text=\u00a0\u00bbPortail famille Arp\u00e8ge\u00a0\u00bb button_alignment=\u00a0\u00bbleft\u00a0\u00bb disabled_on=\u00a0\u00bboff|off|off\u00a0\u00bb _builder_version=\u00a0\u00bb4.27.4&Prime; _module_preset=\u00a0\u00bbdefault\u00a0\u00bb custom_button=\u00a0\u00bbon\u00a0\u00bb button_text_size=\u00a0\u00bb16px\u00a0\u00bb button_text_color=\u00a0\u00bb#FFFFFF\u00a0\u00bb button_bg_color=\u00a0\u00bb#EF7D00&Prime; button_border_radius=\u00a0\u00bb0px\u00a0\u00bb button_icon=\u00a0\u00bb&#xf1ae;||fa||900&Prime; button_icon_color=\u00a0\u00bb#FFFFFF\u00a0\u00bb button_on_hover=\u00a0\u00bboff\u00a0\u00bb custom_margin=\u00a0\u00bb0px||10px||false|false\u00a0\u00bb custom_padding=\u00a0\u00bb10px|30px|10px|20px|false|false\u00a0\u00bb global_module=\u00a0\u00bb1185&Prime; saved_tabs=\u00a0\u00bball\u00a0\u00bb global_colors_info=\u00a0\u00bb{}\u00a0\u00bb button_bg_color__hover_enabled=\u00a0\u00bbon|hover\u00a0\u00bb button_bg_color__hover=\u00a0\u00bb#0C424A\u00a0\u00bb button_bg_enable_color__hover=\u00a0\u00bbon\u00a0\u00bb button_letter_spacing__hover_enabled=\u00a0\u00bbon|desktop\u00a0\u00bb button_text_color__hover_enabled=\u00a0\u00bbon|desktop\u00a0\u00bb button_icon_color__hover_enabled=\u00a0\u00bbon|hover\u00a0\u00bb button_icon_color__hover=\u00a0\u00bb#FFFFFF\u00a0\u00bb button_text_color__hover=\u00a0\u00bb#FFFFFF\u00a0\u00bb][\/et_pb_button][et_pb_blurb title=\u00a0\u00bbConsulter les moyens de transport\u00a0\u00bb use_icon=\u00a0\u00bbon\u00a0\u00bb font_icon=\u00a0\u00bb&#xf2f6;||fa||900&Prime; icon_color=\u00a0\u00bb#67BFBF\u00a0\u00bb image_icon_background_color=\u00a0\u00bbRGBA(255,255,255,0)\u00a0\u00bb icon_placement=\u00a0\u00bbleft\u00a0\u00bb image_icon_width=\u00a0\u00bb35px\u00a0\u00bb disabled_on=\u00a0\u00bbon|on|on\u00a0\u00bb _builder_version=\u00a0\u00bb4.27.4&Prime; _module_preset=\u00a0\u00bbdefault\u00a0\u00bb header_font=\u00a0\u00bb|600|||||||\u00a0\u00bb header_text_color=\u00a0\u00bb#0C424A\u00a0\u00bb header_font_size=\u00a0\u00bb15px\u00a0\u00bb body_text_color=\u00a0\u00bb#0C424A\u00a0\u00bb body_font_size=\u00a0\u00bb14px\u00a0\u00bb body_line_height=\u00a0\u00bb1.3em\u00a0\u00bb body_link_font=\u00a0\u00bb|600|||||||\u00a0\u00bb body_link_text_color=\u00a0\u00bb#E51A2F\u00a0\u00bb body_link_font_size=\u00a0\u00bb14px\u00a0\u00bb image_icon_custom_margin=\u00a0\u00bb0px||0px||false|false\u00a0\u00bb image_icon_custom_padding=\u00a0\u00bb10px||10px|16px|false|false\u00a0\u00bb custom_margin=\u00a0\u00bb24px||0px||false|false\u00a0\u00bb custom_padding=\u00a0\u00bb10px||10px||false|false\u00a0\u00bb animation_style=\u00a0\u00bbfade\u00a0\u00bb border_color_all=\u00a0\u00bb#0C424A\u00a0\u00bb border_width_left=\u00a0\u00bb5px\u00a0\u00bb border_color_left_image=\u00a0\u00bb#E51A2F\u00a0\u00bb disabled=\u00a0\u00bbon\u00a0\u00bb global_module=\u00a0\u00bb1333&Prime; saved_tabs=\u00a0\u00bball\u00a0\u00bb global_colors_info=\u00a0\u00bb{}\u00a0\u00bb body_link_text_color__hover_enabled=\u00a0\u00bbon|desktop\u00a0\u00bb body_link_text_color__hover=\u00a0\u00bb#0C424A\u00a0\u00bb]<\/p>\n<ul>\n<li><a href=\"https:\/\/www.ccvalguiers.fr\/infos\/vos-services\/enfance-jeunesse\/transports-scolaires\/\" target=\"_blank\" rel=\"noopener\">Transport scolaire<\/a><\/li>\n<li><a href=\"https:\/\/www.ccvalguiers.fr\/infos\/vos-services\/transports-et-mobilites\/v\u00e9los-vae\" target=\"_blank\" rel=\"noopener\">V\u00e9los et VAE<\/a><\/li>\n<li><a href=\"https:\/\/www.ccvalguiers.fr\/infos\/vos-services\/transports-et-mobilites\/cars\" target=\"_blank\" rel=\"noopener\">Cars<\/a><\/li>\n<li><a href=\"https:\/\/www.ccvalguiers.fr\/infos\/vos-services\/transports-et-mobilites\/covoiturage\" target=\"_blank\" rel=\"noopener\">Covoiturage<\/a><\/li>\n<li><a href=\"https:\/\/www.ccvalguiers.fr\/infos\/vos-services\/transports-et-mobilites\/pms\" target=\"_blank\" rel=\"noopener\">Plan de mobilit\u00e9 simplifi\u00e9<\/a><\/li>\n<\/ul>\n<p>[\/et_pb_blurb][\/et_pb_column][\/et_pb_section]<\/p>\n","protected":false},"excerpt":{"rendered":"<p>\u00a037 mont\u00e9e des \u00e9coles \u00e0 Saint-Genix-sur-Guiers73240 SAINT-GENIX-LES-VILLAGES\u00a0CONTACTS :LES MERCREDIS : \u00a0Les mercredis, de 7h30 \u00e0 18h30 Inscriptions possibles \u00e0 la journ\u00e9e ou \u00e0 la demi-journ\u00e9e, avec ou sans repas.Accueil compl\u00e9mentaire sur place de 7h30 \u00e0 9h et de 17h00 \u00e0 18h30. \u21d2 T\u00e9l\u00e9charger le programme des mercredis d&rsquo;avril \u00e0 juilletLES VACANCES SCOLAIRES : \u00a0Ouvert du [&hellip;]<\/p>\n","protected":false},"author":1,"featured_media":0,"parent":1325,"menu_order":2,"comment_status":"closed","ping_status":"closed","template":"","meta":{"_et_pb_use_builder":"on","_et_pb_old_content":"<!-- wp:paragraph -->\n<p>Ceci est une page d\u2019exemple. C\u2019est diff\u00e9rent d\u2019un article de blog parce qu\u2019elle restera au m\u00eame endroit et appara\u00eetra dans la navigation de votre site (dans la plupart des th\u00e8mes). La plupart des gens commencent par une page \u00ab&nbsp;\u00c0 propos&nbsp;\u00bb qui les pr\u00e9sente aux personnes visitant le site. Cela pourrait ressembler \u00e0 quelque chose comme cela&nbsp;:<\/p>\n<!-- \/wp:paragraph -->\n\n<!-- wp:quote -->\n<blockquote class=\"wp-block-quote\"><p>Bonjour&nbsp;! Je suis un m\u00e9canicien qui aspire \u00e0 devenir acteur, et voici mon site. J\u2019habite \u00e0 Bordeaux, j\u2019ai un super chien baptis\u00e9 Russell, et j\u2019aime la vodka (ainsi qu\u2019\u00eatre surpris par la pluie soudaine lors de longues balades sur la plage au coucher du soleil).<\/p><\/blockquote>\n<!-- \/wp:quote -->\n\n<!-- wp:paragraph -->\n<p>\u2026ou quelque chose comme cela&nbsp;:<\/p>\n<!-- \/wp:paragraph -->\n\n<!-- wp:quote -->\n<blockquote class=\"wp-block-quote\"><p>La soci\u00e9t\u00e9 123 Machin Truc a \u00e9t\u00e9 cr\u00e9\u00e9e en 1971, et n\u2019a cess\u00e9 de proposer au public des machins-trucs de qualit\u00e9 depuis lors. Situ\u00e9e \u00e0 Saint-Remy-en-Bouzemont-Saint-Genest-et-Isson, 123 Machin Truc emploie 2 000 personnes, et fabrique toutes sortes de bidules supers pour la communaut\u00e9 bouzemontoise.<\/p><\/blockquote>\n<!-- \/wp:quote -->\n\n<!-- wp:paragraph -->\n<p>En tant que nouvel utilisateur ou utilisatrice de WordPress, vous devriez vous rendre sur <a href=\"https:\/\/www.ccvalguiers.fr\/infos\/wp-admin\/\">votre tableau de bord<\/a> pour supprimer cette page et cr\u00e9er de nouvelles pages pour votre contenu. Amusez-vous bien&nbsp;!<\/p>\n<!-- \/wp:paragraph -->","_et_gb_content_width":"1080","footnotes":""},"class_list":["post-2364","page","type-page","status-publish","hentry"],"yoast_head":"<!-- This site is optimized with the Yoast SEO plugin v27.5 - https:\/\/yoast.com\/product\/yoast-seo-wordpress\/ -->\n<title>Accueil de loisirs intercommunal &quot;Les Marmousets&quot; \u00e0 Saint-Genix-les-Villages<\/title>\n<meta name=\"description\" content=\"Accueil de loisirs intercommunal &quot;Les Marmousets&quot; \u00e0 Saint-Genix-les-Villages | CCVG | Enfance jeunesse, p\u00e9riscolaire, transports scolaires\" \/>\n<meta name=\"robots\" content=\"index, follow, max-snippet:-1, max-image-preview:large, max-video-preview:-1\" \/>\n<link rel=\"canonical\" href=\"https:\/\/www.ccvalguiers.fr\/infos\/vos-services\/enfance-jeunesse\/de-3-a-11-ans\/accueil-de-loisirs-intercommunal-les-marmousets-a-saint-genix-les-villages\/\" \/>\n<meta property=\"og:locale\" content=\"fr_FR\" \/>\n<meta property=\"og:type\" content=\"article\" \/>\n<meta property=\"og:title\" content=\"Accueil de loisirs intercommunal &quot;Les Marmousets&quot; \u00e0 Saint-Genix-les-Villages\" \/>\n<meta property=\"og:description\" content=\"Accueil de loisirs intercommunal &quot;Les Marmousets&quot; \u00e0 Saint-Genix-les-Villages | CCVG | Enfance jeunesse, p\u00e9riscolaire, transports scolaires\" \/>\n<meta property=\"og:url\" content=\"https:\/\/www.ccvalguiers.fr\/infos\/vos-services\/enfance-jeunesse\/de-3-a-11-ans\/accueil-de-loisirs-intercommunal-les-marmousets-a-saint-genix-les-villages\/\" \/>\n<meta property=\"og:site_name\" content=\"Communaut\u00e9 de Communes Val Guiers\" \/>\n<meta property=\"article:modified_time\" content=\"2026-04-16T11:32:33+00:00\" \/>\n<meta property=\"og:image\" content=\"https:\/\/www.ccvalguiers.fr\/infos\/wp-content\/uploads\/2022\/09\/puce-localisation.png\" \/>\n<meta name=\"twitter:card\" content=\"summary_large_image\" \/>\n<meta name=\"twitter:label1\" content=\"Dur\u00e9e de lecture estim\u00e9e\" \/>\n\t<meta name=\"twitter:data1\" content=\"2 minutes\" \/>\n<script type=\"application\/ld+json\" class=\"yoast-schema-graph\">{\"@context\":\"https:\\\/\\\/schema.org\",\"@graph\":[{\"@type\":\"WebPage\",\"@id\":\"https:\\\/\\\/www.ccvalguiers.fr\\\/infos\\\/vos-services\\\/enfance-jeunesse\\\/de-3-a-11-ans\\\/accueil-de-loisirs-intercommunal-les-marmousets-a-saint-genix-les-villages\\\/\",\"url\":\"https:\\\/\\\/www.ccvalguiers.fr\\\/infos\\\/vos-services\\\/enfance-jeunesse\\\/de-3-a-11-ans\\\/accueil-de-loisirs-intercommunal-les-marmousets-a-saint-genix-les-villages\\\/\",\"name\":\"Accueil de loisirs intercommunal \\\"Les Marmousets\\\" \u00e0 Saint-Genix-les-Villages\",\"isPartOf\":{\"@id\":\"https:\\\/\\\/www.ccvalguiers.fr\\\/infos\\\/#website\"},\"primaryImageOfPage\":{\"@id\":\"https:\\\/\\\/www.ccvalguiers.fr\\\/infos\\\/vos-services\\\/enfance-jeunesse\\\/de-3-a-11-ans\\\/accueil-de-loisirs-intercommunal-les-marmousets-a-saint-genix-les-villages\\\/#primaryimage\"},\"image\":{\"@id\":\"https:\\\/\\\/www.ccvalguiers.fr\\\/infos\\\/vos-services\\\/enfance-jeunesse\\\/de-3-a-11-ans\\\/accueil-de-loisirs-intercommunal-les-marmousets-a-saint-genix-les-villages\\\/#primaryimage\"},\"thumbnailUrl\":\"https:\\\/\\\/www.ccvalguiers.fr\\\/infos\\\/wp-content\\\/uploads\\\/2022\\\/09\\\/puce-localisation.png\",\"datePublished\":\"2022-10-24T10:00:07+00:00\",\"dateModified\":\"2026-04-16T11:32:33+00:00\",\"description\":\"Accueil de loisirs intercommunal \\\"Les Marmousets\\\" \u00e0 Saint-Genix-les-Villages | CCVG | Enfance jeunesse, p\u00e9riscolaire, transports scolaires\",\"breadcrumb\":{\"@id\":\"https:\\\/\\\/www.ccvalguiers.fr\\\/infos\\\/vos-services\\\/enfance-jeunesse\\\/de-3-a-11-ans\\\/accueil-de-loisirs-intercommunal-les-marmousets-a-saint-genix-les-villages\\\/#breadcrumb\"},\"inLanguage\":\"fr-FR\",\"potentialAction\":[{\"@type\":\"ReadAction\",\"target\":[\"https:\\\/\\\/www.ccvalguiers.fr\\\/infos\\\/vos-services\\\/enfance-jeunesse\\\/de-3-a-11-ans\\\/accueil-de-loisirs-intercommunal-les-marmousets-a-saint-genix-les-villages\\\/\"]}]},{\"@type\":\"ImageObject\",\"inLanguage\":\"fr-FR\",\"@id\":\"https:\\\/\\\/www.ccvalguiers.fr\\\/infos\\\/vos-services\\\/enfance-jeunesse\\\/de-3-a-11-ans\\\/accueil-de-loisirs-intercommunal-les-marmousets-a-saint-genix-les-villages\\\/#primaryimage\",\"url\":\"https:\\\/\\\/www.ccvalguiers.fr\\\/infos\\\/wp-content\\\/uploads\\\/2022\\\/09\\\/puce-localisation.png\",\"contentUrl\":\"https:\\\/\\\/www.ccvalguiers.fr\\\/infos\\\/wp-content\\\/uploads\\\/2022\\\/09\\\/puce-localisation.png\",\"width\":32,\"height\":40,\"caption\":\"puce-localisation\"},{\"@type\":\"BreadcrumbList\",\"@id\":\"https:\\\/\\\/www.ccvalguiers.fr\\\/infos\\\/vos-services\\\/enfance-jeunesse\\\/de-3-a-11-ans\\\/accueil-de-loisirs-intercommunal-les-marmousets-a-saint-genix-les-villages\\\/#breadcrumb\",\"itemListElement\":[{\"@type\":\"ListItem\",\"position\":1,\"name\":\"Accueil\",\"item\":\"https:\\\/\\\/www.ccvalguiers.fr\\\/infos\\\/\"},{\"@type\":\"ListItem\",\"position\":2,\"name\":\"Vos services\",\"item\":\"https:\\\/\\\/www.ccvalguiers.fr\\\/infos\\\/vos-services\\\/\"},{\"@type\":\"ListItem\",\"position\":3,\"name\":\"Enfance jeunesse\",\"item\":\"https:\\\/\\\/www.ccvalguiers.fr\\\/infos\\\/vos-services\\\/enfance-jeunesse\\\/\"},{\"@type\":\"ListItem\",\"position\":4,\"name\":\"De 3 \u00e0 11 ans\",\"item\":\"https:\\\/\\\/www.ccvalguiers.fr\\\/infos\\\/vos-services\\\/enfance-jeunesse\\\/de-3-a-11-ans\\\/\"},{\"@type\":\"ListItem\",\"position\":5,\"name\":\"Accueil de loisirs intercommunal \u00ab\u00a0Les Marmousets\u00a0\u00bb \u00e0 Saint-Genix-les-Villages\"}]},{\"@type\":\"WebSite\",\"@id\":\"https:\\\/\\\/www.ccvalguiers.fr\\\/infos\\\/#website\",\"url\":\"https:\\\/\\\/www.ccvalguiers.fr\\\/infos\\\/\",\"name\":\"Communaut\u00e9 de Communes Val Guiers\",\"description\":\"CCVG - Territoire de Val Guiers, de Pont-de-Beauvoisin \u00e0 Saint-Genix-les-Villages - 11 communes situ\u00e9es dans l&#039;Avant-Pays Savoyard\",\"publisher\":{\"@id\":\"https:\\\/\\\/www.ccvalguiers.fr\\\/infos\\\/#organization\"},\"alternateName\":\"CCVG\",\"potentialAction\":[{\"@type\":\"SearchAction\",\"target\":{\"@type\":\"EntryPoint\",\"urlTemplate\":\"https:\\\/\\\/www.ccvalguiers.fr\\\/infos\\\/?s={search_term_string}\"},\"query-input\":{\"@type\":\"PropertyValueSpecification\",\"valueRequired\":true,\"valueName\":\"search_term_string\"}}],\"inLanguage\":\"fr-FR\"},{\"@type\":\"Organization\",\"@id\":\"https:\\\/\\\/www.ccvalguiers.fr\\\/infos\\\/#organization\",\"name\":\"Communaut\u00e9 de Communes Val Guiers\",\"alternateName\":\"CCVG\",\"url\":\"https:\\\/\\\/www.ccvalguiers.fr\\\/infos\\\/\",\"logo\":{\"@type\":\"ImageObject\",\"inLanguage\":\"fr-FR\",\"@id\":\"https:\\\/\\\/www.ccvalguiers.fr\\\/infos\\\/#\\\/schema\\\/logo\\\/image\\\/\",\"url\":\"https:\\\/\\\/www.ccvalguiers.fr\\\/infos\\\/wp-content\\\/uploads\\\/2022\\\/07\\\/CC-Val-Guiers-logo-transp.png\",\"contentUrl\":\"https:\\\/\\\/www.ccvalguiers.fr\\\/infos\\\/wp-content\\\/uploads\\\/2022\\\/07\\\/CC-Val-Guiers-logo-transp.png\",\"width\":600,\"height\":602,\"caption\":\"Communaut\u00e9 de Communes Val Guiers\"},\"image\":{\"@id\":\"https:\\\/\\\/www.ccvalguiers.fr\\\/infos\\\/#\\\/schema\\\/logo\\\/image\\\/\"}}]}<\/script>\n<!-- \/ Yoast SEO plugin. -->","yoast_head_json":{"title":"Accueil de loisirs intercommunal \"Les Marmousets\" \u00e0 Saint-Genix-les-Villages","description":"Accueil de loisirs intercommunal \"Les Marmousets\" \u00e0 Saint-Genix-les-Villages | CCVG | Enfance jeunesse, p\u00e9riscolaire, transports scolaires","robots":{"index":"index","follow":"follow","max-snippet":"max-snippet:-1","max-image-preview":"max-image-preview:large","max-video-preview":"max-video-preview:-1"},"canonical":"https:\/\/www.ccvalguiers.fr\/infos\/vos-services\/enfance-jeunesse\/de-3-a-11-ans\/accueil-de-loisirs-intercommunal-les-marmousets-a-saint-genix-les-villages\/","og_locale":"fr_FR","og_type":"article","og_title":"Accueil de loisirs intercommunal \"Les Marmousets\" \u00e0 Saint-Genix-les-Villages","og_description":"Accueil de loisirs intercommunal \"Les Marmousets\" \u00e0 Saint-Genix-les-Villages | CCVG | Enfance jeunesse, p\u00e9riscolaire, transports scolaires","og_url":"https:\/\/www.ccvalguiers.fr\/infos\/vos-services\/enfance-jeunesse\/de-3-a-11-ans\/accueil-de-loisirs-intercommunal-les-marmousets-a-saint-genix-les-villages\/","og_site_name":"Communaut\u00e9 de Communes Val Guiers","article_modified_time":"2026-04-16T11:32:33+00:00","og_image":[{"url":"https:\/\/www.ccvalguiers.fr\/infos\/wp-content\/uploads\/2022\/09\/puce-localisation.png","type":"","width":"","height":""}],"twitter_card":"summary_large_image","twitter_misc":{"Dur\u00e9e de lecture estim\u00e9e":"2 minutes"},"schema":{"@context":"https:\/\/schema.org","@graph":[{"@type":"WebPage","@id":"https:\/\/www.ccvalguiers.fr\/infos\/vos-services\/enfance-jeunesse\/de-3-a-11-ans\/accueil-de-loisirs-intercommunal-les-marmousets-a-saint-genix-les-villages\/","url":"https:\/\/www.ccvalguiers.fr\/infos\/vos-services\/enfance-jeunesse\/de-3-a-11-ans\/accueil-de-loisirs-intercommunal-les-marmousets-a-saint-genix-les-villages\/","name":"Accueil de loisirs intercommunal \"Les Marmousets\" \u00e0 Saint-Genix-les-Villages","isPartOf":{"@id":"https:\/\/www.ccvalguiers.fr\/infos\/#website"},"primaryImageOfPage":{"@id":"https:\/\/www.ccvalguiers.fr\/infos\/vos-services\/enfance-jeunesse\/de-3-a-11-ans\/accueil-de-loisirs-intercommunal-les-marmousets-a-saint-genix-les-villages\/#primaryimage"},"image":{"@id":"https:\/\/www.ccvalguiers.fr\/infos\/vos-services\/enfance-jeunesse\/de-3-a-11-ans\/accueil-de-loisirs-intercommunal-les-marmousets-a-saint-genix-les-villages\/#primaryimage"},"thumbnailUrl":"https:\/\/www.ccvalguiers.fr\/infos\/wp-content\/uploads\/2022\/09\/puce-localisation.png","datePublished":"2022-10-24T10:00:07+00:00","dateModified":"2026-04-16T11:32:33+00:00","description":"Accueil de loisirs intercommunal \"Les Marmousets\" \u00e0 Saint-Genix-les-Villages | CCVG | Enfance jeunesse, p\u00e9riscolaire, transports scolaires","breadcrumb":{"@id":"https:\/\/www.ccvalguiers.fr\/infos\/vos-services\/enfance-jeunesse\/de-3-a-11-ans\/accueil-de-loisirs-intercommunal-les-marmousets-a-saint-genix-les-villages\/#breadcrumb"},"inLanguage":"fr-FR","potentialAction":[{"@type":"ReadAction","target":["https:\/\/www.ccvalguiers.fr\/infos\/vos-services\/enfance-jeunesse\/de-3-a-11-ans\/accueil-de-loisirs-intercommunal-les-marmousets-a-saint-genix-les-villages\/"]}]},{"@type":"ImageObject","inLanguage":"fr-FR","@id":"https:\/\/www.ccvalguiers.fr\/infos\/vos-services\/enfance-jeunesse\/de-3-a-11-ans\/accueil-de-loisirs-intercommunal-les-marmousets-a-saint-genix-les-villages\/#primaryimage","url":"https:\/\/www.ccvalguiers.fr\/infos\/wp-content\/uploads\/2022\/09\/puce-localisation.png","contentUrl":"https:\/\/www.ccvalguiers.fr\/infos\/wp-content\/uploads\/2022\/09\/puce-localisation.png","width":32,"height":40,"caption":"puce-localisation"},{"@type":"BreadcrumbList","@id":"https:\/\/www.ccvalguiers.fr\/infos\/vos-services\/enfance-jeunesse\/de-3-a-11-ans\/accueil-de-loisirs-intercommunal-les-marmousets-a-saint-genix-les-villages\/#breadcrumb","itemListElement":[{"@type":"ListItem","position":1,"name":"Accueil","item":"https:\/\/www.ccvalguiers.fr\/infos\/"},{"@type":"ListItem","position":2,"name":"Vos services","item":"https:\/\/www.ccvalguiers.fr\/infos\/vos-services\/"},{"@type":"ListItem","position":3,"name":"Enfance jeunesse","item":"https:\/\/www.ccvalguiers.fr\/infos\/vos-services\/enfance-jeunesse\/"},{"@type":"ListItem","position":4,"name":"De 3 \u00e0 11 ans","item":"https:\/\/www.ccvalguiers.fr\/infos\/vos-services\/enfance-jeunesse\/de-3-a-11-ans\/"},{"@type":"ListItem","position":5,"name":"Accueil de loisirs intercommunal \u00ab\u00a0Les Marmousets\u00a0\u00bb \u00e0 Saint-Genix-les-Villages"}]},{"@type":"WebSite","@id":"https:\/\/www.ccvalguiers.fr\/infos\/#website","url":"https:\/\/www.ccvalguiers.fr\/infos\/","name":"Communaut\u00e9 de Communes Val Guiers","description":"CCVG - Territoire de Val Guiers, de Pont-de-Beauvoisin \u00e0 Saint-Genix-les-Villages - 11 communes situ\u00e9es dans l&#039;Avant-Pays Savoyard","publisher":{"@id":"https:\/\/www.ccvalguiers.fr\/infos\/#organization"},"alternateName":"CCVG","potentialAction":[{"@type":"SearchAction","target":{"@type":"EntryPoint","urlTemplate":"https:\/\/www.ccvalguiers.fr\/infos\/?s={search_term_string}"},"query-input":{"@type":"PropertyValueSpecification","valueRequired":true,"valueName":"search_term_string"}}],"inLanguage":"fr-FR"},{"@type":"Organization","@id":"https:\/\/www.ccvalguiers.fr\/infos\/#organization","name":"Communaut\u00e9 de Communes Val Guiers","alternateName":"CCVG","url":"https:\/\/www.ccvalguiers.fr\/infos\/","logo":{"@type":"ImageObject","inLanguage":"fr-FR","@id":"https:\/\/www.ccvalguiers.fr\/infos\/#\/schema\/logo\/image\/","url":"https:\/\/www.ccvalguiers.fr\/infos\/wp-content\/uploads\/2022\/07\/CC-Val-Guiers-logo-transp.png","contentUrl":"https:\/\/www.ccvalguiers.fr\/infos\/wp-content\/uploads\/2022\/07\/CC-Val-Guiers-logo-transp.png","width":600,"height":602,"caption":"Communaut\u00e9 de Communes Val Guiers"},"image":{"@id":"https:\/\/www.ccvalguiers.fr\/infos\/#\/schema\/logo\/image\/"}}]}},"publishpress_future_action":{"enabled":false,"date":"2026-05-07 17:16:17","action":"change-status","newStatus":"draft","terms":[],"taxonomy":"","extraData":[]},"publishpress_future_workflow_manual_trigger":{"enabledWorkflows":[]},"_links":{"self":[{"href":"https:\/\/www.ccvalguiers.fr\/infos\/wp-json\/wp\/v2\/pages\/2364","targetHints":{"allow":["GET"]}}],"collection":[{"href":"https:\/\/www.ccvalguiers.fr\/infos\/wp-json\/wp\/v2\/pages"}],"about":[{"href":"https:\/\/www.ccvalguiers.fr\/infos\/wp-json\/wp\/v2\/types\/page"}],"author":[{"embeddable":true,"href":"https:\/\/www.ccvalguiers.fr\/infos\/wp-json\/wp\/v2\/users\/1"}],"replies":[{"embeddable":true,"href":"https:\/\/www.ccvalguiers.fr\/infos\/wp-json\/wp\/v2\/comments?post=2364"}],"version-history":[{"count":60,"href":"https:\/\/www.ccvalguiers.fr\/infos\/wp-json\/wp\/v2\/pages\/2364\/revisions"}],"predecessor-version":[{"id":7888,"href":"https:\/\/www.ccvalguiers.fr\/infos\/wp-json\/wp\/v2\/pages\/2364\/revisions\/7888"}],"up":[{"embeddable":true,"href":"https:\/\/www.ccvalguiers.fr\/infos\/wp-json\/wp\/v2\/pages\/1325"}],"wp:attachment":[{"href":"https:\/\/www.ccvalguiers.fr\/infos\/wp-json\/wp\/v2\/media?parent=2364"}],"curies":[{"name":"wp","href":"https:\/\/api.w.org\/{rel}","templated":true}]}}