{"id":536,"date":"2022-08-09T09:47:53","date_gmt":"2022-08-09T07:47:53","guid":{"rendered":"https:\/\/www.ccvalguiers.fr\/infos\/?page_id=536"},"modified":"2026-04-16T17:03:24","modified_gmt":"2026-04-16T15:03:24","slug":"accueil-2-2","status":"publish","type":"page","link":"https:\/\/www.ccvalguiers.fr\/infos\/","title":{"rendered":"Accueil"},"content":{"rendered":"<p>[et_pb_section fb_built=\u00a0\u00bb1&Prime; admin_label=\u00a0\u00bbEn-t\u00eate accueil\u00a0\u00bb _builder_version=\u00a0\u00bb4.17.6&Prime; _module_preset=\u00a0\u00bbdefault\u00a0\u00bb z_index=\u00a0\u00bb99980&Prime; custom_margin=\u00a0\u00bb0px||0px||false|false\u00a0\u00bb custom_padding=\u00a0\u00bb0px||0px||false|false\u00a0\u00bb global_colors_info=\u00a0\u00bb{}\u00a0\u00bb][et_pb_row column_structure=\u00a0\u00bb1_4,3_4&Prime; use_custom_gutter=\u00a0\u00bbon\u00a0\u00bb gutter_width=\u00a0\u00bb1&Prime; make_equal=\u00a0\u00bbon\u00a0\u00bb admin_label=\u00a0\u00bbColonnes\u00a0\u00bb _builder_version=\u00a0\u00bb4.27.4&Prime; _module_preset=\u00a0\u00bbdefault\u00a0\u00bb width=\u00a0\u00bb100%\u00a0\u00bb max_width=\u00a0\u00bb100%\u00a0\u00bb custom_margin=\u00a0\u00bb0px||0px||false|false\u00a0\u00bb custom_padding=\u00a0\u00bb0px||0px||false|false\u00a0\u00bb global_colors_info=\u00a0\u00bb{}\u00a0\u00bb][et_pb_column type=\u00a0\u00bb1_4&Prime; _builder_version=\u00a0\u00bb4.27.4&Prime; _module_preset=\u00a0\u00bbdefault\u00a0\u00bb background_color=\u00a0\u00bb#0C424A\u00a0\u00bb global_colors_info=\u00a0\u00bb{}\u00a0\u00bb][et_pb_image src=\u00a0\u00bbhttps:\/\/www.ccvalguiers.fr\/infos\/wp-content\/uploads\/2022\/08\/Logo-CCVG-Val-Guiers-RVB-neg.png\u00a0\u00bb alt=\u00a0\u00bbLogo Communaut\u00e9 de Communes Val Guiers &#8211; Cliquez pour revenir \u00e0 l&rsquo;accueil\u00a0\u00bb title_text=\u00a0\u00bbCliquez pour revenir \u00e0 l&rsquo;accueil\u00a0\u00bb url=\u00a0\u00bbhttps:\/\/www.ccvalguiers.fr\/infos\/\u00a0\u00bb align=\u00a0\u00bbcenter\u00a0\u00bb _builder_version=\u00a0\u00bb4.17.6&Prime; _module_preset=\u00a0\u00bbdefault\u00a0\u00bb width=\u00a0\u00bb57%\u00a0\u00bb width_tablet=\u00a0\u00bb43%\u00a0\u00bb width_phone=\u00a0\u00bb48%\u00a0\u00bb width_last_edited=\u00a0\u00bbon|phone\u00a0\u00bb custom_padding=\u00a0\u00bb205px||254px||false|false\u00a0\u00bb custom_padding_tablet=\u00a0\u00bb2px||20px||false|false\u00a0\u00bb custom_padding_phone=\u00a0\u00bb2px||20px||false|false\u00a0\u00bb custom_padding_last_edited=\u00a0\u00bbon|tablet\u00a0\u00bb global_colors_info=\u00a0\u00bb{}\u00a0\u00bb min_height=\u00a0\u00bb175.6px\u00a0\u00bb][\/et_pb_image][\/et_pb_column][et_pb_column type=\u00a0\u00bb3_4&Prime; _builder_version=\u00a0\u00bb4.27.4&Prime; _module_preset=\u00a0\u00bbdefault\u00a0\u00bb background_image=\u00a0\u00bbhttps:\/\/www.ccvalguiers.fr\/infos\/wp-content\/uploads\/2023\/03\/Communaute-de-communes-Val-Guiers-Savoie-Meandres-du-Guiers.jpg\u00a0\u00bb background_enable_video_mp4=\u00a0\u00bboff\u00a0\u00bb background_video_width=\u00a0\u00bb200&Prime; background_video_height=\u00a0\u00bb500&Prime; custom_padding=\u00a0\u00bb||||false|false\u00a0\u00bb custom_padding_tablet=\u00a0\u00bb150px||150px||false|false\u00a0\u00bb custom_padding_phone=\u00a0\u00bb100px||||false|false\u00a0\u00bb custom_padding_last_edited=\u00a0\u00bbon|phone\u00a0\u00bb global_colors_info=\u00a0\u00bb{}\u00a0\u00bb][et_pb_code disabled_on=\u00a0\u00bbon|on|off\u00a0\u00bb _builder_version=\u00a0\u00bb4.21.0&Prime; _module_preset=\u00a0\u00bbdefault\u00a0\u00bb custom_margin=\u00a0\u00bb0px||0px||false|false\u00a0\u00bb custom_padding=\u00a0\u00bb0px||0px||false|false\u00a0\u00bb sticky_position=\u00a0\u00bbtop\u00a0\u00bb global_module=\u00a0\u00bb2559&Prime; saved_tabs=\u00a0\u00bball\u00a0\u00bb global_colors_info=\u00a0\u00bb{}\u00a0\u00bb]<div id=\"mega-menu-wrap-primary-menu\" class=\"mega-menu-wrap\"><div class=\"mega-menu-toggle\"><div class=\"mega-toggle-blocks-left\"><\/div><div class=\"mega-toggle-blocks-center\"><\/div><div class=\"mega-toggle-blocks-right\"><div class='mega-toggle-block mega-menu-toggle-animated-block mega-toggle-block-0' id='mega-toggle-block-0'><button aria-controls=\"mega-menu-primary-menu\" aria-expanded=\"false\" aria-haspopup=\"true\" aria-label=\"Toggle Menu\" class=\"mega-toggle-animated mega-toggle-animated-slider\" type=\"button\">\n                  <span class=\"mega-toggle-animated-box\">\n                    <span class=\"mega-toggle-animated-inner\"><\/span>\n                  <\/span>\n                <\/button><\/div><\/div><\/div><ul id=\"mega-menu-primary-menu\" class=\"mega-menu max-mega-menu mega-menu-horizontal mega-no-js\" data-event=\"hover\" data-effect=\"fade_up\" data-effect-speed=\"200\" data-effect-mobile=\"disabled\" data-effect-speed-mobile=\"0\" data-mobile-force-width=\"false\" data-second-click=\"go\" data-document-click=\"collapse\" data-vertical-behaviour=\"accordion\" data-breakpoint=\"1024\" data-unbind=\"true\" data-mobile-state=\"collapse_all\" data-mobile-direction=\"vertical\"><li class=\"mega-menu-item mega-menu-item-type-custom mega-menu-item-object-custom mega-menu-item-has-children mega-menu-megamenu mega-menu-grid mega-align-bottom-left mega-menu-grid mega-menu-item-415 menu-item\" id=\"mega-menu-item-415\"><a class=\"mega-menu-link\" href=\"https:\/\/www.ccvalguiers.fr\/infos\/la-communaute-de-communes\/\" aria-expanded=\"false\" aria-controls=\"mega-sub-menu-415\">La Communaut\u00e9 de Communes<span class=\"mega-indicator\" aria-hidden=\"true\"><\/span><\/a>\n<ul class=\"mega-sub-menu\" role='presentation' id='mega-sub-menu-415'>\n<li class=\"mega-menu-row menu-item\" id=\"mega-menu-415-0\">\n\t<ul class=\"mega-sub-menu\" style='--columns:3' role='presentation'>\n<li class=\"mega-menu-column mega-menu-columns-1-of-3 menu-item\" style=\"--columns:3; --span:1\" id=\"mega-menu-415-0-0\">\n\t\t<ul class=\"mega-sub-menu\">\n<li class=\"mega-menu-item mega-menu-item-type-post_type mega-menu-item-object-page mega-menu-item-755 menu-item\" id=\"mega-menu-item-755\"><a class=\"mega-menu-link\" href=\"https:\/\/www.ccvalguiers.fr\/infos\/la-communaute-de-communes\/qui-sommes-nous\/\"><img decoding=\"async\" src=\"https:\/\/www.ccvalguiers.fr\/infos\/wp-content\/uploads\/2023\/07\/puce-rouge-menu.png\"\/> Qui sommes-nous ?<\/a><\/li><li class=\"mega-menu-item mega-menu-item-type-post_type mega-menu-item-object-page mega-menu-item-787 menu-item\" id=\"mega-menu-item-787\"><a class=\"mega-menu-link\" href=\"https:\/\/www.ccvalguiers.fr\/infos\/la-communaute-de-communes\/les-communes\/\"><img decoding=\"async\" src=\"https:\/\/www.ccvalguiers.fr\/infos\/wp-content\/uploads\/2023\/07\/puce-rouge-menu.png\"\/> Les communes<\/a><\/li><li class=\"mega-menu-item mega-menu-item-type-post_type mega-menu-item-object-page mega-menu-item-1002 menu-item\" id=\"mega-menu-item-1002\"><a class=\"mega-menu-link\" href=\"https:\/\/www.ccvalguiers.fr\/infos\/la-communaute-de-communes\/instances-et-elus\/\"><img decoding=\"async\" src=\"https:\/\/www.ccvalguiers.fr\/infos\/wp-content\/uploads\/2023\/07\/puce-rouge-menu.png\"\/> Instances et \u00e9lus<\/a><\/li><li class=\"mega-menu-item mega-menu-item-type-post_type mega-menu-item-object-page mega-menu-item-3108 menu-item\" id=\"mega-menu-item-3108\"><a class=\"mega-menu-link\" href=\"https:\/\/www.ccvalguiers.fr\/infos\/la-communaute-de-communes\/deliberations-du-conseil-communautaire\/\"><img decoding=\"async\" src=\"https:\/\/www.ccvalguiers.fr\/infos\/wp-content\/uploads\/2023\/07\/puce-rouge-menu.png\"\/> D\u00e9lib\u00e9rations du Conseil communautaire<\/a><\/li>\t\t<\/ul>\n<\/li><li class=\"mega-menu-column mega-menu-columns-1-of-3 menu-item\" style=\"--columns:3; --span:1\" id=\"mega-menu-415-0-1\">\n\t\t<ul class=\"mega-sub-menu\">\n<li class=\"mega-menu-item mega-menu-item-type-post_type mega-menu-item-object-page mega-menu-item-3416 menu-item\" id=\"mega-menu-item-3416\"><a class=\"mega-menu-link\" href=\"https:\/\/www.ccvalguiers.fr\/infos\/la-communaute-de-communes\/centre-intercommunal-daction-sociale-cias\/\"><img decoding=\"async\" src=\"https:\/\/www.ccvalguiers.fr\/infos\/wp-content\/uploads\/2023\/07\/puce-rouge-menu.png\"\/> Centre Intercommunal d\u2019Action Sociale (CIAS)<\/a><\/li><li class=\"mega-menu-item mega-menu-item-type-post_type mega-menu-item-object-page mega-menu-item-1055 menu-item\" id=\"mega-menu-item-1055\"><a class=\"mega-menu-link\" href=\"https:\/\/www.ccvalguiers.fr\/infos\/la-communaute-de-communes\/notre-organisation\/\"><img decoding=\"async\" src=\"https:\/\/www.ccvalguiers.fr\/infos\/wp-content\/uploads\/2023\/07\/puce-rouge-menu.png\"\/> L\u2019organigramme des services<\/a><\/li><li class=\"mega-menu-item mega-menu-item-type-post_type mega-menu-item-object-page mega-menu-item-1090 menu-item\" id=\"mega-menu-item-1090\"><a class=\"mega-menu-link\" href=\"https:\/\/www.ccvalguiers.fr\/infos\/la-communaute-de-communes\/les-grands-projets\/\"><img decoding=\"async\" src=\"https:\/\/www.ccvalguiers.fr\/infos\/wp-content\/uploads\/2023\/07\/puce-rouge-menu.png\"\/> Les grands projets<\/a><\/li><li class=\"mega-menu-item mega-menu-item-type-post_type mega-menu-item-object-page mega-menu-item-1100 menu-item\" id=\"mega-menu-item-1100\"><a class=\"mega-menu-link\" href=\"https:\/\/www.ccvalguiers.fr\/infos\/la-communaute-de-communes\/actualites\/\"><img decoding=\"async\" src=\"https:\/\/www.ccvalguiers.fr\/infos\/wp-content\/uploads\/2023\/07\/puce-rouge-menu.png\"\/> Actualit\u00e9s<\/a><\/li>\t\t<\/ul>\n<\/li><li class=\"mega-menu-column mega-menu-columns-1-of-3 menu-item\" style=\"--columns:3; --span:1\" id=\"mega-menu-415-0-2\">\n\t\t<ul class=\"mega-sub-menu\">\n<li class=\"mega-menu-item mega-menu-item-type-post_type mega-menu-item-object-page mega-menu-item-2195 menu-item\" id=\"mega-menu-item-2195\"><a class=\"mega-menu-link\" href=\"https:\/\/www.ccvalguiers.fr\/infos\/la-communaute-de-communes\/cooperations-europeennes\/\"><img decoding=\"async\" src=\"https:\/\/www.ccvalguiers.fr\/infos\/wp-content\/uploads\/2023\/07\/puce-rouge-menu.png\"\/> Coop\u00e9rations europ\u00e9ennes<\/a><\/li><li class=\"mega-menu-item mega-menu-item-type-post_type mega-menu-item-object-page mega-menu-item-1119 menu-item\" id=\"mega-menu-item-1119\"><a class=\"mega-menu-link\" href=\"https:\/\/www.ccvalguiers.fr\/infos\/la-communaute-de-communes\/marches-publics\/\"><img decoding=\"async\" src=\"https:\/\/www.ccvalguiers.fr\/infos\/wp-content\/uploads\/2023\/07\/puce-rouge-menu.png\"\/> March\u00e9s publics<\/a><\/li><li class=\"mega-menu-item mega-menu-item-type-post_type mega-menu-item-object-page mega-menu-item-1118 menu-item\" id=\"mega-menu-item-1118\"><a class=\"mega-menu-link\" href=\"https:\/\/www.ccvalguiers.fr\/infos\/la-communaute-de-communes\/offres-demploi\/\"><img decoding=\"async\" src=\"https:\/\/www.ccvalguiers.fr\/infos\/wp-content\/uploads\/2023\/07\/puce-rouge-menu.png\"\/> Offres d\u2019emploi<\/a><\/li>\t\t<\/ul>\n<\/li>\t<\/ul>\n<\/li><\/ul>\n<\/li><li class=\"mega-menu-item mega-menu-item-type-custom mega-menu-item-object-custom mega-menu-item-has-children mega-menu-megamenu mega-menu-grid mega-align-bottom-left mega-menu-grid mega-menu-item-404 menu-item\" id=\"mega-menu-item-404\"><a class=\"mega-menu-link\" href=\"https:\/\/www.ccvalguiers.fr\/infos\/vos-services\/\" aria-expanded=\"false\" aria-controls=\"mega-sub-menu-404\">Vos services<span class=\"mega-indicator\" aria-hidden=\"true\"><\/span><\/a>\n<ul class=\"mega-sub-menu\" role='presentation' id='mega-sub-menu-404'>\n<li class=\"mega-menu-row menu-item\" id=\"mega-menu-404-0\">\n\t<ul class=\"mega-sub-menu\" style='--columns:3' role='presentation'>\n<li class=\"mega-menu-column mega-menu-columns-1-of-3 menu-item\" style=\"--columns:3; --span:1\" id=\"mega-menu-404-0-0\">\n\t\t<ul class=\"mega-sub-menu\">\n<li class=\"mega-menu-item mega-menu-item-type-post_type mega-menu-item-object-page mega-menu-item-1161 menu-item\" id=\"mega-menu-item-1161\"><a class=\"mega-menu-link\" href=\"https:\/\/www.ccvalguiers.fr\/infos\/vos-services\/annuaire-des-services\/\"><img decoding=\"async\" src=\"https:\/\/www.ccvalguiers.fr\/infos\/wp-content\/uploads\/2023\/07\/puce-rouge-menu.png\"\/> Annuaire des services<\/a><\/li><li class=\"mega-menu-item mega-menu-item-type-post_type mega-menu-item-object-page mega-menu-item-1190 menu-item\" id=\"mega-menu-item-1190\"><a class=\"mega-menu-link\" href=\"https:\/\/www.ccvalguiers.fr\/infos\/vos-services\/enfance-jeunesse\/\"><img decoding=\"async\" src=\"https:\/\/www.ccvalguiers.fr\/infos\/wp-content\/uploads\/2023\/07\/puce-rouge-menu.png\"\/> Enfance jeunesse<\/a><\/li>\t\t<\/ul>\n<\/li><li class=\"mega-menu-column mega-menu-columns-1-of-3 menu-item\" style=\"--columns:3; --span:1\" id=\"mega-menu-404-0-1\">\n\t\t<ul class=\"mega-sub-menu\">\n<li class=\"mega-menu-item mega-menu-item-type-post_type mega-menu-item-object-page mega-menu-item-1459 menu-item\" id=\"mega-menu-item-1459\"><a class=\"mega-menu-link\" href=\"https:\/\/www.ccvalguiers.fr\/infos\/vos-services\/demarches-administratives-et-outils-numeriques\/\"><img decoding=\"async\" src=\"https:\/\/www.ccvalguiers.fr\/infos\/wp-content\/uploads\/2023\/07\/puce-rouge-menu.png\"\/> D\u00e9marches administratives et outils num\u00e9riques<\/a><\/li><li class=\"mega-menu-item mega-menu-item-type-post_type mega-menu-item-object-page mega-menu-item-1501 menu-item\" id=\"mega-menu-item-1501\"><a class=\"mega-menu-link\" href=\"https:\/\/www.ccvalguiers.fr\/infos\/vos-services\/culture\/\"><img decoding=\"async\" src=\"https:\/\/www.ccvalguiers.fr\/infos\/wp-content\/uploads\/2023\/07\/puce-rouge-menu.png\"\/> Culture<\/a><\/li>\t\t<\/ul>\n<\/li><li class=\"mega-menu-column mega-menu-columns-1-of-3 menu-item\" style=\"--columns:3; --span:1\" id=\"mega-menu-404-0-2\">\n\t\t<ul class=\"mega-sub-menu\">\n<li class=\"mega-menu-item mega-menu-item-type-post_type mega-menu-item-object-page mega-menu-item-1542 menu-item\" id=\"mega-menu-item-1542\"><a class=\"mega-menu-link\" href=\"https:\/\/www.ccvalguiers.fr\/infos\/vos-services\/dechets-eau-et-assainissement\/\"><img decoding=\"async\" src=\"https:\/\/www.ccvalguiers.fr\/infos\/wp-content\/uploads\/2023\/07\/puce-rouge-menu.png\"\/> D\u00e9chets, eau et assainissement<\/a><\/li><li class=\"mega-menu-item mega-menu-item-type-custom mega-menu-item-object-custom mega-menu-item-413 menu-item\" id=\"mega-menu-item-413\"><a title=\"Site de l&rsquo;Office du Tourisme\" target=\"_blank\" class=\"mega-menu-link\" href=\"https:\/\/www.tourisme.ccvalguiers.fr\"><img decoding=\"async\" src=\"https:\/\/www.ccvalguiers.fr\/infos\/wp-content\/uploads\/2023\/07\/puce-rouge-menu.png\"\/> Tourisme<\/a><\/li>\t\t<\/ul>\n<\/li>\t<\/ul>\n<\/li><li class=\"mega-menu-row menu-item\" id=\"mega-menu-404-999\">\n\t<ul class=\"mega-sub-menu\" style='--columns:12' role='presentation'>\n<li class=\"mega-menu-column mega-menu-columns-3-of-12 menu-item\" style=\"--columns:12; --span:3\" id=\"mega-menu-404-999-0\">\n\t\t<ul class=\"mega-sub-menu\">\n<li class=\"mega-menu-item mega-menu-item-type-post_type mega-menu-item-object-page mega-menu-item-7876 menu-item\" id=\"mega-menu-item-7876\"><a class=\"mega-menu-link\" href=\"https:\/\/www.ccvalguiers.fr\/infos\/vos-services\/transports-mobilites\/\"><img decoding=\"async\" src=\"https:\/\/www.ccvalguiers.fr\/infos\/wp-content\/uploads\/2023\/07\/puce-rouge-menu.png\"\/> Transports et mobilit\u00e9s<\/a><\/li>\t\t<\/ul>\n<\/li>\t<\/ul>\n<\/li><\/ul>\n<\/li><li class=\"mega-menu-item mega-menu-item-type-custom mega-menu-item-object-custom mega-menu-item-has-children mega-menu-megamenu mega-menu-grid mega-align-bottom-left mega-menu-grid mega-menu-item-414 menu-item\" id=\"mega-menu-item-414\"><a class=\"mega-menu-link\" href=\"https:\/\/www.ccvalguiers.fr\/infos\/entreprendre\/\" aria-expanded=\"false\" aria-controls=\"mega-sub-menu-414\">Entreprendre<span class=\"mega-indicator\" aria-hidden=\"true\"><\/span><\/a>\n<ul class=\"mega-sub-menu\" role='presentation' id='mega-sub-menu-414'>\n<li class=\"mega-menu-row menu-item\" id=\"mega-menu-414-0\">\n\t<ul class=\"mega-sub-menu\" style='--columns:3' role='presentation'>\n<li class=\"mega-menu-column mega-menu-columns-1-of-3 menu-item\" style=\"--columns:3; --span:1\" id=\"mega-menu-414-0-0\">\n\t\t<ul class=\"mega-sub-menu\">\n<li class=\"mega-menu-item mega-menu-item-type-post_type mega-menu-item-object-page mega-menu-item-1612 menu-item\" id=\"mega-menu-item-1612\"><a class=\"mega-menu-link\" href=\"https:\/\/www.ccvalguiers.fr\/infos\/entreprendre\/ou-simplanter-a-val-guiers\/\"><img decoding=\"async\" src=\"https:\/\/www.ccvalguiers.fr\/infos\/wp-content\/uploads\/2023\/07\/puce-rouge-menu.png\"\/> O\u00f9 s\u2019implanter \u00e0 Val Guiers<\/a><\/li>\t\t<\/ul>\n<\/li><li class=\"mega-menu-column mega-menu-columns-1-of-3 menu-item\" style=\"--columns:3; --span:1\" id=\"mega-menu-414-0-1\">\n\t\t<ul class=\"mega-sub-menu\">\n<li class=\"mega-menu-item mega-menu-item-type-post_type mega-menu-item-object-page mega-menu-item-1632 menu-item\" id=\"mega-menu-item-1632\"><a class=\"mega-menu-link\" href=\"https:\/\/www.ccvalguiers.fr\/infos\/entreprendre\/agriculture\/\"><img decoding=\"async\" src=\"https:\/\/www.ccvalguiers.fr\/infos\/wp-content\/uploads\/2023\/07\/puce-rouge-menu.png\"\/> Agriculture<\/a><\/li>\t\t<\/ul>\n<\/li><li class=\"mega-menu-column mega-menu-columns-1-of-3 menu-item\" style=\"--columns:3; --span:1\" id=\"mega-menu-414-0-2\">\n\t\t<ul class=\"mega-sub-menu\">\n<li class=\"mega-menu-item mega-menu-item-type-post_type mega-menu-item-object-page mega-menu-item-has-children mega-menu-item-1669 menu-item\" id=\"mega-menu-item-1669\"><a class=\"mega-menu-link\" href=\"https:\/\/www.ccvalguiers.fr\/infos\/entreprendre\/entrepreneurs-vous-accompagner\/\"><img decoding=\"async\" src=\"https:\/\/www.ccvalguiers.fr\/infos\/wp-content\/uploads\/2023\/07\/puce-rouge-menu.png\"\/> Entrepreneurs & commer\u00e7ants : vous accompagner<span class=\"mega-indicator\" aria-hidden=\"true\"><\/span><\/a>\n\t\t\t<ul class=\"mega-sub-menu\" id='mega-sub-menu-1669'>\n<li class=\"mega-menu-item mega-menu-item-type-post_type mega-menu-item-object-page mega-menu-item-1676 menu-item\" id=\"mega-menu-item-1676\"><a class=\"mega-menu-link\" href=\"https:\/\/www.ccvalguiers.fr\/infos\/entreprendre\/entrepreneurs-vous-accompagner\/creer-ou-reprendre-une-activite\/\"><i class=\"_mi _before dashicons dashicons-arrow-right-alt2\" aria-hidden=\"true\" style=\"font-size:1em;\"><\/i><span>Cr\u00e9er ou reprendre une activit\u00e9<\/span><\/a><\/li><li class=\"mega-menu-item mega-menu-item-type-post_type mega-menu-item-object-page mega-menu-item-1744 menu-item\" id=\"mega-menu-item-1744\"><a class=\"mega-menu-link\" href=\"https:\/\/www.ccvalguiers.fr\/infos\/entreprendre\/entrepreneurs-vous-accompagner\/recruter\/\"><i class=\"_mi _before dashicons dashicons-arrow-right-alt2\" aria-hidden=\"true\" style=\"font-size:1em;\"><\/i><span>Recruter<\/span><\/a><\/li><li class=\"mega-menu-item mega-menu-item-type-post_type mega-menu-item-object-page mega-menu-item-3573 menu-item\" id=\"mega-menu-item-3573\"><a class=\"mega-menu-link\" href=\"https:\/\/www.ccvalguiers.fr\/infos\/entreprendre\/entrepreneurs-vous-accompagner\/developper-son-activite\/\"><i class=\"_mi _before dashicons dashicons-arrow-right-alt2\" aria-hidden=\"true\" style=\"font-size:1em;\"><\/i><span>D\u00e9velopper son activit\u00e9<\/span><\/a><\/li><li class=\"mega-menu-item mega-menu-item-type-post_type mega-menu-item-object-page mega-menu-item-4210 menu-item\" id=\"mega-menu-item-4210\"><a class=\"mega-menu-link\" href=\"https:\/\/www.ccvalguiers.fr\/infos\/entreprendre\/commerces-de-proximite\/\"><i class=\"_mi _before dashicons dashicons-arrow-right-alt2\" aria-hidden=\"true\" style=\"font-size:1em;\"><\/i><span>Commerces de proximit\u00e9<\/span><\/a><\/li>\t\t\t<\/ul>\n<\/li>\t\t<\/ul>\n<\/li>\t<\/ul>\n<\/li><\/ul>\n<\/li><\/ul><\/div>[\/et_pb_code][\/et_pb_column][\/et_pb_row][et_pb_row disabled_on=\u00a0\u00bbon|on|off\u00a0\u00bb _builder_version=\u00a0\u00bb4.17.6&Prime; _module_preset=\u00a0\u00bbdefault\u00a0\u00bb background_color=\u00a0\u00bbRGBA(255,255,255,0)\u00a0\u00bb custom_margin=\u00a0\u00bb-102px||||false|false\u00a0\u00bb custom_padding=\u00a0\u00bb0px||0px||false|false\u00a0\u00bb global_colors_info=\u00a0\u00bb{}\u00a0\u00bb][et_pb_column type=\u00a0\u00bb4_4&Prime; _builder_version=\u00a0\u00bb4.17.6&Prime; _module_preset=\u00a0\u00bbdefault\u00a0\u00bb global_colors_info=\u00a0\u00bb{}\u00a0\u00bb][et_pb_icon font_icon=\u00a0\u00bb&#xe048;||divi||400&Prime; icon_color=\u00a0\u00bb#FFFFFF\u00a0\u00bb icon_width=\u00a0\u00bb51px\u00a0\u00bb url=\u00a0\u00bb#rubriques\u00a0\u00bb _builder_version=\u00a0\u00bb4.17.6&Prime; _module_preset=\u00a0\u00bbdefault\u00a0\u00bb background_color=\u00a0\u00bbRGBA(255,255,255,0)\u00a0\u00bb custom_margin=\u00a0\u00bb40px||||false|false\u00a0\u00bb global_colors_info=\u00a0\u00bb{}\u00a0\u00bb icon_color__hover_enabled=\u00a0\u00bbon|desktop\u00a0\u00bb icon_color__hover=\u00a0\u00bb#67BFBF\u00a0\u00bb][\/et_pb_icon][\/et_pb_column][\/et_pb_row][\/et_pb_section][et_pb_section fb_built=\u00a0\u00bb1&Prime; disabled_on=\u00a0\u00bboff|off|on\u00a0\u00bb _builder_version=\u00a0\u00bb4.26.0&Prime; _module_preset=\u00a0\u00bbdefault\u00a0\u00bb background_color=\u00a0\u00bb#E51A2F\u00a0\u00bb display_conditions=\u00a0\u00bbW3siaWQiOiI1MDM0Y2RjNC00NDUyLTRiNDUtOWE0Mi0xMzU0MWYzODA1NzEiLCJjb25kaXRpb24iOiJkYXRlVGltZSIsImNvbmRpdGlvblNldHRpbmdzIjp7ImRpc3BsYXlSdWxlIjoiaXNCZWZvcmUiLCJkYXRlIjoiMjAyNC0wNy0xNiIsInRpbWUiOiIyMjowMCIsIndlZWtkYXlzIjoifCIsImFsbERheSI6Im9uIiwiZnJvbVRpbWUiOiIwMDowMCIsInVudGlsVGltZSI6IjAwOjAwIiwicmVwZWF0Ijoib2ZmIiwicmVwZWF0RnJlcXVlbmN5IjoibW9udGhseSIsInJlcGVhdEZyZXF1ZW5jeVNwZWNpZmljRGF5cyI6IndlZWtseSIsInJlcGVhdEVuZCI6Im5ldmVyIiwicmVwZWF0VW50aWxEYXRlIjoiMjAyNC03LTEwIiwicmVwZWF0VGltZXMiOiIzIiwiYWRtaW5MYWJlbCI6IkRhdGUgZXQgaGV1cmUiLCJlbmFibGVDb25kaXRpb24iOiJvbiJ9LCJvcGVyYXRvciI6Ik9SIn1d\u00a0\u00bb custom_padding=\u00a0\u00bb0px||0px||false|false\u00a0\u00bb global_colors_info=\u00a0\u00bb{}\u00a0\u00bb][\/et_pb_section][et_pb_section fb_built=\u00a0\u00bb1&Prime; _builder_version=\u00a0\u00bb4.26.0&Prime; _module_preset=\u00a0\u00bbdefault\u00a0\u00bb background_color=\u00a0\u00bbRGBA(255,255,255,0)\u00a0\u00bb z_index=\u00a0\u00bb99990&Prime; width=\u00a0\u00bb100%\u00a0\u00bb width_tablet=\u00a0\u00bb100%\u00a0\u00bb width_phone=\u00a0\u00bb100%\u00a0\u00bb width_last_edited=\u00a0\u00bbon|phone\u00a0\u00bb module_alignment=\u00a0\u00bbcenter\u00a0\u00bb custom_margin=\u00a0\u00bb0px||20px||false|false\u00a0\u00bb custom_margin_tablet=\u00a0\u00bb0px||||false|false\u00a0\u00bb custom_margin_phone=\u00a0\u00bb0px||||false|false\u00a0\u00bb custom_margin_last_edited=\u00a0\u00bbon|desktop\u00a0\u00bb custom_padding=\u00a0\u00bb0px|5px|0px|5px|false|false\u00a0\u00bb background_color_tablet=\u00a0\u00bbRGBA(255,255,255,0)\u00a0\u00bb background_color_phone=\u00a0\u00bbRGBA(255,255,255,0)\u00a0\u00bb background_last_edited=\u00a0\u00bbon|desktop\u00a0\u00bb background_enable_color_tablet=\u00a0\u00bbon\u00a0\u00bb background_enable_color_phone=\u00a0\u00bbon\u00a0\u00bb border_radii=\u00a0\u00bboff||||\u00a0\u00bb border_color_all=\u00a0\u00bb#0C424A\u00a0\u00bb border_color_top=\u00a0\u00bb#67BFBF\u00a0\u00bb border_color_bottom=\u00a0\u00bb#E51A2F\u00a0\u00bb border_color_left=\u00a0\u00bb#E51A2F\u00a0\u00bb border_width_all_tablet=\u00a0\u00bb\u00a0\u00bb border_width_all_phone=\u00a0\u00bb\u00a0\u00bb border_width_all_last_edited=\u00a0\u00bbon|desktop\u00a0\u00bb border_width_left_tablet=\u00a0\u00bb0px\u00a0\u00bb border_width_left_phone=\u00a0\u00bb0px\u00a0\u00bb border_width_left_last_edited=\u00a0\u00bbon|phone\u00a0\u00bb global_colors_info=\u00a0\u00bb{}\u00a0\u00bb][et_pb_row use_custom_gutter=\u00a0\u00bbon\u00a0\u00bb make_equal=\u00a0\u00bbon\u00a0\u00bb custom_padding_last_edited=\u00a0\u00bbon|tablet\u00a0\u00bb module_id=\u00a0\u00bbrubriques\u00a0\u00bb _builder_version=\u00a0\u00bb4.17.6&Prime; _module_preset=\u00a0\u00bbdefault\u00a0\u00bb background_color=\u00a0\u00bbRGBA(255,255,255,0)\u00a0\u00bb width=\u00a0\u00bb85%\u00a0\u00bb width_tablet=\u00a0\u00bb85%\u00a0\u00bb width_phone=\u00a0\u00bb85%\u00a0\u00bb width_last_edited=\u00a0\u00bbon|phone\u00a0\u00bb max_width=\u00a0\u00bb100%\u00a0\u00bb module_alignment=\u00a0\u00bbcenter\u00a0\u00bb custom_margin=\u00a0\u00bb0px|0px|0px|0px|false|false\u00a0\u00bb custom_padding=\u00a0\u00bb10px|10px|0px|20px|false|false\u00a0\u00bb custom_padding_tablet=\u00a0\u00bb0px||19px||false|false\u00a0\u00bb custom_padding_phone=\u00a0\u00bb||16px||false|false\u00a0\u00bb global_colors_info=\u00a0\u00bb{}\u00a0\u00bb][et_pb_column type=\u00a0\u00bb4_4&Prime; _builder_version=\u00a0\u00bb4.17.4&Prime; _module_preset=\u00a0\u00bbdefault\u00a0\u00bb global_colors_info=\u00a0\u00bb{}\u00a0\u00bb][et_pb_text content_tablet=\u00a0\u00bb<\/p>\n<p><img class=%22puce%22 src=%22https:\/\/www.ccvalguiers.fr\/infos\/wp-content\/uploads\/2022\/08\/clic-main.png%22 width=%2220%22 height=%2232%22 alt=%22%22 \/> Acc\u00e8s rapide aux rubriques :<\/p>\n<p>\u00a0\u00bb content_phone=\u00a0\u00bb<\/p>\n<p><img class=%22puce%22 src=%22https:\/\/www.ccvalguiers.fr\/infos\/wp-content\/uploads\/2022\/08\/clic-main.png%22 width=%2220%22 height=%2232%22 alt=%22%22 \/> Acc\u00e8s rapide aux rubriques :<\/p>\n<p>\u00a0\u00bb content_last_edited=\u00a0\u00bbon|phone\u00a0\u00bb _builder_version=\u00a0\u00bb4.26.0&Prime; _module_preset=\u00a0\u00bbdefault\u00a0\u00bb text_font=\u00a0\u00bb|600||||on|||\u00a0\u00bb text_text_color=\u00a0\u00bb#0C424A\u00a0\u00bb text_font_size=\u00a0\u00bb15px\u00a0\u00bb background_color=\u00a0\u00bbRGBA(255,255,255,0)\u00a0\u00bb custom_margin=\u00a0\u00bb0px|0px|0px|0px|false|false\u00a0\u00bb custom_margin_tablet=\u00a0\u00bb10px|||8px|false|false\u00a0\u00bb custom_margin_phone=\u00a0\u00bb10px||||false|false\u00a0\u00bb custom_margin_last_edited=\u00a0\u00bbon|phone\u00a0\u00bb custom_padding=\u00a0\u00bb10px|0px|10px|0px|false|false\u00a0\u00bb custom_padding_tablet=\u00a0\u00bb5px|5px|5px|5px|false|false\u00a0\u00bb custom_padding_phone=\u00a0\u00bb5px|10px|5px|10px|false|false\u00a0\u00bb custom_padding_last_edited=\u00a0\u00bbon|phone\u00a0\u00bb text_text_color_tablet=\u00a0\u00bb#0C424A\u00a0\u00bb text_text_color_phone=\u00a0\u00bb#0C424A\u00a0\u00bb text_text_color_last_edited=\u00a0\u00bbon|phone\u00a0\u00bb background_color_tablet=\u00a0\u00bbRGBA(255,255,255,0)\u00a0\u00bb background_last_edited=\u00a0\u00bbon|tablet\u00a0\u00bb background_enable_color_tablet=\u00a0\u00bbon\u00a0\u00bb text_orientation_tablet=\u00a0\u00bbleft\u00a0\u00bb text_orientation_phone=\u00a0\u00bbleft\u00a0\u00bb text_orientation_last_edited=\u00a0\u00bbon|desktop\u00a0\u00bb border_color_all=\u00a0\u00bb#E51A2F\u00a0\u00bb border_color_top=\u00a0\u00bb#E51A2F\u00a0\u00bb border_color_right=\u00a0\u00bb#E51A2F\u00a0\u00bb border_color_left=\u00a0\u00bb#E51A2F\u00a0\u00bb border_width_all_tablet=\u00a0\u00bb\u00a0\u00bb border_width_all_phone=\u00a0\u00bb\u00a0\u00bb border_width_all_last_edited=\u00a0\u00bbon|desktop\u00a0\u00bb border_width_right_tablet=\u00a0\u00bb0px\u00a0\u00bb border_width_right_phone=\u00a0\u00bb0px\u00a0\u00bb border_width_right_last_edited=\u00a0\u00bbon|tablet\u00a0\u00bb border_width_left_tablet=\u00a0\u00bb3px\u00a0\u00bb border_width_left_phone=\u00a0\u00bb3px\u00a0\u00bb border_width_left_last_edited=\u00a0\u00bbon|desktop\u00a0\u00bb global_colors_info=\u00a0\u00bb{}\u00a0\u00bb custom_padding__hover_enabled=\u00a0\u00bboff|desktop\u00a0\u00bb content__hover_enabled=\u00a0\u00bboff|desktop\u00a0\u00bb]<\/p>\n<p><img loading=\"lazy\" decoding=\"async\" class=\"puce\" src=\"https:\/\/www.ccvalguiers.fr\/infos\/wp-content\/uploads\/2022\/08\/clic-main.png\" width=\"20\" height=\"32\" alt=\"\" \/> Acc\u00e8s rapide aux rubriques :<\/p>\n<p>[\/et_pb_text][\/et_pb_column][\/et_pb_row][et_pb_row column_structure=\u00a0\u00bb1_6,1_6,1_6,1_6,1_6,1_6&Prime; use_custom_gutter=\u00a0\u00bbon\u00a0\u00bb make_equal=\u00a0\u00bbon\u00a0\u00bb _builder_version=\u00a0\u00bb4.27.4&Prime; _module_preset=\u00a0\u00bbdefault\u00a0\u00bb background_color=\u00a0\u00bbRGBA(255,255,255,0)\u00a0\u00bb z_index=\u00a0\u00bb99993&Prime; width=\u00a0\u00bb85%\u00a0\u00bb max_width=\u00a0\u00bb85%\u00a0\u00bb module_alignment=\u00a0\u00bbcenter\u00a0\u00bb custom_margin=\u00a0\u00bb0px|100px|0px|auto|false|false\u00a0\u00bb custom_padding=\u00a0\u00bb0px|20px|20px|20px|false|false\u00a0\u00bb global_colors_info=\u00a0\u00bb{}\u00a0\u00bb][et_pb_column type=\u00a0\u00bb1_6&Prime; _builder_version=\u00a0\u00bb4.17.4&Prime; _module_preset=\u00a0\u00bbdefault\u00a0\u00bb global_colors_info=\u00a0\u00bb{}\u00a0\u00bb][et_pb_blurb title=\u00a0\u00bbEnfance jeunesse\u00a0\u00bb use_icon=\u00a0\u00bbon\u00a0\u00bb font_icon=\u00a0\u00bb&#xf59a;||fa||400&Prime; icon_color=\u00a0\u00bb#0C424A\u00a0\u00bb image_icon_background_color=\u00a0\u00bbRGBA(255,255,255,0)\u00a0\u00bb image_icon_width=\u00a0\u00bb50px\u00a0\u00bb icon_color_last_edited=\u00a0\u00bboff|desktop\u00a0\u00bb _builder_version=\u00a0\u00bb4.17.6&Prime; _module_preset=\u00a0\u00bbdefault\u00a0\u00bb header_font=\u00a0\u00bb|600|||||||\u00a0\u00bb header_text_color=\u00a0\u00bb#0C424A\u00a0\u00bb header_font_size=\u00a0\u00bb13px\u00a0\u00bb background_color=\u00a0\u00bb#FFFFFF\u00a0\u00bb image_icon_custom_margin=\u00a0\u00bb||-10px||false|false\u00a0\u00bb text_orientation=\u00a0\u00bbcenter\u00a0\u00bb width=\u00a0\u00bb92%\u00a0\u00bb width_tablet=\u00a0\u00bb92%\u00a0\u00bb width_phone=\u00a0\u00bb94%\u00a0\u00bb width_last_edited=\u00a0\u00bbon|desktop\u00a0\u00bb module_alignment=\u00a0\u00bbcenter\u00a0\u00bb custom_padding=\u00a0\u00bb10px|5px|5px|5px|false|false\u00a0\u00bb link_option_url=\u00a0\u00bbhttps:\/\/www.ccvalguiers.fr\/infos\/vos-services\/enfance-jeunesse\/\u00a0\u00bb border_color_all=\u00a0\u00bb#0C424A\u00a0\u00bb border_color_all_image=\u00a0\u00bbRGBA(255,255,255,0)\u00a0\u00bb box_shadow_style=\u00a0\u00bbpreset1&Prime; box_shadow_blur=\u00a0\u00bb7px\u00a0\u00bb box_shadow_color=\u00a0\u00bb#5e5e5e\u00a0\u00bb global_colors_info=\u00a0\u00bb{}\u00a0\u00bb background__hover_enabled=\u00a0\u00bbon|hover\u00a0\u00bb background_color__hover=\u00a0\u00bb#67BFBF\u00a0\u00bb background_enable_color__hover=\u00a0\u00bbon\u00a0\u00bb icon_color__hover_enabled=\u00a0\u00bbon|desktop\u00a0\u00bb icon_color__hover=\u00a0\u00bb#0C424A\u00a0\u00bb border_color_all__hover_enabled=\u00a0\u00bbon|hover\u00a0\u00bb border_color_all__hover=\u00a0\u00bb#0C424A\u00a0\u00bb border_width_all__hover_enabled=\u00a0\u00bbon|hover\u00a0\u00bb border_width_all__hover=\u00a0\u00bb3px\u00a0\u00bb][\/et_pb_blurb][\/et_pb_column][et_pb_column type=\u00a0\u00bb1_6&Prime; _builder_version=\u00a0\u00bb4.17.4&Prime; _module_preset=\u00a0\u00bbdefault\u00a0\u00bb global_colors_info=\u00a0\u00bb{}\u00a0\u00bb][et_pb_blurb title=\u00a0\u00bbD\u00e9chetteries\u00a0\u00bb use_icon=\u00a0\u00bbon\u00a0\u00bb font_icon=\u00a0\u00bb&#xf1b8;||fa||900&Prime; icon_color=\u00a0\u00bb#0C424A\u00a0\u00bb image_icon_background_color=\u00a0\u00bbRGBA(255,255,255,0)\u00a0\u00bb image_icon_width=\u00a0\u00bb50px\u00a0\u00bb _builder_version=\u00a0\u00bb4.17.6&Prime; _module_preset=\u00a0\u00bbdefault\u00a0\u00bb header_font=\u00a0\u00bb|600|||||||\u00a0\u00bb header_text_color=\u00a0\u00bb#0C424A\u00a0\u00bb header_font_size=\u00a0\u00bb13px\u00a0\u00bb background_color=\u00a0\u00bb#FFFFFF\u00a0\u00bb image_icon_custom_margin=\u00a0\u00bb||-10px||false|false\u00a0\u00bb text_orientation=\u00a0\u00bbcenter\u00a0\u00bb width=\u00a0\u00bb92%\u00a0\u00bb width_tablet=\u00a0\u00bb92%\u00a0\u00bb width_phone=\u00a0\u00bb94%\u00a0\u00bb width_last_edited=\u00a0\u00bbon|desktop\u00a0\u00bb module_alignment=\u00a0\u00bbcenter\u00a0\u00bb custom_padding=\u00a0\u00bb10px|5px|5px|5px|false|false\u00a0\u00bb link_option_url=\u00a0\u00bbhttps:\/\/syclum.fr\/decheterie\/\u00a0\u00bb border_color_all=\u00a0\u00bb#0C424A\u00a0\u00bb border_color_all_image=\u00a0\u00bbRGBA(255,255,255,0)\u00a0\u00bb box_shadow_style=\u00a0\u00bbpreset1&Prime; box_shadow_blur=\u00a0\u00bb7px\u00a0\u00bb box_shadow_color=\u00a0\u00bb#5e5e5e\u00a0\u00bb global_colors_info=\u00a0\u00bb{}\u00a0\u00bb background_color__hover=\u00a0\u00bb#67BFBF\u00a0\u00bb background_enable_color__hover=\u00a0\u00bbon\u00a0\u00bb icon_color__hover_enabled=\u00a0\u00bbon|desktop\u00a0\u00bb icon_color__hover=\u00a0\u00bb#0C424A\u00a0\u00bb border_color_all__hover=\u00a0\u00bb#0C424A\u00a0\u00bb border_color_all__hover_enabled=\u00a0\u00bbon|hover\u00a0\u00bb border_width_all__hover=\u00a0\u00bb3px\u00a0\u00bb border_width_all__hover_enabled=\u00a0\u00bbon|hover\u00a0\u00bb background__hover_enabled=\u00a0\u00bbon|hover\u00a0\u00bb][\/et_pb_blurb][\/et_pb_column][et_pb_column type=\u00a0\u00bb1_6&Prime; _builder_version=\u00a0\u00bb4.17.4&Prime; _module_preset=\u00a0\u00bbdefault\u00a0\u00bb global_colors_info=\u00a0\u00bb{}\u00a0\u00bb][et_pb_blurb title=\u00a0\u00bbFrance Services\u00a0\u00bb use_icon=\u00a0\u00bbon\u00a0\u00bb font_icon=\u00a0\u00bb&#xe066;||fa||900&Prime; icon_color=\u00a0\u00bb#0C424A\u00a0\u00bb image_icon_background_color=\u00a0\u00bbRGBA(255,255,255,0)\u00a0\u00bb image_icon_width=\u00a0\u00bb50px\u00a0\u00bb _builder_version=\u00a0\u00bb4.17.6&Prime; _module_preset=\u00a0\u00bbdefault\u00a0\u00bb header_font=\u00a0\u00bb|600|||||||\u00a0\u00bb header_text_color=\u00a0\u00bb#0C424A\u00a0\u00bb header_font_size=\u00a0\u00bb13px\u00a0\u00bb background_color=\u00a0\u00bb#FFFFFF\u00a0\u00bb image_icon_custom_margin=\u00a0\u00bb||-10px||false|false\u00a0\u00bb text_orientation=\u00a0\u00bbcenter\u00a0\u00bb width=\u00a0\u00bb92%\u00a0\u00bb width_tablet=\u00a0\u00bb92%\u00a0\u00bb width_phone=\u00a0\u00bb94%\u00a0\u00bb width_last_edited=\u00a0\u00bbon|desktop\u00a0\u00bb module_alignment=\u00a0\u00bbcenter\u00a0\u00bb custom_padding=\u00a0\u00bb10px|5px|5px|5px|false|false\u00a0\u00bb link_option_url=\u00a0\u00bbhttps:\/\/www.ccvalguiers.fr\/infos\/vos-services\/demarches-administratives-et-outils-numeriques\/#franceservices\u00a0\u00bb border_color_all=\u00a0\u00bb#0C424A\u00a0\u00bb border_color_all_image=\u00a0\u00bbRGBA(255,255,255,0)\u00a0\u00bb box_shadow_style=\u00a0\u00bbpreset1&Prime; box_shadow_blur=\u00a0\u00bb7px\u00a0\u00bb box_shadow_color=\u00a0\u00bb#5e5e5e\u00a0\u00bb global_colors_info=\u00a0\u00bb{}\u00a0\u00bb background_color__hover=\u00a0\u00bb#67BFBF\u00a0\u00bb background_enable_color__hover=\u00a0\u00bbon\u00a0\u00bb icon_color__hover_enabled=\u00a0\u00bbon|desktop\u00a0\u00bb icon_color__hover=\u00a0\u00bb#0C424A\u00a0\u00bb border_color_all__hover=\u00a0\u00bb#0C424A\u00a0\u00bb border_color_all__hover_enabled=\u00a0\u00bbon|hover\u00a0\u00bb border_width_all__hover=\u00a0\u00bb3px\u00a0\u00bb border_width_all__hover_enabled=\u00a0\u00bbon|hover\u00a0\u00bb background__hover_enabled=\u00a0\u00bbon|hover\u00a0\u00bb][\/et_pb_blurb][\/et_pb_column][et_pb_column type=\u00a0\u00bb1_6&Prime; _builder_version=\u00a0\u00bb4.17.4&Prime; _module_preset=\u00a0\u00bbdefault\u00a0\u00bb global_colors_info=\u00a0\u00bb{}\u00a0\u00bb][et_pb_blurb title=\u00a0\u00bbTourisme\u00a0\u00bb url_new_window=\u00a0\u00bbon\u00a0\u00bb use_icon=\u00a0\u00bbon\u00a0\u00bb font_icon=\u00a0\u00bb&#xf5a0;||fa||900&Prime; icon_color=\u00a0\u00bb#0C424A\u00a0\u00bb image_icon_background_color=\u00a0\u00bbRGBA(255,255,255,0)\u00a0\u00bb image_icon_width=\u00a0\u00bb50px\u00a0\u00bb _builder_version=\u00a0\u00bb4.27.4&Prime; _module_preset=\u00a0\u00bbdefault\u00a0\u00bb header_font=\u00a0\u00bb|600|||||||\u00a0\u00bb header_text_color=\u00a0\u00bb#0C424A\u00a0\u00bb header_font_size=\u00a0\u00bb13px\u00a0\u00bb background_color=\u00a0\u00bb#FFFFFF\u00a0\u00bb image_icon_custom_margin=\u00a0\u00bb||-10px||false|false\u00a0\u00bb text_orientation=\u00a0\u00bbcenter\u00a0\u00bb width=\u00a0\u00bb92%\u00a0\u00bb width_tablet=\u00a0\u00bb92%\u00a0\u00bb width_phone=\u00a0\u00bb94%\u00a0\u00bb width_last_edited=\u00a0\u00bbon|desktop\u00a0\u00bb module_alignment=\u00a0\u00bbcenter\u00a0\u00bb custom_padding=\u00a0\u00bb10px|5px|5px|5px|false|false\u00a0\u00bb link_option_url=\u00a0\u00bbhttps:\/\/tourisme.ccvalguiers.fr\/\u00a0\u00bb border_color_all=\u00a0\u00bb#0C424A\u00a0\u00bb border_color_all_image=\u00a0\u00bbRGBA(255,255,255,0)\u00a0\u00bb box_shadow_style=\u00a0\u00bbpreset1&Prime; box_shadow_blur=\u00a0\u00bb7px\u00a0\u00bb box_shadow_color=\u00a0\u00bb#5e5e5e\u00a0\u00bb global_colors_info=\u00a0\u00bb{}\u00a0\u00bb background_color__hover=\u00a0\u00bb#67BFBF\u00a0\u00bb background_enable_color__hover=\u00a0\u00bbon\u00a0\u00bb icon_color__hover_enabled=\u00a0\u00bbon|desktop\u00a0\u00bb icon_color__hover=\u00a0\u00bb#0C424A\u00a0\u00bb border_color_all__hover=\u00a0\u00bb#0C424A\u00a0\u00bb border_color_all__hover_enabled=\u00a0\u00bbon|hover\u00a0\u00bb border_width_all__hover=\u00a0\u00bb3px\u00a0\u00bb border_width_all__hover_enabled=\u00a0\u00bbon|hover\u00a0\u00bb background__hover_enabled=\u00a0\u00bbon|hover\u00a0\u00bb][\/et_pb_blurb][\/et_pb_column][et_pb_column type=\u00a0\u00bb1_6&Prime; _builder_version=\u00a0\u00bb4.17.4&Prime; _module_preset=\u00a0\u00bbdefault\u00a0\u00bb global_colors_info=\u00a0\u00bb{}\u00a0\u00bb][et_pb_blurb title=\u00a0\u00bbEntreprises\u00a0\u00bb use_icon=\u00a0\u00bbon\u00a0\u00bb font_icon=\u00a0\u00bb&#xf201;||fa||900&Prime; icon_color=\u00a0\u00bb#0C424A\u00a0\u00bb image_icon_background_color=\u00a0\u00bbRGBA(255,255,255,0)\u00a0\u00bb image_icon_width=\u00a0\u00bb50px\u00a0\u00bb _builder_version=\u00a0\u00bb4.17.6&Prime; _module_preset=\u00a0\u00bbdefault\u00a0\u00bb header_font=\u00a0\u00bb|600|||||||\u00a0\u00bb header_text_color=\u00a0\u00bb#0C424A\u00a0\u00bb header_font_size=\u00a0\u00bb13px\u00a0\u00bb background_color=\u00a0\u00bb#FFFFFF\u00a0\u00bb image_icon_custom_margin=\u00a0\u00bb||-10px||false|false\u00a0\u00bb text_orientation=\u00a0\u00bbcenter\u00a0\u00bb width=\u00a0\u00bb92%\u00a0\u00bb width_tablet=\u00a0\u00bb92%\u00a0\u00bb width_phone=\u00a0\u00bb94%\u00a0\u00bb width_last_edited=\u00a0\u00bbon|desktop\u00a0\u00bb module_alignment=\u00a0\u00bbcenter\u00a0\u00bb custom_padding=\u00a0\u00bb10px|5px|5px|5px|false|false\u00a0\u00bb link_option_url=\u00a0\u00bbhttps:\/\/www.ccvalguiers.fr\/infos\/entreprendre\/\u00a0\u00bb border_color_all=\u00a0\u00bb#0C424A\u00a0\u00bb border_color_all_image=\u00a0\u00bbRGBA(255,255,255,0)\u00a0\u00bb box_shadow_style=\u00a0\u00bbpreset1&Prime; box_shadow_blur=\u00a0\u00bb7px\u00a0\u00bb box_shadow_color=\u00a0\u00bb#5e5e5e\u00a0\u00bb global_colors_info=\u00a0\u00bb{}\u00a0\u00bb background_color__hover=\u00a0\u00bb#67BFBF\u00a0\u00bb background_enable_color__hover=\u00a0\u00bbon\u00a0\u00bb icon_color__hover_enabled=\u00a0\u00bbon|desktop\u00a0\u00bb icon_color__hover=\u00a0\u00bb#0C424A\u00a0\u00bb border_color_all__hover=\u00a0\u00bb#0C424A\u00a0\u00bb border_color_all__hover_enabled=\u00a0\u00bbon|hover\u00a0\u00bb border_width_all__hover=\u00a0\u00bb3px\u00a0\u00bb border_width_all__hover_enabled=\u00a0\u00bbon|hover\u00a0\u00bb background__hover_enabled=\u00a0\u00bbon|hover\u00a0\u00bb][\/et_pb_blurb][\/et_pb_column][et_pb_column type=\u00a0\u00bb1_6&Prime; _builder_version=\u00a0\u00bb4.27.4&Prime; _module_preset=\u00a0\u00bbdefault\u00a0\u00bb global_colors_info=\u00a0\u00bb{}\u00a0\u00bb][et_pb_blurb title=\u00a0\u00bbPersonnes \u00e2g\u00e9es\u00a0\u00bb use_icon=\u00a0\u00bbon\u00a0\u00bb font_icon=\u00a0\u00bb&#xe05e;||fa||900&Prime; icon_color=\u00a0\u00bb#0C424A\u00a0\u00bb image_icon_background_color=\u00a0\u00bbRGBA(255,255,255,0)\u00a0\u00bb image_icon_width=\u00a0\u00bb50px\u00a0\u00bb disabled_on=\u00a0\u00bbon|on|on\u00a0\u00bb _builder_version=\u00a0\u00bb4.17.6&Prime; _module_preset=\u00a0\u00bbdefault\u00a0\u00bb header_font=\u00a0\u00bb|600|||||||\u00a0\u00bb header_text_color=\u00a0\u00bb#0C424A\u00a0\u00bb header_font_size=\u00a0\u00bb13px\u00a0\u00bb background_color=\u00a0\u00bb#FFFFFF\u00a0\u00bb image_icon_custom_margin=\u00a0\u00bb||-10px||false|false\u00a0\u00bb text_orientation=\u00a0\u00bbcenter\u00a0\u00bb width=\u00a0\u00bb92%\u00a0\u00bb width_tablet=\u00a0\u00bb92%\u00a0\u00bb width_phone=\u00a0\u00bb94%\u00a0\u00bb width_last_edited=\u00a0\u00bbon|desktop\u00a0\u00bb module_alignment=\u00a0\u00bbcenter\u00a0\u00bb custom_padding=\u00a0\u00bb10px|5px|5px|5px|false|false\u00a0\u00bb link_option_url=\u00a0\u00bbhttps:\/\/www.ccvalguiers.fr\/infos\/vos-services\/personnes-agees\/\u00a0\u00bb border_color_all=\u00a0\u00bb#0C424A\u00a0\u00bb border_color_all_image=\u00a0\u00bbRGBA(255,255,255,0)\u00a0\u00bb box_shadow_style=\u00a0\u00bbpreset1&Prime; box_shadow_blur=\u00a0\u00bb7px\u00a0\u00bb box_shadow_color=\u00a0\u00bb#5e5e5e\u00a0\u00bb disabled=\u00a0\u00bbon\u00a0\u00bb global_colors_info=\u00a0\u00bb{}\u00a0\u00bb background_color__hover=\u00a0\u00bb#FFFFFF\u00a0\u00bb background_enable_color__hover=\u00a0\u00bbon\u00a0\u00bb icon_color__hover_enabled=\u00a0\u00bbon|desktop\u00a0\u00bb icon_color__hover=\u00a0\u00bb#E51A2F\u00a0\u00bb border_color_all__hover=\u00a0\u00bb#E51A2F\u00a0\u00bb border_color_all__hover_enabled=\u00a0\u00bbon|hover\u00a0\u00bb background__hover_enabled=\u00a0\u00bbon|desktop\u00a0\u00bb border_width_all__hover=\u00a0\u00bb3px\u00a0\u00bb border_width_all__hover_enabled=\u00a0\u00bbon|hover\u00a0\u00bb][\/et_pb_blurb][\/et_pb_column][\/et_pb_row][\/et_pb_section][et_pb_section fb_built=\u00a0\u00bb1&Prime; make_equal=\u00a0\u00bbon\u00a0\u00bb use_custom_gutter=\u00a0\u00bbon\u00a0\u00bb specialty=\u00a0\u00bbon\u00a0\u00bb padding_top_1=\u00a0\u00bb10px\u00a0\u00bb padding_top_2=\u00a0\u00bb10px\u00a0\u00bb padding_right_1=\u00a0\u00bb65px\u00a0\u00bb padding_right_2=\u00a0\u00bb10px\u00a0\u00bb padding_bottom_1=\u00a0\u00bb20px\u00a0\u00bb padding_bottom_2=\u00a0\u00bb20px\u00a0\u00bb padding_left_1=\u00a0\u00bb65px\u00a0\u00bb padding_left_2=\u00a0\u00bb10px\u00a0\u00bb padding_top_bottom_link_1=\u00a0\u00bbfalse\u00a0\u00bb padding_top_bottom_link_2=\u00a0\u00bbfalse\u00a0\u00bb padding_left_right_link_1=\u00a0\u00bbfalse\u00a0\u00bb padding_left_right_link_2=\u00a0\u00bbfalse\u00a0\u00bb padding_1_tablet=\u00a0\u00bb|30px||30px|false|false\u00a0\u00bb padding_2_tablet=\u00a0\u00bb|20px||20px|false|false\u00a0\u00bb padding_1_phone=\u00a0\u00bb|10px||10px|false|false\u00a0\u00bb padding_2_phone=\u00a0\u00bb|10px||10px|false|false\u00a0\u00bb padding_1_last_edited=\u00a0\u00bbon|phone\u00a0\u00bb padding_2_last_edited=\u00a0\u00bbon|desktop\u00a0\u00bb _builder_version=\u00a0\u00bb4.27.4&Prime; _module_preset=\u00a0\u00bbdefault\u00a0\u00bb background_color=\u00a0\u00bb#f2f2f2&Prime; background_enable_image=\u00a0\u00bboff\u00a0\u00bb background_size=\u00a0\u00bbinitial\u00a0\u00bb background_position=\u00a0\u00bbbottom_right\u00a0\u00bb background_horizontal_offset=\u00a0\u00bb6%\u00a0\u00bb background_vertical_offset=\u00a0\u00bb9%\u00a0\u00bb inner_width=\u00a0\u00bb100%\u00a0\u00bb inner_max_width=\u00a0\u00bb100%\u00a0\u00bb inner_module_alignment=\u00a0\u00bbcenter\u00a0\u00bb custom_padding=\u00a0\u00bb10px|10px|10px|10px|false|false\u00a0\u00bb background_last_edited=\u00a0\u00bbon|desktop\u00a0\u00bb background_enable_image_tablet=\u00a0\u00bboff\u00a0\u00bb border_color_right=\u00a0\u00bb#E51A2F\u00a0\u00bb border_color_left=\u00a0\u00bb#E51A2F\u00a0\u00bb global_colors_info=\u00a0\u00bb{}\u00a0\u00bb text_text_color__hover=\u00a0\u00bb#E51A2F\u00a0\u00bb text_text_color__hover_enabled=\u00a0\u00bbon|desktop\u00a0\u00bb background_color__hover=\u00a0\u00bbRGBA(255,255,255,0)\u00a0\u00bb background__hover_enabled=\u00a0\u00bboff|desktop\u00a0\u00bb background_enable_color__hover=\u00a0\u00bbon\u00a0\u00bb text_letter_spacing__hover_enabled=\u00a0\u00bbon|desktop\u00a0\u00bb][et_pb_column type=\u00a0\u00bb3_4&Prime; specialty_columns=\u00a0\u00bb3&Prime; _builder_version=\u00a0\u00bb4.16&Prime; custom_padding=\u00a0\u00bb|||\u00a0\u00bb global_colors_info=\u00a0\u00bb{}\u00a0\u00bb custom_padding__hover=\u00a0\u00bb|||\u00a0\u00bb][et_pb_row_inner _builder_version=\u00a0\u00bb4.27.4&Prime; _module_preset=\u00a0\u00bbdefault\u00a0\u00bb global_colors_info=\u00a0\u00bb{}\u00a0\u00bb][et_pb_column_inner saved_specialty_column_type=\u00a0\u00bb3_4&Prime; _builder_version=\u00a0\u00bb4.27.4&Prime; _module_preset=\u00a0\u00bbdefault\u00a0\u00bb global_colors_info=\u00a0\u00bb{}\u00a0\u00bb][et_pb_video src=\u00a0\u00bbhttps:\/\/www.ccvalguiers.fr\/infos\/wp-content\/uploads\/2026\/04\/2-TERRITOIRE-reseaux-courte.mp4&Prime; _builder_version=\u00a0\u00bb4.27.4&Prime; _module_preset=\u00a0\u00bbdefault\u00a0\u00bb global_colors_info=\u00a0\u00bb{}\u00a0\u00bb][\/et_pb_video][\/et_pb_column_inner][\/et_pb_row_inner][et_pb_row_inner column_structure=\u00a0\u00bb1_2,1_2&Prime; use_custom_gutter=\u00a0\u00bbon\u00a0\u00bb gutter_width=\u00a0\u00bb3&Prime; _builder_version=\u00a0\u00bb4.17.6&Prime; _module_preset=\u00a0\u00bbdefault\u00a0\u00bb module_alignment=\u00a0\u00bbcenter\u00a0\u00bb custom_padding=\u00a0\u00bb1px||0px|||\u00a0\u00bb global_colors_info=\u00a0\u00bb{}\u00a0\u00bb][et_pb_column_inner type=\u00a0\u00bb1_2&Prime; saved_specialty_column_type=\u00a0\u00bb3_4&Prime; _builder_version=\u00a0\u00bb4.17.4&Prime; _module_preset=\u00a0\u00bbdefault\u00a0\u00bb global_colors_info=\u00a0\u00bb{}\u00a0\u00bb][et_pb_text _builder_version=\u00a0\u00bb4.17.4&Prime; _module_preset=\u00a0\u00bbdefault\u00a0\u00bb text_font=\u00a0\u00bb|600|||||||\u00a0\u00bb text_font_size=\u00a0\u00bb20px\u00a0\u00bb custom_margin=\u00a0\u00bb||18px|||\u00a0\u00bb custom_padding=\u00a0\u00bb10px||||false|false\u00a0\u00bb global_colors_info=\u00a0\u00bb{}\u00a0\u00bb]<\/p>\n<p><img loading=\"lazy\" decoding=\"async\" src=\"https:\/\/www.ccvalguiers.fr\/infos\/wp-content\/uploads\/2022\/07\/puce.png\" width=\"37\" height=\"33\" alt=\"\" class=\"wp-image-209 alignnone size-full\" \/>Actualit\u00e9s<\/p>\n<p>[\/et_pb_text][et_pb_post_slider include_categories=\u00a0\u00bb32&Prime; more_text=\u00a0\u00bbLire la suite\u00a0\u00bb use_manual_excerpt=\u00a0\u00bboff\u00a0\u00bb excerpt_length=\u00a0\u00bb30&Prime; show_meta=\u00a0\u00bboff\u00a0\u00bb use_bg_overlay=\u00a0\u00bboff\u00a0\u00bb use_text_overlay=\u00a0\u00bbon\u00a0\u00bb text_overlay_color=\u00a0\u00bbrgba(255,255,255,0.86)\u00a0\u00bb text_border_radius=\u00a0\u00bb0px\u00a0\u00bb arrows_custom_color=\u00a0\u00bb#E51A2F\u00a0\u00bb dot_nav_custom_color=\u00a0\u00bb#E51A2F\u00a0\u00bb _builder_version=\u00a0\u00bb4.21.0&Prime; _module_preset=\u00a0\u00bbdefault\u00a0\u00bb header_font=\u00a0\u00bb|600|||||||\u00a0\u00bb header_text_align=\u00a0\u00bbcenter\u00a0\u00bb header_text_color=\u00a0\u00bb#0C424A\u00a0\u00bb header_font_size=\u00a0\u00bb18px\u00a0\u00bb body_text_color=\u00a0\u00bb#0C424A\u00a0\u00bb body_font_size=\u00a0\u00bb15px\u00a0\u00bb body_line_height=\u00a0\u00bb1.3em\u00a0\u00bb background_color=\u00a0\u00bb#FFFFFF\u00a0\u00bb custom_button=\u00a0\u00bbon\u00a0\u00bb button_text_size=\u00a0\u00bb14px\u00a0\u00bb button_text_color=\u00a0\u00bb#FFFFFF\u00a0\u00bb button_bg_color=\u00a0\u00bb#67BFBF\u00a0\u00bb button_border_radius=\u00a0\u00bb0px\u00a0\u00bb custom_margin=\u00a0\u00bb||||false|false\u00a0\u00bb custom_padding=\u00a0\u00bb90px|20px|90px|20px|false|false\u00a0\u00bb auto=\u00a0\u00bbon\u00a0\u00bb auto_speed=\u00a0\u00bb5500&Prime; auto_ignore_hover=\u00a0\u00bbon\u00a0\u00bb border_width_all=\u00a0\u00bb2px\u00a0\u00bb border_color_all=\u00a0\u00bbRGBA(255,255,255,0)\u00a0\u00bb border_style_all=\u00a0\u00bbdotted\u00a0\u00bb global_colors_info=\u00a0\u00bb{}\u00a0\u00bb button_bg_color__hover_enabled=\u00a0\u00bbon|hover\u00a0\u00bb button_bg_color__hover=\u00a0\u00bb#E51A2F\u00a0\u00bb button_bg_enable_color__hover=\u00a0\u00bbon\u00a0\u00bb][\/et_pb_post_slider][et_pb_blurb title=\u00a0\u00bbRetrouvez l&rsquo;ensemble des actualit\u00e9s\u00a0\u00bb use_icon=\u00a0\u00bbon\u00a0\u00bb font_icon=\u00a0\u00bb&#xe04a;||divi||400&Prime; icon_color=\u00a0\u00bb#67BFBF\u00a0\u00bb image_icon_background_color=\u00a0\u00bbRGBA(255,255,255,0)\u00a0\u00bb icon_placement=\u00a0\u00bbleft\u00a0\u00bb image_icon_width=\u00a0\u00bb35px\u00a0\u00bb _builder_version=\u00a0\u00bb4.17.6&Prime; _module_preset=\u00a0\u00bbdefault\u00a0\u00bb header_font=\u00a0\u00bb|600|||||||\u00a0\u00bb header_text_color=\u00a0\u00bb#0C424A\u00a0\u00bb body_text_color=\u00a0\u00bb#0C424A\u00a0\u00bb body_font_size=\u00a0\u00bb17px\u00a0\u00bb body_line_height=\u00a0\u00bb1.3em\u00a0\u00bb body_link_text_color=\u00a0\u00bb#0C424A\u00a0\u00bb image_icon_custom_margin=\u00a0\u00bb0px||0px||false|false\u00a0\u00bb image_icon_custom_padding=\u00a0\u00bb10px||10px|16px|false|false\u00a0\u00bb custom_margin=\u00a0\u00bb0px||0px||false|false\u00a0\u00bb custom_padding=\u00a0\u00bb10px||0px||false|false\u00a0\u00bb animation_style=\u00a0\u00bbfade\u00a0\u00bb link_option_url=\u00a0\u00bbhttps:\/\/www.ccvalguiers.fr\/infos\/la-communaute-de-communes\/actualites\/\u00a0\u00bb border_width_left=\u00a0\u00bb5px\u00a0\u00bb border_color_left=\u00a0\u00bb#E51A2F\u00a0\u00bb border_color_left_image=\u00a0\u00bb#E51A2F\u00a0\u00bb global_colors_info=\u00a0\u00bb{}\u00a0\u00bb body_link_text_color__hover_enabled=\u00a0\u00bbon|desktop\u00a0\u00bb body_link_text_color__hover=\u00a0\u00bb#E51A2F\u00a0\u00bb icon_color__hover_enabled=\u00a0\u00bbon|hover\u00a0\u00bb icon_color__hover=\u00a0\u00bb#E51A2F\u00a0\u00bb header_text_color__hover_enabled=\u00a0\u00bbon|hover\u00a0\u00bb header_text_color__hover=\u00a0\u00bb#E51A2F\u00a0\u00bb]<\/p>\n<p>Cliquez pour en savoir +<\/p>\n<p>[\/et_pb_blurb][et_pb_text _builder_version=\u00a0\u00bb4.21.0&Prime; _module_preset=\u00a0\u00bbdefault\u00a0\u00bb custom_margin=\u00a0\u00bb20px||||false|false\u00a0\u00bb custom_padding=\u00a0\u00bb0px||0px|10px|false|false\u00a0\u00bb border_color_all=\u00a0\u00bb#0C424A\u00a0\u00bb border_width_left=\u00a0\u00bb4px\u00a0\u00bb global_colors_info=\u00a0\u00bb{}\u00a0\u00bb]<\/p>\n<p>Recevez les actualit\u00e9s de la CCVG sur votre smartphone en installant <span style=\"text-decoration: underline;\"><strong><a href=\"https:\/\/app.panneaupocket.com\/ville\/1158176552-cc-val-guiers-73330?panneau=1761268685\" target=\"_blank\" rel=\"noopener\" title=\"Voir le site Panneau Pocket\">l&rsquo;application gratuite<\/a><br \/><a href=\"https:\/\/app.panneaupocket.com\/ville\/1158176552-cc-val-guiers-73330?panneau=1761268685\" target=\"_blank\" rel=\"noopener\"><\/a><\/strong><\/span><\/p>\n<p><span style=\"text-decoration: underline;\"><strong><a href=\"https:\/\/app.panneaupocket.com\/ville\/1158176552-cc-val-guiers-73330?panneau=1761268685\" target=\"_blank\" rel=\"noopener\"><img loading=\"lazy\" decoding=\"async\" src=\"https:\/\/www.ccvalguiers.fr\/infos\/wp-content\/uploads\/2022\/07\/panneaupocket-300x58.jpg\" width=\"150\" height=\"29\" alt=\"panneaupocket\" class=\"wp-image-307 alignnone size-medium\" \/><\/a><\/strong><\/span><\/p>\n<p>[\/et_pb_text][\/et_pb_column_inner][et_pb_column_inner type=\u00a0\u00bb1_2&Prime; saved_specialty_column_type=\u00a0\u00bb3_4&Prime; _builder_version=\u00a0\u00bb4.17.6&Prime; _module_preset=\u00a0\u00bbdefault\u00a0\u00bb custom_padding=\u00a0\u00bb|||85px|false|false\u00a0\u00bb custom_padding_tablet=\u00a0\u00bb|||0px|false|false\u00a0\u00bb custom_padding_phone=\u00a0\u00bb|||0px|false|false\u00a0\u00bb custom_padding_last_edited=\u00a0\u00bbon|tablet\u00a0\u00bb global_colors_info=\u00a0\u00bb{}\u00a0\u00bb][et_pb_text _builder_version=\u00a0\u00bb4.17.6&Prime; _module_preset=\u00a0\u00bbdefault\u00a0\u00bb text_font=\u00a0\u00bb|600|||||||\u00a0\u00bb text_font_size=\u00a0\u00bb20px\u00a0\u00bb custom_margin=\u00a0\u00bb||18px|||\u00a0\u00bb custom_padding=\u00a0\u00bb10px||||false|false\u00a0\u00bb global_colors_info=\u00a0\u00bb{}\u00a0\u00bb]<\/p>\n<p style=\"text-align: left;\"><img loading=\"lazy\" decoding=\"async\" src=\"https:\/\/www.ccvalguiers.fr\/infos\/wp-content\/uploads\/2022\/07\/puce.png\" width=\"37\" height=\"33\" alt=\"\" class=\"wp-image-209 alignnone size-full\" \/>Panneau pocket<\/p>\n<p>[\/et_pb_text][et_pb_code _builder_version=\u00a0\u00bb4.21.0&Prime; _module_preset=\u00a0\u00bbdefault\u00a0\u00bb text_orientation=\u00a0\u00bbcenter\u00a0\u00bb module_alignment=\u00a0\u00bbcenter\u00a0\u00bb custom_margin=\u00a0\u00bb||9px|||\u00a0\u00bb custom_margin_tablet=\u00a0\u00bb||9px|||\u00a0\u00bb custom_margin_phone=\u00a0\u00bb||9px|||\u00a0\u00bb custom_margin_last_edited=\u00a0\u00bbon|tablet\u00a0\u00bb custom_padding_tablet=\u00a0\u00bb|||16px|false|false\u00a0\u00bb custom_padding_phone=\u00a0\u00bb|||32px|false|false\u00a0\u00bb custom_padding_last_edited=\u00a0\u00bbon|phone\u00a0\u00bb global_colors_info=\u00a0\u00bb{}\u00a0\u00bb]<iframe loading=\"lazy\" src=\"https:\/\/app.panneaupocket.com\/embeded\/1158176552\" height=\"650\" width=\"600\" frameborder=\"0\"><\/iframe>[\/et_pb_code][\/et_pb_column_inner][\/et_pb_row_inner][\/et_pb_column][et_pb_column type=\u00a0\u00bb1_4&Prime; _builder_version=\u00a0\u00bb4.16&Prime; custom_padding=\u00a0\u00bb|||\u00a0\u00bb global_colors_info=\u00a0\u00bb{}\u00a0\u00bb custom_padding__hover=\u00a0\u00bb|||\u00a0\u00bb][et_pb_text _builder_version=\u00a0\u00bb4.26.0&Prime; _module_preset=\u00a0\u00bbdefault\u00a0\u00bb text_font=\u00a0\u00bb|600|||||||\u00a0\u00bb text_font_size=\u00a0\u00bb20px\u00a0\u00bb background_enable_color=\u00a0\u00bboff\u00a0\u00bb display_conditions=\u00a0\u00bbW3siaWQiOiI4NDczMWYzNS04NTY1LTRlMDgtYmM2NC03NTU0OTE5MDczYjMiLCJjb25kaXRpb24iOiJkYXRlVGltZSIsImNvbmRpdGlvblNldHRpbmdzIjp7ImRpc3BsYXlSdWxlIjoiaXNCZWZvcmUiLCJkYXRlIjoiMjAyNC0wNi0yMCIsInRpbWUiOiIwNjowMCIsIndlZWtkYXlzIjoifCIsImFsbERheSI6Im9uIiwiZnJvbVRpbWUiOiIwMDowMCIsInVudGlsVGltZSI6IjAwOjAwIiwicmVwZWF0Ijoib2ZmIiwicmVwZWF0RnJlcXVlbmN5IjoibW9udGhseSIsInJlcGVhdEZyZXF1ZW5jeVNwZWNpZmljRGF5cyI6IndlZWtseSIsInJlcGVhdEVuZCI6Im5ldmVyIiwicmVwZWF0VW50aWxEYXRlIjoiMjAyNC01LTI0IiwicmVwZWF0VGltZXMiOiIzIiwiYWRtaW5MYWJlbCI6IkRhdGUgZXQgaGV1cmUiLCJlbmFibGVDb25kaXRpb24iOiJvbiJ9LCJvcGVyYXRvciI6Ik9SIn1d\u00a0\u00bb custom_margin=\u00a0\u00bb||0px||false|false\u00a0\u00bb custom_padding=\u00a0\u00bb28px|10px|11px|10px|false|false\u00a0\u00bb global_colors_info=\u00a0\u00bb{}\u00a0\u00bb]<\/p>\n<p><img loading=\"lazy\" decoding=\"async\" src=\"https:\/\/www.ccvalguiers.fr\/infos\/wp-content\/uploads\/2022\/07\/puce.png\" width=\"37\" height=\"33\" alt=\"\" class=\"wp-image-209 alignnone size-full\" \/> \u00c0 la Une<\/p>\n<div id=\"gtx-trans\" style=\"position: absolute; left: 181px; top: 5.875px;\">\n<div class=\"gtx-trans-icon\"><\/div>\n<\/div>\n<p>[\/et_pb_text][et_pb_button button_url=\u00a0\u00bbhttps:\/\/www.espace-citoyens.net\/ccvalguiers\/espace-citoyens\/\u00a0\u00bb url_new_window=\u00a0\u00bbon\u00a0\u00bb button_text=\u00a0\u00bbPortail famille Arp\u00e8ge \u00a0\u00bb button_alignment=\u00a0\u00bbleft\u00a0\u00bb disabled_on=\u00a0\u00bboff|off|off\u00a0\u00bb _builder_version=\u00a0\u00bb4.27.4&Prime; _module_preset=\u00a0\u00bbdefault\u00a0\u00bb custom_button=\u00a0\u00bbon\u00a0\u00bb button_text_size=\u00a0\u00bb16px\u00a0\u00bb button_text_color=\u00a0\u00bb#FFFFFF\u00a0\u00bb button_bg_color=\u00a0\u00bb#EF7D00&Prime; button_border_radius=\u00a0\u00bb0px\u00a0\u00bb button_icon=\u00a0\u00bb&#xf1ae;||fa||900&Prime; button_icon_color=\u00a0\u00bb#FFFFFF\u00a0\u00bb button_on_hover=\u00a0\u00bboff\u00a0\u00bb custom_margin=\u00a0\u00bb0px||10px||false|false\u00a0\u00bb custom_padding=\u00a0\u00bb10px|30px|10px|20px|false|false\u00a0\u00bb saved_tabs=\u00a0\u00bball\u00a0\u00bb global_colors_info=\u00a0\u00bb{}\u00a0\u00bb button_bg_color__hover_enabled=\u00a0\u00bbon|hover\u00a0\u00bb button_bg_color__hover=\u00a0\u00bb#0C424A\u00a0\u00bb button_bg_enable_color__hover=\u00a0\u00bbon\u00a0\u00bb button_letter_spacing__hover_enabled=\u00a0\u00bbon|desktop\u00a0\u00bb button_text_color__hover_enabled=\u00a0\u00bbon|desktop\u00a0\u00bb button_icon_color__hover_enabled=\u00a0\u00bbon|hover\u00a0\u00bb button_icon_color__hover=\u00a0\u00bb#FFFFFF\u00a0\u00bb button_text_color__hover=\u00a0\u00bb#FFFFFF\u00a0\u00bb][\/et_pb_button][et_pb_blurb title=\u00a0\u00bbLiens utiles\u00a0\u00bb url=\u00a0\u00bbhttps:\/\/www.ccvalguiers.fr\/infos\/wp-content\/uploads\/2025\/06\/procedure-dossier-familles-espace-citoyens.pdf\u00a0\u00bb use_icon=\u00a0\u00bbon\u00a0\u00bb font_icon=\u00a0\u00bb&#xe06e;||divi||400&Prime; icon_color=\u00a0\u00bb#0C424A\u00a0\u00bb image_icon_background_color=\u00a0\u00bbRGBA(255,255,255,0)\u00a0\u00bb icon_placement=\u00a0\u00bbleft\u00a0\u00bb image_icon_width=\u00a0\u00bb35px\u00a0\u00bb _builder_version=\u00a0\u00bb4.27.4&Prime; _module_preset=\u00a0\u00bbdefault\u00a0\u00bb header_font=\u00a0\u00bb|600|||||||\u00a0\u00bb header_text_color=\u00a0\u00bb#0C424A\u00a0\u00bb header_font_size=\u00a0\u00bb15px\u00a0\u00bb body_text_color=\u00a0\u00bb#0C424A\u00a0\u00bb body_font_size=\u00a0\u00bb14px\u00a0\u00bb body_line_height=\u00a0\u00bb1.3em\u00a0\u00bb body_link_text_color=\u00a0\u00bb#0C424A\u00a0\u00bb body_link_font_size=\u00a0\u00bb14px\u00a0\u00bb image_icon_custom_margin=\u00a0\u00bb0px||0px||false|false\u00a0\u00bb image_icon_custom_padding=\u00a0\u00bb10px||10px|16px|false|false\u00a0\u00bb custom_margin=\u00a0\u00bb24px||0px||false|false\u00a0\u00bb custom_padding=\u00a0\u00bb10px||10px||false|false\u00a0\u00bb animation_style=\u00a0\u00bbfade\u00a0\u00bb border_color_all=\u00a0\u00bb#0C424A\u00a0\u00bb border_width_left=\u00a0\u00bb5px\u00a0\u00bb border_color_left_image=\u00a0\u00bb#E51A2F\u00a0\u00bb box_shadow_style=\u00a0\u00bbpreset1&Prime; saved_tabs=\u00a0\u00bball\u00a0\u00bb global_colors_info=\u00a0\u00bb{}\u00a0\u00bb body_link_text_color__hover_enabled=\u00a0\u00bbon|desktop\u00a0\u00bb body_link_text_color__hover=\u00a0\u00bb#E51A2F\u00a0\u00bb]<\/p>\n<p><strong>Proc\u00e9dure d&rsquo;inscription portail famille Arp\u00e8ge<\/strong><\/p>\n<p>[\/et_pb_blurb][et_pb_divider _builder_version=\u00a0\u00bb4.27.4&Prime; _module_preset=\u00a0\u00bbdefault\u00a0\u00bb global_colors_info=\u00a0\u00bb{}\u00a0\u00bb][\/et_pb_divider][et_pb_blurb image=\u00a0\u00bbhttps:\/\/www.ccvalguiers.fr\/infos\/wp-content\/uploads\/2024\/07\/label-jeunes-interreg.png\u00a0\u00bb alt=\u00a0\u00bbTransports Scolaires &#8211; Inscriptions 2023\u00e82024 avant le 15 juin &#8211; CC Val Guiers\u00a0\u00bb icon_placement=\u00a0\u00bbleft\u00a0\u00bb image_icon_width=\u00a0\u00bb125px\u00a0\u00bb _builder_version=\u00a0\u00bb4.26.0&Prime; _module_preset=\u00a0\u00bbdefault\u00a0\u00bb header_text_color=\u00a0\u00bb#0C424A\u00a0\u00bb header_font_size=\u00a0\u00bb20px\u00a0\u00bb header_line_height=\u00a0\u00bb1.2em\u00a0\u00bb body_font=\u00a0\u00bb|700|||||||\u00a0\u00bb body_text_color=\u00a0\u00bb#0C424A\u00a0\u00bb body_font_size=\u00a0\u00bb14px\u00a0\u00bb body_line_height=\u00a0\u00bb1.6em\u00a0\u00bb body_link_text_color=\u00a0\u00bb#FFFFFF\u00a0\u00bb background_color=\u00a0\u00bb#67BFBF\u00a0\u00bb display_conditions=\u00a0\u00bbW10=\u00a0\u00bb custom_margin=\u00a0\u00bb||27px|||\u00a0\u00bb custom_padding=\u00a0\u00bb20px|20px|20px|20px|false|false\u00a0\u00bb animation_style=\u00a0\u00bbslide\u00a0\u00bb animation_direction=\u00a0\u00bbright\u00a0\u00bb animation_duration=\u00a0\u00bb1050ms\u00a0\u00bb link_option_url=\u00a0\u00bbhttps:\/\/www.ccvalguiers.fr\/infos\/la-communaute-de-communes\/les-grands-projets\/#care\u00a0\u00bb global_colors_info=\u00a0\u00bb{}\u00a0\u00bb body_link_text_color__hover_enabled=\u00a0\u00bbon|hover\u00a0\u00bb body_link_text_color__hover=\u00a0\u00bb#67BFBF\u00a0\u00bb background__hover_enabled=\u00a0\u00bbon|desktop\u00a0\u00bb background_color__hover=\u00a0\u00bb#8FB250&Prime; background_enable_color__hover=\u00a0\u00bbon\u00a0\u00bb]<\/p>\n<p>Le projet ALCOTRA CARE a r\u00e9cemment \u00e9t\u00e9 honor\u00e9 en recevant le Label \u00ab\u00a0ALCOTRA Jeunes\u00a0\u00bb<\/p>\n<p><em><a href=\"https:\/\/www.ccvalguiers.fr\/infos\/la-communaute-de-communes\/cooperations-europeennes\/\">En savoir +<\/a><\/em><\/p>\n<p>[\/et_pb_blurb][et_pb_text _builder_version=\u00a0\u00bb4.27.4&Prime; _module_preset=\u00a0\u00bbdefault\u00a0\u00bb text_font=\u00a0\u00bb|600|||||||\u00a0\u00bb text_font_size=\u00a0\u00bb20px\u00a0\u00bb background_enable_color=\u00a0\u00bboff\u00a0\u00bb custom_margin=\u00a0\u00bb||0px||false|false\u00a0\u00bb custom_padding=\u00a0\u00bb10px|10px|11px|10px|false|false\u00a0\u00bb link_option_url=\u00a0\u00bbhttps:\/\/carte.ccvalguiers.fr\/fr\/agenda\u00a0\u00bb link_option_url_new_window=\u00a0\u00bbon\u00a0\u00bb global_colors_info=\u00a0\u00bb{}\u00a0\u00bb]<\/p>\n<p><img loading=\"lazy\" decoding=\"async\" src=\"https:\/\/www.ccvalguiers.fr\/infos\/wp-content\/uploads\/2022\/07\/puce.png\" width=\"37\" height=\"33\" alt=\"\" class=\"wp-image-209 alignnone size-full\" \/>Agenda du Guiers<\/p>\n<p>[\/et_pb_text][et_pb_sidebar orientation=\u00a0\u00bbright\u00a0\u00bb area=\u00a0\u00bbet_pb_widget_area_1&Prime; show_border=\u00a0\u00bboff\u00a0\u00bb disabled_on=\u00a0\u00bbon|on|on\u00a0\u00bb _builder_version=\u00a0\u00bb4.27.4&Prime; _module_preset=\u00a0\u00bbdefault\u00a0\u00bb header_text_align=\u00a0\u00bbleft\u00a0\u00bb header_text_color=\u00a0\u00bb#0C424A\u00a0\u00bb header_font_size=\u00a0\u00bb16px\u00a0\u00bb body_text_align=\u00a0\u00bbleft\u00a0\u00bb body_text_color=\u00a0\u00bb#0C424A\u00a0\u00bb body_font_size=\u00a0\u00bb15px\u00a0\u00bb body_line_height=\u00a0\u00bb1.6em\u00a0\u00bb background_color=\u00a0\u00bb#e8e8e8&Prime; text_orientation=\u00a0\u00bbleft\u00a0\u00bb custom_margin=\u00a0\u00bb0px||0px||false|false\u00a0\u00bb custom_padding=\u00a0\u00bb10px|10px|10px|10px|false|false\u00a0\u00bb disabled=\u00a0\u00bbon\u00a0\u00bb global_colors_info=\u00a0\u00bb{}\u00a0\u00bb body_text_color__hover_enabled=\u00a0\u00bbon|desktop\u00a0\u00bb body_text_color__hover=\u00a0\u00bb#E51A2F\u00a0\u00bb][\/et_pb_sidebar][et_pb_text _builder_version=\u00a0\u00bb4.21.0&Prime; _module_preset=\u00a0\u00bbdefault\u00a0\u00bb text_font=\u00a0\u00bb|600|||||||\u00a0\u00bb text_font_size=\u00a0\u00bb20px\u00a0\u00bb background_enable_color=\u00a0\u00bboff\u00a0\u00bb custom_margin=\u00a0\u00bb||0px||false|false\u00a0\u00bb custom_padding=\u00a0\u00bb28px|10px|11px|10px|false|false\u00a0\u00bb global_colors_info=\u00a0\u00bb{}\u00a0\u00bb]<\/p>\n<p><img loading=\"lazy\" decoding=\"async\" src=\"https:\/\/www.ccvalguiers.fr\/infos\/wp-content\/uploads\/2022\/07\/puce.png\" width=\"37\" height=\"33\" alt=\"\" class=\"wp-image-209 alignnone size-full\" \/>Recherche<\/p>\n<p>[\/et_pb_text][et_pb_search placeholder=\u00a0\u00bbTapez votre recherche\u00a0\u00bb button_color=\u00a0\u00bb#67BFBF\u00a0\u00bb placeholder_color=\u00a0\u00bb#b5b5b5&Prime; _builder_version=\u00a0\u00bb4.17.6&Prime; _module_preset=\u00a0\u00bbdefault\u00a0\u00bb form_field_background_color=\u00a0\u00bb#FFFFFF\u00a0\u00bb form_field_text_color=\u00a0\u00bb#0C424A\u00a0\u00bb form_field_focus_text_color=\u00a0\u00bb#0C424A\u00a0\u00bb button_text_color=\u00a0\u00bb#FFFFFF\u00a0\u00bb button_font_size=\u00a0\u00bb12px\u00a0\u00bb button_letter_spacing=\u00a0\u00bb1px\u00a0\u00bb form_field_font=\u00a0\u00bb||on||||||\u00a0\u00bb custom_margin=\u00a0\u00bb3px|10px|21px|10px|false|false\u00a0\u00bb custom_margin_tablet=\u00a0\u00bb70px||||false|false\u00a0\u00bb custom_margin_phone=\u00a0\u00bb70px||||false|false\u00a0\u00bb custom_margin_last_edited=\u00a0\u00bbon|phone\u00a0\u00bb global_colors_info=\u00a0\u00bb{}\u00a0\u00bb custom_margin__hover_enabled=\u00a0\u00bboff|desktop\u00a0\u00bb][\/et_pb_search][\/et_pb_column][\/et_pb_section][et_pb_section fb_built=\u00a0\u00bb1&Prime; module_id=\u00a0\u00bbcontacts\u00a0\u00bb _builder_version=\u00a0\u00bb4.27.2&Prime; _module_preset=\u00a0\u00bbdefault\u00a0\u00bb background_color=\u00a0\u00bb#0C424A\u00a0\u00bb custom_margin=\u00a0\u00bb0px||0px||false|false\u00a0\u00bb custom_padding=\u00a0\u00bb0px||0px|||\u00a0\u00bb top_divider_style=\u00a0\u00bbarrow\u00a0\u00bb top_divider_color=\u00a0\u00bb#f2f2f2&Prime; top_divider_height=\u00a0\u00bb137px\u00a0\u00bb global_module=\u00a0\u00bb366&Prime; global_colors_info=\u00a0\u00bb{}\u00a0\u00bb][et_pb_row column_structure=\u00a0\u00bb1_3,1_3,1_3&Prime; use_custom_gutter=\u00a0\u00bbon\u00a0\u00bb make_equal=\u00a0\u00bbon\u00a0\u00bb _builder_version=\u00a0\u00bb4.17.6&Prime; _module_preset=\u00a0\u00bbdefault\u00a0\u00bb width=\u00a0\u00bb89%\u00a0\u00bb max_width=\u00a0\u00bb89%\u00a0\u00bb module_alignment=\u00a0\u00bbcenter\u00a0\u00bb custom_margin=\u00a0\u00bb||0px||false|false\u00a0\u00bb custom_padding=\u00a0\u00bb64px||0px|||\u00a0\u00bb global_colors_info=\u00a0\u00bb{}\u00a0\u00bb][et_pb_column type=\u00a0\u00bb1_3&Prime; _builder_version=\u00a0\u00bb4.17.6&Prime; _module_preset=\u00a0\u00bbdefault\u00a0\u00bb custom_padding=\u00a0\u00bb195px||0px||false|false\u00a0\u00bb custom_padding_tablet=\u00a0\u00bb62px||||false|false\u00a0\u00bb custom_padding_phone=\u00a0\u00bb28px||||false|false\u00a0\u00bb custom_padding_last_edited=\u00a0\u00bbon|phone\u00a0\u00bb global_colors_info=\u00a0\u00bb{}\u00a0\u00bb][et_pb_image src=\u00a0\u00bbhttps:\/\/www.ccvalguiers.fr\/infos\/wp-content\/uploads\/2022\/08\/Logo-CCVG-Val-Guiers-RVB-neg.png\u00a0\u00bb alt=\u00a0\u00bbLogo Communaut\u00e9 de Communes Val Guiers &#8211; CCVG &#8211; Avant-Pays Savoyard\u00a0\u00bb title_text=\u00a0\u00bbLogo Communaut\u00e9 de Communes Val Guiers &#8211; CCVG &#8211; Avant-Pays Savoyard\u00a0\u00bb align=\u00a0\u00bbcenter\u00a0\u00bb _builder_version=\u00a0\u00bb4.17.6&Prime; _module_preset=\u00a0\u00bbdefault\u00a0\u00bb width=\u00a0\u00bb66%\u00a0\u00bb width_tablet=\u00a0\u00bb76%\u00a0\u00bb width_phone=\u00a0\u00bb76%\u00a0\u00bb width_last_edited=\u00a0\u00bbon|tablet\u00a0\u00bb module_alignment=\u00a0\u00bbcenter\u00a0\u00bb custom_margin=\u00a0\u00bb||||false|false\u00a0\u00bb custom_padding=\u00a0\u00bb0px||20px||false|false\u00a0\u00bb custom_padding_tablet=\u00a0\u00bb80px||10px||false|false\u00a0\u00bb custom_padding_phone=\u00a0\u00bb60px||10px||false|false\u00a0\u00bb custom_padding_last_edited=\u00a0\u00bbon|desktop\u00a0\u00bb animation_style=\u00a0\u00bbfade\u00a0\u00bb animation_direction=\u00a0\u00bbtop\u00a0\u00bb animation_duration=\u00a0\u00bb1400ms\u00a0\u00bb module_alignment_tablet=\u00a0\u00bbcenter\u00a0\u00bb module_alignment_phone=\u00a0\u00bb\u00a0\u00bb module_alignment_last_edited=\u00a0\u00bbon|desktop\u00a0\u00bb global_colors_info=\u00a0\u00bb{}\u00a0\u00bb][\/et_pb_image][\/et_pb_column][et_pb_column type=\u00a0\u00bb1_3&Prime; _builder_version=\u00a0\u00bb4.17.6&Prime; _module_preset=\u00a0\u00bbdefault\u00a0\u00bb custom_padding=\u00a0\u00bb||0px||false|false\u00a0\u00bb global_colors_info=\u00a0\u00bb{}\u00a0\u00bb][et_pb_blurb title=\u00a0\u00bbAdresse\u00a0\u00bb use_icon=\u00a0\u00bbon\u00a0\u00bb font_icon=\u00a0\u00bb&#xf59f;||fa||900&Prime; icon_color=\u00a0\u00bb#67BFBF\u00a0\u00bb image_icon_background_color=\u00a0\u00bbRGBA(255,255,255,0)\u00a0\u00bb icon_placement=\u00a0\u00bbleft\u00a0\u00bb image_icon_width=\u00a0\u00bb35px\u00a0\u00bb _builder_version=\u00a0\u00bb4.17.6&Prime; _module_preset=\u00a0\u00bbdefault\u00a0\u00bb header_font=\u00a0\u00bb|600|||||||\u00a0\u00bb header_text_color=\u00a0\u00bb#FFFFFF\u00a0\u00bb header_font_size=\u00a0\u00bb16px\u00a0\u00bb body_text_color=\u00a0\u00bb#FFFFFF\u00a0\u00bb body_font_size=\u00a0\u00bb15px\u00a0\u00bb body_line_height=\u00a0\u00bb1.5em\u00a0\u00bb body_link_text_color=\u00a0\u00bb#FFFFFF\u00a0\u00bb image_icon_custom_margin=\u00a0\u00bb0px||0px||false|false\u00a0\u00bb image_icon_custom_padding=\u00a0\u00bb10px||10px|16px|false|false\u00a0\u00bb custom_margin=\u00a0\u00bb134px||0px||false|false\u00a0\u00bb custom_margin_tablet=\u00a0\u00bb0px||||false|false\u00a0\u00bb custom_margin_phone=\u00a0\u00bb10px||||false|false\u00a0\u00bb custom_margin_last_edited=\u00a0\u00bbon|phone\u00a0\u00bb custom_padding=\u00a0\u00bb10px||20px|16px|false|false\u00a0\u00bb border_width_left=\u00a0\u00bb5px\u00a0\u00bb border_color_left=\u00a0\u00bb#E51A2F\u00a0\u00bb border_color_left_image=\u00a0\u00bb#E51A2F\u00a0\u00bb global_colors_info=\u00a0\u00bb{}\u00a0\u00bb body_link_text_color__hover_enabled=\u00a0\u00bbon|desktop\u00a0\u00bb body_link_text_color__hover=\u00a0\u00bb#67BFBF\u00a0\u00bb]<\/p>\n<p>585, route de Tramonet<br \/>Parc d\u2019Activit\u00e9s Val Guiers<br \/>73330 BELMONT-TRAMONET<br \/><span style=\"text-decoration: underline;\"><a href=\"https:\/\/goo.gl\/maps\/sSqdrExd4dNiKap37\" target=\"_blank\" rel=\"noopener\">Plan d&rsquo;acc\u00e8s<\/a><\/span> &gt;&gt;<\/p>\n<p>[\/et_pb_blurb][et_pb_blurb title=\u00a0\u00bbHoraires d&rsquo;ouverture\u00a0\u00bb use_icon=\u00a0\u00bbon\u00a0\u00bb font_icon=\u00a0\u00bb&#xe06b;||divi||400&Prime; icon_color=\u00a0\u00bb#67BFBF\u00a0\u00bb image_icon_background_color=\u00a0\u00bbRGBA(255,255,255,0)\u00a0\u00bb icon_placement=\u00a0\u00bbleft\u00a0\u00bb image_icon_width=\u00a0\u00bb35px\u00a0\u00bb _builder_version=\u00a0\u00bb4.27.4&Prime; _module_preset=\u00a0\u00bbdefault\u00a0\u00bb header_font=\u00a0\u00bb|600|||||||\u00a0\u00bb header_text_color=\u00a0\u00bb#FFFFFF\u00a0\u00bb header_font_size=\u00a0\u00bb16px\u00a0\u00bb body_text_color=\u00a0\u00bb#FFFFFF\u00a0\u00bb body_font_size=\u00a0\u00bb15px\u00a0\u00bb body_line_height=\u00a0\u00bb1.5em\u00a0\u00bb image_icon_custom_margin=\u00a0\u00bb0px||0px||false|false\u00a0\u00bb image_icon_custom_padding=\u00a0\u00bb10px||10px|16px|false|false\u00a0\u00bb custom_margin=\u00a0\u00bb0px||0px||false|false\u00a0\u00bb custom_padding=\u00a0\u00bb10px||20px|16px|false|false\u00a0\u00bb border_width_left=\u00a0\u00bb5px\u00a0\u00bb border_color_left=\u00a0\u00bb#E51A2F\u00a0\u00bb border_color_left_image=\u00a0\u00bb#E51A2F\u00a0\u00bb global_colors_info=\u00a0\u00bb{}\u00a0\u00bb]<\/p>\n<p><span>Du lundi au jeudi <\/span><span>de 9h \u00e0 12h et de 13h30 \u00e0 17h\u00a0<\/span><br \/><span>Le vendredi de 9h \u00e0 12h.<\/span><\/p>\n<p>[\/et_pb_blurb][et_pb_blurb title=\u00a0\u00bbT\u00e9l\u00e9phone\u00a0\u00bb use_icon=\u00a0\u00bbon\u00a0\u00bb font_icon=\u00a0\u00bb&#xe00b;||divi||400&Prime; icon_color=\u00a0\u00bb#67BFBF\u00a0\u00bb image_icon_background_color=\u00a0\u00bbRGBA(255,255,255,0)\u00a0\u00bb icon_placement=\u00a0\u00bbleft\u00a0\u00bb image_icon_width=\u00a0\u00bb35px\u00a0\u00bb _builder_version=\u00a0\u00bb4.17.6&Prime; _module_preset=\u00a0\u00bbdefault\u00a0\u00bb header_font=\u00a0\u00bb|600|||||||\u00a0\u00bb header_text_color=\u00a0\u00bb#FFFFFF\u00a0\u00bb header_font_size=\u00a0\u00bb16px\u00a0\u00bb body_text_color=\u00a0\u00bb#FFFFFF\u00a0\u00bb body_font_size=\u00a0\u00bb15px\u00a0\u00bb body_line_height=\u00a0\u00bb1.5em\u00a0\u00bb body_link_text_color=\u00a0\u00bb#FFFFFF\u00a0\u00bb image_icon_custom_margin=\u00a0\u00bb0px||0px||false|false\u00a0\u00bb image_icon_custom_padding=\u00a0\u00bb10px||10px|16px|false|false\u00a0\u00bb custom_margin=\u00a0\u00bb0px||0px||false|false\u00a0\u00bb custom_padding=\u00a0\u00bb10px||20px|16px|false|false\u00a0\u00bb border_width_left=\u00a0\u00bb5px\u00a0\u00bb border_color_left=\u00a0\u00bb#E51A2F\u00a0\u00bb border_color_left_image=\u00a0\u00bb#E51A2F\u00a0\u00bb global_colors_info=\u00a0\u00bb{}\u00a0\u00bb body_link_text_color__hover_enabled=\u00a0\u00bbon|desktop\u00a0\u00bb body_link_text_color__hover=\u00a0\u00bb#67BFBF\u00a0\u00bb]<\/p>\n<p>T\u00e9l. <a href=\"tel:+33476373645\">04 76 37 36 45<\/a><\/p>\n<p>[\/et_pb_blurb][et_pb_blurb title=\u00a0\u00bbEmail\u00a0\u00bb use_icon=\u00a0\u00bbon\u00a0\u00bb font_icon=\u00a0\u00bb&#xf1fa;||fa||900&Prime; icon_color=\u00a0\u00bb#67BFBF\u00a0\u00bb image_icon_background_color=\u00a0\u00bbRGBA(255,255,255,0)\u00a0\u00bb icon_placement=\u00a0\u00bbleft\u00a0\u00bb image_icon_width=\u00a0\u00bb35px\u00a0\u00bb _builder_version=\u00a0\u00bb4.17.6&Prime; _module_preset=\u00a0\u00bbdefault\u00a0\u00bb header_font=\u00a0\u00bb|600|||||||\u00a0\u00bb header_text_color=\u00a0\u00bb#FFFFFF\u00a0\u00bb header_font_size=\u00a0\u00bb16px\u00a0\u00bb body_text_color=\u00a0\u00bb#FFFFFF\u00a0\u00bb body_font_size=\u00a0\u00bb15px\u00a0\u00bb body_line_height=\u00a0\u00bb1.5em\u00a0\u00bb body_link_text_color=\u00a0\u00bb#FFFFFF\u00a0\u00bb image_icon_custom_margin=\u00a0\u00bb0px||0px||false|false\u00a0\u00bb image_icon_custom_padding=\u00a0\u00bb10px||10px|16px|false|false\u00a0\u00bb custom_margin=\u00a0\u00bb0px||0px||false|false\u00a0\u00bb custom_padding=\u00a0\u00bb10px||30px|16px|false|false\u00a0\u00bb custom_padding_tablet=\u00a0\u00bb||0px||false|false\u00a0\u00bb custom_padding_phone=\u00a0\u00bb\u00a0\u00bb custom_padding_last_edited=\u00a0\u00bbon|tablet\u00a0\u00bb border_width_left=\u00a0\u00bb5px\u00a0\u00bb border_color_left=\u00a0\u00bb#E51A2F\u00a0\u00bb border_color_left_image=\u00a0\u00bb#E51A2F\u00a0\u00bb global_colors_info=\u00a0\u00bb{}\u00a0\u00bb body_link_text_color__hover_enabled=\u00a0\u00bbon|desktop\u00a0\u00bb body_link_text_color__hover=\u00a0\u00bb#67BFBF\u00a0\u00bb]<\/p>\n<p><a href=\"mailto:contact@ccvalguiers.fr\">contact@ccvalguiers.fr<\/a><\/p>\n<p>[\/et_pb_blurb][\/et_pb_column][et_pb_column type=\u00a0\u00bb1_3&Prime; _builder_version=\u00a0\u00bb4.17.6&Prime; _module_preset=\u00a0\u00bbdefault\u00a0\u00bb custom_padding=\u00a0\u00bb||0px||false|false\u00a0\u00bb global_colors_info=\u00a0\u00bb{}\u00a0\u00bb][et_pb_code module_id=\u00a0\u00bbcartedescommunes\u00a0\u00bb _builder_version=\u00a0\u00bb4.27.4&Prime; _module_preset=\u00a0\u00bbdefault\u00a0\u00bb background_color=\u00a0\u00bbRGBA(255,255,255,0)\u00a0\u00bb transform_scale=\u00a0\u00bb88%|88%\u00a0\u00bb text_orientation=\u00a0\u00bbcenter\u00a0\u00bb module_alignment=\u00a0\u00bbleft\u00a0\u00bb custom_margin=\u00a0\u00bb0px||0px||false|false\u00a0\u00bb custom_padding=\u00a0\u00bb50px||0px||false|false\u00a0\u00bb custom_padding_tablet=\u00a0\u00bb0px||||false|false\u00a0\u00bb custom_padding_phone=\u00a0\u00bb\u00a0\u00bb custom_padding_last_edited=\u00a0\u00bbon|phone\u00a0\u00bb animation_style=\u00a0\u00bbfade\u00a0\u00bb animation_duration=\u00a0\u00bb1350ms\u00a0\u00bb module_alignment_tablet=\u00a0\u00bbcenter\u00a0\u00bb module_alignment_phone=\u00a0\u00bb\u00a0\u00bb module_alignment_last_edited=\u00a0\u00bbon|desktop\u00a0\u00bb global_colors_info=\u00a0\u00bb{}\u00a0\u00bb]\n<style>\n\t#hotspot-490 .hotspots-image-container,\n\t#hotspot-490 .leaflet-container {\n\t\tbackground: #0c424a\t}\n\n\t#hotspot-490 .hotspots-placeholder {\n\t\tbackground: rgba(255,255,255,0);\n\t\tborder: 0 rgba(255,255,255,0) solid;\n\t\tcolor: rgba(255,255,255,0);\n\t}\n\n\t#hotspot-490 .hotspot-title {\n\t\tcolor: #93C7A4;\n\t}\n\n\t\t\t#hotspot-490 .hotspot-default {\n\t\t\tstroke-width: -1;\n\t\t\tfill: #ffffff;\n\t\t\tfill-opacity: 0;\n\t\t\tstroke: #ffffff;\n\t\t\tstroke-opacity: 0;\n\t\t}\n\t\t#hotspot-490 .hotspot-default:hover,\n\t\t#hotspot-490 .hotspot-default:focus-visible,\n\t\t#hotspot-490 .hotspot-default.hotspot-active {\n\t\t\tfill: #ffffff;\n\t\t\tfill-opacity: 0.46;\n\t\t\tstroke: #235B6E;\n\t\t\tstroke-opacity: 0.01;\n\t\t}\n\t\t#hotspot-490 .leaflet-tooltip,\n\t#hotspot-490 .leaflet-rrose-content-wrapper {\n\t\tbackground: rgba(255,255,255,0);\n\t\tborder-color: rgba(255,255,255,0);\n\t\tcolor: rgba(255,255,255,0);\n\t}\n\n\t#hotspot-490 a.leaflet-rrose-close-button {\n\t\tcolor: #93C7A4;\n\t}\n\n\t#hotspot-490 .leaflet-rrose-tip {\n\t\tbackground: rgba(255,255,255,0);\n\t}\n\n\t#hotspot-490 .leaflet-popup-scrolled {\n\t\tborder-bottom-color: rgba(255,255,255,0);\n\t\tborder-top-color: rgba(255,255,255,0);\n\t}\n\n\t#hotspot-490 .leaflet-tooltip-top:before {\n\t\tborder-top-color: rgba(255,255,255,0);\n\t}\n\n\t#hotspot-490 .leaflet-tooltip-bottom:before {\n\t\tborder-bottom-color: rgba(255,255,255,0);\n\t}\n\t#hotspot-490 .leaflet-tooltip-left:before {\n\t\tborder-left-color: rgba(255,255,255,0);\n\t}\n\t#hotspot-490 .leaflet-tooltip-right:before {\n\t\tborder-right-color: rgba(255,255,255,0);\n\t}\n<\/style>\n\n\t\n\t<div class=\"hotspots-container links-only layout-left event-click\" id=\"hotspot-490\" data-layout=\"left\" data-trigger=\"click\">\n\t\t<div class=\"hotspots-interaction\">\n\t\t\t<div class=\"hotspots-image-container\">\n\t<img\n\t\twidth=\"3000\"\n\t\theight=\"4621\"\n\t\tsrc=\"https:\/\/www.ccvalguiers.fr\/infos\/wp-content\/uploads\/2022\/10\/11-communes-CCVG.png\"\n\t\talt=\"Les 11 communes des la CCVG\"\n\t\tclass=\"hotspots-image skip-lazy\"\n\t\tusemap=\"#hotspots-image-490\"\n\t\tdata-image-title=\"\"\n\t\tdata-image-description=\"\"\n\t\tdata-event-trigger=\"click\"\n\t\tdata-always-visible=\"false\"\n\t\tdata-id=\"490\"\n\t\tdata-no-lazy=\"1\"\n\t\tdata-lazy-src=\"\"\n\t\tdata-lazy=\"false\"\n\t\tloading=\"eager\"\n\t\tdata-skip-lazy=\"1\"\n\t\t>\n<\/div>\t\t<\/div>\n\t\t<map name=\"hotspots-image-490\" class=\"hotspots-map\">\n\t\t\t\t\t\t\t\t\t\t\t<area\n\t\t\t\t\tshape=\"polygon\"\n\t\t\t\t\tcoords=\"450,1037,484,1079,591,1166,628,1217,687,1257,711,1282,734,1336,754,1354,774,1333,805,1330,855,1328,903,1295,971,1254,987,1242,1019,1235,1050,1210,1060,1184,1068,1134,1086,1122,1130,1125,1225,1089,1247,1082,1271,1074,1278,1062,1278,973,1295,958,1315,946,1315,850,1372,748,1406,701,1409,662,1429,612,1464,514,1494,472,1563,438,1619,410,1655,407,1671,386,1703,358,1709,345,1699,325,1699,291,1705,240,1722,228,1731,216,1747,174,1739,163,1722,152,1691,127,1644,95,1632,122,1613,158,1593,197,1583,226,1568,261,1559,306,1540,346,1503,381,1491,369,1473,364,1409,358,1372,394,1323,417,1274,444,1238,474,1078,486,853,488,817,506,781,538,723,567,704,614,674,705,665,754,661,788,606,843,535,886,490,924,464,960\"\n\t\t\t\t\thref=\"https:\/\/champagneux.org\/\"\n\t\t\t\t\trel=\"\"\n\t\t\t\t\ttitle=\"champagneux.org \u27a5\"\n\t\t\t\t\talt=\"champagneux.org \u27a5\"\n\t\t\t\t\tdata-action=\"url\"\n\t\t\t\t\tdata-color-scheme=\"\"\n\t\t\t\t\ttarget=\"_new\"\n\t\t\t\t\tclass=\"url-area\"\n\t\t\t\t\t>\n\t\t\t\t\t\t\t\t\t\t\t<area\n\t\t\t\t\tshape=\"polygon\"\n\t\t\t\t\tcoords=\"447,1045,489,1084,578,1159,627,1203,643,1232,711,1282,731,1335,753,1356,780,1331,851,1329,976,1251,992,1240,1034,1228,1056,1200,1075,1130,1099,1121,1151,1123,1230,1087,1255,1083,1279,1066,1276,970,1298,956,1314,946,1315,848,1365,759,1403,707,1411,660,1427,614,1458,538,1492,473,1551,441,1623,408,1655,407,1671,388,1713,342,1743,356,1754,371,1771,434,1788,489,1806,543,1814,578,1840,614,1847,629,1851,778,1877,818,1916,864,1951,908,1958,922,1972,967,1989,1027,1984,1047,1880,1171,1881,1185,1889,1206,1909,1223,1927,1263,1945,1298,1964,1327,1975,1352,1991,1379,1991,1397,1957,1410,1929,1389,1905,1389,1873,1452,1854,1523,1828,1541,1759,1547,1740,1524,1710,1518,1664,1527,1626,1551,1617,1575,1627,1594,1657,1620,1678,1647,1688,1674,1692,1700,1662,1719,1636,1738,1607,1738,1607,1675,1531,1666,1483,1663,1455,1656,1437,1639,1396,1675,1355,1681,1375,1701,1424,1738,1441,1774,1455,1795,1491,1821,1480,1827,1430,1831,1398,1849,1377,1864,1339,1864,1321,1882,1309,1911,1296,2019,1277,2044,1237,2084,1113,2075,1059,2070,1042,2048,997,2046,995,2016,948,1998,918,1967,880,1947,815,1941,696,2079,683,2075,661,2041,642,1989,642,1907,610,1896,561,1873,522,1823,472,1733,398,1633,360,1589,320,1551,272,1487,227,1391,203,1327,204,1245,202,1211,179,1159,203,1154,252,1158,271,1187,298,1207,334,1210,370,1200,404,1172,419,1135,431,1100\"\n\t\t\t\t\thref=\"https:\/\/saint-genix.fr\/\"\n\t\t\t\t\trel=\"\"\n\t\t\t\t\ttitle=\"saint-genix.fr \u27a5\"\n\t\t\t\t\talt=\"saint-genix.fr \u27a5\"\n\t\t\t\t\tdata-action=\"url\"\n\t\t\t\t\tdata-color-scheme=\"\"\n\t\t\t\t\ttarget=\"_new\"\n\t\t\t\t\tclass=\"url-area\"\n\t\t\t\t\t>\n\t\t\t\t\t\t\t\t\t\t\t<area\n\t\t\t\t\tshape=\"polygon\"\n\t\t\t\t\tcoords=\"1956,1414,1927,1388,1908,1388,1899,1404,1872,1451,1863,1485,1853,1524,1829,1544,1759,1547,1741,1528,1717,1520,1675,1524,1637,1541,1617,1564,1617,1585,1652,1619,1676,1639,1684,1666,1688,1688,1701,1744,1703,1760,1741,1779,1818,1796,1857,1796,1907,1832,1947,1867,1981,1856,2039,1828,2071,1824,2100,1824,2123,1808,2133,1796,2154,1792,2177,1731,2159,1701,2130,1665,2127,1604,2125,1562,2111,1543,2078,1519,2019,1518,2007,1501,1995,1460,1975,1435\"\n\t\t\t\t\thref=\"https:\/\/saintemariedalvey.fr\/\"\n\t\t\t\t\trel=\"\"\n\t\t\t\t\ttitle=\"saintemariedalvey.fr \u27a5\"\n\t\t\t\t\talt=\"saintemariedalvey.fr \u27a5\"\n\t\t\t\t\tdata-action=\"url\"\n\t\t\t\t\tdata-color-scheme=\"\"\n\t\t\t\t\ttarget=\"_new\"\n\t\t\t\t\tclass=\"url-area\"\n\t\t\t\t\t>\n\t\t\t\t\t\t\t\t\t\t\t<area\n\t\t\t\t\tshape=\"polygon\"\n\t\t\t\t\tcoords=\"2147,1794,2127,1792,2110,1822,2077,1827,2039,1826,1951,1865,1922,1844,1871,1801,1826,1793,1724,1770,1701,1759,1690,1702,1658,1719,1634,1741,1610,1740,1604,1683,1595,1675,1519,1665,1461,1660,1438,1641,1404,1669,1360,1681,1369,1697,1394,1710,1420,1730,1440,1773,1450,1793,1496,1827,1572,1913,1623,1965,1657,1965,1687,1982,1699,2020,1702,2118,1712,2171,1835,2274,1917,2279,1948,2301,2015,2353,2044,2370,2111,2361,2120,2414,2238,2392,2243,2302,2248,2251,2245,2175,2231,2091,2221,2037,2199,1980,2194,1879,2193,1831\"\n\t\t\t\t\thref=\"https:\/\/www.rochefort73.com\/\"\n\t\t\t\t\trel=\"\"\n\t\t\t\t\ttitle=\"rochefort73.com \u27a5\"\n\t\t\t\t\talt=\"rochefort73.com \u27a5\"\n\t\t\t\t\tdata-action=\"url\"\n\t\t\t\t\tdata-color-scheme=\"\"\n\t\t\t\t\ttarget=\"_new\"\n\t\t\t\t\tclass=\"url-area\"\n\t\t\t\t\t>\n\t\t\t\t\t\t\t\t\t\t\t<area\n\t\t\t\t\tshape=\"polygon\"\n\t\t\t\t\tcoords=\"1487,1829,1561,1903,1627,1966,1663,1965,1695,1997,1703,2157,1738,2196,1833,2278,1915,2278,2005,2342,2022,2366,2077,2366,2111,2361,2117,2411,2057,2466,2014,2514,1939,2542,1861,2593,1823,2585,1754,2567,1627,2584,1549,2589,1431,2586,1336,2534,1243,2480,1199,2426,1153,2397,1123,2374,1130,2350,1115,2340,1079,2313,1070,2242,1080,2174,1103,2123,1109,2076,1165,2086,1223,2087,1253,2067,1285,2025,1300,1992,1311,1927,1315,1886,1336,1865,1375,1864,1431,1830\"\n\t\t\t\t\thref=\"https:\/\/www.avressieux.com\"\n\t\t\t\t\trel=\"\"\n\t\t\t\t\ttitle=\"avressieux.com \u27a5\"\n\t\t\t\t\talt=\"avressieux.com \u27a5\"\n\t\t\t\t\tdata-action=\"url\"\n\t\t\t\t\tdata-color-scheme=\"\"\n\t\t\t\t\ttarget=\"_new\"\n\t\t\t\t\tclass=\"url-area\"\n\t\t\t\t\t>\n\t\t\t\t\t\t\t\t\t\t\t<area\n\t\t\t\t\tshape=\"polygon\"\n\t\t\t\t\tcoords=\"1108,2075,1061,2066,1043,2048,992,2047,991,2016,959,2003,917,1965,887,1951,854,1941,814,1942,755,2017,691,2081,724,2125,780,2207,811,2284,883,2367,987,2415,1071,2461,1126,2516,1167,2554,1173,2569,1153,2601,1099,2627,1097,2640,1110,2684,1143,2718,1172,2744,1174,2764,1243,2766,1334,2777,1431,2803,1455,2803,1483,2787,1606,2782,1700,2765,1743,2765,1763,2776,1806,2715,1855,2664,1859,2637,1846,2595,1784,2571,1735,2570,1694,2583,1565,2583,1506,2585,1431,2585,1359,2548,1282,2505,1220,2452,1159,2400,1123,2375,1130,2351,1118,2338,1077,2317,1068,2231,1080,2168,1101,2135,1108,2097\"\n\t\t\t\t\thref=\"http:\/\/www.belmont-tramonet.fr\/\"\n\t\t\t\t\trel=\"\"\n\t\t\t\t\ttitle=\"belmont-tramonet.fr \u27a5\"\n\t\t\t\t\talt=\"belmont-tramonet.fr \u27a5\"\n\t\t\t\t\tdata-action=\"url\"\n\t\t\t\t\tdata-color-scheme=\"\"\n\t\t\t\t\ttarget=\"_new\"\n\t\t\t\t\tclass=\"url-area\"\n\t\t\t\t\t>\n\t\t\t\t\t\t\t\t\t\t\t<area\n\t\t\t\t\tshape=\"polygon\"\n\t\t\t\t\tcoords=\"2132,3026,2111,3001,2074,2978,2047,2906,2021,2871,1967,2859,1925,2858,1867,2829,1813,2806,1763,2776,1738,2765,1678,2772,1625,2781,1540,2782,1490,2784,1451,2805,1387,2790,1315,2771,1265,2765,1169,2766,1176,2797,1178,2833,1183,2884,1186,2914,1219,2940,1270,2951,1300,2969,1308,3001,1307,3052,1303,3063,1361,3092,1423,3101,1456,3122,1475,3146,1473,3199,1474,3256,1480,3279,1497,3327,1488,3362,1472,3425,1484,3435,1504,3475,1499,3524,1493,3559,1514,3592,1548,3636,1604,3660,1684,3707,1730,3684,1819,3655,1888,3639,1950,3636,2040,3604,2040,3551,2047,3503,2021,3448,2023,3384,2024,3334,2014,3299,2039,3293,2069,3282,2070,3216,2069,3139,2096,3120,2108,3104,2108,3065,2113,3048,2129,3033\"\n\t\t\t\t\thref=\"https:\/\/www.domessin.fr\/\"\n\t\t\t\t\trel=\"\"\n\t\t\t\t\ttitle=\"domessin.fr \u27a5\"\n\t\t\t\t\talt=\"domessin.fr \u27a5\"\n\t\t\t\t\tdata-action=\"url\"\n\t\t\t\t\tdata-color-scheme=\"\"\n\t\t\t\t\ttarget=\"_new\"\n\t\t\t\t\tclass=\"url-area\"\n\t\t\t\t\t>\n\t\t\t\t\t\t\t\t\t\t\t<area\n\t\t\t\t\tshape=\"polygon\"\n\t\t\t\t\tcoords=\"2359,3025,2316,3023,2282,3001,2260,3009,2241,3023,2204,3017,2166,3018,2131,3030,2111,3050,2107,3067,2103,3113,2074,3136,2069,3273,2054,3290,2018,3299,2018,3315,2027,3357,2022,3421,2025,3465,2049,3505,2041,3597,2068,3609,2103,3619,2131,3643,2165,3682,2215,3669,2296,3665,2346,3662,2399,3644,2438,3653,2493,3665,2521,3665,2583,3726,2615,3659,2619,3590,2641,3527,2655,3457,2669,3377,2680,3338,2702,3298,2710,3277,2711,3197,2705,3125,2723,3085,2747,3061,2763,3017,2755,3007,2714,3013,2679,3023,2639,3029,2631,3037,2622,3060,2599,3079,2587,3085,2585,3098,2584,3197,2579,3224,2573,3254,2559,3263,2540,3258,2521,3249,2484,3245,2471,3229,2418,3212,2362,3194,2339,3181,2336,3153,2351,3130,2357,3106,2359,3061\"\n\t\t\t\t\thref=\"https:\/\/www.labridoire.fr\/\"\n\t\t\t\t\trel=\"\"\n\t\t\t\t\ttitle=\"labridoire.fr \u27a5\"\n\t\t\t\t\talt=\"labridoire.fr \u27a5\"\n\t\t\t\t\tdata-action=\"url\"\n\t\t\t\t\tdata-color-scheme=\"\"\n\t\t\t\t\ttarget=\"_new\"\n\t\t\t\t\tclass=\"url-area\"\n\t\t\t\t\t>\n\t\t\t\t\t\t\t\t\t\t\t<area\n\t\t\t\t\tshape=\"polygon\"\n\t\t\t\t\tcoords=\"2578,3728,2528,3671,2510,3666,2470,3662,2414,3646,2391,3644,2339,3664,2214,3666,2167,3684,2130,3648,2103,3619,2039,3602,1990,3619,1941,3639,1881,3640,1815,3656,1763,3670,1679,3706,1691,3748,1700,3802,1701,3857,1701,3905,1735,3931,1783,3944,1840,3942,1868,3950,1883,3992,1898,4053,1913,4114,1917,4193,1917,4250,1940,4322,1975,4367,2017,4401,2053,4437,2062,4476,2066,4541,2067,4567,2099,4509,2114,4470,2137,4446,2171,4433,2198,4425,2209,4406,2209,4383,2235,4333,2247,4308,2267,4302,2273,4274,2301,4244,2330,4202,2355,4178,2379,4161,2399,4144,2415,4122,2423,4089,2421,4040,2431,4018,2435,3982,2494,3886,2533,3826,2559,3774,2571,3750\"\n\t\t\t\t\thref=\"http:\/\/saint-beron.org\/\"\n\t\t\t\t\trel=\"\"\n\t\t\t\t\ttitle=\"saint-beron.org \u27a5\"\n\t\t\t\t\talt=\"saint-beron.org \u27a5\"\n\t\t\t\t\tdata-action=\"url\"\n\t\t\t\t\tdata-color-scheme=\"\"\n\t\t\t\t\ttarget=\"_new\"\n\t\t\t\t\tclass=\"url-area\"\n\t\t\t\t\t>\n\t\t\t\t\t\t\t\t\t\t\t<area\n\t\t\t\t\tshape=\"polygon\"\n\t\t\t\t\tcoords=\"1471,3428,1485,3376,1495,3330,1476,3265,1470,3216,1473,3138,1441,3111,1394,3098,1350,3087,1298,3058,1257,3060,1219,3036,1181,3023,1141,3011,1121,3035,1107,3059,1097,3083,1103,3108,1118,3140,1120,3179,1137,3237,1162,3299,1195,3335,1242,3367,1299,3403,1343,3425,1389,3438,1455,3434\"\n\t\t\t\t\thref=\"https:\/\/lepontdebeauvoisin.fr\/\"\n\t\t\t\t\trel=\"\"\n\t\t\t\t\ttitle=\"lepontdebeauvoisin.fr \u27a5\"\n\t\t\t\t\talt=\"lepontdebeauvoisin.fr \u27a5\"\n\t\t\t\t\tdata-action=\"url\"\n\t\t\t\t\tdata-color-scheme=\"\"\n\t\t\t\t\ttarget=\"_new\"\n\t\t\t\t\tclass=\"url-area\"\n\t\t\t\t\t>\n\t\t\t\t\t\t\t\t\t\t\t<area\n\t\t\t\t\tshape=\"polygon\"\n\t\t\t\t\tcoords=\"2238,2392,2122,2413,2100,2425,2065,2460,2040,2482,2020,2507,1985,2523,1947,2530,1915,2558,1875,2589,1843,2591,1850,2609,1858,2639,1858,2657,1841,2680,1807,2712,1786,2736,1763,2771,1781,2792,1811,2803,1843,2820,1873,2831,1904,2844,1925,2856,1957,2856,1988,2861,2018,2868,2043,2898,2056,2930,2063,2956,2085,2982,2107,2996,2130,3027,2143,3027,2172,3021,2199,3017,2230,3025,2247,3021,2257,3011,2278,3000,2293,3003,2307,3016,2323,3020,2347,3022,2357,3021,2351,2970,2343,2917,2335,2872,2335,2838,2335,2820,2318,2782,2299,2746,2291,2692,2286,2644,2286,2620,2269,2599,2253,2568,2245,2518,2242,2448,2241,2409\"\n\t\t\t\t\thref=\"https:\/\/www.verel-de-montbel.fr\/\"\n\t\t\t\t\trel=\"\"\n\t\t\t\t\ttitle=\"verel-de-montbel.fr \u27a5\"\n\t\t\t\t\talt=\"verel-de-montbel.fr \u27a5\"\n\t\t\t\t\tdata-action=\"url\"\n\t\t\t\t\tdata-color-scheme=\"\"\n\t\t\t\t\ttarget=\"_new\"\n\t\t\t\t\tclass=\"url-area\"\n\t\t\t\t\t>\n\t\t\t\t\t<\/map>\n\n\t\t\n\t\t\t\t\t\t\t\t\t\t\t\t\t\t\t\t\t\t\t\t\t\t\t\t\t\t\t\t\t\t\t\t\t\t\t\t<\/div>\n\n[\/et_pb_code][\/et_pb_column][\/et_pb_row][et_pb_row _builder_version=\u00a0\u00bb4.17.6&Prime; _module_preset=\u00a0\u00bbdefault\u00a0\u00bb background_color=\u00a0\u00bb#023038&Prime; width=\u00a0\u00bb100%\u00a0\u00bb max_width=\u00a0\u00bb100%\u00a0\u00bb custom_margin=\u00a0\u00bb0px||0px||false|false\u00a0\u00bb custom_padding=\u00a0\u00bb5px||5px||false|false\u00a0\u00bb global_colors_info=\u00a0\u00bb{}\u00a0\u00bb][et_pb_column type=\u00a0\u00bb4_4&Prime; _builder_version=\u00a0\u00bb4.17.4&Prime; _module_preset=\u00a0\u00bbdefault\u00a0\u00bb global_colors_info=\u00a0\u00bb{}\u00a0\u00bb][et_pb_text _builder_version=\u00a0\u00bb4.17.6&Prime; _module_preset=\u00a0\u00bbdefault\u00a0\u00bb text_text_color=\u00a0\u00bb#FFFFFF\u00a0\u00bb text_font_size=\u00a0\u00bb12px\u00a0\u00bb text_letter_spacing=\u00a0\u00bb1px\u00a0\u00bb link_text_color=\u00a0\u00bb#FFFFFF\u00a0\u00bb text_orientation=\u00a0\u00bbcenter\u00a0\u00bb global_colors_info=\u00a0\u00bb{}\u00a0\u00bb link_text_color__hover_enabled=\u00a0\u00bbon|desktop\u00a0\u00bb link_text_color__hover=\u00a0\u00bb#E51A2F\u00a0\u00bb]<\/p>\n<p>CCVG | <a href=\"https:\/\/www.ccvalguiers.fr\/infos\/la-communaute-de-communes\/offres-demploi\/\">Offres d&#8217;emploi<\/a> | <a href=\"https:\/\/www.ccvalguiers.fr\/infos\/la-communaute-de-communes\/marches-publics\/\">March\u00e9s publics<\/a> | <a href=\"https:\/\/www.ccvalguiers.fr\/infos\/mentions-legales-et-confidentialite\/#confidentialite\">Politique de confidentialit\u00e9<\/a> | <a href=\"https:\/\/www.ccvalguiers.fr\/infos\/mentions-legales-et-confidentialite\/#mentions\">Mentions l\u00e9gales<\/a><\/p>\n<p>[\/et_pb_text][\/et_pb_column][\/et_pb_row][\/et_pb_section]<\/p>\n","protected":false},"excerpt":{"rendered":"<p><div id=\"mega-menu-wrap-primary-menu\" class=\"mega-menu-wrap\"><div class=\"mega-menu-toggle\"><div class=\"mega-toggle-blocks-left\"><\/div><div class=\"mega-toggle-blocks-center\"><\/div><div class=\"mega-toggle-blocks-right\"><div class='mega-toggle-block mega-menu-toggle-animated-block mega-toggle-block-0' id='mega-toggle-block-0'><button aria-controls=\"mega-menu-primary-menu\" aria-expanded=\"false\" aria-haspopup=\"true\" aria-label=\"Toggle Menu\" class=\"mega-toggle-animated mega-toggle-animated-slider\" type=\"button\">\n                  <span class=\"mega-toggle-animated-box\">\n                    <span class=\"mega-toggle-animated-inner\"><\/span>\n                  <\/span>\n                <\/button><\/div><\/div><\/div><ul id=\"mega-menu-primary-menu\" class=\"mega-menu max-mega-menu mega-menu-horizontal mega-no-js\" data-event=\"hover\" data-effect=\"fade_up\" data-effect-speed=\"200\" data-effect-mobile=\"disabled\" data-effect-speed-mobile=\"0\" data-mobile-force-width=\"false\" data-second-click=\"go\" data-document-click=\"collapse\" data-vertical-behaviour=\"accordion\" data-breakpoint=\"1024\" data-unbind=\"true\" data-mobile-state=\"collapse_all\" data-mobile-direction=\"vertical\"><li class=\"mega-menu-item mega-menu-item-type-custom mega-menu-item-object-custom mega-menu-item-has-children mega-menu-megamenu mega-menu-grid mega-align-bottom-left mega-menu-grid mega-menu-item-415 menu-item\" id=\"mega-menu-item-415\"><a class=\"mega-menu-link\" href=\"https:\/\/www.ccvalguiers.fr\/infos\/la-communaute-de-communes\/\" aria-expanded=\"false\" aria-controls=\"mega-sub-menu-415\">La Communaut\u00e9 de Communes<span class=\"mega-indicator\" aria-hidden=\"true\"><\/span><\/a>\n<ul class=\"mega-sub-menu\" role='presentation' id='mega-sub-menu-415'>\n<li class=\"mega-menu-row menu-item\" id=\"mega-menu-415-0\">\n\t<ul class=\"mega-sub-menu\" style='--columns:3' role='presentation'>\n<li class=\"mega-menu-column mega-menu-columns-1-of-3 menu-item\" style=\"--columns:3; --span:1\" id=\"mega-menu-415-0-0\">\n\t\t<ul class=\"mega-sub-menu\">\n<li class=\"mega-menu-item mega-menu-item-type-post_type mega-menu-item-object-page mega-menu-item-755 menu-item\" id=\"mega-menu-item-755\"><a class=\"mega-menu-link\" href=\"https:\/\/www.ccvalguiers.fr\/infos\/la-communaute-de-communes\/qui-sommes-nous\/\"><img decoding=\"async\" src=\"https:\/\/www.ccvalguiers.fr\/infos\/wp-content\/uploads\/2023\/07\/puce-rouge-menu.png\"\/> Qui sommes-nous ?<\/a><\/li><li class=\"mega-menu-item mega-menu-item-type-post_type mega-menu-item-object-page mega-menu-item-787 menu-item\" id=\"mega-menu-item-787\"><a class=\"mega-menu-link\" href=\"https:\/\/www.ccvalguiers.fr\/infos\/la-communaute-de-communes\/les-communes\/\"><img decoding=\"async\" src=\"https:\/\/www.ccvalguiers.fr\/infos\/wp-content\/uploads\/2023\/07\/puce-rouge-menu.png\"\/> Les communes<\/a><\/li><li class=\"mega-menu-item mega-menu-item-type-post_type mega-menu-item-object-page mega-menu-item-1002 menu-item\" id=\"mega-menu-item-1002\"><a class=\"mega-menu-link\" href=\"https:\/\/www.ccvalguiers.fr\/infos\/la-communaute-de-communes\/instances-et-elus\/\"><img decoding=\"async\" src=\"https:\/\/www.ccvalguiers.fr\/infos\/wp-content\/uploads\/2023\/07\/puce-rouge-menu.png\"\/> Instances et \u00e9lus<\/a><\/li><li class=\"mega-menu-item mega-menu-item-type-post_type mega-menu-item-object-page mega-menu-item-3108 menu-item\" id=\"mega-menu-item-3108\"><a class=\"mega-menu-link\" href=\"https:\/\/www.ccvalguiers.fr\/infos\/la-communaute-de-communes\/deliberations-du-conseil-communautaire\/\"><img decoding=\"async\" src=\"https:\/\/www.ccvalguiers.fr\/infos\/wp-content\/uploads\/2023\/07\/puce-rouge-menu.png\"\/> D\u00e9lib\u00e9rations du Conseil communautaire<\/a><\/li>\t\t<\/ul>\n<\/li><li class=\"mega-menu-column mega-menu-columns-1-of-3 menu-item\" style=\"--columns:3; --span:1\" id=\"mega-menu-415-0-1\">\n\t\t<ul class=\"mega-sub-menu\">\n<li class=\"mega-menu-item mega-menu-item-type-post_type mega-menu-item-object-page mega-menu-item-3416 menu-item\" id=\"mega-menu-item-3416\"><a class=\"mega-menu-link\" href=\"https:\/\/www.ccvalguiers.fr\/infos\/la-communaute-de-communes\/centre-intercommunal-daction-sociale-cias\/\"><img decoding=\"async\" src=\"https:\/\/www.ccvalguiers.fr\/infos\/wp-content\/uploads\/2023\/07\/puce-rouge-menu.png\"\/> Centre Intercommunal d\u2019Action Sociale (CIAS)<\/a><\/li><li class=\"mega-menu-item mega-menu-item-type-post_type mega-menu-item-object-page mega-menu-item-1055 menu-item\" id=\"mega-menu-item-1055\"><a class=\"mega-menu-link\" href=\"https:\/\/www.ccvalguiers.fr\/infos\/la-communaute-de-communes\/notre-organisation\/\"><img decoding=\"async\" src=\"https:\/\/www.ccvalguiers.fr\/infos\/wp-content\/uploads\/2023\/07\/puce-rouge-menu.png\"\/> L\u2019organigramme des services<\/a><\/li><li class=\"mega-menu-item mega-menu-item-type-post_type mega-menu-item-object-page mega-menu-item-1090 menu-item\" id=\"mega-menu-item-1090\"><a class=\"mega-menu-link\" href=\"https:\/\/www.ccvalguiers.fr\/infos\/la-communaute-de-communes\/les-grands-projets\/\"><img decoding=\"async\" src=\"https:\/\/www.ccvalguiers.fr\/infos\/wp-content\/uploads\/2023\/07\/puce-rouge-menu.png\"\/> Les grands projets<\/a><\/li><li class=\"mega-menu-item mega-menu-item-type-post_type mega-menu-item-object-page mega-menu-item-1100 menu-item\" id=\"mega-menu-item-1100\"><a class=\"mega-menu-link\" href=\"https:\/\/www.ccvalguiers.fr\/infos\/la-communaute-de-communes\/actualites\/\"><img decoding=\"async\" src=\"https:\/\/www.ccvalguiers.fr\/infos\/wp-content\/uploads\/2023\/07\/puce-rouge-menu.png\"\/> Actualit\u00e9s<\/a><\/li>\t\t<\/ul>\n<\/li><li class=\"mega-menu-column mega-menu-columns-1-of-3 menu-item\" style=\"--columns:3; --span:1\" id=\"mega-menu-415-0-2\">\n\t\t<ul class=\"mega-sub-menu\">\n<li class=\"mega-menu-item mega-menu-item-type-post_type mega-menu-item-object-page mega-menu-item-2195 menu-item\" id=\"mega-menu-item-2195\"><a class=\"mega-menu-link\" href=\"https:\/\/www.ccvalguiers.fr\/infos\/la-communaute-de-communes\/cooperations-europeennes\/\"><img decoding=\"async\" src=\"https:\/\/www.ccvalguiers.fr\/infos\/wp-content\/uploads\/2023\/07\/puce-rouge-menu.png\"\/> Coop\u00e9rations europ\u00e9ennes<\/a><\/li><li class=\"mega-menu-item mega-menu-item-type-post_type mega-menu-item-object-page mega-menu-item-1119 menu-item\" id=\"mega-menu-item-1119\"><a class=\"mega-menu-link\" href=\"https:\/\/www.ccvalguiers.fr\/infos\/la-communaute-de-communes\/marches-publics\/\"><img decoding=\"async\" src=\"https:\/\/www.ccvalguiers.fr\/infos\/wp-content\/uploads\/2023\/07\/puce-rouge-menu.png\"\/> March\u00e9s publics<\/a><\/li><li class=\"mega-menu-item mega-menu-item-type-post_type mega-menu-item-object-page mega-menu-item-1118 menu-item\" id=\"mega-menu-item-1118\"><a class=\"mega-menu-link\" href=\"https:\/\/www.ccvalguiers.fr\/infos\/la-communaute-de-communes\/offres-demploi\/\"><img decoding=\"async\" src=\"https:\/\/www.ccvalguiers.fr\/infos\/wp-content\/uploads\/2023\/07\/puce-rouge-menu.png\"\/> Offres d\u2019emploi<\/a><\/li>\t\t<\/ul>\n<\/li>\t<\/ul>\n<\/li><\/ul>\n<\/li><li class=\"mega-menu-item mega-menu-item-type-custom mega-menu-item-object-custom mega-menu-item-has-children mega-menu-megamenu mega-menu-grid mega-align-bottom-left mega-menu-grid mega-menu-item-404 menu-item\" id=\"mega-menu-item-404\"><a class=\"mega-menu-link\" href=\"https:\/\/www.ccvalguiers.fr\/infos\/vos-services\/\" aria-expanded=\"false\" aria-controls=\"mega-sub-menu-404\">Vos services<span class=\"mega-indicator\" aria-hidden=\"true\"><\/span><\/a>\n<ul class=\"mega-sub-menu\" role='presentation' id='mega-sub-menu-404'>\n<li class=\"mega-menu-row menu-item\" id=\"mega-menu-404-0\">\n\t<ul class=\"mega-sub-menu\" style='--columns:3' role='presentation'>\n<li class=\"mega-menu-column mega-menu-columns-1-of-3 menu-item\" style=\"--columns:3; --span:1\" id=\"mega-menu-404-0-0\">\n\t\t<ul class=\"mega-sub-menu\">\n<li class=\"mega-menu-item mega-menu-item-type-post_type mega-menu-item-object-page mega-menu-item-1161 menu-item\" id=\"mega-menu-item-1161\"><a class=\"mega-menu-link\" href=\"https:\/\/www.ccvalguiers.fr\/infos\/vos-services\/annuaire-des-services\/\"><img decoding=\"async\" src=\"https:\/\/www.ccvalguiers.fr\/infos\/wp-content\/uploads\/2023\/07\/puce-rouge-menu.png\"\/> Annuaire des services<\/a><\/li><li class=\"mega-menu-item mega-menu-item-type-post_type mega-menu-item-object-page mega-menu-item-1190 menu-item\" id=\"mega-menu-item-1190\"><a class=\"mega-menu-link\" href=\"https:\/\/www.ccvalguiers.fr\/infos\/vos-services\/enfance-jeunesse\/\"><img decoding=\"async\" src=\"https:\/\/www.ccvalguiers.fr\/infos\/wp-content\/uploads\/2023\/07\/puce-rouge-menu.png\"\/> Enfance jeunesse<\/a><\/li>\t\t<\/ul>\n<\/li><li class=\"mega-menu-column mega-menu-columns-1-of-3 menu-item\" style=\"--columns:3; --span:1\" id=\"mega-menu-404-0-1\">\n\t\t<ul class=\"mega-sub-menu\">\n<li class=\"mega-menu-item mega-menu-item-type-post_type mega-menu-item-object-page mega-menu-item-1459 menu-item\" id=\"mega-menu-item-1459\"><a class=\"mega-menu-link\" href=\"https:\/\/www.ccvalguiers.fr\/infos\/vos-services\/demarches-administratives-et-outils-numeriques\/\"><img decoding=\"async\" src=\"https:\/\/www.ccvalguiers.fr\/infos\/wp-content\/uploads\/2023\/07\/puce-rouge-menu.png\"\/> D\u00e9marches administratives et outils num\u00e9riques<\/a><\/li><li class=\"mega-menu-item mega-menu-item-type-post_type mega-menu-item-object-page mega-menu-item-1501 menu-item\" id=\"mega-menu-item-1501\"><a class=\"mega-menu-link\" href=\"https:\/\/www.ccvalguiers.fr\/infos\/vos-services\/culture\/\"><img decoding=\"async\" src=\"https:\/\/www.ccvalguiers.fr\/infos\/wp-content\/uploads\/2023\/07\/puce-rouge-menu.png\"\/> Culture<\/a><\/li>\t\t<\/ul>\n<\/li><li class=\"mega-menu-column mega-menu-columns-1-of-3 menu-item\" style=\"--columns:3; --span:1\" id=\"mega-menu-404-0-2\">\n\t\t<ul class=\"mega-sub-menu\">\n<li class=\"mega-menu-item mega-menu-item-type-post_type mega-menu-item-object-page mega-menu-item-1542 menu-item\" id=\"mega-menu-item-1542\"><a class=\"mega-menu-link\" href=\"https:\/\/www.ccvalguiers.fr\/infos\/vos-services\/dechets-eau-et-assainissement\/\"><img decoding=\"async\" src=\"https:\/\/www.ccvalguiers.fr\/infos\/wp-content\/uploads\/2023\/07\/puce-rouge-menu.png\"\/> D\u00e9chets, eau et assainissement<\/a><\/li><li class=\"mega-menu-item mega-menu-item-type-custom mega-menu-item-object-custom mega-menu-item-413 menu-item\" id=\"mega-menu-item-413\"><a title=\"Site de l&rsquo;Office du Tourisme\" target=\"_blank\" class=\"mega-menu-link\" href=\"https:\/\/www.tourisme.ccvalguiers.fr\"><img decoding=\"async\" src=\"https:\/\/www.ccvalguiers.fr\/infos\/wp-content\/uploads\/2023\/07\/puce-rouge-menu.png\"\/> Tourisme<\/a><\/li>\t\t<\/ul>\n<\/li>\t<\/ul>\n<\/li><li class=\"mega-menu-row menu-item\" id=\"mega-menu-404-999\">\n\t<ul class=\"mega-sub-menu\" style='--columns:12' role='presentation'>\n<li class=\"mega-menu-column mega-menu-columns-3-of-12 menu-item\" style=\"--columns:12; --span:3\" id=\"mega-menu-404-999-0\">\n\t\t<ul class=\"mega-sub-menu\">\n<li class=\"mega-menu-item mega-menu-item-type-post_type mega-menu-item-object-page mega-menu-item-7876 menu-item\" id=\"mega-menu-item-7876\"><a class=\"mega-menu-link\" href=\"https:\/\/www.ccvalguiers.fr\/infos\/vos-services\/transports-mobilites\/\"><img decoding=\"async\" src=\"https:\/\/www.ccvalguiers.fr\/infos\/wp-content\/uploads\/2023\/07\/puce-rouge-menu.png\"\/> Transports et mobilit\u00e9s<\/a><\/li>\t\t<\/ul>\n<\/li>\t<\/ul>\n<\/li><\/ul>\n<\/li><li class=\"mega-menu-item mega-menu-item-type-custom mega-menu-item-object-custom mega-menu-item-has-children mega-menu-megamenu mega-menu-grid mega-align-bottom-left mega-menu-grid mega-menu-item-414 menu-item\" id=\"mega-menu-item-414\"><a class=\"mega-menu-link\" href=\"https:\/\/www.ccvalguiers.fr\/infos\/entreprendre\/\" aria-expanded=\"false\" aria-controls=\"mega-sub-menu-414\">Entreprendre<span class=\"mega-indicator\" aria-hidden=\"true\"><\/span><\/a>\n<ul class=\"mega-sub-menu\" role='presentation' id='mega-sub-menu-414'>\n<li class=\"mega-menu-row menu-item\" id=\"mega-menu-414-0\">\n\t<ul class=\"mega-sub-menu\" style='--columns:3' role='presentation'>\n<li class=\"mega-menu-column mega-menu-columns-1-of-3 menu-item\" style=\"--columns:3; --span:1\" id=\"mega-menu-414-0-0\">\n\t\t<ul class=\"mega-sub-menu\">\n<li class=\"mega-menu-item mega-menu-item-type-post_type mega-menu-item-object-page mega-menu-item-1612 menu-item\" id=\"mega-menu-item-1612\"><a class=\"mega-menu-link\" href=\"https:\/\/www.ccvalguiers.fr\/infos\/entreprendre\/ou-simplanter-a-val-guiers\/\"><img decoding=\"async\" src=\"https:\/\/www.ccvalguiers.fr\/infos\/wp-content\/uploads\/2023\/07\/puce-rouge-menu.png\"\/> O\u00f9 s\u2019implanter \u00e0 Val Guiers<\/a><\/li>\t\t<\/ul>\n<\/li><li class=\"mega-menu-column mega-menu-columns-1-of-3 menu-item\" style=\"--columns:3; --span:1\" id=\"mega-menu-414-0-1\">\n\t\t<ul class=\"mega-sub-menu\">\n<li class=\"mega-menu-item mega-menu-item-type-post_type mega-menu-item-object-page mega-menu-item-1632 menu-item\" id=\"mega-menu-item-1632\"><a class=\"mega-menu-link\" href=\"https:\/\/www.ccvalguiers.fr\/infos\/entreprendre\/agriculture\/\"><img decoding=\"async\" src=\"https:\/\/www.ccvalguiers.fr\/infos\/wp-content\/uploads\/2023\/07\/puce-rouge-menu.png\"\/> Agriculture<\/a><\/li>\t\t<\/ul>\n<\/li><li class=\"mega-menu-column mega-menu-columns-1-of-3 menu-item\" style=\"--columns:3; --span:1\" id=\"mega-menu-414-0-2\">\n\t\t<ul class=\"mega-sub-menu\">\n<li class=\"mega-menu-item mega-menu-item-type-post_type mega-menu-item-object-page mega-menu-item-has-children mega-menu-item-1669 menu-item\" id=\"mega-menu-item-1669\"><a class=\"mega-menu-link\" href=\"https:\/\/www.ccvalguiers.fr\/infos\/entreprendre\/entrepreneurs-vous-accompagner\/\"><img decoding=\"async\" src=\"https:\/\/www.ccvalguiers.fr\/infos\/wp-content\/uploads\/2023\/07\/puce-rouge-menu.png\"\/> Entrepreneurs & commer\u00e7ants : vous accompagner<span class=\"mega-indicator\" aria-hidden=\"true\"><\/span><\/a>\n\t\t\t<ul class=\"mega-sub-menu\" id='mega-sub-menu-1669'>\n<li class=\"mega-menu-item mega-menu-item-type-post_type mega-menu-item-object-page mega-menu-item-1676 menu-item\" id=\"mega-menu-item-1676\"><a class=\"mega-menu-link\" href=\"https:\/\/www.ccvalguiers.fr\/infos\/entreprendre\/entrepreneurs-vous-accompagner\/creer-ou-reprendre-une-activite\/\"><i class=\"_mi _before dashicons dashicons-arrow-right-alt2\" aria-hidden=\"true\" style=\"font-size:1em;\"><\/i><span>Cr\u00e9er ou reprendre une activit\u00e9<\/span><\/a><\/li><li class=\"mega-menu-item mega-menu-item-type-post_type mega-menu-item-object-page mega-menu-item-1744 menu-item\" id=\"mega-menu-item-1744\"><a class=\"mega-menu-link\" href=\"https:\/\/www.ccvalguiers.fr\/infos\/entreprendre\/entrepreneurs-vous-accompagner\/recruter\/\"><i class=\"_mi _before dashicons dashicons-arrow-right-alt2\" aria-hidden=\"true\" style=\"font-size:1em;\"><\/i><span>Recruter<\/span><\/a><\/li><li class=\"mega-menu-item mega-menu-item-type-post_type mega-menu-item-object-page mega-menu-item-3573 menu-item\" id=\"mega-menu-item-3573\"><a class=\"mega-menu-link\" href=\"https:\/\/www.ccvalguiers.fr\/infos\/entreprendre\/entrepreneurs-vous-accompagner\/developper-son-activite\/\"><i class=\"_mi _before dashicons dashicons-arrow-right-alt2\" aria-hidden=\"true\" style=\"font-size:1em;\"><\/i><span>D\u00e9velopper son activit\u00e9<\/span><\/a><\/li><li class=\"mega-menu-item mega-menu-item-type-post_type mega-menu-item-object-page mega-menu-item-4210 menu-item\" id=\"mega-menu-item-4210\"><a class=\"mega-menu-link\" href=\"https:\/\/www.ccvalguiers.fr\/infos\/entreprendre\/commerces-de-proximite\/\"><i class=\"_mi _before dashicons dashicons-arrow-right-alt2\" aria-hidden=\"true\" style=\"font-size:1em;\"><\/i><span>Commerces de proximit\u00e9<\/span><\/a><\/li>\t\t\t<\/ul>\n<\/li>\t\t<\/ul>\n<\/li>\t<\/ul>\n<\/li><\/ul>\n<\/li><\/ul><\/div> Acc\u00e8s rapide aux rubriques :Actualit\u00e9sCliquez pour en savoir +Recevez les actualit\u00e9s de la CCVG sur votre smartphone en installant l&rsquo;application gratuite Panneau pocket \u00c0 la Une Proc\u00e9dure d&rsquo;inscription portail famille Arp\u00e8geLe projet ALCOTRA CARE a r\u00e9cemment \u00e9t\u00e9 honor\u00e9 en recevant le Label \u00ab\u00a0ALCOTRA Jeunes\u00a0\u00bb En savoir +Agenda du GuiersRecherche585, route de TramonetParc d\u2019Activit\u00e9s [&hellip;]<\/p>\n","protected":false},"author":1,"featured_media":0,"parent":0,"menu_order":0,"comment_status":"closed","ping_status":"open","template":"","meta":{"_et_pb_use_builder":"on","_et_pb_old_content":"<!-- wp:paragraph -->\n<p>Ceci est une page d\u2019exemple. C\u2019est diff\u00e9rent d\u2019un article de blog parce qu\u2019elle restera au m\u00eame endroit et appara\u00eetra dans la navigation de votre site (dans la plupart des th\u00e8mes). La plupart des gens commencent par une page \u00ab&nbsp;\u00c0 propos&nbsp;\u00bb qui les pr\u00e9sente aux personnes visitant le site. Cela pourrait ressembler \u00e0 quelque chose comme cela&nbsp;:<\/p>\n<!-- \/wp:paragraph -->\n\n<!-- wp:quote -->\n<blockquote class=\"wp-block-quote\"><p>Bonjour&nbsp;! Je suis un m\u00e9canicien qui aspire \u00e0 devenir acteur, et voici mon site. J\u2019habite \u00e0 Bordeaux, j\u2019ai un super chien baptis\u00e9 Russell, et j\u2019aime la vodka (ainsi qu\u2019\u00eatre surpris par la pluie soudaine lors de longues balades sur la plage au coucher du soleil).<\/p><\/blockquote>\n<!-- \/wp:quote -->\n\n<!-- wp:paragraph -->\n<p>\u2026ou quelque chose comme cela&nbsp;:<\/p>\n<!-- \/wp:paragraph -->\n\n<!-- wp:quote -->\n<blockquote class=\"wp-block-quote\"><p>La soci\u00e9t\u00e9 123 Machin Truc a \u00e9t\u00e9 cr\u00e9\u00e9e en 1971, et n\u2019a cess\u00e9 de proposer au public des machins-trucs de qualit\u00e9 depuis lors. Situ\u00e9e \u00e0 Saint-Remy-en-Bouzemont-Saint-Genest-et-Isson, 123 Machin Truc emploie 2 000 personnes, et fabrique toutes sortes de bidules supers pour la communaut\u00e9 bouzemontoise.<\/p><\/blockquote>\n<!-- \/wp:quote -->\n\n<!-- wp:paragraph -->\n<p>En tant que nouvel utilisateur ou utilisatrice de WordPress, vous devriez vous rendre sur <a href=\"https:\/\/www.ccvalguiers.fr\/infos\/wp-admin\/\">votre tableau de bord<\/a> pour supprimer cette page et cr\u00e9er de nouvelles pages pour votre contenu. Amusez-vous bien&nbsp;!<\/p>\n<!-- \/wp:paragraph -->","_et_gb_content_width":"1080","footnotes":""},"class_list":["post-536","page","type-page","status-publish","hentry"],"yoast_head":"<!-- This site is optimized with the Yoast SEO plugin v27.5 - https:\/\/yoast.com\/product\/yoast-seo-wordpress\/ -->\n<title>Accueil | Communaut\u00e9 de Communes Val Guiers | CCVG<\/title>\n<meta name=\"description\" content=\"Accueil | CC Val Guiers | Savoie | Informations, d\u00e9marches, actualit\u00e9s de la CCVG, intercommunalit\u00e9, enfance, jeunesse, culture\" \/>\n<meta name=\"robots\" content=\"index, follow, max-snippet:-1, max-image-preview:large, max-video-preview:-1\" \/>\n<link rel=\"canonical\" href=\"https:\/\/www.ccvalguiers.fr\/infos\/\" \/>\n<meta property=\"og:locale\" content=\"fr_FR\" \/>\n<meta property=\"og:type\" content=\"article\" \/>\n<meta property=\"og:title\" content=\"Accueil | Communaut\u00e9 de Communes Val Guiers | CCVG\" \/>\n<meta property=\"og:description\" content=\"Accueil | CC Val Guiers | Savoie | Informations, d\u00e9marches, actualit\u00e9s de la CCVG, intercommunalit\u00e9, enfance, jeunesse, culture\" \/>\n<meta property=\"og:url\" content=\"https:\/\/www.ccvalguiers.fr\/infos\/\" \/>\n<meta property=\"og:site_name\" content=\"Communaut\u00e9 de Communes Val Guiers\" \/>\n<meta property=\"article:modified_time\" content=\"2026-04-16T15:03:24+00:00\" \/>\n<meta property=\"og:image\" content=\"https:\/\/www.ccvalguiers.fr\/infos\/wp-content\/uploads\/2022\/08\/clic-main.png\" \/>\n<meta name=\"twitter:card\" content=\"summary_large_image\" \/>\n<meta name=\"twitter:label1\" content=\"Dur\u00e9e de lecture estim\u00e9e\" \/>\n\t<meta name=\"twitter:data1\" content=\"8 minutes\" \/>\n<script type=\"application\/ld+json\" class=\"yoast-schema-graph\">{\"@context\":\"https:\\\/\\\/schema.org\",\"@graph\":[{\"@type\":\"WebPage\",\"@id\":\"https:\\\/\\\/www.ccvalguiers.fr\\\/infos\\\/\",\"url\":\"https:\\\/\\\/www.ccvalguiers.fr\\\/infos\\\/\",\"name\":\"Accueil | Communaut\u00e9 de Communes Val Guiers | CCVG\",\"isPartOf\":{\"@id\":\"https:\\\/\\\/www.ccvalguiers.fr\\\/infos\\\/#website\"},\"primaryImageOfPage\":{\"@id\":\"https:\\\/\\\/www.ccvalguiers.fr\\\/infos\\\/#primaryimage\"},\"image\":{\"@id\":\"https:\\\/\\\/www.ccvalguiers.fr\\\/infos\\\/#primaryimage\"},\"thumbnailUrl\":\"https:\\\/\\\/www.ccvalguiers.fr\\\/infos\\\/wp-content\\\/uploads\\\/2022\\\/08\\\/clic-main.png\",\"datePublished\":\"2022-08-09T07:47:53+00:00\",\"dateModified\":\"2026-04-16T15:03:24+00:00\",\"description\":\"Accueil | CC Val Guiers | Savoie | Informations, d\u00e9marches, actualit\u00e9s de la CCVG, intercommunalit\u00e9, enfance, jeunesse, culture\",\"breadcrumb\":{\"@id\":\"https:\\\/\\\/www.ccvalguiers.fr\\\/infos\\\/#breadcrumb\"},\"inLanguage\":\"fr-FR\",\"potentialAction\":[{\"@type\":\"ReadAction\",\"target\":[\"https:\\\/\\\/www.ccvalguiers.fr\\\/infos\\\/\"]}]},{\"@type\":\"ImageObject\",\"inLanguage\":\"fr-FR\",\"@id\":\"https:\\\/\\\/www.ccvalguiers.fr\\\/infos\\\/#primaryimage\",\"url\":\"https:\\\/\\\/www.ccvalguiers.fr\\\/infos\\\/wp-content\\\/uploads\\\/2022\\\/08\\\/clic-main.png\",\"contentUrl\":\"https:\\\/\\\/www.ccvalguiers.fr\\\/infos\\\/wp-content\\\/uploads\\\/2022\\\/08\\\/clic-main.png\",\"width\":50,\"height\":81},{\"@type\":\"BreadcrumbList\",\"@id\":\"https:\\\/\\\/www.ccvalguiers.fr\\\/infos\\\/#breadcrumb\",\"itemListElement\":[{\"@type\":\"ListItem\",\"position\":1,\"name\":\"Accueil\",\"item\":\"https:\\\/\\\/www.ccvalguiers.fr\\\/infos\\\/\"},{\"@type\":\"ListItem\",\"position\":2,\"name\":\"Accueil\"}]},{\"@type\":\"WebSite\",\"@id\":\"https:\\\/\\\/www.ccvalguiers.fr\\\/infos\\\/#website\",\"url\":\"https:\\\/\\\/www.ccvalguiers.fr\\\/infos\\\/\",\"name\":\"Communaut\u00e9 de Communes Val Guiers\",\"description\":\"CCVG - Territoire de Val Guiers, de Pont-de-Beauvoisin \u00e0 Saint-Genix-les-Villages - 11 communes situ\u00e9es dans l&#039;Avant-Pays Savoyard\",\"publisher\":{\"@id\":\"https:\\\/\\\/www.ccvalguiers.fr\\\/infos\\\/#organization\"},\"alternateName\":\"CCVG\",\"potentialAction\":[{\"@type\":\"SearchAction\",\"target\":{\"@type\":\"EntryPoint\",\"urlTemplate\":\"https:\\\/\\\/www.ccvalguiers.fr\\\/infos\\\/?s={search_term_string}\"},\"query-input\":{\"@type\":\"PropertyValueSpecification\",\"valueRequired\":true,\"valueName\":\"search_term_string\"}}],\"inLanguage\":\"fr-FR\"},{\"@type\":\"Organization\",\"@id\":\"https:\\\/\\\/www.ccvalguiers.fr\\\/infos\\\/#organization\",\"name\":\"Communaut\u00e9 de Communes Val Guiers\",\"alternateName\":\"CCVG\",\"url\":\"https:\\\/\\\/www.ccvalguiers.fr\\\/infos\\\/\",\"logo\":{\"@type\":\"ImageObject\",\"inLanguage\":\"fr-FR\",\"@id\":\"https:\\\/\\\/www.ccvalguiers.fr\\\/infos\\\/#\\\/schema\\\/logo\\\/image\\\/\",\"url\":\"https:\\\/\\\/www.ccvalguiers.fr\\\/infos\\\/wp-content\\\/uploads\\\/2022\\\/07\\\/CC-Val-Guiers-logo-transp.png\",\"contentUrl\":\"https:\\\/\\\/www.ccvalguiers.fr\\\/infos\\\/wp-content\\\/uploads\\\/2022\\\/07\\\/CC-Val-Guiers-logo-transp.png\",\"width\":600,\"height\":602,\"caption\":\"Communaut\u00e9 de Communes Val Guiers\"},\"image\":{\"@id\":\"https:\\\/\\\/www.ccvalguiers.fr\\\/infos\\\/#\\\/schema\\\/logo\\\/image\\\/\"}}]}<\/script>\n<!-- \/ Yoast SEO plugin. -->","yoast_head_json":{"title":"Accueil | Communaut\u00e9 de Communes Val Guiers | CCVG","description":"Accueil | CC Val Guiers | Savoie | Informations, d\u00e9marches, actualit\u00e9s de la CCVG, intercommunalit\u00e9, enfance, jeunesse, culture","robots":{"index":"index","follow":"follow","max-snippet":"max-snippet:-1","max-image-preview":"max-image-preview:large","max-video-preview":"max-video-preview:-1"},"canonical":"https:\/\/www.ccvalguiers.fr\/infos\/","og_locale":"fr_FR","og_type":"article","og_title":"Accueil | Communaut\u00e9 de Communes Val Guiers | CCVG","og_description":"Accueil | CC Val Guiers | Savoie | Informations, d\u00e9marches, actualit\u00e9s de la CCVG, intercommunalit\u00e9, enfance, jeunesse, culture","og_url":"https:\/\/www.ccvalguiers.fr\/infos\/","og_site_name":"Communaut\u00e9 de Communes Val Guiers","article_modified_time":"2026-04-16T15:03:24+00:00","og_image":[{"url":"https:\/\/www.ccvalguiers.fr\/infos\/wp-content\/uploads\/2022\/08\/clic-main.png","type":"","width":"","height":""}],"twitter_card":"summary_large_image","twitter_misc":{"Dur\u00e9e de lecture estim\u00e9e":"8 minutes"},"schema":{"@context":"https:\/\/schema.org","@graph":[{"@type":"WebPage","@id":"https:\/\/www.ccvalguiers.fr\/infos\/","url":"https:\/\/www.ccvalguiers.fr\/infos\/","name":"Accueil | Communaut\u00e9 de Communes Val Guiers | CCVG","isPartOf":{"@id":"https:\/\/www.ccvalguiers.fr\/infos\/#website"},"primaryImageOfPage":{"@id":"https:\/\/www.ccvalguiers.fr\/infos\/#primaryimage"},"image":{"@id":"https:\/\/www.ccvalguiers.fr\/infos\/#primaryimage"},"thumbnailUrl":"https:\/\/www.ccvalguiers.fr\/infos\/wp-content\/uploads\/2022\/08\/clic-main.png","datePublished":"2022-08-09T07:47:53+00:00","dateModified":"2026-04-16T15:03:24+00:00","description":"Accueil | CC Val Guiers | Savoie | Informations, d\u00e9marches, actualit\u00e9s de la CCVG, intercommunalit\u00e9, enfance, jeunesse, culture","breadcrumb":{"@id":"https:\/\/www.ccvalguiers.fr\/infos\/#breadcrumb"},"inLanguage":"fr-FR","potentialAction":[{"@type":"ReadAction","target":["https:\/\/www.ccvalguiers.fr\/infos\/"]}]},{"@type":"ImageObject","inLanguage":"fr-FR","@id":"https:\/\/www.ccvalguiers.fr\/infos\/#primaryimage","url":"https:\/\/www.ccvalguiers.fr\/infos\/wp-content\/uploads\/2022\/08\/clic-main.png","contentUrl":"https:\/\/www.ccvalguiers.fr\/infos\/wp-content\/uploads\/2022\/08\/clic-main.png","width":50,"height":81},{"@type":"BreadcrumbList","@id":"https:\/\/www.ccvalguiers.fr\/infos\/#breadcrumb","itemListElement":[{"@type":"ListItem","position":1,"name":"Accueil","item":"https:\/\/www.ccvalguiers.fr\/infos\/"},{"@type":"ListItem","position":2,"name":"Accueil"}]},{"@type":"WebSite","@id":"https:\/\/www.ccvalguiers.fr\/infos\/#website","url":"https:\/\/www.ccvalguiers.fr\/infos\/","name":"Communaut\u00e9 de Communes Val Guiers","description":"CCVG - Territoire de Val Guiers, de Pont-de-Beauvoisin \u00e0 Saint-Genix-les-Villages - 11 communes situ\u00e9es dans l&#039;Avant-Pays Savoyard","publisher":{"@id":"https:\/\/www.ccvalguiers.fr\/infos\/#organization"},"alternateName":"CCVG","potentialAction":[{"@type":"SearchAction","target":{"@type":"EntryPoint","urlTemplate":"https:\/\/www.ccvalguiers.fr\/infos\/?s={search_term_string}"},"query-input":{"@type":"PropertyValueSpecification","valueRequired":true,"valueName":"search_term_string"}}],"inLanguage":"fr-FR"},{"@type":"Organization","@id":"https:\/\/www.ccvalguiers.fr\/infos\/#organization","name":"Communaut\u00e9 de Communes Val Guiers","alternateName":"CCVG","url":"https:\/\/www.ccvalguiers.fr\/infos\/","logo":{"@type":"ImageObject","inLanguage":"fr-FR","@id":"https:\/\/www.ccvalguiers.fr\/infos\/#\/schema\/logo\/image\/","url":"https:\/\/www.ccvalguiers.fr\/infos\/wp-content\/uploads\/2022\/07\/CC-Val-Guiers-logo-transp.png","contentUrl":"https:\/\/www.ccvalguiers.fr\/infos\/wp-content\/uploads\/2022\/07\/CC-Val-Guiers-logo-transp.png","width":600,"height":602,"caption":"Communaut\u00e9 de Communes Val Guiers"},"image":{"@id":"https:\/\/www.ccvalguiers.fr\/infos\/#\/schema\/logo\/image\/"}}]}},"publishpress_future_action":{"enabled":false,"date":"2026-05-08 19:41:46","action":"change-status","newStatus":"draft","terms":[],"taxonomy":"","extraData":[]},"publishpress_future_workflow_manual_trigger":{"enabledWorkflows":[]},"_links":{"self":[{"href":"https:\/\/www.ccvalguiers.fr\/infos\/wp-json\/wp\/v2\/pages\/536","targetHints":{"allow":["GET"]}}],"collection":[{"href":"https:\/\/www.ccvalguiers.fr\/infos\/wp-json\/wp\/v2\/pages"}],"about":[{"href":"https:\/\/www.ccvalguiers.fr\/infos\/wp-json\/wp\/v2\/types\/page"}],"author":[{"embeddable":true,"href":"https:\/\/www.ccvalguiers.fr\/infos\/wp-json\/wp\/v2\/users\/1"}],"replies":[{"embeddable":true,"href":"https:\/\/www.ccvalguiers.fr\/infos\/wp-json\/wp\/v2\/comments?post=536"}],"version-history":[{"count":155,"href":"https:\/\/www.ccvalguiers.fr\/infos\/wp-json\/wp\/v2\/pages\/536\/revisions"}],"predecessor-version":[{"id":7900,"href":"https:\/\/www.ccvalguiers.fr\/infos\/wp-json\/wp\/v2\/pages\/536\/revisions\/7900"}],"wp:attachment":[{"href":"https:\/\/www.ccvalguiers.fr\/infos\/wp-json\/wp\/v2\/media?parent=536"}],"curies":[{"name":"wp","href":"https:\/\/api.w.org\/{rel}","templated":true}]}}