{"id":1311,"date":"2022-09-22T09:06:38","date_gmt":"2022-09-22T07:06:38","guid":{"rendered":"https:\/\/www.ccvalguiers.fr\/infos\/?post_type=product&#038;p=1311"},"modified":"2022-09-30T15:28:06","modified_gmt":"2022-09-30T13:28:06","slug":"lieu-daccueil-enfants-parents","status":"publish","type":"product","link":"https:\/\/www.ccvalguiers.fr\/infos\/produit\/lieu-daccueil-enfants-parents\/","title":{"rendered":"Lieu d&rsquo;Accueil Enfants-Parents \u00e0 Saint-Genix-les-Villages"},"content":{"rendered":"<p>Le <strong>LAEP<\/strong> est un espace convivial o\u00f9 l&rsquo;enfant peut venir jouer avec son parent. Une belle occasion pour petits et grands de jouer ensemble et d&rsquo;aller \u00e0 la rencontre de l&rsquo;autre. R\u00e9serv\u00e9 \u00e0 l&rsquo;enfant de moins de 6 ans, accompagn\u00e9 d&rsquo;un adulte (parent, grand-parent&#8230;). Les futurs parents sont aussi les bienvenus.<\/p>\n<p style=\"text-align: left;\"><strong><img loading=\"lazy\" decoding=\"async\" class=\"puce\" src=\"https:\/\/www.ccvalguiers.fr\/infos\/wp-content\/uploads\/2022\/09\/puce-localisation.png\" alt=\"puce-localisation\" width=\"22\" height=\"28\" \/> Rue du Stade 73240 SAINT-GENIX-LES-VILLAGES<\/strong><\/p>\n<p><img loading=\"lazy\" decoding=\"async\" class=\"puce\" src=\"https:\/\/www.ccvalguiers.fr\/infos\/wp-content\/uploads\/2022\/09\/puce-horaires.png\" alt=\"Pictogramme horaires\" width=\"36\" height=\"35\" \/> \u00a0Les vendredis matins au Relais Petite Enfance<\/p>\n<p><a class=\"boutonbleu\" href=\"tel:0669076897\"><img loading=\"lazy\" decoding=\"async\" class=\"puce\" src=\"https:\/\/www.ccvalguiers.fr\/infos\/wp-content\/uploads\/2022\/09\/puce-telephone.png\" alt=\"Pictogramme t\u00e9l\u00e9phone\" width=\"31\" height=\"30\" \/> 06.69.07.68.97<\/a><\/p>\n<p><a class=\"boutonbleu\" href=\"mailto:laepvalguiers@ccvalguiers.fr\"><img loading=\"lazy\" decoding=\"async\" class=\"puce\" src=\"https:\/\/www.ccvalguiers.fr\/infos\/wp-content\/uploads\/2022\/09\/puce-mail.png\" alt=\"Pictogramme mail\" width=\"31\" height=\"30\" \/> laepvalguiers@ccvalguiers.fr<\/a><\/p>\n<p><a href=\"https:\/\/www.ccvalguiers.fr\/infos\/wp-content\/uploads\/2022\/09\/LAEP-2021-2022-flyers-1.pdf\" target=\"_blank\" rel=\"noopener\">\u21d2 <span style=\"text-decoration: underline;\">T\u00e9l\u00e9charger la plaquette du LAEP<\/span><\/a><\/p>\n<p>Une antenne \u00e0 Saint-Genix-les-Villages et une antenne <span style=\"text-decoration: underline;\"><a href=\"https:\/\/www.ccvalguiers.fr\/infos\/produit\/lieu-daccueil-enfants-parents-au-pont-de-beauvoisin\/\">au Pont-de-Beauvoisin<\/a><\/span>. Les contacts t\u00e9l\u00e9phoniques et mails sont les m\u00eames pour les deux structures.<\/p>\n","protected":false},"excerpt":{"rendered":"<p>Le LAEP est un espace convivial o\u00f9 l&rsquo;enfant peut venir jouer avec son parent. Une belle occasion pour petits et grands de jouer ensemble et d&rsquo;aller \u00e0 la rencontre de l&rsquo;autre. R\u00e9serv\u00e9 \u00e0 l&rsquo;enfant de moins de 6 ans, accompagn\u00e9 d&rsquo;un adulte (parent, grand-parent&#8230;). Les futurs parents sont aussi les bienvenus. Rue du Stade 73240 [&hellip;]<\/p>\n","protected":false},"featured_media":1312,"template":"","meta":{"_et_pb_use_builder":"off","_et_pb_old_content":"<img class=\"wp-image-209 alignnone size-full\" src=\"https:\/\/www.ccvalguiers.fr\/infos\/wp-content\/uploads\/2022\/07\/puce.png\" alt=\"\" width=\"25\" height=\"22\" \/> Multi-accueil \"Les petits pas\"\r\n\r\n<img class=\"puce\" src=\"https:\/\/www.ccvalguiers.fr\/infos\/wp-content\/uploads\/2022\/09\/puce-localisation.png\" alt=\"puce-localisation\" width=\"22\" height=\"28\" \/> Saint-Genix-les-Villages\r\n\r\n<strong>Rue du Stade 73240 SAINT-GENIX-LES-VILLAGES<\/strong>\r\n\r\nContact : Marie-Claire WINCKEL, directrice\r\n\r\n<img class=\"puce\" src=\"https:\/\/www.ccvalguiers.fr\/infos\/wp-content\/uploads\/2022\/09\/puce-telephone.png\" alt=\"Pictogramme t\u00e9l\u00e9phone\" width=\"31\" height=\"30\" \/>\u00a0 04.76.31.69.44\r\n\r\n<img class=\"puce\" src=\"https:\/\/www.ccvalguiers.fr\/infos\/wp-content\/uploads\/2022\/09\/puce-mail.png\" alt=\"Pictogramme mail\" width=\"31\" height=\"30\" \/>\u00a0 lespetitspas.gresinours@ccvalguiers.fr\r\n\r\n<img class=\"puce\" src=\"https:\/\/www.ccvalguiers.fr\/infos\/wp-content\/uploads\/2022\/09\/puce-horaires.png\" alt=\"Pictogramme horaires\" width=\"36\" height=\"35\" \/> Lundi, Mardi, Mercredi, Jeudi, Vendredi de 7 h 30 \u00e0 18 h 30\r\n\r\n<a class=\"boutonvertclair\" href=\"mailto:lespetitspas.gresinours@ccvalguiers.fr\">Nous \u00e9crire \u00bb<\/a>\u00a0 \u00a0 \u00a0\u00a0<a class=\"boutonvertclair\" href=\"tel:0476316944\">Nous appeler \u00bb<\/a>","_et_gb_content_width":""},"product_brand":[],"product_cat":[56,62,57],"product_tag":[],"class_list":{"0":"post-1311","1":"product","2":"type-product","3":"status-publish","4":"has-post-thumbnail","6":"product_cat-deux-mois-a-trois-ans","7":"product_cat-lieu-daccueil-enfants-parents-laep","8":"product_cat-saint-genix-les-villages","10":"first","11":"instock","12":"shipping-taxable","13":"product-type-simple"},"yoast_head":"<!-- This site is optimized with the Yoast SEO plugin v27.5 - https:\/\/yoast.com\/product\/yoast-seo-wordpress\/ -->\n<title>Lieu d&#039;Accueil Enfants-Parents \u00e0 Saint-Genix-les-Villages | Communaut\u00e9 de Communes Val Guiers<\/title>\n<meta name=\"description\" content=\"Lieu d&#039;Accueil Enfants-Parents \u00e0 Saint-Genix-les-Villages | Communaut\u00e9 de Communes Val Guiers | Enfance-jeunesse, accueil de loisirs, cr\u00e8ches, ados, p\u00e9riscolaire\" \/>\n<meta name=\"robots\" content=\"index, follow, max-snippet:-1, max-image-preview:large, max-video-preview:-1\" \/>\n<link rel=\"canonical\" href=\"https:\/\/www.ccvalguiers.fr\/infos\/produit\/lieu-daccueil-enfants-parents\/\" \/>\n<meta property=\"og:locale\" content=\"fr_FR\" \/>\n<meta property=\"og:type\" content=\"article\" \/>\n<meta property=\"og:title\" content=\"Lieu d&#039;Accueil Enfants-Parents \u00e0 Saint-Genix-les-Villages | Communaut\u00e9 de Communes Val Guiers\" \/>\n<meta property=\"og:description\" content=\"Lieu d&#039;Accueil Enfants-Parents \u00e0 Saint-Genix-les-Villages | Communaut\u00e9 de Communes Val Guiers | Enfance-jeunesse, accueil de loisirs, cr\u00e8ches, ados, p\u00e9riscolaire\" \/>\n<meta property=\"og:url\" content=\"https:\/\/www.ccvalguiers.fr\/infos\/produit\/lieu-daccueil-enfants-parents\/\" \/>\n<meta property=\"og:site_name\" content=\"Communaut\u00e9 de Communes Val Guiers\" \/>\n<meta property=\"article:modified_time\" content=\"2022-09-30T13:28:06+00:00\" \/>\n<meta property=\"og:image\" content=\"https:\/\/www.ccvalguiers.fr\/infos\/wp-content\/uploads\/2022\/09\/LAEP.jpg\" \/>\n\t<meta property=\"og:image:width\" content=\"800\" \/>\n\t<meta property=\"og:image:height\" content=\"533\" \/>\n\t<meta property=\"og:image:type\" content=\"image\/jpeg\" \/>\n<meta name=\"twitter:card\" content=\"summary_large_image\" \/>\n<meta name=\"twitter:label1\" content=\"Dur\u00e9e de lecture estim\u00e9e\" \/>\n\t<meta name=\"twitter:data1\" content=\"2 minutes\" \/>\n<script type=\"application\/ld+json\" class=\"yoast-schema-graph\">{\"@context\":\"https:\\\/\\\/schema.org\",\"@graph\":[{\"@type\":\"WebPage\",\"@id\":\"https:\\\/\\\/www.ccvalguiers.fr\\\/infos\\\/produit\\\/lieu-daccueil-enfants-parents\\\/\",\"url\":\"https:\\\/\\\/www.ccvalguiers.fr\\\/infos\\\/produit\\\/lieu-daccueil-enfants-parents\\\/\",\"name\":\"Lieu d'Accueil Enfants-Parents \u00e0 Saint-Genix-les-Villages | Communaut\u00e9 de Communes Val Guiers\",\"isPartOf\":{\"@id\":\"https:\\\/\\\/www.ccvalguiers.fr\\\/infos\\\/#website\"},\"primaryImageOfPage\":{\"@id\":\"https:\\\/\\\/www.ccvalguiers.fr\\\/infos\\\/produit\\\/lieu-daccueil-enfants-parents\\\/#primaryimage\"},\"image\":{\"@id\":\"https:\\\/\\\/www.ccvalguiers.fr\\\/infos\\\/produit\\\/lieu-daccueil-enfants-parents\\\/#primaryimage\"},\"thumbnailUrl\":\"https:\\\/\\\/www.ccvalguiers.fr\\\/infos\\\/wp-content\\\/uploads\\\/2022\\\/09\\\/LAEP.jpg\",\"datePublished\":\"2022-09-22T07:06:38+00:00\",\"dateModified\":\"2022-09-30T13:28:06+00:00\",\"description\":\"Lieu d'Accueil Enfants-Parents \u00e0 Saint-Genix-les-Villages | Communaut\u00e9 de Communes Val Guiers | Enfance-jeunesse, accueil de loisirs, cr\u00e8ches, ados, p\u00e9riscolaire\",\"breadcrumb\":{\"@id\":\"https:\\\/\\\/www.ccvalguiers.fr\\\/infos\\\/produit\\\/lieu-daccueil-enfants-parents\\\/#breadcrumb\"},\"inLanguage\":\"fr-FR\",\"potentialAction\":[{\"@type\":\"ReadAction\",\"target\":[\"https:\\\/\\\/www.ccvalguiers.fr\\\/infos\\\/produit\\\/lieu-daccueil-enfants-parents\\\/\"]}]},{\"@type\":\"ImageObject\",\"inLanguage\":\"fr-FR\",\"@id\":\"https:\\\/\\\/www.ccvalguiers.fr\\\/infos\\\/produit\\\/lieu-daccueil-enfants-parents\\\/#primaryimage\",\"url\":\"https:\\\/\\\/www.ccvalguiers.fr\\\/infos\\\/wp-content\\\/uploads\\\/2022\\\/09\\\/LAEP.jpg\",\"contentUrl\":\"https:\\\/\\\/www.ccvalguiers.fr\\\/infos\\\/wp-content\\\/uploads\\\/2022\\\/09\\\/LAEP.jpg\",\"width\":800,\"height\":533,\"caption\":\"LAEP - Lieu d'accueil Enfants-Parents - CCVG\"},{\"@type\":\"BreadcrumbList\",\"@id\":\"https:\\\/\\\/www.ccvalguiers.fr\\\/infos\\\/produit\\\/lieu-daccueil-enfants-parents\\\/#breadcrumb\",\"itemListElement\":[{\"@type\":\"ListItem\",\"position\":1,\"name\":\"Accueil\",\"item\":\"https:\\\/\\\/www.ccvalguiers.fr\\\/infos\\\/\"},{\"@type\":\"ListItem\",\"position\":2,\"name\":\"Services\",\"item\":\"https:\\\/\\\/www.ccvalguiers.fr\\\/infos\\\/services\\\/\"},{\"@type\":\"ListItem\",\"position\":3,\"name\":\"Enfance jeunesse\",\"item\":\"https:\\\/\\\/www.ccvalguiers.fr\\\/infos\\\/categorie-produit\\\/enfance-jeunesse\\\/\"},{\"@type\":\"ListItem\",\"position\":4,\"name\":\"2 mois \u00e0 3 ans\",\"item\":\"https:\\\/\\\/www.ccvalguiers.fr\\\/infos\\\/categorie-produit\\\/enfance-jeunesse\\\/deux-mois-a-trois-ans\\\/\"},{\"@type\":\"ListItem\",\"position\":5,\"name\":\"Lieu d&rsquo;Accueil Enfants-Parents \u00e0 Saint-Genix-les-Villages\"}]},{\"@type\":\"WebSite\",\"@id\":\"https:\\\/\\\/www.ccvalguiers.fr\\\/infos\\\/#website\",\"url\":\"https:\\\/\\\/www.ccvalguiers.fr\\\/infos\\\/\",\"name\":\"Communaut\u00e9 de Communes Val Guiers\",\"description\":\"CCVG - Territoire de Val Guiers, de Pont-de-Beauvoisin \u00e0 Saint-Genix-les-Villages - 11 communes situ\u00e9es dans l&#039;Avant-Pays Savoyard\",\"publisher\":{\"@id\":\"https:\\\/\\\/www.ccvalguiers.fr\\\/infos\\\/#organization\"},\"alternateName\":\"CCVG\",\"potentialAction\":[{\"@type\":\"SearchAction\",\"target\":{\"@type\":\"EntryPoint\",\"urlTemplate\":\"https:\\\/\\\/www.ccvalguiers.fr\\\/infos\\\/?s={search_term_string}\"},\"query-input\":{\"@type\":\"PropertyValueSpecification\",\"valueRequired\":true,\"valueName\":\"search_term_string\"}}],\"inLanguage\":\"fr-FR\"},{\"@type\":\"Organization\",\"@id\":\"https:\\\/\\\/www.ccvalguiers.fr\\\/infos\\\/#organization\",\"name\":\"Communaut\u00e9 de Communes Val Guiers\",\"alternateName\":\"CCVG\",\"url\":\"https:\\\/\\\/www.ccvalguiers.fr\\\/infos\\\/\",\"logo\":{\"@type\":\"ImageObject\",\"inLanguage\":\"fr-FR\",\"@id\":\"https:\\\/\\\/www.ccvalguiers.fr\\\/infos\\\/#\\\/schema\\\/logo\\\/image\\\/\",\"url\":\"https:\\\/\\\/www.ccvalguiers.fr\\\/infos\\\/wp-content\\\/uploads\\\/2022\\\/07\\\/CC-Val-Guiers-logo-transp.png\",\"contentUrl\":\"https:\\\/\\\/www.ccvalguiers.fr\\\/infos\\\/wp-content\\\/uploads\\\/2022\\\/07\\\/CC-Val-Guiers-logo-transp.png\",\"width\":600,\"height\":602,\"caption\":\"Communaut\u00e9 de Communes Val Guiers\"},\"image\":{\"@id\":\"https:\\\/\\\/www.ccvalguiers.fr\\\/infos\\\/#\\\/schema\\\/logo\\\/image\\\/\"}}]}<\/script>\n<!-- \/ Yoast SEO plugin. -->","yoast_head_json":{"title":"Lieu d'Accueil Enfants-Parents \u00e0 Saint-Genix-les-Villages | Communaut\u00e9 de Communes Val Guiers","description":"Lieu d'Accueil Enfants-Parents \u00e0 Saint-Genix-les-Villages | Communaut\u00e9 de Communes Val Guiers | Enfance-jeunesse, accueil de loisirs, cr\u00e8ches, ados, p\u00e9riscolaire","robots":{"index":"index","follow":"follow","max-snippet":"max-snippet:-1","max-image-preview":"max-image-preview:large","max-video-preview":"max-video-preview:-1"},"canonical":"https:\/\/www.ccvalguiers.fr\/infos\/produit\/lieu-daccueil-enfants-parents\/","og_locale":"fr_FR","og_type":"article","og_title":"Lieu d'Accueil Enfants-Parents \u00e0 Saint-Genix-les-Villages | Communaut\u00e9 de Communes Val Guiers","og_description":"Lieu d'Accueil Enfants-Parents \u00e0 Saint-Genix-les-Villages | Communaut\u00e9 de Communes Val Guiers | Enfance-jeunesse, accueil de loisirs, cr\u00e8ches, ados, p\u00e9riscolaire","og_url":"https:\/\/www.ccvalguiers.fr\/infos\/produit\/lieu-daccueil-enfants-parents\/","og_site_name":"Communaut\u00e9 de Communes Val Guiers","article_modified_time":"2022-09-30T13:28:06+00:00","og_image":[{"width":800,"height":533,"url":"https:\/\/www.ccvalguiers.fr\/infos\/wp-content\/uploads\/2022\/09\/LAEP.jpg","type":"image\/jpeg"}],"twitter_card":"summary_large_image","twitter_misc":{"Dur\u00e9e de lecture estim\u00e9e":"2 minutes"},"schema":{"@context":"https:\/\/schema.org","@graph":[{"@type":"WebPage","@id":"https:\/\/www.ccvalguiers.fr\/infos\/produit\/lieu-daccueil-enfants-parents\/","url":"https:\/\/www.ccvalguiers.fr\/infos\/produit\/lieu-daccueil-enfants-parents\/","name":"Lieu d'Accueil Enfants-Parents \u00e0 Saint-Genix-les-Villages | Communaut\u00e9 de Communes Val Guiers","isPartOf":{"@id":"https:\/\/www.ccvalguiers.fr\/infos\/#website"},"primaryImageOfPage":{"@id":"https:\/\/www.ccvalguiers.fr\/infos\/produit\/lieu-daccueil-enfants-parents\/#primaryimage"},"image":{"@id":"https:\/\/www.ccvalguiers.fr\/infos\/produit\/lieu-daccueil-enfants-parents\/#primaryimage"},"thumbnailUrl":"https:\/\/www.ccvalguiers.fr\/infos\/wp-content\/uploads\/2022\/09\/LAEP.jpg","datePublished":"2022-09-22T07:06:38+00:00","dateModified":"2022-09-30T13:28:06+00:00","description":"Lieu d'Accueil Enfants-Parents \u00e0 Saint-Genix-les-Villages | Communaut\u00e9 de Communes Val Guiers | Enfance-jeunesse, accueil de loisirs, cr\u00e8ches, ados, p\u00e9riscolaire","breadcrumb":{"@id":"https:\/\/www.ccvalguiers.fr\/infos\/produit\/lieu-daccueil-enfants-parents\/#breadcrumb"},"inLanguage":"fr-FR","potentialAction":[{"@type":"ReadAction","target":["https:\/\/www.ccvalguiers.fr\/infos\/produit\/lieu-daccueil-enfants-parents\/"]}]},{"@type":"ImageObject","inLanguage":"fr-FR","@id":"https:\/\/www.ccvalguiers.fr\/infos\/produit\/lieu-daccueil-enfants-parents\/#primaryimage","url":"https:\/\/www.ccvalguiers.fr\/infos\/wp-content\/uploads\/2022\/09\/LAEP.jpg","contentUrl":"https:\/\/www.ccvalguiers.fr\/infos\/wp-content\/uploads\/2022\/09\/LAEP.jpg","width":800,"height":533,"caption":"LAEP - Lieu d'accueil Enfants-Parents - CCVG"},{"@type":"BreadcrumbList","@id":"https:\/\/www.ccvalguiers.fr\/infos\/produit\/lieu-daccueil-enfants-parents\/#breadcrumb","itemListElement":[{"@type":"ListItem","position":1,"name":"Accueil","item":"https:\/\/www.ccvalguiers.fr\/infos\/"},{"@type":"ListItem","position":2,"name":"Services","item":"https:\/\/www.ccvalguiers.fr\/infos\/services\/"},{"@type":"ListItem","position":3,"name":"Enfance jeunesse","item":"https:\/\/www.ccvalguiers.fr\/infos\/categorie-produit\/enfance-jeunesse\/"},{"@type":"ListItem","position":4,"name":"2 mois \u00e0 3 ans","item":"https:\/\/www.ccvalguiers.fr\/infos\/categorie-produit\/enfance-jeunesse\/deux-mois-a-trois-ans\/"},{"@type":"ListItem","position":5,"name":"Lieu d&rsquo;Accueil Enfants-Parents \u00e0 Saint-Genix-les-Villages"}]},{"@type":"WebSite","@id":"https:\/\/www.ccvalguiers.fr\/infos\/#website","url":"https:\/\/www.ccvalguiers.fr\/infos\/","name":"Communaut\u00e9 de Communes Val Guiers","description":"CCVG - Territoire de Val Guiers, de Pont-de-Beauvoisin \u00e0 Saint-Genix-les-Villages - 11 communes situ\u00e9es dans l&#039;Avant-Pays Savoyard","publisher":{"@id":"https:\/\/www.ccvalguiers.fr\/infos\/#organization"},"alternateName":"CCVG","potentialAction":[{"@type":"SearchAction","target":{"@type":"EntryPoint","urlTemplate":"https:\/\/www.ccvalguiers.fr\/infos\/?s={search_term_string}"},"query-input":{"@type":"PropertyValueSpecification","valueRequired":true,"valueName":"search_term_string"}}],"inLanguage":"fr-FR"},{"@type":"Organization","@id":"https:\/\/www.ccvalguiers.fr\/infos\/#organization","name":"Communaut\u00e9 de Communes Val Guiers","alternateName":"CCVG","url":"https:\/\/www.ccvalguiers.fr\/infos\/","logo":{"@type":"ImageObject","inLanguage":"fr-FR","@id":"https:\/\/www.ccvalguiers.fr\/infos\/#\/schema\/logo\/image\/","url":"https:\/\/www.ccvalguiers.fr\/infos\/wp-content\/uploads\/2022\/07\/CC-Val-Guiers-logo-transp.png","contentUrl":"https:\/\/www.ccvalguiers.fr\/infos\/wp-content\/uploads\/2022\/07\/CC-Val-Guiers-logo-transp.png","width":600,"height":602,"caption":"Communaut\u00e9 de Communes Val Guiers"},"image":{"@id":"https:\/\/www.ccvalguiers.fr\/infos\/#\/schema\/logo\/image\/"}}]}},"publishpress_future_action":{"enabled":false,"date":"2026-05-06 22:06:23","action":"change-status","newStatus":"draft","terms":[],"taxonomy":"product_cat","extraData":[]},"publishpress_future_workflow_manual_trigger":{"enabledWorkflows":[]},"_links":{"self":[{"href":"https:\/\/www.ccvalguiers.fr\/infos\/wp-json\/wp\/v2\/product\/1311","targetHints":{"allow":["GET"]}}],"collection":[{"href":"https:\/\/www.ccvalguiers.fr\/infos\/wp-json\/wp\/v2\/product"}],"about":[{"href":"https:\/\/www.ccvalguiers.fr\/infos\/wp-json\/wp\/v2\/types\/product"}],"wp:featuredmedia":[{"embeddable":true,"href":"https:\/\/www.ccvalguiers.fr\/infos\/wp-json\/wp\/v2\/media\/1312"}],"wp:attachment":[{"href":"https:\/\/www.ccvalguiers.fr\/infos\/wp-json\/wp\/v2\/media?parent=1311"}],"wp:term":[{"taxonomy":"product_brand","embeddable":true,"href":"https:\/\/www.ccvalguiers.fr\/infos\/wp-json\/wp\/v2\/product_brand?post=1311"},{"taxonomy":"product_cat","embeddable":true,"href":"https:\/\/www.ccvalguiers.fr\/infos\/wp-json\/wp\/v2\/product_cat?post=1311"},{"taxonomy":"product_tag","embeddable":true,"href":"https:\/\/www.ccvalguiers.fr\/infos\/wp-json\/wp\/v2\/product_tag?post=1311"}],"curies":[{"name":"wp","href":"https:\/\/api.w.org\/{rel}","templated":true}]}}